{"id":15,"date":"2012-02-13T20:37:32","date_gmt":"2012-02-13T20:37:32","guid":{"rendered":"http:\/\/bu2022.vasaorden.com\/boras\/?page_id=15"},"modified":"2012-02-13T20:37:32","modified_gmt":"2012-02-13T20:37:32","slug":"historik","status":"publish","type":"page","link":"https:\/\/vasaorden.com\/vadstena\/historik\/","title":{"rendered":"Historik"},"content":{"rendered":"<h2>\u00a0Logen Vadstena nr 762 h\u00f6ll Julfest fredagen den 15 december 2017.<\/h2>\n<p>Logen Vadstena hade Julfest fredagen den 15 december hos Sy Marika Collin Carlsson och Br Stig Carlsson. Vi firade med julbord, lotteri, \u00f6verraskning och andra sedvanliga trevligheter.<\/p>\n<h2>Adventskaffe hos Sy Monica och Br Magnus 2017<\/h2>\n<p>Sy Monica och Br Magnus Jern\u00e9r bj\u00f6d p\u00e5 \u00f6ppet hus och sitt traditionella adventskaffe s\u00f6ndagen den 3 december hemma hos sig i V\u00e4stra \u00c4lgsj\u00f6 Lunnarp, Sk\u00e4nninge.\u00a0 Som alltid bj\u00f6ds alla p\u00e5 den st\u00e4mning och trevnaden som numer h\u00f6r traditionen till.<\/p>\n<h2>Logen Vadstena nr 762 h\u00f6ll H\u00f6gtidsloge och firade sitt 10-\u00e5rs Jubileum den 21 oktober 2017.<\/h2>\n<p>Logen Vadstenas 10-\u00e5rs jubileum med H\u00f6gtidsloge h\u00f6lls l\u00f6rdagen den 21 oktober i Odd Fellows Ordenshus i Mj\u00f6lby.<br \/>\n<a href=\"https:\/\/vasaorden.com\/vadstena\/wp-content\/uploads\/sites\/9\/2017\/11\/IMG-0165.jpg\"><img loading=\"lazy\" class=\"alignnone size-full wp-image-953\" src=\"https:\/\/vasaorden.com\/vadstena\/wp-content\/uploads\/sites\/9\/2017\/11\/IMG-0165-1024x768.jpg\" alt=\"\" width=\"526\" height=\"323\" \/><\/a><br \/>\n<a href=\"https:\/\/vasaorden.com\/vadstena\/wp-content\/uploads\/sites\/9\/2017\/11\/IMG-0159.jpg\"><img loading=\"lazy\" class=\"alignnone size-full wp-image-952\" src=\"https:\/\/vasaorden.com\/vadstena\/wp-content\/uploads\/sites\/9\/2017\/11\/IMG-0159-1024x768.jpg\" alt=\"\" width=\"526\" height=\"323\" \/><\/a><br \/>\n<a href=\"https:\/\/vasaorden.com\/vadstena\/wp-content\/uploads\/sites\/9\/2017\/11\/IMG-0180.jpg\"><img loading=\"lazy\" class=\"alignnone size-full wp-image-955\" src=\"https:\/\/vasaorden.com\/vadstena\/wp-content\/uploads\/sites\/9\/2017\/11\/IMG-0180-1024x768.jpg\" alt=\"\" width=\"526\" height=\"323\" \/><\/a><br \/>\n<a href=\"https:\/\/vasaorden.com\/vadstena\/wp-content\/uploads\/sites\/9\/2017\/11\/IMG-0171.jpg\"><img loading=\"lazy\" class=\"alignnone size-full wp-image-954\" src=\"https:\/\/vasaorden.com\/vadstena\/wp-content\/uploads\/sites\/9\/2017\/11\/IMG-0171-1024x768.jpg\" alt=\"\" width=\"526\" height=\"323\" \/><\/a><br \/>\n<a href=\"https:\/\/vasaorden.com\/vadstena\/wp-content\/uploads\/sites\/9\/2018\/03\/Mellanrumsbild-1-mm.gif\"><\/a><a href=\"https:\/\/vasaorden.com\/vadstena\/wp-content\/uploads\/sites\/9\/2018\/03\/Mellanrumsbild-1-mm.gif\"><img loading=\"lazy\" class=\"aligncenter size-full wp-image-1012\" src=\"https:\/\/vasaorden.com\/vadstena\/wp-content\/uploads\/sites\/9\/2018\/03\/Mellanrumsbild-1-mm.gif\" alt=\"\" width=\"14\" height=\"14\" \/><\/a><a href=\"https:\/\/vasaorden.com\/vadstena\/wp-content\/uploads\/sites\/9\/2018\/03\/Mellanrumsbild-1-mm.gif\"><img loading=\"lazy\" class=\"aligncenter size-full wp-image-1012\" src=\"https:\/\/vasaorden.com\/vadstena\/wp-content\/uploads\/sites\/9\/2018\/03\/Mellanrumsbild-1-mm.gif\" alt=\"\" width=\"14\" height=\"14\" \/><\/a><\/p>\n<h2>Logen Vadstena nr 762 h\u00f6ll sin traditionella kr\u00e4ftskiva den 12 augusti 2017 i Lusthuset i Treh\u00f6rna.<\/h2>\n<p><a href=\"https:\/\/vasaorden.com\/vadstena\/wp-content\/uploads\/sites\/9\/2015\/12\/kraftskiva-stigmarika.jpg\"><img loading=\"lazy\" class=\"alignnone size-full wp-image-600\" src=\"https:\/\/vasaorden.com\/vadstena\/wp-content\/uploads\/sites\/9\/2015\/12\/kraftskiva-stigmarika.jpg\" alt=\"\" width=\"625\" height=\"416\" srcset=\"https:\/\/vasaorden.com\/vadstena\/wp-content\/uploads\/sites\/9\/2015\/12\/kraftskiva-stigmarika.jpg 625w, https:\/\/vasaorden.com\/vadstena\/wp-content\/uploads\/sites\/9\/2015\/12\/kraftskiva-stigmarika-300x200.jpg 300w\" sizes=\"(max-width: 625px) 100vw, 625px\" \/><\/a><br \/>\nV\u00e5r traditionella kr\u00e4ftskiva med tilltugg h\u00f6lls i Lusthuset i Treh\u00f6rna den 12 augusti.<br \/>\n&nbsp;<br \/>\n<a href=\"https:\/\/vasaorden.com\/vadstena\/wp-content\/uploads\/sites\/9\/2017\/03\/jungfru-isberg.jpg\"><img loading=\"lazy\" class=\"alignnone size-medium wp-image-882\" src=\"https:\/\/vasaorden.com\/vadstena\/wp-content\/uploads\/sites\/9\/2017\/03\/jungfru-isberg-300x236.jpg\" alt=\"\" width=\"300\" height=\"236\" srcset=\"https:\/\/vasaorden.com\/vadstena\/wp-content\/uploads\/sites\/9\/2017\/03\/jungfru-isberg-300x236.jpg 300w, https:\/\/vasaorden.com\/vadstena\/wp-content\/uploads\/sites\/9\/2017\/03\/jungfru-isberg-1024x807.jpg 1024w, https:\/\/vasaorden.com\/vadstena\/wp-content\/uploads\/sites\/9\/2017\/03\/jungfru-isberg-768x605.jpg 768w, https:\/\/vasaorden.com\/vadstena\/wp-content\/uploads\/sites\/9\/2017\/03\/jungfru-isberg.jpg 1181w\" sizes=\"(max-width: 300px) 100vw, 300px\" \/><\/a><\/p>\n<h2>Logen Vadstena nr 762 h\u00f6ll Logem\u00f6te\u00a0den 22 april 2017 och invigde samtidigt sin &#8221;nya&#8221; logelokal.<\/h2>\n<p>Logen Vadstena nr 762 h\u00f6ll Logem\u00f6te den 22 april\u00a0i nya lokaler i\u00a0Odd Fellows Ordenshus, J\u00e4rnv\u00e4gsgatan 2, Mj\u00f6lby.<br \/>\n<strong>En tr\u00e4dsniderska i v\u00e4rldsklass som hyllats p\u00e5 de stora v\u00e4rldsutst\u00e4llningarna i Europa<\/strong>. Vid efterkapitlet ber\u00e4ttade\u00a0<strong>Tina Tybring,<\/strong>\u00a0f.d. museif\u00f6rest\u00e5ndare vid Motala Musei- &amp; Hembygdsf\u00f6rening om tr\u00e4dsniderskan Sophia Isberg, \u00e4ven kallad &#8221;Jungru Isberg&#8221;, som var verksam \u00a0i mitten av 1800-talet i Motala.<\/p>\n<h2>\u00a0<a href=\"https:\/\/vasaorden.com\/vadstena\/wp-content\/uploads\/sites\/9\/2017\/03\/Rolf-Harald-20170318.jpg\"><img loading=\"lazy\" class=\"alignnone size-medium wp-image-881\" src=\"https:\/\/vasaorden.com\/vadstena\/wp-content\/uploads\/sites\/9\/2017\/03\/Rolf-Harald-20170318-300x225.jpg\" alt=\"\" width=\"300\" height=\"225\" srcset=\"https:\/\/vasaorden.com\/vadstena\/wp-content\/uploads\/sites\/9\/2017\/03\/Rolf-Harald-20170318-300x225.jpg 300w, https:\/\/vasaorden.com\/vadstena\/wp-content\/uploads\/sites\/9\/2017\/03\/Rolf-Harald-20170318-1024x768.jpg 1024w, https:\/\/vasaorden.com\/vadstena\/wp-content\/uploads\/sites\/9\/2017\/03\/Rolf-Harald-20170318-768x576.jpg 768w, https:\/\/vasaorden.com\/vadstena\/wp-content\/uploads\/sites\/9\/2017\/03\/Rolf-Harald-20170318.jpg 1476w\" sizes=\"(max-width: 300px) 100vw, 300px\" \/><\/a><\/h2>\n<h2>Logen Vadstena nr 762 h\u00f6ll Logem\u00f6te\u00a0den 18\u00a0mars 2017.<\/h2>\n<p>Logen Vadstena nr 762 h\u00f6ll Logem\u00f6te den 18 mars. Plats: Sk\u00e4nninge. PRO:s lokal, Mj\u00f6lbygatan 20 C, Sk\u00e4nninge. Detta var v\u00e5rt sista m\u00f6te i denna lokal. L\u00e4s mer ovan om v\u00e5r flytt till nya lokaler i Mj\u00f6lby.<br \/>\nVid efterkapitlet underh\u00f6ll Rolf Phil och Harald Nilsson\u00a0med <strong>S\u00e5ng och musik<\/strong>\u00a0under temat Spelmansgl\u00e4dje. Harald spelade Keyboard och Rolf spelade b\u00e5de en och tv\u00e5radigt durspel samt dragspel. De underh\u00f6ll oss ocks\u00e5 med roliga och trevliga historier.<br \/>\n&nbsp;<\/p>\n<h2>Logen Vadstena nr 762 h\u00f6ll Arbetsloge den 25 februari 2017.<\/h2>\n<p>Logen Vadstena nr 762 h\u00f6ll Arbetsloge den 25 februari\u00a0 hos Sy Marika Collin Carlsson och Br Stig Carlsson, Motala.<\/p>\n<h2>Logen Vadstena nr 762 h\u00f6ll \u00c5rsm\u00f6te och H\u00f6gtidsloge den 14 januari 2017.<\/h2>\n<p>H\u00f6gtidsloge och \u00c5rsm\u00f6te h\u00f6lls l\u00f6rdagen den <strong>14 december 2017,\u00a0<\/strong>Plats: Sk\u00e4nninge. PRO:s lokal, Mj\u00f6lbygatan 20 C, Sk\u00e4nninge. Kv\u00e4llens underh\u00e5llning vid efterkapitlet \u00a0g\u00e5r under temat: \u201dJag sjunger mina visor\u201d &#8211; ett program som ger en inblick i vad som roade m\u00e4nniskor under f\u00f6rsta delen av 1900-talet. Bernt Franz\u00e9n sjunger och ber\u00e4ttar om v\u00e4lk\u00e4nda artister och deras visor.<br \/>\nBernt Franz\u00e9n har f\u00f6r sitt insamlande och f\u00f6rmedlande av \u00f6stg\u00f6tsk bondkomik erh\u00e5llit \u00d6sterg\u00f6tlands l\u00e4ns och Link\u00f6pings kommuns kulturstipendier.<br \/>\n<a href=\"https:\/\/vasaorden.com\/vadstena\/wp-content\/uploads\/sites\/9\/2017\/01\/Berndt-Franzen.jpg\"><img loading=\"lazy\" class=\"size-full wp-image-830\" src=\"https:\/\/vasaorden.com\/vadstena\/wp-content\/uploads\/sites\/9\/2017\/01\/Berndt-Franzen.jpg\" alt=\"Bernt Franz\u00e9n\" width=\"198\" height=\"212\" \/><\/a><br \/>\nBernt Franz\u00e9n<\/p>\n<h2>Logen Vadstena nr 762 h\u00f6ll Julloge och Julfest den 10 december 2016.<\/h2>\n<p>Logen Vadstena hade Julloge och Julfest l\u00f6rdagen den 10 december hos Sy Marika Collin Carlsson och Br Stig Carlsson. Efter ett uts\u00f6kt julbord fick vi bes\u00f6k av Motala Lucia och t\u00e4rnor som sj\u00f6ng vackra lucias\u00e5nger. D\u00e4refter h\u00f6lls sedvanligt lotteri och andra trevligheter.<\/p>\n<h2>Logen Vadstena nr 762 bj\u00f6d p\u00e5 adventskaffe den 27 november 2016.<\/h2>\n<p>Sy Monica och Br Magnus Jern\u00e9r bj\u00f6d p\u00e5 \u00f6ppet hus och sitt traditionella adventskaffe hemma hos sig i V\u00e4stra \u00c4lgsj\u00f6 Lunnarp, Sk\u00e4nninge. Trevnaden var som alltid mycket stor f\u00f6r alla deltagare i \u00e5rets tradition.<\/p>\n<h2>Logen Vadstena nr 762 h\u00f6ll Logem\u00f6te den 19 november 2016.<\/h2>\n<p><a href=\"https:\/\/vasaorden.com\/vadstena\/wp-content\/uploads\/sites\/9\/2016\/11\/MjolbyFrasse3.png\"><img loading=\"lazy\" class=\"alignnone size-full wp-image-797\" src=\"https:\/\/vasaorden.com\/vadstena\/wp-content\/uploads\/sites\/9\/2016\/11\/MjolbyFrasse3.png\" alt=\"mjolbyfrasse3\" width=\"166\" height=\"309\" srcset=\"https:\/\/vasaorden.com\/vadstena\/wp-content\/uploads\/sites\/9\/2016\/11\/MjolbyFrasse3.png 166w, https:\/\/vasaorden.com\/vadstena\/wp-content\/uploads\/sites\/9\/2016\/11\/MjolbyFrasse3-161x300.png 161w\" sizes=\"(max-width: 166px) 100vw, 166px\" \/><\/a><br \/>\nLogen Vadstena nr 762 h\u00f6ll Logem\u00f6te den 19 november.Underh\u00e5llningen vid efterkapitlet stod Bernt Frans\u00e9n f\u00f6r. Temat f\u00f6r underh\u00e5llningen var &#8221;Sk\u00e5nska Lasse och andra roliga gubbar. Bernt sj\u00f6ng och ber\u00e4ttade om dessa bondkomiker som Sk\u00e5nska Lasse, Calle Lindstr\u00f6m, Jan i Grebo, \u00d6stg\u00f6ta-Lasse och Lasse Mollby.<\/p>\n<h2>Logen Vadstena nr 762 h\u00f6ll H\u00f6gtidsm\u00f6te den 29 oktober 2016.<\/h2>\n<p>Logen Vadstena nr 762 h\u00f6ll H\u00f6gtidsm\u00f6te den 29 oktober.<br \/>\nVid h\u00f6gtidsm\u00f6tets efterkapitlet underh\u00f6ll Sven-Erik Wernander med bl.a. spel p\u00e5 tr\u00e4dskofiol med tema: &#8221;En spelman fr\u00e5n Sl\u00e4tta&#8221;.<\/p>\n<h2>Logen Vadstena nr 762 h\u00f6ll Logem\u00f6te den 24 september 2016.<\/h2>\n<p>Vid logem\u00f6tets efterkapitlet underh\u00f6ll paret Violet Segerstedt Jangvik och Thorvald Jangvik med s\u00e5ng och musik.<br \/>\n&nbsp;<br \/>\n<a href=\"https:\/\/vasaorden.com\/vadstena\/wp-content\/uploads\/sites\/9\/2016\/09\/Kraftskiva2016nn_s.jpg\" rel=\"attachment wp-att-767\"><img loading=\"lazy\" class=\"alignnone size-medium wp-image-767\" src=\"https:\/\/vasaorden.com\/vadstena\/wp-content\/uploads\/sites\/9\/2016\/09\/Kraftskiva2016nn_s-300x120.jpg\" alt=\"Kraftskiva2016nn_s\" width=\"300\" height=\"120\" srcset=\"https:\/\/vasaorden.com\/vadstena\/wp-content\/uploads\/sites\/9\/2016\/09\/Kraftskiva2016nn_s-300x120.jpg 300w, https:\/\/vasaorden.com\/vadstena\/wp-content\/uploads\/sites\/9\/2016\/09\/Kraftskiva2016nn_s-1024x408.jpg 1024w, https:\/\/vasaorden.com\/vadstena\/wp-content\/uploads\/sites\/9\/2016\/09\/Kraftskiva2016nn_s-768x306.jpg 768w, https:\/\/vasaorden.com\/vadstena\/wp-content\/uploads\/sites\/9\/2016\/09\/Kraftskiva2016nn_s-1536x612.jpg 1536w, https:\/\/vasaorden.com\/vadstena\/wp-content\/uploads\/sites\/9\/2016\/09\/Kraftskiva2016nn_s.jpg 1800w\" sizes=\"(max-width: 300px) 100vw, 300px\" \/><\/a><\/p>\n<h2>Logen Vadstena nr 762 firade traditionsenligt kr\u00e4ftskiva den 13 augusti 2016<\/h2>\n<p>Vi firade kr\u00e4ftskiva i Treh\u00f6rna hos Br Stig och Sy Marika Collin Carlsson. N\u00e4rvarande var tre g\u00e4ster fr\u00e5n Amerika. Aly fr\u00e5n Oregon, USA, deltog i svensk-amerikanska utbytesprogrammet deltog f\u00f6r f\u00f6rsta g\u00e5ngen i en svensk traditionell kr\u00e4ftskiva.<\/p>\n<h2>Logen Vadstena nr 762 h\u00f6ll Logem\u00f6te den 12 mars 2016<\/h2>\n<p>Logem\u00f6tet h\u00f6lls i PRO:s lokal p\u00e5 Mj\u00f6lbygatan 20 C, Sk\u00e4nninge. Vid Efterkapitlet underh\u00f6ll paret Violet Segerstedt Jangvik och Thorvald Jangvik med s\u00e5ng och musik och trevliga ber\u00e4ttelser om intressanta bakgrunder till de s\u00e5nger som framf\u00f6rdes.<\/p>\n<h2>Logen Vadstena nr 762 h\u00f6ll H\u00f6gtidsloge med \u00e5rsm\u00f6te den 13 februari 2016<\/h2>\n<p>H\u00f6gtidslogen h\u00f6lls i PRO:s lokal p\u00e5 Mj\u00f6lbygatan 20 C, Sk\u00e4nninge. Efter sedvanliga m\u00f6tesf\u00f6rhandlingar samlades logemedlemmar och inbjudna g\u00e4ster till Efterkapitel. Underh\u00e5llning var Mia Karlsv\u00e4rds fina ber\u00e4ttelse under temat: &#8221;Bilder tagna fr\u00e5n b\u00f6npallen&#8221;, se artikel nedan.<\/p>\n<h2>Bes\u00f6k av pressfotograf Mia Karlsv\u00e4rd vid \u00c5rsm\u00f6tet den 13\u00a0februari 2016<\/h2>\n<p>Mia Karlsv\u00e4rd, pressfotograf p\u00e5 \u00d6stg\u00f6ta Correspondenten, ordf\u00f6rande i Pressfotografernas Klubb, Sverige och sp\u00e4tta, bes\u00f6kte oss vid v\u00e5rt \u00e5rsm\u00f6te den 13 februari. Vi hade alla sett fram mot att f\u00e5 ta del av hennes ber\u00e4ttelser och bilder tagna fr\u00e5n b\u00f6npallen!\u00a0Mia visade och ber\u00e4ttade om bilder som publicerats i hennes bok \u201dUr sp\u00e4ttans synvikel &#8211; Bilder fr\u00e5n en Motorcykel\u201d.<br \/>\n<a href=\"https:\/\/vasaorden.com\/vadstena\/wp-content\/uploads\/sites\/9\/2015\/02\/ur-spattans-synvinkel.jpg\"><img loading=\"lazy\" class=\"alignnone size-medium wp-image-454\" src=\"https:\/\/vasaorden.com\/vadstena\/wp-content\/uploads\/sites\/9\/2015\/02\/ur-spattans-synvinkel-300x286.jpg\" alt=\"ur sp\u00e4ttans synvinkel\" width=\"300\" height=\"286\" srcset=\"https:\/\/vasaorden.com\/vadstena\/wp-content\/uploads\/sites\/9\/2015\/02\/ur-spattans-synvinkel-300x286.jpg 300w, https:\/\/vasaorden.com\/vadstena\/wp-content\/uploads\/sites\/9\/2015\/02\/ur-spattans-synvinkel.jpg 600w\" sizes=\"(max-width: 300px) 100vw, 300px\" \/><\/a><br \/>\n&nbsp;<\/p>\n<h2>Arbetsm\u00f6te h\u00f6lls den 12 jan 2016<\/h2>\n<p><figure id=\"attachment_705\" aria-describedby=\"caption-attachment-705\" style=\"width: 300px\" class=\"wp-caption alignnone\"><a href=\"https:\/\/vasaorden.com\/vadstena\/wp-content\/uploads\/sites\/9\/2016\/01\/IMG_2513.jpg\" rel=\"attachment wp-att-705\"><img loading=\"lazy\" class=\"size-medium wp-image-705\" src=\"https:\/\/vasaorden.com\/vadstena\/wp-content\/uploads\/sites\/9\/2016\/01\/IMG_2513-300x225.jpg\" alt=\"Br C Per-Gunnar Andersson och Sy K Mirka Andersson Wikman avsmakar den uts\u00f6kta f\u00f6rt\u00e4ring som bj\u00f6ds p\u00e5 m\u00f6tet.\" width=\"300\" height=\"225\" srcset=\"https:\/\/vasaorden.com\/vadstena\/wp-content\/uploads\/sites\/9\/2016\/01\/IMG_2513-300x225.jpg 300w, https:\/\/vasaorden.com\/vadstena\/wp-content\/uploads\/sites\/9\/2016\/01\/IMG_2513-1024x768.jpg 1024w, https:\/\/vasaorden.com\/vadstena\/wp-content\/uploads\/sites\/9\/2016\/01\/IMG_2513-768x576.jpg 768w, https:\/\/vasaorden.com\/vadstena\/wp-content\/uploads\/sites\/9\/2016\/01\/IMG_2513-1536x1152.jpg 1536w, https:\/\/vasaorden.com\/vadstena\/wp-content\/uploads\/sites\/9\/2016\/01\/IMG_2513-2048x1536.jpg 2048w\" sizes=\"(max-width: 300px) 100vw, 300px\" \/><\/a><figcaption id=\"caption-attachment-705\" class=\"wp-caption-text\">Br C Per-Gunnar Andersson och Sy K Mirka Andersson Wikman avsmakar den uts\u00f6kta f\u00f6rt\u00e4ring som bj\u00f6ds p\u00e5 m\u00f6tet.<\/figcaption><\/figure><br \/>\nL\u00f6rdagen den\u00a0<strong>23\u00a0januari 2016<\/strong><strong>\u00a0<\/strong>h\u00f6ll Logen Vadstena nr 762 arbetsm\u00f6te under mycket trevliga former hemma hos logens ordf\u00f6rande, O. Sy Monica, V\u00e4stra \u00c4lgsj\u00f6 utanf\u00f6r Sk\u00e4nninge. Efter genomf\u00f6rt arbetsm\u00f6te \u00e5kte majoriteten av n\u00e4rvarande medlemmar och bes\u00f6kte det H\u00f6gtidsm\u00f6te med \u00e5rsm\u00f6tesf\u00f6rhandlingar som Logen Filbyter nr 714 h\u00f6ll i Link\u00f6ping. Underh\u00e5llningen vid Efterkapitlet efter m\u00f6tesf\u00f6rhandlingarna var mycket trevlig och underh\u00e5llande. Se videon ==&gt; <a href=\"http:\/\/vadstena.vasaorder.se\/galleri\/video-underhallning\/underhallning-vid-besok-hos-logen-filbyter-23-jan-2016\/\" target=\"_blank\" rel=\"noopener noreferrer\">&#8221;Klicka h\u00e4r f\u00f6r video&#8221;<\/a><br \/>\n&nbsp;<\/p>\n<h2 style=\"text-align: left\"><strong>N\u00e5gra genomf\u00f6rda aktiviter 2014 och 2015<\/strong><\/h2>\n<h3>Logem\u00f6te h\u00f6lls den 12 september 2015 &#8211; Tema: Evert Taubes kvinnor!<\/h3>\n<p>L\u00f6rdagen den 12 september h\u00f6ll Logen Vadstena nr 762 sitt f\u00f6rsta Logem\u00f6te efter sommaren. Detta m\u00f6te h\u00f6lls i PRO:s lokal p\u00e5 Mj\u00f6lbygatan 20 C, Sk\u00e4nninge.\u00a0<a href=\"http:\/\/vadstena.vasaorder.se\/galleri\/video-underhallning\/\" target=\"_blank\" rel=\"noopener noreferrer\">Se v\u00e5rt galleri med videon! ==&gt;<\/a><\/p>\n<h3>Logem\u00f6te h\u00f6lls l\u00f6rdagen den 11 april 2015<\/h3>\n<p>L\u00f6rdagen den 11 april 2015 h\u00f6ll Logen Vadstena nr 762 Logem\u00f6te i PRO:s lokal, Mj\u00f6lbygatan 20 C, Sk\u00e4nninge. Dragspelaren Tomas S\u00e4venstedt med hustrun Lisbet S\u00e4venstedt stod f\u00f6r underh\u00e5llningen med s\u00e5ng och dragspelsmusik. Musikstycken som ankn\u00f6t till Amerika och andra trevliga s\u00e5nger och musikstycken fick vi ta del av och \u00e4ven sjunga med i.<\/p>\n<h3>Logem\u00f6te och \u00c5rsm\u00f6te h\u00f6lls den 31 januari 2015<\/h3>\n<p>L\u00f6rdagen den 31 januari 2015 h\u00f6ll Logen Vadstena nr 762 Logem\u00f6te och \u00c5rsm\u00f6te i PRO:s lokal, Mj\u00f6lbygatan 20 C, Sk\u00e4nninge. Dragspelaren Tomas S\u00e4venstedt med hustrun Lisbet S\u00e4venstedt som kompade p\u00e5 guitarr stod f\u00f6r den mycket uppskattade underh\u00e5llningen. Vi sj\u00f6ng alls\u00e5ng, men fick ocks\u00e5 lyssna till en polka, en marsch och andra musikstycken.<br \/>\n<a title=\"Video med dragspelsunderh\u00e5llning\" href=\"http:\/\/vadstena.vasaorder.se\/galleri\/video-underhallning\/\" target=\"_blank\" rel=\"noopener noreferrer\">Se v\u00e5rt galleri med videon!==&gt;<\/a><\/p>\n<h3><\/h3>\n<h3><strong>Arbetsloge och julfest h\u00f6lls den 13\u00a0december 2014<\/strong><\/h3>\n<p>Den 13 december h\u00f6ll Logen Vadstena nr 762 arbetsloge\u00a0och\u00a0d\u00e4refter\u00a0julfest p\u00e5 Klockarev\u00e4gen 20 A, Motala. Logen g\u00e4stades av ett stort antal &#8221;Vasamedlemmar&#8221; fr\u00e5n Logen Filbyter nr 714 och Logen Br\u00e5viken nr 751\u00a0f\u00f6rutom\u00a0en\u00a0extern\u00a0g\u00e4st.\u00a0 F\u00f6rutom\u00a0en\u00a0uts\u00f6kt\u00a0 julbuff\u00e9\u00a0 fick vi \u00e4ven bes\u00f6k av \u00e5rets jultomte. Julfesten avslutades med sedvanligt lotteri.<\/p>\n<h3><span style=\"color: #800000\"><strong><span style=\"font-family: Arial\">Adventskaffe 2014<\/span><\/strong><\/span><br \/>\ni Logen Vadstena nr 762<\/h3>\n<p>Traditionsenligt adventskaffet h\u00f6lls den 30 november\u00a0hos Magnus och Monica Jern\u00e9r i V\u00e4stra \u00c4lgsj\u00f6 Lunnarp, Sk\u00e4nninge. Under trevlig samvaro bj\u00f6ds vi p\u00e5 m\u00e5nga sorters kakor till gott kaffe. F\u00f6rutom medlemmar i Logen Vadstena g\u00e4stade medlemmar fr\u00e5n Logen Filbyter nr 714, Logen Br\u00e5viken nr 751 och Logen Hj\u00e4lmaren nr 625 detta traditionella adventskaffe.<br \/>\n&nbsp;<\/p>\n<h2>Logem\u00f6te\u00a0l\u00f6rdagen den 22 november 2014 i Sk\u00e4nninge<\/h2>\n<p><figure id=\"attachment_424\" aria-describedby=\"caption-attachment-424\" style=\"width: 300px\" class=\"wp-caption alignnone\"><a href=\"https:\/\/vasaorden.com\/vadstena\/wp-content\/uploads\/sites\/9\/2014\/11\/Sune-Lindgren.jpg\"><img loading=\"lazy\" class=\"size-medium wp-image-424\" src=\"https:\/\/vasaorden.com\/vadstena\/wp-content\/uploads\/sites\/9\/2014\/11\/Sune-Lindgren-300x225.jpg\" alt=\"Sune Lindgren, ordf i Tage Daniels\u00e4lskapet\" width=\"300\" height=\"225\" srcset=\"https:\/\/vasaorden.com\/vadstena\/wp-content\/uploads\/sites\/9\/2014\/11\/Sune-Lindgren-300x225.jpg 300w, https:\/\/vasaorden.com\/vadstena\/wp-content\/uploads\/sites\/9\/2014\/11\/Sune-Lindgren-1024x768.jpg 1024w, https:\/\/vasaorden.com\/vadstena\/wp-content\/uploads\/sites\/9\/2014\/11\/Sune-Lindgren-768x576.jpg 768w, https:\/\/vasaorden.com\/vadstena\/wp-content\/uploads\/sites\/9\/2014\/11\/Sune-Lindgren.jpg 1200w\" sizes=\"(max-width: 300px) 100vw, 300px\" \/><\/a><figcaption id=\"caption-attachment-424\" class=\"wp-caption-text\">Sune Lindgren, ordf i Tage Daniels\u00e4lskapet<\/figcaption><\/figure><br \/>\nDen\u00a022 november\u00a0h\u00f6ll Logen Vadstena Nr 762 Logem\u00f6te,\u00a0\u00a0i den nya lokalen p\u00e5 \u00c5gatan 2, Sk\u00e4nninge.<br \/>\nTill efterkapitlet\u00a0kommer\u00a0Sune Lindgren fr\u00e5n Tage Danielsson s\u00e4llskapet som ber\u00e4ttade om Tage Danielsson.<br \/>\n&nbsp;<\/p>\n<h2>Logen Vadstena\u00a0Nr\u00a0762\u00a0firade 5-\u00e5rs\u00a0jubileum!<\/h2>\n<h2><\/h2>\n<p>&nbsp;<\/p>\n<div>\n<dl>\n<dt><a href=\"https:\/\/vasaorden.com\/vadstena\/wp-content\/uploads\/sites\/9\/2012\/02\/skanninge-stadshotell-2.jpg\"><img loading=\"lazy\" src=\"https:\/\/vasaorden.com\/vadstena\/wp-content\/uploads\/sites\/9\/2012\/02\/skanninge-stadshotell-2.jpg\" alt=\"Sk\u00e4nninge\" width=\"255\" height=\"170\" \/><\/a><\/dt>\n<dd>Oscarsalen i Sk\u00e4nninge Stadshotell<\/dd>\n<\/dl>\n<\/div>\n<p>&nbsp;<\/p>\n<h3>L\u00f6rdagen den 20 oktober 2012 h\u00f6ll Logen Vadstena nr 762\u00a0H\u00f6gtidsloge och H\u00f6gtidsbankett f\u00f6r medlemmar och inbjudna g\u00e4ster.<\/h3>\n<div>\nJubileumsprogrammet var f\u00f6ljande:<br \/>\nH\u00f6gtidslog &#8211; samling kl 14.30 p\u00e5 Stadshotellet i Sk\u00e4nninge, Oscarsalen<br \/>\nH\u00f6gtidsbankett &#8211; medlemmar och g\u00e4ster samlades kl 18.30 p\u00e5 Stadshotellet i Sk\u00e4nninge<br \/>\nAlla medlemmar i Vasa Orden av Amerika var inbjudna att anm\u00e4la sitt deltagandei jubileumsfestligheterna. Mer om jubileet fr\u00e5n den 20 olt 2012 presenteras h\u00e4r i <a href=\"http:\/\/bu2022.vasaorden.com\/vadstena\/information\/5-ars-jubileum-2012-bildspel\/\">v\u00e5rt bildspel<\/a>.\n<\/div>\n<p>Logen Vadstena Nr 762 instiftades under h\u00f6gtidliga former den 20 oktober 2007. Medlemmar fr\u00e5n Norra Distriktet nr 19 och ett stort antal lokalloger gav denna h\u00e4ndelse en pampig inramning. Logeverksamheten vid instiftandet var f\u00f6rlagd till &#8221;Birgittasalen&#8221;. Senare p\u00e5 kv\u00e4llen bj\u00f6ds det p\u00e5 en mycket v\u00e4lbes\u00f6kt bankett.<br \/>\nUnder de 5 \u00e5r som snart g\u00e5tt fr\u00e5n instiftandet har vi haft m\u00e5nga trivsamma och underh\u00e5llande logem\u00f6ten, tr\u00e4ffar och utflykter. Till v\u00e5r stora gl\u00e4dje har g\u00e4stbes\u00f6k fr\u00e5n omgivande lokalloger, inte minst logerna i \u00d6sterg\u00f6tland,\u00a0Logen Filbyter nr 714 och Logen Br\u00e5viken nr 751.<br \/>\nL\u00f6rdagen den 20 oktober 2012 ser vi fram mot ett trevligt och v\u00e4lbes\u00f6kt 5-\u00e5rsjubileum. Planeringen f\u00f6r dette jubileum p\u00e5g\u00e5r f\u00f6r fullt och lokaler bokas upp f\u00f6r att rymma de m\u00e5nga g\u00e4stande Vasasyskon\u00a0fr\u00e5n n\u00e4r och fj\u00e4rran som visat intressa att komma och n\u00e4rvara vid denna h\u00f6gtidlighet.<br \/>\nVi har stora f\u00f6rhoppningar att kunna forts\u00e4tta och utveckla v\u00e5r verksamhet\u00a0m\u00e5nga \u00e5r fram\u00f6ver.<\/p>\n","protected":false},"excerpt":{"rendered":"<p>\u00a0Logen Vadstena nr 762 h\u00f6ll Julfest fredagen den 15 december 2017. Logen Vadstena hade Julfest fredagen den 15 december hos Sy Marika Collin Carlsson och Br Stig Carlsson. Vi firade med julbord, lotteri, \u00f6verraskning och andra sedvanliga trevligheter. Adventskaffe hos Sy Monica och Br Magnus 2017 Sy Monica och Br Magnus Jern\u00e9r bj\u00f6d p\u00e5 \u00f6ppet [&hellip;]<\/p>\n","protected":false},"author":19,"featured_media":0,"parent":0,"menu_order":0,"comment_status":"closed","ping_status":"closed","template":"","meta":{"ngg_post_thumbnail":0,"ocean_post_layout":"","ocean_both_sidebars_style":"","ocean_both_sidebars_content_width":0,"ocean_both_sidebars_sidebars_width":0,"ocean_sidebar":"","ocean_second_sidebar":"","ocean_disable_margins":"enable","ocean_add_body_class":"","ocean_shortcode_before_top_bar":"","ocean_shortcode_after_top_bar":"","ocean_shortcode_before_header":"","ocean_shortcode_after_header":"","ocean_has_shortcode":"","ocean_shortcode_after_title":"","ocean_shortcode_before_footer_widgets":"","ocean_shortcode_after_footer_widgets":"","ocean_shortcode_before_footer_bottom":"","ocean_shortcode_after_footer_bottom":"","ocean_display_top_bar":"default","ocean_display_header":"default","ocean_header_style":"","ocean_center_header_left_menu":"","ocean_custom_header_template":"","ocean_custom_logo":0,"ocean_custom_retina_logo":0,"ocean_custom_logo_max_width":0,"ocean_custom_logo_tablet_max_width":0,"ocean_custom_logo_mobile_max_width":0,"ocean_custom_logo_max_height":0,"ocean_custom_logo_tablet_max_height":0,"ocean_custom_logo_mobile_max_height":0,"ocean_header_custom_menu":"","ocean_menu_typo_font_family":"","ocean_menu_typo_font_subset":"","ocean_menu_typo_font_size":0,"ocean_menu_typo_font_size_tablet":0,"ocean_menu_typo_font_size_mobile":0,"ocean_menu_typo_font_size_unit":"px","ocean_menu_typo_font_weight":"","ocean_menu_typo_font_weight_tablet":"","ocean_menu_typo_font_weight_mobile":"","ocean_menu_typo_transform":"","ocean_menu_typo_transform_tablet":"","ocean_menu_typo_transform_mobile":"","ocean_menu_typo_line_height":0,"ocean_menu_typo_line_height_tablet":0,"ocean_menu_typo_line_height_mobile":0,"ocean_menu_typo_line_height_unit":"","ocean_menu_typo_spacing":0,"ocean_menu_typo_spacing_tablet":0,"ocean_menu_typo_spacing_mobile":0,"ocean_menu_typo_spacing_unit":"","ocean_menu_link_color":"","ocean_menu_link_color_hover":"","ocean_menu_link_color_active":"","ocean_menu_link_background":"","ocean_menu_link_hover_background":"","ocean_menu_link_active_background":"","ocean_menu_social_links_bg":"","ocean_menu_social_hover_links_bg":"","ocean_menu_social_links_color":"","ocean_menu_social_hover_links_color":"","ocean_disable_title":"default","ocean_disable_heading":"default","ocean_post_title":"","ocean_post_subheading":"","ocean_post_title_style":"","ocean_post_title_background_color":"","ocean_post_title_background":0,"ocean_post_title_bg_image_position":"","ocean_post_title_bg_image_attachment":"","ocean_post_title_bg_image_repeat":"","ocean_post_title_bg_image_size":"","ocean_post_title_height":0,"ocean_post_title_bg_overlay":0.5,"ocean_post_title_bg_overlay_color":"","ocean_disable_breadcrumbs":"default","ocean_breadcrumbs_color":"","ocean_breadcrumbs_separator_color":"","ocean_breadcrumbs_links_color":"","ocean_breadcrumbs_links_hover_color":"","ocean_display_footer_widgets":"default","ocean_display_footer_bottom":"default","ocean_custom_footer_template":""},"_links":{"self":[{"href":"https:\/\/vasaorden.com\/vadstena\/wp-json\/wp\/v2\/pages\/15"}],"collection":[{"href":"https:\/\/vasaorden.com\/vadstena\/wp-json\/wp\/v2\/pages"}],"about":[{"href":"https:\/\/vasaorden.com\/vadstena\/wp-json\/wp\/v2\/types\/page"}],"author":[{"embeddable":true,"href":"https:\/\/vasaorden.com\/vadstena\/wp-json\/wp\/v2\/users\/19"}],"replies":[{"embeddable":true,"href":"https:\/\/vasaorden.com\/vadstena\/wp-json\/wp\/v2\/comments?post=15"}],"version-history":[{"count":0,"href":"https:\/\/vasaorden.com\/vadstena\/wp-json\/wp\/v2\/pages\/15\/revisions"}],"wp:attachment":[{"href":"https:\/\/vasaorden.com\/vadstena\/wp-json\/wp\/v2\/media?parent=15"}],"curies":[{"name":"wp","href":"https:\/\/api.w.org\/{rel}","templated":true}]}}