{"id":3988,"date":"2012-02-11T22:53:06","date_gmt":"2012-02-11T20:53:06","guid":{"rendered":"http:\/\/bu2022.vasaorden.com\/boras\/?page_id=6"},"modified":"2026-04-18T12:00:52","modified_gmt":"2026-04-18T10:00:52","slug":"startsida","status":"publish","type":"page","link":"https:\/\/vasaorden.com\/uddevalla\/","title":{"rendered":"Startsida"},"content":{"rendered":"\n<p>&nbsp;<\/p>\n\n\n<h1 style=\"text-align: center\"><span style=\"color: #333399\">V\u00e4lkommen till Logen nr 638 Uddevalla&nbsp;<\/span><\/h1>\n<p style=\"text-align: center\"><img src=\"https:\/\/vasaorden.com\/uddevalla\/wp-content\/uploads\/sites\/10\/2024\/01\/VOA_2_cm-e1706452115853.jpg\"><\/p>\n<p style=\"text-align: center\"><span style=\"color: #333399\"><img loading=\"lazy\" class=\"aligncenter\" src=\"https:\/\/www.uddevalla.se\/images\/18.5921c6d815363781e73c305\/1460113968821\/Uddevallabron%20profilbild(2).jpg\" alt=\"Uddevallabron\" width=\"521\" height=\"228\"><\/span><\/p>\n<h3 style=\"text-align: center\"><span style=\"color: #333399\">Uddevallabron<\/span><\/h3>\n<h4><span style=\"font-family: Verdana\">Logen stiftades den 18 januari 1958.<\/span><\/h4>\n<h4 style=\"text-align: left\">Vi \u00e4r en av Vasa Orden av Amerikas 25 Lokalloger i Sverige med ett 60-tal medlemmar i Uddevalla-omr\u00e5det. Vi samlas till olika kulturella aktiviteter, fester, utflykter och till trevlig samvaro vid \u00e5rets fem Logem\u00f6ten. Vasa Orden av Amerika \u00e4r inte bara kultur och allvar. Det finns ocks\u00e5 mycket av fester, underh\u00e5llning och tr\u00e4ffar undertrevliga former. Utflykter i glada v\u00e4nners lag, antingen till trevliga och intressanta m\u00e5l eller till en grannloge, som har n\u00e5got festligt program.<span style=\"color: #ffffff\">llllllllllllll<\/span><span style=\"color: #ffffff\">l<\/span><span style=\"color: #ffffff\">l<\/span><\/h4>\n<h3 style=\"text-align: center\">Vill du veta mer om v\u00e5r verksamhet, titta in p\u00e5 v\u00e5ra \u00f6vriga sidor och p\u00e5 Distriktslogen eller kontakta n\u00e5gon i v\u00e5r styrelse.<\/h3>\n<p style=\"text-align: center\">&nbsp;<\/p>\n<h3>I kontakterna med Vasa Orden i Amerika har vi i f\u00f6rsta hand v\u00e5ra v\u00e4nloger:<br>\u00a4&nbsp; Sveaborg Lodge Nr 449, Concord CA<br>\u00a4&nbsp; Scandinavian Lodge Nr 667, La Mesa, California<\/h3>\n<p style=\"text-align: center\"><img loading=\"lazy\" class=\"aligncenter\" src=\"https:\/\/vasaorden.com\/uddevalla\/wp-content\/uploads\/sites\/10\/2021\/09\/IMG_7270-scaled-e1632733678496-1024x884.jpg\" width=\"432\" height=\"373\"><\/p>\n<h1 style=\"text-align: center\"><strong>Vi tr\u00e4ffas i Odd Fellowhuset<\/strong><\/h1>\n<h1 class=\"western\" align=\"center\">Logem\u00f6tet l\u00f6rdagen den 11 april var v\u00e4lbes\u00f6kt och med reception av tre nya medlemmar. Dessa v\u00e4lkomnades av traditionell och h\u00f6gtidlig ceremoni.<\/h1>\n<p>&nbsp;<\/p>\n<p><img src=\"https:\/\/vasaorden.com\/uddevalla\/wp-content\/uploads\/sites\/10\/2026\/04\/loge-11-april-16-e1776502101745.jpg\"><\/p>\n<p>&nbsp;<\/p>\n<p><img src=\"https:\/\/vasaorden.com\/uddevalla\/wp-content\/uploads\/sites\/10\/2026\/04\/loge-11-april-15-e1776502023584.jpg\"><\/p>\n<p>&nbsp;<\/p>\n<h2 align=\"center\">&nbsp;<\/h2>\n<h2 align=\"center\"><img src=\"https:\/\/vasaorden.com\/uddevalla\/wp-content\/uploads\/sites\/10\/2026\/04\/loge-11-april-32-scaled-e1776502209619.jpeg\"><\/h2>\n<h2 align=\"center\">&nbsp;<\/h2>\n<h2 align=\"center\"><img src=\"https:\/\/vasaorden.com\/uddevalla\/wp-content\/uploads\/sites\/10\/2026\/04\/loge-11-april-33-scaled-e1776502362357.jpeg\"><\/h2>\n<h2 align=\"center\">&nbsp;<\/h2>\n<h2 align=\"center\"><img src=\"https:\/\/vasaorden.com\/uddevalla\/wp-content\/uploads\/sites\/10\/2026\/04\/loge-11-april-30-e1776502474839.jpg\"><\/h2>\n<h2 align=\"center\">&nbsp;<\/h2>\n<p><img src=\"https:\/\/vasaorden.com\/uddevalla\/wp-content\/uploads\/sites\/10\/2026\/04\/loge-11-april-17-e1776502572375.jpg\"><\/p>\n<p>&nbsp;<\/p>\n<h1>Vid middagen deltog \u00e4ven inbjudna g\u00e4ster och st\u00e4mningen var h\u00f6g vid borden.<\/h1>\n<p>&nbsp;<\/p>\n<h1>Broder Ordf\u00f6rande Torsten Torstensson vid honn\u00f6rsbordet med de nya syskonen Broder Christer Bloom syster Gunilla Andersson samt syster Yvonne Bloom<\/h1>\n<p><img loading=\"lazy\" class=\"alignleft\" src=\"https:\/\/vasaorden.com\/uddevalla\/wp-content\/uploads\/sites\/10\/2026\/04\/11-april3-1-scaled-e1776502958599.jpg\" width=\"472\" height=\"354\"><\/p>\n<h2 align=\"center\"><img loading=\"lazy\" class=\"alignnone\" src=\"https:\/\/vasaorden.com\/uddevalla\/wp-content\/uploads\/sites\/10\/2026\/04\/11-april-2-e1776503562470.jpg\" width=\"353\" height=\"471\"><\/h2>\n<h2 align=\"center\"><img loading=\"lazy\" class=\"alignleft\" src=\"https:\/\/vasaorden.com\/uddevalla\/wp-content\/uploads\/sites\/10\/2026\/04\/11-april-26-Ann-e1776503840604.jpg\" width=\"377\" height=\"503\"><\/h2>\n<p>&nbsp;<\/p>\n<p>&nbsp;<\/p>\n<p>&nbsp;<\/p>\n<h1 align=\"center\">V\u00e5r hedersmedlem och v\u00e5r \u00e4ldsta medlem<\/h1>\n<h1 align=\"center\">Ann Holm&nbsp; deltog till allas gl\u00e4dje i b\u00e5de logesalen, middagen och efterkapitlet.&nbsp;<\/h1>\n<h2 align=\"center\">&nbsp;<\/h2>\n<h2 align=\"center\">&nbsp;<\/h2>\n<h2 align=\"center\">&nbsp;<\/h2>\n<h2 align=\"center\">&nbsp;<\/h2>\n<h2 align=\"center\">&nbsp;<\/h2>\n<h2 align=\"center\">&nbsp;<\/h2>\n<h2 align=\"center\">Vid Efterkapitlet visade Br O Torsten Torstensson bilder och ber\u00e4ttade om Uddevalla f\u00f6rr. Flera av medlemmarna hade m\u00e5nga minnen fr\u00e5n dessa tider.&nbsp;&nbsp;<\/h2>\n<h2 align=\"center\"><img loading=\"lazy\" class=\"aligncenter\" src=\"https:\/\/vasaorden.com\/uddevalla\/wp-content\/uploads\/sites\/10\/2026\/04\/11-april-8-scaled-e1776504338120.jpg\" width=\"512\" height=\"384\"><\/h2>\n<h2 style=\"text-align: left\" align=\"center\"><img loading=\"lazy\" class=\"aligncenter\" src=\"https:\/\/vasaorden.com\/uddevalla\/wp-content\/uploads\/sites\/10\/2026\/04\/11-april-10-scaled-e1776504432714.jpg\" width=\"512\" height=\"384\"><\/h2>\n<h2 align=\"center\">&nbsp;<\/h2>\n<p><img loading=\"lazy\" class=\"alignleft\" src=\"https:\/\/vasaorden.com\/uddevalla\/wp-content\/uploads\/sites\/10\/2026\/04\/11-april-9-scaled-e1776504753678.jpg\" width=\"403\" height=\"302\"><\/p>\n<p><img loading=\"lazy\" class=\"alignright\" src=\"https:\/\/vasaorden.com\/uddevalla\/wp-content\/uploads\/sites\/10\/2026\/04\/11-april-6-scaled-e1776504832435.jpg\" width=\"391\" height=\"293\"><\/p>\n<p>&nbsp;<\/p>\n<p>&nbsp;<\/p>\n<h2 align=\"center\">&nbsp;<\/h2>\n<h2 align=\"center\">&nbsp;<\/h2>\n<h2 align=\"center\">&nbsp;<\/h2>\n<h2 align=\"center\">&nbsp;<\/h2>\n<h2 align=\"center\">&nbsp;<\/h2>\n<h2 style=\"text-align: left\" align=\"center\">&nbsp;<\/h2>\n<h2 style=\"text-align: left\" align=\"center\"><img loading=\"lazy\" class=\"alignleft\" src=\"https:\/\/vasaorden.com\/uddevalla\/wp-content\/uploads\/sites\/10\/2026\/04\/loge-11-april-an-m-fl-scaled-e1776506239249.jpg\" width=\"410\" height=\"307\"><\/h2>\n<h2 align=\"center\"><img loading=\"lazy\" class=\"alignnone\" src=\"https:\/\/vasaorden.com\/uddevalla\/wp-content\/uploads\/sites\/10\/2026\/04\/loge-11-april-Ingrid-scaled-e1776506307588.jpg\" width=\"410\" height=\"308\"><\/h2>\n<h2 align=\"center\">&nbsp;<\/h2>\n<h2 align=\"center\">&nbsp;<\/h2>\n<h2 align=\"center\">&nbsp;<\/h2>\n<h2 align=\"center\">&nbsp;<\/h2>\n<h2 align=\"center\">&nbsp;<\/h2>\n<h2 align=\"center\">&nbsp;<\/h2>\n<h2 align=\"center\">&nbsp;<\/h2>\n<h2 align=\"center\">&nbsp;<\/h2>\n<h2 align=\"center\">&nbsp;<\/h2>\n<h2 align=\"center\">&nbsp;<\/h2>\n<h2 align=\"center\">&nbsp;<\/h2>\n<h2 align=\"center\">&nbsp;<\/h2>\n<h2 align=\"center\">&nbsp;<\/h2>\n<h2 align=\"center\">&nbsp;<\/h2>\n<h2 align=\"center\">&nbsp;<\/h2>\n<h2 align=\"center\">&nbsp;<\/h2>\n<h2 align=\"center\">&nbsp;<\/h2>\n<h2 align=\"center\">&nbsp;<\/h2>\n<h2 align=\"center\">&nbsp;<\/h2>\n<h2 align=\"center\">&nbsp;<\/h2>\n<h2 align=\"center\">&nbsp;<\/h2>\n<h2 align=\"center\">&nbsp;<\/h2>\n<h2 align=\"center\">&nbsp;<\/h2>\n<h2 align=\"center\">&nbsp;<\/h2>\n<h2 align=\"center\">&nbsp;<\/h2>\n<h2 class=\"western\" align=\"center\">Vid logem\u00f6tet den den 7 mars underh\u00f6lls vi av Syster Ingalill som ber\u00e4ttade om och spelade musik av Glenn Miller.&nbsp; Trevligt och uppskattat av medlemmarna och lockade n\u00e5gra till dans!<\/h2>\n<h2 style=\"text-align: center\"><img loading=\"lazy\" class=\"alignleft\" src=\"https:\/\/vasaorden.com\/uddevalla\/wp-content\/uploads\/sites\/10\/2026\/03\/Ingalill-2-e1773499191731.jpg\" width=\"184\" height=\"498\"><img loading=\"lazy\" class=\"\" src=\"https:\/\/vasaorden.com\/uddevalla\/wp-content\/uploads\/sites\/10\/2026\/03\/7-mars-nr-4-e1773499422259.jpg\" width=\"356\" height=\"474\">&nbsp; &nbsp; &nbsp; &nbsp; &nbsp; &nbsp; &nbsp; &nbsp; &nbsp; &nbsp; &nbsp; &nbsp;<\/h2>\n<h2 style=\"text-align: center\">&nbsp;<\/h2>\n<p><img loading=\"lazy\" class=\"\" src=\"https:\/\/vasaorden.com\/uddevalla\/wp-content\/uploads\/sites\/10\/2026\/03\/7-mars-n1-e1773499584798.jpg\" width=\"307\" height=\"410\"><img loading=\"lazy\" class=\"alignright\" src=\"https:\/\/vasaorden.com\/uddevalla\/wp-content\/uploads\/sites\/10\/2026\/03\/7-mars-nr-5-e1773499871941.jpg\" width=\"448\" height=\"336\"><\/p>\n<h2 class=\"western\" style=\"text-align: center\" align=\"center\"><img loading=\"lazy\" class=\"\" src=\"https:\/\/vasaorden.com\/uddevalla\/wp-content\/uploads\/sites\/10\/2026\/03\/7-mars-nr-6-e1773500129488.jpg\" width=\"735\" height=\"551\"><\/h2>\n<h2 class=\"western\" align=\"center\">&nbsp;<\/h2>\n<h2 class=\"western\" align=\"center\">&nbsp;<\/h2>\n<h2 class=\"western\" align=\"center\">&nbsp;<\/h2>\n<h2 class=\"western\" align=\"center\">&nbsp;<\/h2>\n<h2 class=\"western\" align=\"center\">&nbsp;<\/h2>\n<h1 class=\"western\" align=\"center\">&nbsp;<\/h1>\n<h2 class=\"western\" align=\"center\"><strong><span style=\"color: #222222\"><span style=\"font-family: Times New Roman, serif\"><span style=\"font-size: large\">&nbsp; &nbsp;<\/span><\/span><\/span><\/strong><\/h2>\n<h2 class=\"western\" align=\"center\"><span style=\"font-family: Times New Roman, serif\"><span style=\"font-size: large\">&nbsp;<\/span><\/span><\/h2>\n<h2 class=\"western\" align=\"center\">&nbsp;<\/h2>\n<h2 class=\"western\" align=\"center\">&nbsp;<\/h2>\n<h1>Torsdagen den 19 januari hade vi v\u00e5r f\u00f6rsta Kulturpromenad med Vasakamrater<\/h1>\n<h1>I \u00e5r kommer vi att utforska staden Uddevalla och f\u00f6rst ut var broarna \u00f6ver B\u00e4ve\u00e5n.<\/h1>\n<h2>Efter samling p\u00e5 Kungstorget bes\u00f6kte vi \u00d6sterbron d\u00e4r Lars ber\u00e4ttade dess historia.<\/h2>\n<p><img loading=\"lazy\" class=\"alignleft\" src=\"https:\/\/vasaorden.com\/uddevalla\/wp-content\/uploads\/sites\/10\/2026\/02\/Vasa-kungstorget-scaled-e1772107677251.jpeg\" width=\"398\" height=\"530\"><\/p>\n<p><img loading=\"lazy\" class=\"alignnone\" src=\"https:\/\/vasaorden.com\/uddevalla\/wp-content\/uploads\/sites\/10\/2026\/02\/osterbron-scaled-e1772107996540.jpeg\" width=\"400\" height=\"534\"><\/p>\n<h1>Vidare gick vi l\u00e4ngs en frusen B\u00e4ve\u00e5 och passerade G\u00e5ngbron f\u00f6r att sen f\u00e5 veta lite mer om Tr\u00e4bron, Ludvig Hanssons bro, J\u00e4rnbron och V\u00e4sterbron.&nbsp; Alla har sin egen intressanta historia som nroder Lars och andra delgav oss.&nbsp; Kaffe p\u00e5 lokal efter\u00e5t!<\/h1>\n<p><img loading=\"lazy\" class=\"alignright\" src=\"https:\/\/vasaorden.com\/uddevalla\/wp-content\/uploads\/sites\/10\/2026\/02\/Gangbron-scaled-e1772108471613.jpeg\" width=\"409\" height=\"545\"><\/p>\n<h1><img src=\"https:\/\/vasaorden.com\/uddevalla\/wp-content\/uploads\/sites\/10\/2026\/02\/Bavean-frusen-e1772108589656.jpg\"><\/h1>\n<h1>&nbsp;<\/h1>\n<h1>&nbsp;<\/h1>\n<h1>&nbsp;<\/h1>\n<h1>&nbsp;<\/h1>\n<h1>&nbsp;<\/h1>\n<h1>&nbsp;<\/h1>\n<h1>&nbsp;<\/h1>\n<h1>&nbsp;<\/h1>\n<h1>&nbsp;<\/h1>\n<h1>&nbsp;<\/h1>\n<h1>&nbsp;<\/h1>\n<h1>&nbsp;<\/h1>\n<h1>&nbsp;<\/h1>\n<h1>&nbsp;<\/h1>\n<h1>&nbsp;<\/h1>\n<h1>&nbsp;<\/h1>\n<h1>&nbsp;<\/h1>\n<h1>&nbsp;<\/h1>\n<h1>&nbsp;<\/h1>\n<h1>&nbsp;<\/h1>\n<h1>&nbsp;<\/h1>\n<h1>&nbsp;<\/h1>\n<h1>&nbsp;<\/h1>\n<h1>&nbsp;<\/h1>\n<h1 style=\"text-align: center\">Nytt Vasa \u00c5r!<\/h1>\n<h1>\u00c5rsh\u00f6gtiden f\u00f6r Logen h\u00f6lls l\u00f6rdagen den 31:a januari 2026 och var v\u00e4lbes\u00f6kt trots kyla ute.<\/h1>\n<h1>F\u00f6rel\u00e4sare var Uddevallab\u00f6rdige Ulf Berglund som ber\u00e4ttade om sin tid p\u00e5 Svenska Amerikalinjens kryssningsfartyg, ett f\u00f6redrag som uppskattades av oss alla.<\/h1>\n<p><img loading=\"lazy\" class=\"aligncenter\" src=\"https:\/\/vasaorden.com\/uddevalla\/wp-content\/uploads\/sites\/10\/2026\/02\/10-arshogtid-rotated-e1770038675693.jpeg\" width=\"388\" height=\"517\"><\/p>\n<p><img loading=\"lazy\" class=\"\" src=\"https:\/\/vasaorden.com\/uddevalla\/wp-content\/uploads\/sites\/10\/2026\/02\/5-arshogtid-rotated-e1770038798515.jpeg\" width=\"326\" height=\"434\"><img loading=\"lazy\" class=\"alignright\" src=\"https:\/\/vasaorden.com\/uddevalla\/wp-content\/uploads\/sites\/10\/2026\/02\/1-arshogtid-e1770038896793.jpeg\" width=\"454\" height=\"341\"><\/p>\n<h2>Ulf Berglund med sin syster Carola Ekberg, tillika Logesyster<\/h2>\n<p><img loading=\"lazy\" class=\"alignleft\" src=\"https:\/\/vasaorden.com\/uddevalla\/wp-content\/uploads\/sites\/10\/2026\/02\/3-arshogtid-rotated-e1770039153886.jpeg\" width=\"332\" height=\"443\"> <img class=\"alignright\" src=\"https:\/\/vasaorden.com\/uddevalla\/wp-content\/uploads\/sites\/10\/2026\/02\/2-arshogtid-rotated-e1770039267796.jpeg\"><\/p>\n<p>&nbsp;<\/p>\n<p>&nbsp;<\/p>\n<p>&nbsp;<\/p>\n<h2>&nbsp;<\/h2>\n<h2>&nbsp;<\/h2>\n<h2>&nbsp;<\/h2>\n<h2>&nbsp;<\/h2>\n<h2>&nbsp;<\/h2>\n<h2>&nbsp;<\/h2>\n<h2>&nbsp;<\/h2>\n<h2>&nbsp;<\/h2>\n<h2><img class=\"alignright\" src=\"https:\/\/vasaorden.com\/uddevalla\/wp-content\/uploads\/sites\/10\/2026\/02\/4-arshogtid-rotated-e1770039407962.jpeg\"><\/h2>\n<h2><img loading=\"lazy\" class=\"\" src=\"https:\/\/vasaorden.com\/uddevalla\/wp-content\/uploads\/sites\/10\/2026\/02\/8-arshogtid-rotated-e1770039482645.jpeg\" width=\"336\" height=\"448\"><\/h2>\n<h2>&nbsp;<\/h2>\n<p><img src=\"https:\/\/vasaorden.com\/uddevalla\/wp-content\/uploads\/sites\/10\/2026\/02\/143-arshogtid-rotated-e1770039586807.jpeg\"><img class=\"alignright\" src=\"https:\/\/vasaorden.com\/uddevalla\/wp-content\/uploads\/sites\/10\/2026\/02\/12-arshogtid-rotated-e1770039659780.jpeg\"><\/p>\n<p>&nbsp;<\/p>\n<p><img src=\"https:\/\/vasaorden.com\/uddevalla\/wp-content\/uploads\/sites\/10\/2026\/02\/11-arshogtid-rotated-e1770039761296.jpeg\"> <img class=\"alignright\" src=\"https:\/\/vasaorden.com\/uddevalla\/wp-content\/uploads\/sites\/10\/2026\/02\/9-Arshogtid-rotated-e1770039840462.jpeg\"><\/p>\n<p>&nbsp;<\/p>\n<p>&nbsp;<\/p>\n<p>&nbsp;<\/p>\n<p>&nbsp;<\/p>\n<h2 style=\"text-align: center\">Logen 638 Uddevalla \u00f6nskar alla En God Jul och Ett Gott Nytt \u00c5r!<\/h2>\n<h1 style=\"text-align: center\">Vi ses p\u00e5 \u00c5rsh\u00f6gtiden den 31 Januari 2026<\/h1>\n<h2 style=\"text-align: center\">&nbsp;<\/h2>\n<h2>Julfesten var Logens sista m\u00f6te f\u00f6r \u00e5ret 2025. V\u00e5r ordf\u00f6rande Torsten Torstensson och Ceremonim\u00e4stare tillika fru Monika Torstensson \u00f6ppnade sitt hem f\u00f6r oss att fira in julen.<\/h2>\n<h2><img src=\"https:\/\/vasaorden.com\/uddevalla\/wp-content\/uploads\/sites\/10\/2025\/12\/Julfest-1-1-e1766411472989.jpg\"><\/h2>\n<h2><img src=\"https:\/\/vasaorden.com\/uddevalla\/wp-content\/uploads\/sites\/10\/2025\/12\/Julfest-2-1-e1766411549711.jpg\"><\/h2>\n<h2><a href=\"https:\/\/vasaorden.com\/uddevalla\/wp-content\/uploads\/sites\/10\/2025\/12\/Jul-4-e1766411736551.jpg\"><img loading=\"lazy\" class=\"alignleft\" src=\"https:\/\/vasaorden.com\/uddevalla\/wp-content\/uploads\/sites\/10\/2025\/12\/Jul-3-1-e1766411653513.jpg\" width=\"414\" height=\"421\"><\/a><\/h2>\n<h2 style=\"text-align: right\">&nbsp;<\/h2>\n<h2 style=\"text-align: right\"><img loading=\"lazy\" class=\"\" src=\"https:\/\/vasaorden.com\/uddevalla\/wp-content\/uploads\/sites\/10\/2025\/12\/Jul-4-e1766411736551.jpg\" width=\"394\" height=\"326\"><\/h2>\n<h2>&nbsp;<\/h2>\n<h2>&nbsp;<\/h2>\n<h2><img class=\"aligncenter\" src=\"https:\/\/vasaorden.com\/uddevalla\/wp-content\/uploads\/sites\/10\/2025\/12\/Jul-5-e1766412024706.jpg\"><\/h2>\n<h2>&nbsp;<\/h2>\n<h2 style=\"text-align: center\">Ljuspromenaden 4 december blev bl\u00f6t dock inte av&nbsp; sn\u00f6 men regn och rusk<\/h2>\n<p style=\"text-align: center\"><img loading=\"lazy\" class=\"\" src=\"https:\/\/vasaorden.com\/uddevalla\/wp-content\/uploads\/sites\/10\/2025\/12\/vandring-4-scaled-e1765448338313.jpg\" width=\"427\" height=\"570\"><\/p>\n<h2>&#8230;&#8230; men vi v\u00e4rmde oss med gl\u00f6gg och tilltugg hos Barbro Holmer efter promenaden<\/h2>\n<p style=\"text-align: left\"><img class=\"aligncenter\" src=\"https:\/\/vasaorden.com\/uddevalla\/wp-content\/uploads\/sites\/10\/2025\/12\/vandring-3-e1765448517532.jpg\"><\/p>\n<p style=\"text-align: left\"><img loading=\"lazy\" class=\"alignleft\" src=\"https:\/\/vasaorden.com\/uddevalla\/wp-content\/uploads\/sites\/10\/2025\/12\/vandring-1-e1765448651833.jpg\" width=\"362\" height=\"482\"><img loading=\"lazy\" class=\"alignright\" src=\"https:\/\/vasaorden.com\/uddevalla\/wp-content\/uploads\/sites\/10\/2025\/12\/Vandring-2-e1765448726148.jpg\" width=\"428\" height=\"321\"><\/p>\n<p>&nbsp;<\/p>\n<h2>&nbsp;<\/h2>\n<h2>&nbsp;<\/h2>\n<h2>&nbsp;<\/h2>\n<h2>&nbsp;<\/h2>\n<h2>&nbsp;<\/h2>\n<h2>&nbsp;<\/h2>\n<h2>&nbsp;<\/h2>\n<h2>&nbsp;<\/h2>\n<h2>&nbsp;<\/h2>\n<h2>&nbsp;<\/h2>\n<h2>&nbsp;<\/h2>\n<h2>&nbsp;<\/h2>\n<h2>Torsdagen den 23 oktober utforskade&nbsp; promenadgruppen Hogstorp och blev d\u00e4refter bjudna p\u00e5 uts\u00f6kt tillagat fl\u00e4sk med l\u00f6ks\u00e5s och bruna b\u00f6nor. S\u00e5 gott! Kocken var Gustav Anderson som g\u00e4stv\u00e4nligt \u00f6ppnade sitt hem i Hogstorp!&nbsp;<\/h2>\n<h2 style=\"text-align: left\"><img loading=\"lazy\" class=\"\" src=\"https:\/\/vasaorden.com\/uddevalla\/wp-content\/uploads\/sites\/10\/2025\/10\/Pr-okt25-scaled-e1761732839913.jpg\" width=\"418\" height=\"557\"><img class=\"alignright\" src=\"https:\/\/vasaorden.com\/uddevalla\/wp-content\/uploads\/sites\/10\/2025\/10\/Pr1-okt-25-scaled-e1761733175979.jpg\"><\/h2>\n<h2>&nbsp;<\/h2>\n<h2 style=\"text-align: center\">Logem\u00f6te h\u00f6lls l\u00f6rdagen den 18 oktober.<\/h2>\n<h2 style=\"text-align: center\">Vid kaffet visade Systrarna Barbro Holmer, Caritta Bryngelson Molin, Br\u00f6derna Jan Larsson och Bo Svanberg bilder och ber\u00e4ttade o, sin resa till Albanien<\/h2>\n<p>&nbsp;<\/p>\n<p><img loading=\"lazy\" class=\"alignleft\" src=\"https:\/\/vasaorden.com\/uddevalla\/wp-content\/uploads\/sites\/10\/2025\/10\/20-e1761140836248.jpg\" width=\"406\" height=\"541\"><\/p>\n<p><img loading=\"lazy\" class=\"alignright\" src=\"https:\/\/vasaorden.com\/uddevalla\/wp-content\/uploads\/sites\/10\/2025\/10\/28-scaled-e1761140927745.jpg\" width=\"404\" height=\"538\"><\/p>\n<p>&nbsp;<\/p>\n<p>&nbsp;<\/p>\n<p>&nbsp;<\/p>\n<h1>&nbsp;<\/h1>\n<h1>&nbsp;<\/h1>\n<h1>&nbsp;<\/h1>\n<p>&nbsp;<\/p>\n<p>&nbsp;<\/p>\n<h1>&nbsp;<\/h1>\n<h1>&nbsp;<\/h1>\n<h1>&nbsp;<\/h1>\n<h1>&nbsp;<\/h1>\n<h1>&nbsp;<\/h1>\n<h1><img loading=\"lazy\" class=\"alignright\" src=\"https:\/\/vasaorden.com\/uddevalla\/wp-content\/uploads\/sites\/10\/2025\/10\/44-scaled-e1761141629976.jpg\" width=\"371\" height=\"495\"><\/h1>\n<h1><img loading=\"lazy\" class=\"alignleft\" src=\"https:\/\/vasaorden.com\/uddevalla\/wp-content\/uploads\/sites\/10\/2025\/10\/29-scaled-e1761141276765.jpg\" width=\"374\" height=\"499\"><\/h1>\n<p>&nbsp;<\/p>\n<h1>&nbsp;<\/h1>\n<h1>&nbsp;<\/h1>\n<h1>&nbsp;<\/h1>\n<h1>&nbsp;<\/h1>\n<h1>&nbsp;<\/h1>\n<h1>&nbsp;<\/h1>\n<p>&nbsp;<\/p>\n<h1>&nbsp;<\/h1>\n<p>&nbsp;<\/p>\n<p>&nbsp;<\/p>\n<h2>&nbsp;<\/h2>\n<h2>F\u00f6rutom Albaniens geografi, historia och jordbruk, fick vi h\u00f6ra bland annat om st\u00e4derna Saranda vid Joniska havet, Gjirokastra, stenstaden bland bergen och den antika staden Butrint som \u00e4r fr\u00e5n 800 talet f\u00f6re Kristus.&nbsp;&nbsp;<\/h2>\n<h1><img loading=\"lazy\" class=\"alignleft\" src=\"https:\/\/vasaorden.com\/uddevalla\/wp-content\/uploads\/sites\/10\/2025\/10\/3-okt25-e1761140263952.jpg\" width=\"383\" height=\"287\"><\/h1>\n<h1><img loading=\"lazy\" class=\"alignright\" src=\"https:\/\/vasaorden.com\/uddevalla\/wp-content\/uploads\/sites\/10\/2025\/10\/2okt25-e1761140136566.jpg\" width=\"316\" height=\"421\"><\/h1>\n<h1>&nbsp;<\/h1>\n<h1>&nbsp;<\/h1>\n<h1>&nbsp;<\/h1>\n<p>&nbsp;<\/p>\n<h1>&nbsp;<\/h1>\n<h1><img loading=\"lazy\" class=\"alignleft\" src=\"https:\/\/vasaorden.com\/uddevalla\/wp-content\/uploads\/sites\/10\/2025\/10\/1-okt-25-e1761140372965.jpg\" width=\"341\" height=\"455\"><\/h1>\n<h1>&nbsp;<\/h1>\n<h1>&nbsp;<\/h1>\n<h1>&nbsp;<\/h1>\n<h1>&nbsp;<\/h1>\n<h1>&nbsp;<\/h1>\n<h1><img class=\"alignright\" src=\"https:\/\/vasaorden.com\/uddevalla\/wp-content\/uploads\/sites\/10\/2025\/10\/5-okt-25-e1761141906390.jpg\"><\/h1>\n<h1>&nbsp;<\/h1>\n<h1>&nbsp;<\/h1>\n<h1>&nbsp;<\/h1>\n<h1>&nbsp;<\/h1>\n<h1>&nbsp;<\/h1>\n<h1>&nbsp;<\/h1>\n<h1>&nbsp;<\/h1>\n<h2><img loading=\"lazy\" class=\"\" src=\"https:\/\/vasaorden.com\/uddevalla\/wp-content\/uploads\/sites\/10\/2025\/10\/4-okt-25-e1761142010292.jpg\" width=\"352\" height=\"469\"><img loading=\"lazy\" class=\"alignright\" src=\"https:\/\/vasaorden.com\/uddevalla\/wp-content\/uploads\/sites\/10\/2025\/10\/6-okt-25-e1761142169673.jpg\" width=\"410\" height=\"358\"><\/h2>\n<h2>Logekv\u00e4llen avslutades med lotteri till m\u00e5ngas gl\u00e4dje.<\/h2>\n<h1>&nbsp;<\/h1>\n<h1 style=\"text-align: center\">Korpagille 50 \u00c5r<\/h1>\n<h2>Den 23 augusti h\u00f6ll Logen 638 Uddevalla sitt \u00e5rliga Korpagille. Korpagillet firade sin 50 \u00e5riga histora p\u00e5 Hotell Carlia i uddevalla.<\/h2>\n<h2>Till hederskorp detta jubileums\u00e5r valdes journalisten Britt-Marie Mattsson, b\u00f6rdig fr\u00e5n Forsh\u00e4lla i Uddevalla, nedan till v\u00e4nster med logens ordf\u00f6rande Torsten Torstensson och maken proffessor emeritus S\u00f6ren Holmberg.&nbsp;<\/h2>\n<p><img loading=\"lazy\" class=\"aligncenter\" src=\"https:\/\/vasaorden.com\/uddevalla\/wp-content\/uploads\/sites\/10\/2025\/09\/Korp-16-e1756714295541.jpg\" width=\"511\" height=\"230\"><\/p>\n<h2>Hederskorpen h\u00e4lsades v\u00e4lkommen till Valhall av Oden och K\u00e5re samt valkyriorna Idun och Sif och inbj\u00f6ds att tillsammans med \u00f6vriga g\u00e4ster d\u00e4refter intaga en gemensam m\u00e5ltid.<\/h2>\n<p><img loading=\"lazy\" class=\"\" src=\"https:\/\/vasaorden.com\/uddevalla\/wp-content\/uploads\/sites\/10\/2025\/08\/Korp-9-e1756714506510.jpg\" width=\"420\" height=\"273\">&nbsp; &nbsp; &nbsp; <img loading=\"lazy\" class=\"alignright\" src=\"https:\/\/vasaorden.com\/uddevalla\/wp-content\/uploads\/sites\/10\/2025\/08\/Korp-11-e1756714598949.jpg\" width=\"304\" height=\"277\"><\/p>\n<p><img loading=\"lazy\" class=\"alignleft\" src=\"https:\/\/vasaorden.com\/uddevalla\/wp-content\/uploads\/sites\/10\/2025\/08\/korp-5-e1756715556889.jpg\" width=\"391\" height=\"328\"><img loading=\"lazy\" class=\"alignnone\" src=\"https:\/\/vasaorden.com\/uddevalla\/wp-content\/uploads\/sites\/10\/2025\/09\/Korp-20-e1756715674213.jpg\" width=\"426\" height=\"211\"><\/p>\n<h2>St\u00e4mningen vid hon\u00f6rsbordet&nbsp; var trevlig och hederskorpen trivdes i s\u00e4llskap med bland andra en barndomskamrat och&nbsp; fd kollegan Karl-Erik Magnusson<\/h2>\n<h3>F\u00f6rutom logens medlemmar hedrade flera Vasasyskon fr\u00e5n andra loger, bland annat Logen Lidk\u00f6ping och logen Karlstad oss med sin n\u00e4rvaro. Tidigare hederskorpen, Bele Axelsson syns l\u00e4ngst upp till v\u00e4nster p\u00e5 bilden nedan.<\/h3>\n<h3><img loading=\"lazy\" class=\"alignright\" src=\"https:\/\/vasaorden.com\/uddevalla\/wp-content\/uploads\/sites\/10\/2025\/08\/Korp-6-e1756716078265.jpg\" width=\"391\" height=\"375\"><\/h3>\n<h3><img loading=\"lazy\" class=\"\" src=\"https:\/\/vasaorden.com\/uddevalla\/wp-content\/uploads\/sites\/10\/2025\/08\/Korp-1-e1756716254224.jpg\" width=\"352\" height=\"534\"><\/h3>\n<h1><img class=\"alignleft\" src=\"https:\/\/vasaorden.com\/uddevalla\/wp-content\/uploads\/sites\/10\/2025\/08\/Korp-3-e1756716759446.jpg\"><\/h1>\n<h1><img loading=\"lazy\" class=\"\" src=\"https:\/\/vasaorden.com\/uddevalla\/wp-content\/uploads\/sites\/10\/2025\/08\/Korp-2-e1756716876181.jpg\" width=\"381\" height=\"384\"><\/h1>\n<h1><img class=\"alignleft\" src=\"https:\/\/vasaorden.com\/uddevalla\/wp-content\/uploads\/sites\/10\/2025\/08\/Korp-4-e1756717024829.jpg\"><\/h1>\n<p><img loading=\"lazy\" class=\"alignright\" src=\"https:\/\/vasaorden.com\/uddevalla\/wp-content\/uploads\/sites\/10\/2025\/08\/Korp-10-e1756717177436.jpg\" width=\"267\" height=\"356\"><\/p>\n<h1>&nbsp;<\/h1>\n<h3>St\u00e4mningen var p\u00e5 topp vid alla bord&#8230;..<\/h3>\n<h1>&nbsp;<\/h1>\n<h1>&nbsp;<\/h1>\n<h1>&nbsp;<\/h1>\n<h1>&nbsp;<\/h1>\n<h1>&nbsp;<\/h1>\n<h1>.. och steg \u00e4nnu mer n\u00e4r v\u00e5r egen Cirkussprinsessa Johanna gjorde entre!<\/h1>\n<h1><img loading=\"lazy\" class=\"alignleft\" src=\"https:\/\/vasaorden.com\/uddevalla\/wp-content\/uploads\/sites\/10\/2025\/09\/Korp-19-e1756717367519.jpg\" width=\"388\" height=\"861\"><\/h1>\n<h1><img loading=\"lazy\" class=\"alignright\" src=\"https:\/\/vasaorden.com\/uddevalla\/wp-content\/uploads\/sites\/10\/2025\/08\/Korp-14-e1756717547841.jpg\" width=\"353\" height=\"471\"><\/h1>\n<p>&nbsp;<\/p>\n<h1>&nbsp;<\/h1>\n<h1>&nbsp;<\/h1>\n<h1>&nbsp;<\/h1>\n<h1>&nbsp;<\/h1>\n<h1>&nbsp;<\/h1>\n<h1>&nbsp;<\/h1>\n<h1>&nbsp;<\/h1>\n<h1>&nbsp;<\/h1>\n<h1>&nbsp;<\/h1>\n<h1>&nbsp;<\/h1>\n<h1><img loading=\"lazy\" class=\"\" src=\"https:\/\/vasaorden.com\/uddevalla\/wp-content\/uploads\/sites\/10\/2025\/08\/Korp-15-e1756717687287.jpg\" width=\"386\" height=\"346\"><\/h1>\n<h1 style=\"text-align: left\"><img loading=\"lazy\" class=\"alignright\" src=\"https:\/\/vasaorden.com\/uddevalla\/wp-content\/uploads\/sites\/10\/2025\/09\/Korp-21-e1756718010175.jpg\" width=\"531\" height=\"239\"><img loading=\"lazy\" class=\"\" src=\"https:\/\/vasaorden.com\/uddevalla\/wp-content\/uploads\/sites\/10\/2025\/08\/Korp-7-e1756717913655.jpg\" width=\"254\" height=\"247\"><\/h1>\n<h1 style=\"text-align: center\">Efter denna fantastiska kv\u00e4ll gick alla hem, n\u00f6jda glada och m\u00e4tta!<\/h1>\n<h1>&nbsp;<\/h1>\n<h1>&nbsp;<\/h1>\n<h1>&nbsp;<\/h1>\n<h1>&nbsp;<\/h1>\n<h1>&nbsp;<\/h1>\n<h1>&nbsp;<\/h1>\n<h1>&nbsp;<\/h1>\n<h1>&nbsp;<\/h1>\n<h1>&nbsp;<\/h1>\n<h1>&nbsp;<\/h1>\n<h1>&nbsp;<\/h1>\n<h1>&nbsp;<\/h1>\n<h1>&nbsp;<\/h1>\n<h1>&nbsp;<\/h1>\n<h1>&nbsp;<\/h1>\n<h1>&nbsp;<\/h1>\n<h1>&nbsp;<\/h1>\n<h1>&nbsp;<\/h1>\n<h1>&nbsp;<\/h1>\n<h1 style=\"text-align: center\">V\u00e5rens Vasaresa gick den 17 maj till Dals Rostock.<\/h1>\n<h2 style=\"text-align: center\">Det var stor uppslutning med 24 glada Vasasyskon med v\u00e4nner<\/h2>\n<h2 style=\"text-align: center\">F\u00f6rsta stoppet var \u00d6rtag\u00e5rden vid Brunnsparken d\u00e4r vi intog god fika och v\u00e4lbeh\u00f6vligt kaffe<\/h2>\n<p><img class=\"alignleft\" src=\"https:\/\/vasaorden.com\/uddevalla\/wp-content\/uploads\/sites\/10\/2025\/05\/Dalsland-7-rotated-e1747905052997.jpg\"><\/p>\n<p><img class=\"alignright\" src=\"https:\/\/vasaorden.com\/uddevalla\/wp-content\/uploads\/sites\/10\/2025\/05\/Dalsland-6-rotated-e1747905283382.jpg\"><\/p>\n<h2>&nbsp;<\/h2>\n<h2><a href=\"https:\/\/vasaorden.com\/uddevalla\/wp-content\/uploads\/sites\/10\/2025\/05\/Dalsland-5-1-rotated-e1747905473699.jpg\"><img class=\"aligncenter\" src=\"https:\/\/vasaorden.com\/uddevalla\/wp-content\/uploads\/sites\/10\/2025\/05\/Dalsland-8-rotated-e1747905384287.jpg\"><img src=\"https:\/\/vasaorden.com\/uddevalla\/wp-content\/uploads\/sites\/10\/2025\/05\/Dalsland-5-1-rotated-e1747905473699.jpg\"><img class=\"alignright\" src=\"https:\/\/vasaorden.com\/uddevalla\/wp-content\/uploads\/sites\/10\/2025\/05\/Dalsland-4-rotated-e1747905644545.jpg\"><\/a><\/h2>\n<h2>&nbsp;<\/h2>\n<h2 style=\"text-align: left\"><img class=\"alignright\" src=\"https:\/\/vasaorden.com\/uddevalla\/wp-content\/uploads\/sites\/10\/2025\/05\/Dalsland-1-rotated-e1747905791965.jpg\">&nbsp; &nbsp; &nbsp;<\/h2>\n<h2>&nbsp;<\/h2>\n<p>&nbsp;<\/p>\n<p>&nbsp;<\/p>\n<p>&nbsp;<\/p>\n<p>&nbsp;<\/p>\n<p>&nbsp;<\/p>\n<p>&nbsp;<\/p>\n<p style=\"text-align: center\"><img loading=\"lazy\" class=\"alignright\" src=\"https:\/\/vasaorden.com\/uddevalla\/wp-content\/uploads\/sites\/10\/2025\/05\/Dalsland-9-rotated-e1747906443496.jpg\" width=\"401\" height=\"535\"><\/p>\n<h2>&nbsp;<\/h2>\n<h2 style=\"text-align: left\"><img loading=\"lazy\" class=\"alignnone\" src=\"https:\/\/vasaorden.com\/uddevalla\/wp-content\/uploads\/sites\/10\/2025\/05\/Dalsland-2-rotated-e1747905872987.jpg\" width=\"338\" height=\"450\"><\/h2>\n<h2>&nbsp;<\/h2>\n<h2>&nbsp;<\/h2>\n<h2>&nbsp;<\/h2>\n<h2>&nbsp;<\/h2>\n<h2>&nbsp;<\/h2>\n<h2>&nbsp;<\/h2>\n<h2>&nbsp;<\/h2>\n<h2>&nbsp;<\/h2>\n<h2>&nbsp;<\/h2>\n<h2>&nbsp;<\/h2>\n<h2>&nbsp;<\/h2>\n<h2>Efter kaffestunden bj\u00f6ds vi p\u00e5 en mycket intressant f\u00f6re\u00e4sning av Kerstin Ljungqvist som ber\u00e4ttade om Brunnsortens histora och om \u00d6rtag\u00e5rdens l\u00e4kande v\u00e4xter. Oj vad vi l\u00e4rde oss mycket bland annat om Daggk\u00e5pans f\u00f6ryngrande effekt!<\/h2>\n<h2>&nbsp;<\/h2>\n<h2><img loading=\"lazy\" class=\"alignleft\" src=\"https:\/\/vasaorden.com\/uddevalla\/wp-content\/uploads\/sites\/10\/2025\/05\/Dalsland-12-rotated-e1747906660173.jpg\" width=\"498\" height=\"664\"><\/h2>\n<h2>&nbsp;<\/h2>\n<h2><img loading=\"lazy\" class=\"alignnone\" src=\"https:\/\/vasaorden.com\/uddevalla\/wp-content\/uploads\/sites\/10\/2025\/05\/Dalsland-11-rotated-e1747906882600.jpg\" width=\"320\" height=\"427\"><\/h2>\n<h2>&nbsp;<\/h2>\n<h2>&nbsp;<\/h2>\n<h2>&nbsp;<\/h2>\n<h2>&nbsp;<\/h2>\n<h2>&nbsp;<\/h2>\n<h2>F\u00e4rden gick vidare till det gamla Sanatoriet p\u00e5 Kroppefj\u00e4ll d\u00e4r vi gick p\u00e5 vandringsstigen och fick v\u00e5r bel\u00f6ning n\u00e4r vi s\u00e5g den fantastiska utsikten \u00f6ver Dalbosl\u00e4tten. Dagen avslutades med lunch p\u00e5 Ekholmens S\u00e4teri.<\/h2>\n<h2>&nbsp;<\/h2>\n<h2>Vandringsgruppens m\u00e5l den 8 maj var att bes\u00f6ka Uddevallas s\u00f6dra stadsdel, d\u00e4r Villy ber\u00e4ttade m\u00e5nga intressanta saker om det gamla Uddevalla.<\/h2>\n<p><img loading=\"lazy\" class=\"\" src=\"https:\/\/vasaorden.com\/uddevalla\/wp-content\/uploads\/sites\/10\/2025\/05\/8-maj-scaled-e1747907320406.jpg\" width=\"383\" height=\"511\"><img loading=\"lazy\" class=\"alignright\" src=\"https:\/\/vasaorden.com\/uddevalla\/wp-content\/uploads\/sites\/10\/2025\/05\/8-maj-2-e1747907571632.jpg\" width=\"383\" height=\"510\"><\/p>\n<h2>N\u00e5gra avvek tidigare men resten av oss intog det medhavda fikat p\u00e5 Svenskholmarna och p\u00e5 hemv\u00e4gen passerade vi ett antal insektshotell i parken vid Kongressen. Detta var Carl-Bia! Trevligt inslag i stadsbilden!<\/h2>\n<p>&nbsp;<\/p>\n<p>&nbsp;<\/p>\n<p>&nbsp;<\/p>\n<p>&nbsp;<\/p>\n<h2>Vandringsgruppen p\u00e5 stadspromenaden i april var inte s\u00e5 stor men entusiastisk!<\/h2>\n<h2>Lars lotsade oss igenom de \u00f6stra stadsdelarna och ber\u00e4ttade om byggnadernas historia, om&nbsp; Charkuterier,&nbsp; Cigarraff\u00e4r, kiosker, danssola med mera.<\/h2>\n<h2 style=\"text-align: center\">Fikat intogs i Regementsparken i str\u00e5lande v\u00e5rsol!<\/h2>\n<p><img class=\"alignright\" src=\"https:\/\/vasaorden.com\/uddevalla\/wp-content\/uploads\/sites\/10\/2025\/04\/Stadspromenad-3-april-25-scaled-e1743783303146.jpg\"><\/p>\n<p><img src=\"https:\/\/vasaorden.com\/uddevalla\/wp-content\/uploads\/sites\/10\/2025\/04\/stadspromenad-3-april-25-2-scaled-e1743783402698.jpg\"><\/p>\n<h1>&nbsp;<\/h1>\n<h1 style=\"text-align: center\">Logem\u00f6te ( mars 2025<\/h1>\n<p>&nbsp;<\/p>\n<p><img class=\"aligncenter\" src=\"https:\/\/vasaorden.com\/uddevalla\/wp-content\/uploads\/sites\/10\/2025\/03\/mars-25-Villy-e1742294505331.jpg\"><\/p>\n<h2>Kvinnodagen till \u00e4ra l\u00e4ste Broder Villy dikter till Kvinnan och m\u00e4nnen hurrade f\u00f6r kvinnan.<\/h2>\n<h2>I \u00f6vrigt roade vi oss med quiz om amerikanska slanguttryck vilket gav upphov till m\u00e5nga skratt.&nbsp;<\/h2>\n<h1><img src=\"https:\/\/vasaorden.com\/uddevalla\/wp-content\/uploads\/sites\/10\/2025\/03\/Claes-o-Gunnar-mars-25-e1742294841816.jpg\"><img class=\"alignright\" src=\"https:\/\/vasaorden.com\/uddevalla\/wp-content\/uploads\/sites\/10\/2025\/03\/mars-25-nr-scaled-e1742294916423.jpg\"><\/h1>\n<h1><img class=\"alignleft\" src=\"https:\/\/vasaorden.com\/uddevalla\/wp-content\/uploads\/sites\/10\/2025\/03\/mars-25-nr-7-scaled-e1742295054944.jpg\"><img class=\"alignright\" src=\"https:\/\/vasaorden.com\/uddevalla\/wp-content\/uploads\/sites\/10\/2025\/03\/mars-25-nr-8-scaled-e1742295146645.jpg\"><\/h1>\n<h1>&nbsp;<\/h1>\n<h1>&nbsp;<\/h1>\n<h1>&nbsp;<\/h1>\n<h1>&nbsp;<\/h1>\n<h1>&nbsp;<\/h1>\n<h1>&nbsp;<\/h1>\n<h1>&nbsp;<\/h1>\n<h1>&nbsp;<\/h1>\n<h1>&nbsp;<\/h1>\n<h1>&nbsp;<\/h1>\n<h1><img class=\"alignleft\" src=\"https:\/\/vasaorden.com\/uddevalla\/wp-content\/uploads\/sites\/10\/2025\/03\/mars-25-nr-5-scaled-e1742295312135.jpg\"><img class=\"alignright\" src=\"https:\/\/vasaorden.com\/uddevalla\/wp-content\/uploads\/sites\/10\/2025\/03\/mars-25-nr-4-scaled-e1742295390779.jpg\"><\/h1>\n<p>&nbsp;<\/p>\n<p>&nbsp;<\/p>\n<p>&nbsp;<\/p>\n<p>&nbsp;<\/p>\n<p>&nbsp;<\/p>\n<h1>&nbsp;<\/h1>\n<h1>&nbsp;<\/h1>\n<h1>&nbsp;<\/h1>\n<h1>&nbsp;<\/h1>\n<h1>&nbsp;<\/h1>\n<h1>&nbsp;<\/h1>\n<h1><img src=\"https:\/\/vasaorden.com\/uddevalla\/wp-content\/uploads\/sites\/10\/2025\/03\/Mars-25-nr2-scaled-e1742295558404.jpg\"><img loading=\"lazy\" class=\"alignright\" src=\"https:\/\/vasaorden.com\/uddevalla\/wp-content\/uploads\/sites\/10\/2025\/03\/mars-25-nr-1-e1742296074581.jpg\" width=\"394\" height=\"418\"><\/h1>\n<h1>&nbsp;<\/h1>\n<h1>&nbsp;<\/h1>\n<h1>&nbsp;<\/h1>\n<h1>&nbsp;<\/h1>\n<h1 style=\"text-align: center\">Logens f\u00f6rsta m\u00f6te h\u00f6lls l\u00f6rdagen den 1 februari 2025<\/h1>\n<h2>V\u00e5r Distriktsm\u00e4stare Maggie Ahlin Thelin informerade om sammanslagningen av norra och s\u00f6dra distriktslogerna<\/h2>\n<h2><img loading=\"lazy\" class=\"aligncenter\" src=\"https:\/\/vasaorden.com\/uddevalla\/wp-content\/uploads\/sites\/10\/2025\/02\/Anita-2-scaled-e1739364679859.jpg\" width=\"340\" height=\"454\"><\/h2>\n<h2 style=\"text-align: center\"><img class=\"alignleft\" src=\"https:\/\/vasaorden.com\/uddevalla\/wp-content\/uploads\/sites\/10\/2025\/02\/Anita-4-scaled-e1739365419944.jpg\"><img src=\"https:\/\/vasaorden.com\/uddevalla\/wp-content\/uploads\/sites\/10\/2025\/02\/Anita-6-scaled-e1739365514951.jpg\"> &nbsp;<\/h2>\n<h3>Intressant tyckte logens medlemmar<\/h3>\n<h3 style=\"text-align: center\">&nbsp;<\/h3>\n<h1><img loading=\"lazy\" class=\"\" src=\"https:\/\/vasaorden.com\/uddevalla\/wp-content\/uploads\/sites\/10\/2025\/02\/Jan-3-e1739365776103.jpg\" width=\"337\" height=\"449\"><img loading=\"lazy\" class=\"alignright\" src=\"https:\/\/vasaorden.com\/uddevalla\/wp-content\/uploads\/sites\/10\/2025\/02\/Anita-9-scaled-e1739365869241.jpg\" width=\"330\" height=\"440\"><\/h1>\n<h3>Logen g\u00e4stades av Distriktsdeputerade&nbsp;Jan Elgquist fr\u00e5n logen Knallen ( nr 2 fr v\u00e4 p\u00e5 bild 1) och av Kurt Thelin DM Maggie Ahlin Thelins make, logen Norrk\u00f6ping<\/h3>\n<h1><img class=\"alignleft\" src=\"https:\/\/vasaorden.com\/uddevalla\/wp-content\/uploads\/sites\/10\/2025\/02\/Jan-2-e1739366238238.jpg\"><\/h1>\n<h1><img class=\"alignright\" src=\"https:\/\/vasaorden.com\/uddevalla\/wp-content\/uploads\/sites\/10\/2025\/02\/Jan-5-e1739366467611.jpg\"><\/h1>\n<h1>&nbsp;<\/h1>\n<h1>&nbsp;<\/h1>\n<h1>&nbsp;<\/h1>\n<h1>&nbsp;<\/h1>\n<h1>&nbsp;<\/h1>\n<h1>&nbsp;<\/h1>\n<h1>&nbsp;<\/h1>\n<h1>&nbsp;<\/h1>\n<h1>&nbsp;<\/h1>\n<h1>&nbsp;<\/h1>\n<h3 style=\"text-align: center\">Kaffe, kaka och lotteri bidrog till glad st\u00e4mning<\/h3>\n<h1><img src=\"https:\/\/vasaorden.com\/uddevalla\/wp-content\/uploads\/sites\/10\/2025\/02\/Jan-1-e1739366720368.jpg\"><img class=\"alignright\" src=\"https:\/\/vasaorden.com\/uddevalla\/wp-content\/uploads\/sites\/10\/2025\/02\/Jan4-e1739366827666.jpg\"><\/h1>\n<p><img class=\"aligncenter\" src=\"https:\/\/vasaorden.com\/uddevalla\/wp-content\/uploads\/sites\/10\/2025\/02\/Jan-6-e1739367225773.jpg\"><\/p>\n<p>&nbsp;<\/p>\n<p>&nbsp;<\/p>\n<h1 style=\"text-align: center\">H\u00f6sten avslutades med trevlig Julfest med glad underh\u00e5llning av&nbsp;<\/h1>\n<h1 style=\"text-align: center\">Mia och Lennart i Tonsteget<\/h1>\n<p>&nbsp;<\/p>\n<p><img loading=\"lazy\" class=\"alignleft\" src=\"https:\/\/vasaorden.com\/uddevalla\/wp-content\/uploads\/sites\/10\/2024\/12\/jul-1-rotated-e1734525126917.jpg\" width=\"413\" height=\"310\"><\/p>\n<h1><img loading=\"lazy\" class=\"alignright\" src=\"https:\/\/vasaorden.com\/uddevalla\/wp-content\/uploads\/sites\/10\/2024\/12\/jul3-rotated-e1734525480207.jpg\" width=\"385\" height=\"289\"><\/h1>\n<h1>&nbsp;<\/h1>\n<h1>&nbsp;<\/h1>\n<h1>&nbsp;<\/h1>\n<h1>&nbsp;<\/h1>\n<h1>&nbsp;<\/h1>\n<h1>&nbsp;<\/h1>\n<h2 style=\"text-align: right\">&nbsp;Tomtegummor och tomtenissar i<\/h2>\n<h2 style=\"text-align: right\">Grupp 2 fixade mat och dryck&nbsp;<\/h2>\n<h2><img loading=\"lazy\" class=\"alignleft\" src=\"https:\/\/vasaorden.com\/uddevalla\/wp-content\/uploads\/sites\/10\/2024\/12\/jul5-e1734525917305.jpg\" width=\"460\" height=\"460\"><\/h2>\n<h1><img loading=\"lazy\" class=\"\" src=\"https:\/\/vasaorden.com\/uddevalla\/wp-content\/uploads\/sites\/10\/2024\/12\/jul9-rotated-e1734526036197.jpg\" width=\"350\" height=\"466\"><\/h1>\n<h2 style=\"text-align: left\">Britt-Louise och Lena sjunger glatt med i juls\u00e5ngerna&nbsp; &nbsp; &nbsp; &nbsp; &nbsp; &nbsp; &nbsp; &nbsp; &nbsp; &nbsp;Caritta och Owe likas\u00e5<\/h2>\n<h1><img loading=\"lazy\" class=\"\" src=\"https:\/\/vasaorden.com\/uddevalla\/wp-content\/uploads\/sites\/10\/2024\/12\/jul10-rotated-e1734526274216.jpg\" width=\"408\" height=\"306\"><img loading=\"lazy\" class=\"alignright\" src=\"https:\/\/vasaorden.com\/uddevalla\/wp-content\/uploads\/sites\/10\/2024\/12\/jul-14-rotated-e1734526378709.jpg\" width=\"385\" height=\"289\"><\/h1>\n<h1><img loading=\"lazy\" class=\"alignleft\" src=\"https:\/\/vasaorden.com\/uddevalla\/wp-content\/uploads\/sites\/10\/2024\/12\/jul1-rotated-e1734526518421.jpg\" width=\"354\" height=\"472\"><\/h1>\n<h1>&nbsp;<\/h1>\n<h1>&nbsp; <img loading=\"lazy\" class=\"\" src=\"https:\/\/vasaorden.com\/uddevalla\/wp-content\/uploads\/sites\/10\/2024\/12\/jul-15-rotated-e1734526639350.jpg\" width=\"450\" height=\"337\"><\/h1>\n<h1>Alla tycktes trivas vid borden<\/h1>\n<h2>&nbsp;<\/h2>\n<h1>&nbsp;<\/h1>\n<h1><img loading=\"lazy\" class=\"alignright\" src=\"https:\/\/vasaorden.com\/uddevalla\/wp-content\/uploads\/sites\/10\/2024\/12\/jul12-rotated-e1734527054268.jpg\" width=\"388\" height=\"291\"><\/h1>\n<h1><img loading=\"lazy\" class=\"\" src=\"https:\/\/vasaorden.com\/uddevalla\/wp-content\/uploads\/sites\/10\/2024\/12\/jul8-rotated-e1734527362988.jpg\" width=\"338\" height=\"450\"><\/h1>\n<p>&nbsp;<\/p>\n<h1 style=\"text-align: center\">Vandringsgruppen avslutar h\u00f6sten med ljuspromenad i Uddevalla centrum<\/h1>\n<p>&nbsp;<\/p>\n<p><img loading=\"lazy\" class=\"alignleft\" src=\"https:\/\/vasaorden.com\/uddevalla\/wp-content\/uploads\/sites\/10\/2024\/12\/glogg4-rotated-e1734275930602.jpg\" width=\"377\" height=\"503\"><\/p>\n<p>&nbsp;<\/p>\n<h1 style=\"text-align: center\">Lena passar i tomteluvan!<\/h1>\n<h1><img loading=\"lazy\" class=\"alignright\" src=\"https:\/\/vasaorden.com\/uddevalla\/wp-content\/uploads\/sites\/10\/2024\/12\/glogg-1-rotated-e1734276087955.jpg\" width=\"315\" height=\"420\"><\/h1>\n<h1 style=\"text-align: right\">&nbsp;<\/h1>\n<h1>&nbsp;<\/h1>\n<h1>&nbsp; &nbsp;<\/h1>\n<h1>&nbsp;<\/h1>\n<h1>&nbsp;<\/h1>\n<h1>&nbsp;<\/h1>\n<h1>&nbsp;<\/h1>\n<h1>&nbsp;<\/h1>\n<h1>&nbsp;<\/h1>\n<h1>&nbsp;<\/h1>\n<h2>&nbsp;<\/h2>\n<h1><img loading=\"lazy\" class=\"alignleft\" src=\"https:\/\/vasaorden.com\/uddevalla\/wp-content\/uploads\/sites\/10\/2024\/12\/glogg5-rotated-e1734276352246.jpg\" width=\"352\" height=\"469\"><\/h1>\n<h2 style=\"text-align: center\">Efter en kall promenad bj\u00f6ds p\u00e5 Gl\u00f6gg och Lussebulle hos Barbro<\/h2>\n<h1>&nbsp; &nbsp; &nbsp; &nbsp;<img loading=\"lazy\" class=\"alignright\" src=\"https:\/\/vasaorden.com\/uddevalla\/wp-content\/uploads\/sites\/10\/2024\/12\/glogg-6-rotated-e1734276503132.jpg\" width=\"386\" height=\"514\"><\/h1>\n<h1>&nbsp;<\/h1>\n<h1>&nbsp;<\/h1>\n<h1>&nbsp;<\/h1>\n<h1>&nbsp;<\/h1>\n<h1>&nbsp;<\/h1>\n<h1>&nbsp;<\/h1>\n<h1>&nbsp;<\/h1>\n<h1>&nbsp;<\/h1>\n<h1>&nbsp;<\/h1>\n<h1>&nbsp;<\/h1>\n<h1>&nbsp;<\/h1>\n<p><img loading=\"lazy\" class=\"alignright\" src=\"https:\/\/vasaorden.com\/uddevalla\/wp-content\/uploads\/sites\/10\/2024\/12\/glogg6-rotated-e1734276788663.jpg\" width=\"366\" height=\"488\"><\/p>\n<h1 style=\"text-align: left\"><img loading=\"lazy\" class=\"\" src=\"https:\/\/vasaorden.com\/uddevalla\/wp-content\/uploads\/sites\/10\/2024\/12\/glogg-7-rotated-e1734276890606.jpg\" width=\"375\" height=\"500\"><\/h1>\n<h1>&nbsp;<\/h1>\n<h1>P\u00e5 Logem\u00f6te 16 november visade Br Gunnar Lidell filmen<\/h1>\n<h1>&#8221;Auktionssommaren kommer tillbyn&#8221; som visar hur det g\u00e5r till bakom kulisserna p\u00e5 en auktion<\/h1>\n<h3><img loading=\"lazy\" class=\"alignleft\" src=\"https:\/\/vasaorden.com\/uddevalla\/wp-content\/uploads\/sites\/10\/2024\/12\/loge-nov-3-e1733153760313.jpg\" width=\"338\" height=\"451\">&nbsp; &nbsp; <img loading=\"lazy\" class=\"\" src=\"https:\/\/vasaorden.com\/uddevalla\/wp-content\/uploads\/sites\/10\/2024\/12\/loge-nov-2-e1733154378592.jpg\" width=\"346\" height=\"461\">&nbsp; &nbsp; &nbsp; &nbsp; &nbsp; &nbsp; &nbsp; &nbsp; &nbsp; &nbsp; &nbsp; &nbsp; &nbsp; &nbsp; &nbsp; &nbsp; &nbsp; &nbsp; &nbsp; &nbsp; &nbsp; &nbsp; &nbsp; &nbsp; &nbsp; &nbsp; &nbsp; &nbsp; &nbsp; &nbsp; &nbsp;&nbsp;<\/h3>\n<h1><img loading=\"lazy\" class=\"alignright\" src=\"https:\/\/vasaorden.com\/uddevalla\/wp-content\/uploads\/sites\/10\/2024\/12\/loge-nov-e1733153896552.jpg\" width=\"364\" height=\"486\">&nbsp; &nbsp; &nbsp; &nbsp; &nbsp; &nbsp; &nbsp; &nbsp; &nbsp; &nbsp; &nbsp; <img loading=\"lazy\" class=\"\" src=\"https:\/\/vasaorden.com\/uddevalla\/wp-content\/uploads\/sites\/10\/2024\/12\/loge-nov-5-e1733154192857.jpg\" width=\"406\" height=\"541\"><\/h1>\n<h1 style=\"text-align: center\">Kan det bli n\u00e5gon vinst tro??<\/h1>\n<h1>&nbsp;<\/h1>\n<h1>&nbsp;<\/h1>\n<h1>&nbsp;<\/h1>\n<h1 style=\"text-align: center\"><strong>P\u00e5 h\u00f6stens f\u00f6rsta logem\u00f6te&nbsp; den 5 oktober 2024 v\u00e4lkomnade logen fem nya logemedlemmar<\/strong><\/h1>\n<p><img src=\"https:\/\/vasaorden.com\/uddevalla\/wp-content\/uploads\/sites\/10\/2024\/10\/nya-medlemmar-okt-24-e1728922741740.jpg\"><\/p>\n<h2>Carola Ekberg, Barbro Johansson, Ulla Torstensson, Claes Barkebo och Catharina Barkebo<\/h2>\n<p>&nbsp;<\/p>\n<p><img loading=\"lazy\" class=\"aligncenter\" src=\"https:\/\/vasaorden.com\/uddevalla\/wp-content\/uploads\/sites\/10\/2024\/10\/Janne-o-Lars-okt-24-rotated-e1728923538847.jpg\" width=\"387\" height=\"516\"><\/p>\n<h2 style=\"text-align: center\">Vid kaffet bj\u00f6d Janne Dahl och Lars Linsten p\u00e5 h\u00e4rlig musik<\/h2>\n<p>&nbsp;<\/p>\n<h2 style=\"text-align: left\"><img class=\"alignright\" src=\"https:\/\/vasaorden.com\/uddevalla\/wp-content\/uploads\/sites\/10\/2024\/10\/Vid-kaffet-2-okt-24-rotated-e1728923907626.jpg\"><\/h2>\n<h2 style=\"text-align: left\"><img class=\"alignleft\" src=\"https:\/\/vasaorden.com\/uddevalla\/wp-content\/uploads\/sites\/10\/2024\/10\/vid-kaffet-4-okt-24-rotated-e1728924006613.jpg\"><\/h2>\n<p>&nbsp;<\/p>\n<p>&nbsp;<\/p>\n<h2>&nbsp;<\/h2>\n<h2>&nbsp;<\/h2>\n<h2>&nbsp;<\/h2>\n<h2>&nbsp;<\/h2>\n<h2>&nbsp;<\/h2>\n<h2 style=\"text-align: left\">&nbsp;<\/h2>\n<h2>&nbsp;<\/h2>\n<p>&nbsp;<\/p>\n<p><img loading=\"lazy\" class=\"alignleft\" src=\"https:\/\/vasaorden.com\/uddevalla\/wp-content\/uploads\/sites\/10\/2024\/10\/Vid-kaffet-1-okt-24-rotated-e1728923651121.jpg\" width=\"313\" height=\"417\"><\/p>\n<p>&nbsp;<\/p>\n<p style=\"text-align: right\"><img loading=\"lazy\" class=\"\" src=\"https:\/\/vasaorden.com\/uddevalla\/wp-content\/uploads\/sites\/10\/2024\/10\/Vid-kaffet-3-okt-24-rotated-e1728924308969.jpg\" width=\"309\" height=\"413\"><\/p>\n<p style=\"text-align: right\">&nbsp;<\/p>\n<h2>Logens \u00e5rliga Korpagille h\u00f6lls den 24 Augusti 2024 i Thord\u00e8ng\u00e5rden.<\/h2>\n<h3>Korpaspelets akt\u00f6rer&nbsp; med K\u00e5re, Oden och valkyrierna Idun och Sif samt musikm\u00e4stare redo att hedra \u00e5rets Hederskorp <em>Dag Blanck&nbsp;<\/em><\/h3>\n<h4>V\u00e5r loge har i \u00e5r beslutat utse professorn i nordamerikastudier och f\u00f6rest\u00e5ndaren f\u00f6r Svenska institutet f\u00f6r Nordamerikastudier vid Uppsala universitet, Dag Blanck, till \u201d\u00c5rets Hederskorp\u201d. Blanck, som l\u00e4mpligt nog f\u00f6ddes i Uddevalla, forskar framf\u00f6r allt om svensk-amerikanska relationer och hur svensk-amerikansk etnisk identitet p\u00e5verkade det amerikanska samh\u00e4llet samt det omv\u00e4nda f\u00f6rh\u00e5llandet, hur Sverige har p\u00e5verkats och f\u00f6rh\u00e5llit sig till USA bland annat genom den s\u00e5 kallade \u201damerikaniseringen\u201d. Dag Blanck \u00e4r dessutom en flitigt anlitad expert i Sveriges Televisions och Sveriges Radios nyhetsprogram ang\u00e5ende amerikansk politik.<\/h4>\n<p>&nbsp;<\/p>\n<h3><img loading=\"lazy\" class=\"alignright\" src=\"https:\/\/vasaorden.com\/uddevalla\/wp-content\/uploads\/sites\/10\/2024\/09\/Korpaspel-1-rotated-e1725359596419.jpg\" width=\"371\" height=\"495\"><\/h3>\n<h3><img loading=\"lazy\" class=\"\" src=\"https:\/\/vasaorden.com\/uddevalla\/wp-content\/uploads\/sites\/10\/2024\/09\/Korpaspel-2024-e1725359829554.jpg\" width=\"411\" height=\"309\"><\/h3>\n<p>&nbsp;<\/p>\n<p><img loading=\"lazy\" class=\"\" src=\"https:\/\/vasaorden.com\/uddevalla\/wp-content\/uploads\/sites\/10\/2024\/09\/Dag-Blanck-2-e1725360308321.jpg\" width=\"429\" height=\"260\"><\/p>\n<h3>Efter ett mycket intressant f\u00f6redrag om det aktuella valet i Amerika av Hederskorp Dag Blanck intogs en h\u00e4rlig m\u00e5ltid i en fullsatt gillesal d\u00e4r \u00e4ven tidigare hederskorpar g\u00e4stade v\u00e5rt gille.&nbsp;<\/h3>\n<p><img loading=\"lazy\" class=\"alignleft\" src=\"https:\/\/vasaorden.com\/uddevalla\/wp-content\/uploads\/sites\/10\/2024\/09\/Bo-Maggie-DM-o-Lennart-Korpagille-24-rotated-e1725360724803.jpg\" width=\"251\" height=\"335\"><\/p>\n<h3><img loading=\"lazy\" class=\"alignright\" src=\"https:\/\/vasaorden.com\/uddevalla\/wp-content\/uploads\/sites\/10\/2024\/09\/Dag-Blanck-o-Ellionor-Korpagille-24-rotated-e1725360841659.jpg\" width=\"243\" height=\"324\"><img loading=\"lazy\" class=\"alignright\" src=\"https:\/\/vasaorden.com\/uddevalla\/wp-content\/uploads\/sites\/10\/2024\/09\/Erik-o-Monica-korpagille-24-rotated-e1725360954122.jpg\" width=\"245\" height=\"327\"><\/h3>\n<h3>&nbsp;<\/h3>\n<p>&nbsp;<\/p>\n<h2>&nbsp;<\/h2>\n<h2>&nbsp;<\/h2>\n<h2>&nbsp;<\/h2>\n<h2>&nbsp;<\/h2>\n<h2>&nbsp;<\/h2>\n<h2>&nbsp;<\/h2>\n<h3>DM Maggie Ahlin Thelin, Erik Gustafsson och Ellionor Gustafsson alla Hederskorpar. Maggie flankerad av Bo Andersson och Lennart Andersson. Erik bredvid korpaspelets musikm\u00e4stare Monica Torstensson och Ellionor bredvid \u00e5rets Hederskorp Dag Blanck.&nbsp;<\/h3>\n<h2>&nbsp;<\/h2>\n<h2><img loading=\"lazy\" class=\"\" src=\"https:\/\/vasaorden.com\/uddevalla\/wp-content\/uploads\/sites\/10\/2024\/09\/Trubadur-Tobias-Johansson-Korpagille-24-rotated-e1725361479750.jpg\" width=\"341\" height=\"455\">&nbsp; &nbsp; &nbsp; &nbsp; &nbsp; &nbsp;<img loading=\"lazy\" class=\"\" src=\"https:\/\/vasaorden.com\/uddevalla\/wp-content\/uploads\/sites\/10\/2024\/09\/Spelman-maud-Mithander-Korpagille-24-rotated-e1725361568742.jpg\" width=\"346\" height=\"461\"><\/h2>\n<h2>Trubaduren Tobias Johansson ber\u00e4ttade i tal och musik om Uddevallas gamla Gustafsberg som d\u00e5 hette Baggetofta.&nbsp; Ulla Lithander bj\u00f6d p\u00e5 glad dragspelsmusik till allas f\u00f6rtjusning.<\/h2>\n<h2>&nbsp;<\/h2>\n<h2><img loading=\"lazy\" class=\"\" src=\"https:\/\/vasaorden.com\/uddevalla\/wp-content\/uploads\/sites\/10\/2024\/09\/Carola-o-Jan-DD-Korpagille-24-rotated-e1725361919459.jpg\" width=\"262\" height=\"349\">&nbsp; &nbsp; &nbsp; <img loading=\"lazy\" class=\"\" src=\"https:\/\/vasaorden.com\/uddevalla\/wp-content\/uploads\/sites\/10\/2024\/09\/Bord-1-Korpagille-24-rotated-e1725362035799.jpg\" width=\"259\" height=\"345\">&nbsp; <img loading=\"lazy\" class=\"\" src=\"https:\/\/vasaorden.com\/uddevalla\/wp-content\/uploads\/sites\/10\/2024\/09\/Janne-Dahl-o-Gunvor-rotated-e1725362133945.jpg\" width=\"255\" height=\"340\"><\/h2>\n<h2>Logens DD Jan Elgqvist med bordsdam Carola nj\u00f6t liksom alla andra av kv\u00e4llen.<\/h2>\n<p><img loading=\"lazy\" class=\"\" src=\"https:\/\/vasaorden.com\/uddevalla\/wp-content\/uploads\/sites\/10\/2024\/09\/Korpagill-24-Barbro-J-Claes-Majlis-rotated-e1725363009114.jpg\" width=\"258\" height=\"344\"> <img loading=\"lazy\" class=\"\" src=\"https:\/\/vasaorden.com\/uddevalla\/wp-content\/uploads\/sites\/10\/2024\/09\/Korpagille-24-Dick-Karin-Stig-rotated-e1725363100856.jpg\" width=\"257\" height=\"343\"><img loading=\"lazy\" class=\"alignright\" src=\"https:\/\/vasaorden.com\/uddevalla\/wp-content\/uploads\/sites\/10\/2024\/09\/Barbro-Ulla-Korpagille-24-rotated-e1725363198660.jpg\" width=\"251\" height=\"335\"><\/p>\n<h4>Majlis Lindqvist ,Claes Backebo och Barbro Johansson&nbsp; &nbsp; &nbsp; &nbsp;<\/h4>\n<h4>Stig, Karin och Dick i glatt samspr\u00e5k&nbsp; &nbsp; &nbsp; &nbsp; &nbsp; &nbsp; &nbsp;<\/h4>\n<h4>Barbro och kommande Vasamedlem Ulla Torstensson<\/h4>\n<h4><img loading=\"lazy\" class=\"\" src=\"https:\/\/vasaorden.com\/uddevalla\/wp-content\/uploads\/sites\/10\/2024\/09\/Caritta-o-Kerstin-Korpagille-24-rotated-e1725363774223.jpg\" width=\"265\" height=\"353\">&nbsp; <img loading=\"lazy\" class=\"\" src=\"https:\/\/vasaorden.com\/uddevalla\/wp-content\/uploads\/sites\/10\/2024\/09\/Jan-och-Anita-korpagille-24-rotated-e1725363854867.jpg\" width=\"266\" height=\"355\"><img loading=\"lazy\" class=\"alignright\" src=\"https:\/\/vasaorden.com\/uddevalla\/wp-content\/uploads\/sites\/10\/2024\/09\/Korpagille-24-Stig-Olsson--rotated-e1725364443126.jpg\" width=\"263\" height=\"350\"><\/h4>\n<h3>Caritta och Kerstin,<\/h3>\n<h3>Jan och Anita&nbsp; &nbsp; &nbsp; &nbsp; &nbsp; &nbsp; &nbsp; &nbsp; &nbsp; &nbsp; &nbsp; &nbsp; &nbsp; &nbsp; &nbsp; &nbsp; &nbsp; &nbsp; &nbsp;<\/h3>\n<h3>Stig Olsson med g\u00e4ster<\/h3>\n<h2><img src=\"https:\/\/vasaorden.com\/uddevalla\/wp-content\/uploads\/sites\/10\/2024\/09\/Korpagille-gaster-Ulf--rotated-e1725364741835.jpg\">&nbsp; <img loading=\"lazy\" class=\"alignright\" src=\"https:\/\/vasaorden.com\/uddevalla\/wp-content\/uploads\/sites\/10\/2024\/09\/Korpagille-24-Gittan-rotated-e1725364819648.jpg\" width=\"282\" height=\"376\"><\/h2>\n<h3>Ingela med g\u00e4ster, Ulf Larsson och Ingela&nbsp; &nbsp; &nbsp; &nbsp; &nbsp; &nbsp; &nbsp; &nbsp; &nbsp; &nbsp; &nbsp; &nbsp; &nbsp; &nbsp; &nbsp; &nbsp; &nbsp; &nbsp; &nbsp; &nbsp; &nbsp; &nbsp; &nbsp; &nbsp; &nbsp; &nbsp; &nbsp;&nbsp;<\/h3>\n<h3>Birgitta Andreasson Karl-Erik, g\u00e4st<\/h3>\n<h2>&nbsp;<\/h2>\n<h1>&nbsp;<\/h1>\n<h1>Vasav\u00e5ren 2024 avslutades med utflykt till Hunnebostrand och Stenhuggarmuseet<\/h1>\n<p>&nbsp;<\/p>\n<p><img loading=\"lazy\" class=\"alignright\" src=\"https:\/\/vasaorden.com\/uddevalla\/wp-content\/uploads\/sites\/10\/2024\/06\/stehuggar-8-scaled.jpg\" width=\"347\" height=\"463\"><\/p>\n<h2>V\u00e5r kunnige guide ber\u00e4ttade om s\u00e5v\u00e4l granitens uppkomst som stenhuggeriets historia &#8230;&#8230;<\/h2>\n<h1><img loading=\"lazy\" class=\"\" src=\"https:\/\/vasaorden.com\/uddevalla\/wp-content\/uploads\/sites\/10\/2024\/06\/Stenhuggar-6-rotated-e1717850612314.jpg\" width=\"340\" height=\"453\"><\/h1>\n<h1 style=\"text-align: left\">och hur man bearbetar sten till det f\u00f6rem\u00e5l den ska anv\u00e4ndas till<\/h1>\n<h1 style=\"text-align: right\"><img loading=\"lazy\" class=\"alignleft\" src=\"https:\/\/vasaorden.com\/uddevalla\/wp-content\/uploads\/sites\/10\/2024\/06\/Stenhuggar-3-rotated-e1717851256230.jpg\" width=\"333\" height=\"444\"><img loading=\"lazy\" class=\"\" src=\"https:\/\/vasaorden.com\/uddevalla\/wp-content\/uploads\/sites\/10\/2024\/06\/Stenhuggar-5-rotated-e1717851122368.jpg\" width=\"347\" height=\"462\"><\/h1>\n<h1>&nbsp;<\/h1>\n<h1><img class=\"alignright\" src=\"https:\/\/vasaorden.com\/uddevalla\/wp-content\/uploads\/sites\/10\/2024\/06\/stenhuggar-2-rotated-e1717851548609.jpg\"><\/h1>\n<h1>&nbsp;<\/h1>\n<h1>En stund i smedjan d\u00e4r vi fick ocks\u00e5 en lektion i hur man tillverkar verktygen som stenhuggarna anv\u00e4nde&nbsp;<\/h1>\n<h2>Dagen avslutades med lunch p\u00e5 Vandrarhemmet<\/h2>\n<h1>&nbsp;<\/h1>\n<p>&nbsp;<\/p>\n<p>&nbsp;<\/p>\n<p>&nbsp;<\/p>\n<h1>&nbsp;<\/h1>\n<p>&nbsp;<\/p>\n<h1><strong>Onsdagen den 9 maj 2024 vandrade promenadgruppen p\u00e5 Maltes stig<\/strong><\/h1>\n<p>&nbsp;<\/p>\n<h2><img loading=\"lazy\" class=\"alignright\" src=\"https:\/\/vasaorden.com\/uddevalla\/wp-content\/uploads\/sites\/10\/2024\/05\/Munkedalsbron-rotated-e1715766354549.jpg\" width=\"318\" height=\"424\"><img loading=\"lazy\" class=\"\" src=\"https:\/\/vasaorden.com\/uddevalla\/wp-content\/uploads\/sites\/10\/2024\/05\/Maltes-stig-2024-fika-e1715766547547.jpg\" width=\"388\" height=\"291\"><\/h2>\n<h5>Kerstin Jan Barbro Villy och Majlis fikar i l\u00e4 vid \u00d6rekils\u00e4lven<\/h5>\n<h5>&nbsp;<\/h5>\n<h1>&nbsp;<\/h1>\n<h5 style=\"text-align: right\">Kerstin Lars Villy Jan och Majlis Under Munkedalsbron<\/h5>\n<h1>&nbsp;<\/h1>\n<h1 style=\"text-align: center\">Logem\u00f6te l\u00f6rdagen den 20 april 2024<\/h1>\n<h2 style=\"text-align: center\">Vid logem\u00f6tets efterkapitel ber\u00e4ttade Lars Abrahamsson om Svenska Snillen, en mycket uppskattad f\u00f6rel\u00e4sning&nbsp;<\/h2>\n<h4><img loading=\"lazy\" class=\"alignright\" src=\"https:\/\/vasaorden.com\/uddevalla\/wp-content\/uploads\/sites\/10\/2024\/04\/loge-april-3-rotated-e1713879686993.jpg\" width=\"353\" height=\"471\"><\/h4>\n<h4><img loading=\"lazy\" class=\"\" src=\"https:\/\/vasaorden.com\/uddevalla\/wp-content\/uploads\/sites\/10\/2024\/04\/loge-april-5-rotated-e1713880135848.jpg\" width=\"370\" height=\"493\"><\/h4>\n<h3 style=\"text-align: center\">I v\u00e4ntan p\u00e5 logens \u00f6ppnande<\/h3>\n<h4>&nbsp;<\/h4>\n<h4><img loading=\"lazy\" class=\"\" src=\"https:\/\/vasaorden.com\/uddevalla\/wp-content\/uploads\/sites\/10\/2024\/04\/loge-april-2-rotated-e1713880317281.jpg\" width=\"390\" height=\"520\"><img loading=\"lazy\" class=\"alignright\" src=\"https:\/\/vasaorden.com\/uddevalla\/wp-content\/uploads\/sites\/10\/2024\/04\/loge-4-rotated-e1713881552109.jpg\" width=\"399\" height=\"532\"><\/h4>\n<h4 style=\"text-align: left\">&nbsp;<\/h4>\n<h3 style=\"text-align: right\">Lars Abrahamsson f\u00f6rbereder sin f\u00f6rel\u00e4sning under samtal med Jan, Ingrid och Lena<\/h3>\n<h3>&nbsp;<\/h3>\n<h3>&nbsp;<\/h3>\n<h3><span style=\"font-size: 23px\">P\u00e5g\u00e5ende studiecirklar<\/span><\/h3>\n<h3>\u00c4r du intresserad, har du fr\u00e5gor, id\u00e9er mm h\u00f6r av dig till Sy Anita B\u00e4ckerbo tfn 076 228 31 75<\/h3>\n<h3>Bokcirkeln&nbsp;<strong>Bok&amp;Bubbel<\/strong>&nbsp; p\u00e5g\u00e5r<\/h3>\n<h3>KULTURPROMENADER<\/h3>\n<h3>&nbsp;Kontaktman&nbsp; Lars Eriksson. tel 0706 004182&nbsp;<\/h3>\n<h3 class=\"western\">&nbsp;<\/h3>\n<h1>Seniorsurfarna&nbsp;&nbsp;<\/h1>\n<h3><strong>Beh\u00f6ver du hj\u00e4lp att anv\u00e4nda din mobiltelefon?&nbsp; &nbsp;<\/strong><strong>Kontakta Jan Larsson om du vill vara med 0738 043078<\/strong><\/h3>\n<h3><strong>Enklare tips f\u00f6r anv\u00e4ndning av din mobil, fr\u00e4mst Iphone<\/strong><\/h3>\n<h3><strong>Sista onsdagen i m\u00e5naden&nbsp; klockan 14,30 p\u00e5 Ryttaren<\/strong><\/h3>\n<h1>&nbsp;<\/h1>\n<h1>Sl\u00e4ktforskning.&nbsp;&nbsp;<\/h1>\n<h3><strong>Calle Hjelm h\u00e5ller p\u00e5 att f\u00f6rbereda sig inf\u00f6r kursen som startar under h\u00f6sten om intresse finns.<\/strong><\/h3>\n<p>&nbsp;<\/p>\n<h2 style=\"text-align: center\">Kulturpromenaden den 18 april 2024 gick till V\u00e4ger\u00f6ds dalar<\/h2>\n<p><img loading=\"lazy\" class=\"alignleft\" src=\"https:\/\/vasaorden.com\/uddevalla\/wp-content\/uploads\/sites\/10\/2024\/04\/Vagerod-skylt-scaled.jpg\" width=\"350\" height=\"467\"><\/p>\n<h1><img loading=\"lazy\" class=\"alignright\" src=\"https:\/\/vasaorden.com\/uddevalla\/wp-content\/uploads\/sites\/10\/2024\/04\/Vagerod-2-scaled-e1713874849636.jpg\" width=\"344\" height=\"459\"><\/h1>\n<h1>&nbsp;<\/h1>\n<h1>&nbsp;<\/h1>\n<h1>&nbsp;<\/h1>\n<h1>&nbsp;<\/h1>\n<h1>&nbsp;<\/h1>\n<h1>&nbsp;<\/h1>\n<h1>&nbsp;<\/h1>\n<h1>&nbsp;<\/h1>\n<h1>&nbsp;<\/h1>\n<h1>&nbsp;<\/h1>\n<h4 style=\"text-align: right\">Karin, Gustav, Kerstin, Kent Caritta och Lars<\/h4>\n<h3>P\u00e5p\u00e4lsade i kylig luft och vind letade vi efter v\u00e5ren&nbsp;<\/h3>\n<p><img loading=\"lazy\" class=\"alignleft\" src=\"https:\/\/vasaorden.com\/uddevalla\/wp-content\/uploads\/sites\/10\/2024\/04\/Vitsippor-scaled-e1713875134772.jpg\" width=\"325\" height=\"433\"><\/p>\n<p>&nbsp; &nbsp; &nbsp; &nbsp; &nbsp; &nbsp; &nbsp; &nbsp; &nbsp; &nbsp; &nbsp; &nbsp; &nbsp; &nbsp; &nbsp; &nbsp; &nbsp;<img loading=\"lazy\" class=\"alignright\" src=\"https:\/\/vasaorden.com\/uddevalla\/wp-content\/uploads\/sites\/10\/2024\/04\/Blasippa-scaled-e1713875274971.jpg\" width=\"447\" height=\"336\"><\/p>\n<p style=\"text-align: right\"><span style=\"color: #333333;font-size: 23px;font-weight: 600\">&nbsp;<\/span><\/p>\n<h1>&nbsp;<\/h1>\n<h1>&nbsp;<\/h1>\n<h1>&nbsp;<\/h1>\n<h1>&nbsp;<\/h1>\n<h1>&nbsp;<\/h1>\n<h1>&nbsp;<\/h1>\n<h1><span style=\"color: #333333;font-size: 23px;font-weight: 600\">&#8230;&#8230;..och vi fann den!<\/span><\/h1>\n<h1>&nbsp;<\/h1>\n<h1 style=\"text-align: left\">Efter en stunds promenad p\u00e5 den gamla landsv\u00e4gen, d\u00e4r Lars ber\u00e4ttade f\u00f6r oss om&nbsp; unikt i omgivningarna var det dags f\u00f6r fika innan vi \u00e5kte hem.<\/h1>\n<h1><img loading=\"lazy\" class=\"\" src=\"https:\/\/vasaorden.com\/uddevalla\/wp-content\/uploads\/sites\/10\/2024\/04\/Vaggardister-scaled-e1713875498974.jpg\" width=\"323\" height=\"431\"><img loading=\"lazy\" class=\"alignright\" src=\"https:\/\/vasaorden.com\/uddevalla\/wp-content\/uploads\/sites\/10\/2024\/04\/Vagerod-1-scaled-e1713875820179.jpg\" width=\"311\" height=\"414\"><\/h1>\n<h4 style=\"text-align: left\">De gamla gardisterna p\u00e5minner om v\u00e4garna f\u00f6re asfalt.&nbsp; &nbsp; &nbsp; &nbsp; &nbsp; &nbsp; &nbsp; &nbsp; &nbsp; &nbsp; &nbsp; &nbsp; &nbsp; &nbsp; &nbsp; &nbsp; &nbsp; Caritta och Kent v\u00e4rmer sig med kaffe!<\/h4>\n<h4>&nbsp;<\/h4>\n<h1>&nbsp;<\/h1>\n<h1>&nbsp;<\/h1>\n<h1>&nbsp;<\/h1>\n<h1>&nbsp;<\/h1>\n<h1 style=\"text-align: center\">Logem\u00f6te 9 mars 2024<\/h1>\n<h3 style=\"text-align: center\"><img loading=\"lazy\" class=\"alignright\" src=\"https:\/\/vasaorden.com\/uddevalla\/wp-content\/uploads\/sites\/10\/2024\/03\/Bild-4-loge-9-mars-24-scaled-e1710176301501.jpg\" width=\"282\" height=\"376\"><img loading=\"lazy\" class=\"alignleft\" src=\"https:\/\/vasaorden.com\/uddevalla\/wp-content\/uploads\/sites\/10\/2024\/03\/Bild-3-loge-9-mars-24-scaled-e1710250682370.jpg\" width=\"288\" height=\"384\"><\/h3>\n<h3>&nbsp;<\/h3>\n<h3>&nbsp;<\/h3>\n<h3>&nbsp;<\/h3>\n<h3>&nbsp;<\/h3>\n<p>&nbsp;<\/p>\n<h2>&nbsp;<\/h2>\n<h2>&nbsp;<\/h2>\n<h2>Lars Kerstin Majlis Birgitta Willy och Caritta vid efterkapitlet. Till H\u00f6 Britt-Louise, Ulla och Jan&nbsp;<\/h2>\n<h2><img loading=\"lazy\" class=\"alignright\" src=\"https:\/\/vasaorden.com\/uddevalla\/wp-content\/uploads\/sites\/10\/2024\/03\/bild-2-loge-9-mars-24-1-scaled.jpg\" width=\"291\" height=\"388\"><\/h2>\n<h2><img loading=\"lazy\" class=\"alignleft\" src=\"https:\/\/vasaorden.com\/uddevalla\/wp-content\/uploads\/sites\/10\/2024\/03\/bild-1-loge-9-mars-1-scaled-e1710251668504.jpg\" width=\"306\" height=\"408\"><\/h2>\n<h2>&nbsp;<\/h2>\n<h2>&nbsp;<\/h2>\n<h2>&nbsp;<\/h2>\n<h2>&nbsp;<\/h2>\n<h2>&nbsp;<\/h2>\n<h2>&nbsp;<\/h2>\n<h2>&nbsp;<\/h2>\n<h2>&nbsp;<\/h2>\n<h2>&nbsp;<\/h2>\n<h2>&nbsp;<\/h2>\n<h2>Gunnar, Hanni och Carl-Gustaf&nbsp; &nbsp; &nbsp; &nbsp; &nbsp; &nbsp; &nbsp; &nbsp; &nbsp; &nbsp; &nbsp; &nbsp; &nbsp; &nbsp; &nbsp; &nbsp; &nbsp; &nbsp; &nbsp; &nbsp; &nbsp; &nbsp; &nbsp; &nbsp; &nbsp;Anita, Kent, Bo, Ingrid, Carl-Johan,&nbsp; &nbsp; &nbsp; &nbsp; &nbsp; &nbsp; &nbsp; &nbsp; &nbsp; &nbsp; &nbsp; &nbsp; &nbsp; &nbsp; &nbsp; &nbsp; &nbsp; &nbsp; &nbsp; &nbsp; &nbsp; &nbsp; &nbsp; &nbsp; &nbsp; &nbsp; &nbsp; &nbsp; &nbsp; &nbsp; &nbsp; &nbsp; &nbsp; &nbsp; &nbsp; &nbsp; &nbsp; &nbsp; &nbsp; &nbsp; &nbsp; &nbsp; &nbsp; &nbsp; &nbsp; &nbsp; &nbsp; &nbsp; &nbsp; &nbsp; &nbsp; &nbsp; &nbsp;K\u00e4the och Stig<\/h2>\n<h2>&nbsp;<\/h2>\n<h2 style=\"text-align: center\">Logens \u00c5rsh\u00f6gtid h\u00f6lls l\u00f6rdagen den 3 februari 2024<\/h2>\n<p><img loading=\"lazy\" class=\"aligncenter\" src=\"https:\/\/vasaorden.com\/uddevalla\/wp-content\/uploads\/sites\/10\/2024\/02\/Reception-Lars-Andersson-e1708268213756.jpg\" width=\"506\" height=\"675\"><\/p>\n<h3 style=\"text-align: center\">\u00c5rsh\u00f6gtiden inleddes med installation av ny medlem, Lars Andersson, flankerad av Ceremonim\u00e4stare Monica Torstensson och Vice Ceremonim\u00e4stare Bo Svanberg<\/h3>\n<p>&nbsp;<\/p>\n<p><img loading=\"lazy\" class=\"aligncenter\" src=\"https:\/\/vasaorden.com\/uddevalla\/wp-content\/uploads\/sites\/10\/2024\/02\/Avgaende-O-och-K-e1708267848624.jpg\" width=\"492\" height=\"369\"><\/p>\n<h3 style=\"text-align: center\">Avg\u00e5ende Ordf\u00f6rande Birgitta Andreasson och Kass\u00f6r Lars Eriksson avtackades&nbsp;<\/h3>\n<p><img loading=\"lazy\" class=\"aligncenter\" src=\"https:\/\/vasaorden.com\/uddevalla\/wp-content\/uploads\/sites\/10\/2024\/02\/IMG_52501-e1708268555652.jpg\" width=\"499\" height=\"375\"><\/p>\n<h3 style=\"text-align: center\">Nya tj\u00e4nstem\u00e4n installerades av Distriktsdeputerad Jan Elgquist. Ordf\u00f6rande Torsten Torstensson, Kass\u00f6r Gunnar Axelsson, Musikm\u00e4stare JanDahl samt Standarb\u00e4rare Hanni Asp<\/h3>\n<p>&nbsp;<\/p>\n<p><img loading=\"lazy\" class=\"aligncenter\" src=\"https:\/\/vasaorden.com\/uddevalla\/wp-content\/uploads\/sites\/10\/2024\/02\/Logens-Fortjansttecken-2-e1708268992274.jpg\" width=\"504\" height=\"630\"><\/p>\n<h3 style=\"text-align: center\">Logens f\u00f6rtj\u00e4nsttecken utdelades till avg\u00e5ende kass\u00f6r Lars Eriksson, Fd ordf\u00f6rande Barbro Holmer och vakt Lennart Andersson<\/h3>\n<p>&nbsp;<\/p>\n<p><img loading=\"lazy\" class=\"aligncenter\" src=\"https:\/\/vasaorden.com\/uddevalla\/wp-content\/uploads\/sites\/10\/2024\/02\/Dl-fortjansttecken-e1708268874112.jpg\" width=\"532\" height=\"710\"><\/p>\n<h3 style=\"text-align: center\">Distriktslogens f\u00f6rtj\u00e4nsttecken utdelades av Distriktsm\u00e4stare Maggie Ahlin Thelin till Ordf\u00f6rande Torsten Torstensson och FFd ordf\u00f6rande Barbro Holmer<\/h3>\n<p><img loading=\"lazy\" class=\"aligncenter\" src=\"https:\/\/vasaorden.com\/uddevalla\/wp-content\/uploads\/sites\/10\/2024\/02\/Forelasare-Claes-Backebo-scaled-e1708269493550.jpg\" width=\"536\" height=\"715\"><\/p>\n<h3 style=\"text-align: center\">\u00c5rsh\u00f6gtiden avslutades med en god middag och ett mycket trevligt och uppskattat f\u00f6redrag av Claes Barkebo, f\u00f6rvaltande direkt\u00f6r f\u00f6r Gustafsbergsstiftelsen. Vi fick h\u00f6ra sp\u00e4nnande ber\u00e4ttelser om Gustafsberg och dess historia. P\u00e5 bilden Claes Barkebo med fru Catharina och ordf\u00f6rande Torsten torstensson<\/h3>\n<p><img src=\"https:\/\/vasaorden.com\/uddevalla\/wp-content\/uploads\/sites\/10\/2024\/03\/20240120_192209-scaled-e1710774160550.jpg\"><\/p>\n<p>&nbsp;<\/p>\n<p style=\"text-align: center\">&nbsp;<\/p>\n<h3 style=\"text-align: center\">Installationsstaben redo i Kongah\u00e4llalogen januari 2024<br>Jan Larsson DV, Caritta Bryngelson VDD, Barbro Holmer DD, <br>Birgitta Andreasson Ordf\u00f6rande i Logen Uddevalla 638 samt Anita B\u00e4ckerbo DCM<\/h3>\n<p>&nbsp;<\/p>\n<h3 style=\"text-align: center\"><img loading=\"lazy\" class=\"\" src=\"https:\/\/vasaorden.com\/uddevalla\/wp-content\/uploads\/sites\/10\/2023\/12\/vasaani-1-e1703068900566-768x1024.jpg\" width=\"503\" height=\"670\"><br><span style=\"color: #000000\">Ljuspromenad i Uddevalla<\/span><\/h3>\n<p>&nbsp;<\/p>\n<p>&nbsp;<\/p>\n<p>&nbsp;<\/p>\n<h3 style=\"text-align: center\"><img loading=\"lazy\" class=\"\" src=\"https:\/\/vasaorden.com\/uddevalla\/wp-content\/uploads\/sites\/10\/2023\/12\/Vasa1209-e1702656053452-1024x768.jpg\" width=\"520\" height=\"390\"><br>JULFEST L\u00f6rdag den 9 december 2023 I Folkdansgillets stuga<br>Vi intog v\u00e4lkomstgl\u00f6gg och Julbuff\u00e9 med julens l\u00e4ckerheter och en julklapp fick alla ur tomtes\u00e4cken<\/h3>\n<p>&nbsp;<\/p>\n<h3 style=\"text-align: center\"><img loading=\"lazy\" class=\"\" src=\"https:\/\/vasaorden.com\/uddevalla\/wp-content\/uploads\/sites\/10\/2023\/12\/Vasa12092-e1702743509200-768x1024.jpg\" width=\"403\" height=\"538\"><br>Sammanh\u00e5llande Britt-Louise och Carl-Gustav pustar ut efter den lyckade<br>julfesten<\/h3>\n<p>&nbsp;<\/p>\n<p>&nbsp;<\/p>\n<h3 style=\"text-align: center\"><img src=\"https:\/\/vasaorden.com\/uddevalla\/wp-content\/uploads\/sites\/10\/2023\/12\/Vasab-e1702657787343.jpg\">av<br>Promenadgruppen avslutade s\u00e4songen genom att&nbsp; f\u00f6lja juljuspromenaden i Uddevalla centrum.<\/h3>\n<p>&nbsp;<\/p>\n<h3 style=\"text-align: center\"><img loading=\"lazy\" class=\"\" src=\"https:\/\/vasaorden.com\/uddevalla\/wp-content\/uploads\/sites\/10\/2023\/12\/Vasaba-e1702657574402.jpg\" width=\"522\" height=\"392\">&nbsp;<br>Efter promenaden bj\u00f6d Barbro p\u00e5 gl\u00f6gg och Lussebulle framf\u00f6r den v\u00e4rmande brasan<\/h3>\n<p>&nbsp;<\/p>\n<h3 style=\"text-align: center\"><img src=\"https:\/\/vasaorden.com\/uddevalla\/wp-content\/uploads\/sites\/10\/2023\/12\/vasabar-e1702808400507.jpg\"><br>Bokcirkeln tr\u00e4ffades denna g\u00e5ng hos Kent och Anita p\u00e5 Orust.<\/h3>\n<p>&nbsp;<\/p>\n<h3 style=\"text-align: center\"><strong>&nbsp;<img src=\"https:\/\/vasaorden.com\/uddevalla\/wp-content\/uploads\/sites\/10\/2023\/11\/Vasa-Torp-e1699124848474.jpg\"><br><\/strong>Vid v\u00e5r vandring i Torp fick vi en utf\u00f6rlig beskrivning av Kent Torvaldsson om hur analoga&nbsp; telelinjer kunde kopplas samman med en PP.<\/h3>\n<p>&nbsp;<\/p>\n<p><img loading=\"lazy\" class=\"aligncenter\" src=\"https:\/\/vasaorden.com\/uddevalla\/wp-content\/uploads\/sites\/10\/2023\/10\/Vasa-Hast-1024x939.jpg\" width=\"521\" height=\"477\"><\/p>\n<h3 style=\"text-align: center\"><strong>Vid logem\u00f6tet den 7 oktober ber\u00e4ttade&nbsp;<\/strong><strong>Gunnar Classon&nbsp; om Uddevallas Handel och Industri <\/strong><strong>d\u00e4r h\u00e4sten fr\u00e5n Eksteds bageri var ett omtalat inslag.&nbsp;&nbsp;<\/strong><\/h3>\n<p>&nbsp;<\/p>\n<p><img loading=\"lazy\" class=\"aligncenter\" src=\"https:\/\/vasaorden.com\/uddevalla\/wp-content\/uploads\/sites\/10\/2023\/10\/Vasa-bjurson-768x1024.jpg\" width=\"520\" height=\"693\"><\/p>\n<h3 style=\"text-align: center\">I str\u00e5lande sol gick v\u00e5r senaste vandring vid Bjursj\u00f6n<\/h3>\n<h3>KORPAGILLE 2023<\/h3>\n<h3><img loading=\"lazy\" class=\"aligncenter\" src=\"https:\/\/vasaorden.com\/uddevalla\/wp-content\/uploads\/sites\/10\/2023\/10\/Vasa-korp-1024x768.jpg\" width=\"542\" height=\"407\"><span style=\"font-size: revert\">\u00c5rets Hederskorp <br><\/span><span style=\"font-size: revert\">Logen Uddevalla 638 har i \u00e5r 2023 beslutat, att utse Alexandra Svernl\u00f6f till Hederskorp, den 101:e i ordningen sedan starten av v\u00e5rt \u00e5rliga evenemang 1976. Alexandra&nbsp; ber\u00e4ttade mer om sig sj\u00e4lv.&nbsp;<\/span><\/h3>\n<p>&nbsp;<\/p>\n<p>SOMMARRESAN<\/p>\n<p>En vacker f\u00f6rsommardag, den 3:e juni reste vi p\u00e5 v\u00e5r resa, delvis<\/p>\n<p>f\u00f6r att \u00e4ven fira logens 65 \u00e5r. Resan gick \u00e4ven detta \u00e5r till Orust med<\/p>\n<p>bes\u00f6k p\u00e5 Tavlebords Honungsg\u00e5rd, d\u00e4r vi fikade och lyssnade till<\/p>\n<p>ett mycket l\u00e4rorikt f\u00f6redrag, sponsrat av logen, om binas<\/p>\n<p>liv och leverne. Tillf\u00e4lle till diverse ink\u00f6p gavs i den intilliggande<\/p>\n<p>handelsboden. Sedan fortsatte vi till Lyr\u00f6n, d\u00e4r vi \u00e5t en god lunch p\u00e5<\/p>\n<p>restaurang Bryggvingen Vi var strax under tjugo syskon och v\u00e4nner som deltog.<\/p>\n<p>Tack till Anita och Kent som ordnat detta s\u00e5 fint!<\/p>\n<p style=\"text-align: center\">&nbsp;<\/p>\n<p style=\"text-align: center\"><img loading=\"lazy\" class=\"\" src=\"https:\/\/vasaorden.com\/uddevalla\/wp-content\/uploads\/sites\/10\/2023\/04\/V-Gustavsdtr-e1682251337142.jpg\" width=\"303\" height=\"394\"><\/p>\n<h3 style=\"text-align: center\">Maria Gustavsdotter ber\u00e4ttade om sin senaste bok och om sitt f\u00f6rfattarskap.<\/h3>\n<p>&nbsp;<\/p>\n<p style=\"text-align: center\">&nbsp;<\/p>\n<h3 style=\"text-align: center\"><img loading=\"lazy\" class=\"\" src=\"https:\/\/vasaorden.com\/uddevalla\/wp-content\/uploads\/sites\/10\/2023\/04\/V-22-april-e1682251573786.jpg\" width=\"361\" height=\"481\"><\/h3>\n<h3 style=\"text-align: center\">M\u00e5nga k\u00f6pte b\u00f6cker av f\u00f6rfattaren och Stig Strandberg h\u00e5ller n\u00f6jd upp sitt ink\u00f6p.<\/h3>\n<p>&nbsp;<\/p>\n<p style=\"text-align: center\"><img loading=\"lazy\" class=\"\" src=\"https:\/\/vasaorden.com\/uddevalla\/wp-content\/uploads\/sites\/10\/2023\/04\/V-Tecklas-e1682242559297-768x1024.jpg\" width=\"502\" height=\"670\"><\/p>\n<h3>Vid v\u00e5r vandring 20 april ber\u00e4ttade vandringsledaren Lars om Teklastugans historia d\u00e4r de sista som bodde d\u00e4r var Maria och hennes dotter under mycket knappa f\u00f6rh\u00e5llanden och&nbsp; utan vatten och el. N\u00e4r Maria dog bodde Tekla kvar till 50 talet tills hon flyttade till \u00c5lderdomshemmet d\u00e4r hon senare avled<\/h3>\n<p style=\"text-align: center\"><img loading=\"lazy\" class=\"\" src=\"https:\/\/vasaorden.com\/uddevalla\/wp-content\/uploads\/sites\/10\/2023\/04\/V-Folebacken-e1682243729432-768x1024.png\" width=\"499\" height=\"666\"><\/p>\n<h3>Blder fr\u00e5n F\u00f6leb\u00e4ckens smedja. F\u00f6leb\u00e4cken hade konstigt nog&nbsp; kan vi tycka \u00e4ven en skola mitt ute i skogen. Dock var detta en central plats sett utifr\u00e5n en karta och den kortast v\u00e4gen f\u00f6r g\u00e5rdarnas barn att ta sig till sin skola.&nbsp;<\/h3>\n<p>&nbsp;<\/p>\n<p style=\"text-align: center\"><img loading=\"lazy\" class=\"aligncenter\" src=\"https:\/\/vasaorden.com\/uddevalla\/wp-content\/uploads\/sites\/10\/2023\/04\/Vasa-9840.jpg\" width=\"509\" height=\"376\"><\/p>\n<h3 style=\"text-align: center\">Tappra sj\u00e4lar l\u00e4ttar ankar och startar kulturvandringen i rysligt v\u00e4der<\/h3>\n<p style=\"text-align: center\"><img loading=\"lazy\" class=\"\" src=\"https:\/\/vasaorden.com\/uddevalla\/wp-content\/uploads\/sites\/10\/2023\/04\/Vasa-9797-e1682243130119.jpg\" width=\"504\" height=\"379\"><\/p>\n<h3 style=\"text-align: center\">Seniorsurfarna tr\u00e4ffas numera p\u00e5 Ryttaren<\/h3>\n<p>&nbsp;<\/p>\n<p style=\"text-align: center\"><img loading=\"lazy\" class=\"\" src=\"https:\/\/vasaorden.com\/uddevalla\/wp-content\/uploads\/sites\/10\/2023\/03\/Dahl-0931-768x1024.jpg\" width=\"392\" height=\"523\"><\/p>\n<h3 style=\"text-align: center\">&nbsp; P\u00e5 logem\u00f6tet ber\u00e4ttade Janne Dahl om b\u00e5tar och sj\u00f6fart i Bohusl\u00e4n&nbsp; &nbsp; &nbsp; &nbsp; &nbsp; &nbsp; &nbsp;<\/h3>\n<p>&nbsp;<\/p>\n<p style=\"text-align: center\"><img loading=\"lazy\" class=\"\" src=\"https:\/\/vasaorden.com\/uddevalla\/wp-content\/uploads\/sites\/10\/2023\/03\/Dahl-0933-768x1024.jpg\" width=\"393\" height=\"524\"><\/p>\n<h3 style=\"text-align: center\">N\u00f6jda deltagare<\/h3>\n<p style=\"text-align: center\"><img loading=\"lazy\" class=\"\" src=\"https:\/\/vasaorden.com\/uddevalla\/wp-content\/uploads\/sites\/10\/2023\/03\/Dahl-0932-768x1024.jpg\" width=\"389\" height=\"519\"><\/p>\n<h3>&nbsp;<\/h3>\n<h3>Torsdagen den 23 februari gick Kulturpromenaden i milit\u00e4rens tecken.&nbsp;<\/h3>\n<h3>Trots regn och rusk var vi m\u00e5nga som var med. Roligt! Vi startade med en f\u00f6rel\u00e4sning av Gunnar Classon p\u00e5 Uddevalla F\u00f6rsvarsmuseet d\u00e4r vi fick veta mycket om &nbsp;I17:S historia fr\u00e5n Dragonernas tid till idag d\u00e5 I17 inte l\u00e4ngre finns som regemente. Vi bes\u00f6kte \u00e4ven det gamla Soldattorpet som blivit hitflyttat fr\u00e5n Dalsland. Standarden var definitivt en helt annan f\u00f6rr d\u00e5 stora soldatfamiljer bodde i ett rum sammanbyggt med h\u00f6lada och rum f\u00f6r en ko och en gris.&nbsp;<\/h3>\n<p>&nbsp;<\/p>\n<p style=\"text-align: center\"><img loading=\"lazy\" class=\"\" src=\"https:\/\/vasaorden.com\/uddevalla\/wp-content\/uploads\/sites\/10\/2023\/02\/Vsasa-1-768x1024.png\" width=\"408\" height=\"544\"><\/p>\n<h3 style=\"text-align: center\">Gunnar Classon informerade kunnigt om regementes historia.<\/h3>\n<h2>&nbsp;<\/h2>\n<h2 style=\"text-align: center\"><img loading=\"lazy\" class=\"\" src=\"https:\/\/vasaorden.com\/uddevalla\/wp-content\/uploads\/sites\/10\/2023\/02\/Vasa-2-768x1024.png\" width=\"400\" height=\"533\"><\/h2>\n<h3 style=\"text-align: center\">Gruppen mottog informationen and\u00e4ktigt, till synes st\u00e5ende i enskild st\u00e4llning.<\/h3>\n<h2>&nbsp;<\/h2>\n<h2 style=\"text-align: center\">&nbsp;<\/h2>\n<h2 style=\"text-align: center\">\u00c5RSM\u00d6TE 2023<\/h2>\n<h3 class=\"x_gmail-western\"><strong><span style=\"font-family: arial, sans-serif\">Ett h\u00f6gtidligt \u00c5rsm\u00f6te med installation av nyvalda tj\u00e4nstem\u00e4n inledde det nya Vasa\u00e5ret&nbsp;.&nbsp;&nbsp;<\/span><\/strong><\/h3>\n<h3 class=\"x_gmail-western\"><strong><span style=\"font-family: arial, sans-serif\">Logen g\u00e4stades dagen till \u00e4ra av DM samt Ordf\u00f6rande i logen Br\u00e5viken 751,&nbsp; <\/span><\/strong><strong><span style=\"font-family: arial, sans-serif\">Maggie Ahlin Thelin ,<\/span><\/strong><\/h3>\n<h3 class=\"x_gmail-western\"><strong><span style=\"font-family: arial, sans-serif\">&nbsp;HM i Distriktsloge 19, Ewa Pilhammar,&nbsp;<\/span><\/strong><\/h3>\n<h3 class=\"x_gmail-western\"><strong><span style=\"font-family: arial, sans-serif\">&nbsp;DD&nbsp;<\/span><span style=\"font-family: arial, sans-serif\">i logen Uddevalla 638,&nbsp;<\/span>Morgan Andersson<\/strong><\/h3>\n<h3 class=\"x_gmail-western\"><strong><span style=\"font-family: arial, sans-serif\">&nbsp;DD i Logen Enk\u00f6ping 646, Kurt Thelin samt ordenssyskonen&nbsp; Agneta och Yngve Andersson fr\u00e5n logen Kongah\u00e4lla 702<\/span><\/strong><\/h3>\n<h3 class=\"x_gmail-western\"><strong><span style=\"font-family: arial, sans-serif\">DD Morgan Andersson genomf\u00f6rde en fin installation av Ordf\u00f6rande, Protokollsekreterare, Kaplan samt standarb\u00e4rare.&nbsp;<\/span><\/strong><\/h3>\n<h3 class=\"x_gmail-western\"><strong><span style=\"font-family: arial, sans-serif\">Logens avg\u00e5ende kulturledare Caritta Bryngelson fortsatte med sista ber\u00e4ttelsen om&nbsp; svenskars intressanta m\u00e4nnisko\u00f6den i Amerika. Denna g\u00e5ng&nbsp;handlade det om den unge Sven Magnus Svensson, som l\u00e4mnade Sverige i hopp om&nbsp;ett b\u00e4ttre liv i USA , d\u00e4r han blev en av Amerikas rikaste, bl.a p\u00e5 slavhandel. Hans g\u00e5rd \u00e4r \u00e4nnu i familjens \u00e4go&nbsp;&nbsp;i 5:e generationen.&nbsp;<\/span><\/strong><\/h3>\n<h3 class=\"x_gmail-western\"><strong><span style=\"font-family: arial, sans-serif\">Avg\u00e5ende&nbsp;ordf\u00f6rande Barbro Holmer och avg\u00e5ende kulturledare Caritta Bryngelson avtackades med vackra blombuketter.<\/span><\/strong><\/h3>\n<h3 class=\"x_gmail-western\"><span style=\"font-family: arial, sans-serif\">Vid logens middag och underh\u00e5llning&nbsp; ansl\u00f6t \u00e4ven icke medlemmar&nbsp;som g\u00e4ster.&nbsp; Den fullsatta salen bj\u00f6ds p\u00e5 fin musik av Lennart Bertilsson och Lars Linsten&nbsp;och bidrog till den redan gemytliga och trevliga st\u00e4mningen.<\/span><\/h3>\n<p>&nbsp;<\/p>\n<p style=\"text-align: center\"><img loading=\"lazy\" class=\"\" src=\"https:\/\/vasaorden.com\/uddevalla\/wp-content\/uploads\/sites\/10\/2023\/02\/vasa-arsmote-2023.jpg\" width=\"431\" height=\"303\"><\/p>\n<h3 class=\"x_gmail-western\" style=\"text-align: center\"><strong><span style=\"font-family: arial, sans-serif\"> Distriksm\u00e4stare <\/span><\/strong><strong><span style=\"font-family: arial, sans-serif\">Maggie Ahlin Thelin i glatt samtal med Maggie Liewendal<\/span><\/strong><\/h3>\n<p>&nbsp;<\/p>\n<p style=\"text-align: center\"><img loading=\"lazy\" class=\"\" src=\"https:\/\/vasaorden.com\/uddevalla\/wp-content\/uploads\/sites\/10\/2023\/02\/vasa-2246-1024x768.jpg\" width=\"431\" height=\"323\"><\/p>\n<h3 style=\"text-align: center\">Bara glada miner p\u00e5 \u00e5rsm\u00f6tet<\/h3>\n<p>&nbsp;<\/p>\n<p style=\"text-align: center\"><img loading=\"lazy\" class=\"\" src=\"https:\/\/vasaorden.com\/uddevalla\/wp-content\/uploads\/sites\/10\/2023\/02\/vasa-2244-1024x768.jpg\" width=\"430\" height=\"323\"><\/p>\n<h3 style=\"text-align: center\">Alla lyssnar and\u00e4ktigt p\u00e5 musiken<\/h3>\n<p>&nbsp;<\/p>\n<p>&nbsp;<\/p>\n<h3>\u00c5rets julfest var v\u00e4lbes\u00f6kt och intogs i f\u00f6rsvarsmuse\u00e8ts lokal p\u00e5 I 17. Festkommitt\u00e8n hade sj\u00e4lva ordnat med ett v\u00e4lsmakande hemlagat julbord. En riktigt kulinarisk upplevelse.<\/h3>\n<p>&nbsp;<\/p>\n<p style=\"text-align: center\"><img loading=\"lazy\" class=\"\" src=\"https:\/\/vasaorden.com\/uddevalla\/wp-content\/uploads\/sites\/10\/2022\/12\/IMG_9246jul-1.jpg\" width=\"432\" height=\"325\"><\/p>\n<h2 style=\"text-align: center\">Festkommitt\u00e8n f\u00f6r \u00e5rets julfest<\/h2>\n<p style=\"text-align: center\"><img loading=\"lazy\" class=\"\" src=\"https:\/\/vasaorden.com\/uddevalla\/wp-content\/uploads\/sites\/10\/2022\/12\/IMG_9250-jul-768x1024.jpg\" width=\"432\" height=\"576\"><\/p>\n<h3 style=\"text-align: center\" align=\"left\">Karl-Johan Ferm l\u00e4ser tomten av Viktor Rydeberg med verklig inlevelse.<\/h3>\n<p>&nbsp;<\/p>\n<p style=\"text-align: center\"><img loading=\"lazy\" class=\"\" src=\"https:\/\/vasaorden.com\/uddevalla\/wp-content\/uploads\/sites\/10\/2022\/12\/IMG_9234jul.jpg\" width=\"430\" height=\"572\"><\/p>\n<h3 style=\"text-align: center\" align=\"left\">N\u00f6jda deltagare p\u00e5 julfesten<\/h3>\n<p style=\"text-align: center\"><img loading=\"lazy\" class=\"\" src=\"https:\/\/vasaorden.com\/uddevalla\/wp-content\/uploads\/sites\/10\/2022\/12\/vasIMG_9231.jpg\" width=\"432\" height=\"575\"><\/p>\n<h3 style=\"text-align: center\" align=\"left\"><img loading=\"lazy\" class=\"\" src=\"https:\/\/vasaorden.com\/uddevalla\/wp-content\/uploads\/sites\/10\/2022\/12\/vasIMG_9237.jpg\" width=\"430\" height=\"572\"><\/h3>\n<h3 align=\"left\">&nbsp;<\/h3>\n<h3 class=\"x_gmail-western\" align=\"left\"><span style=\"font-family: Times New Roman, serif\"><span style=\"font-size: large\">K\u00e4ra Vasasyskon<\/span><\/span><\/h3>\n<h3><span style=\"font-size: large\"><span style=\"font-family: Times New Roman, serif\"><span style=\"color: #222222\">Jag har den sm\u00e4rtsamma plikten att meddela att V\u00e5r Sy&nbsp;<\/span><span style=\"color: #222222\">Gun Svanberg<\/span><span style=\"color: #222222\"> har l\u00e4mnat oss. Sy Gun avled onsdagen 2 november omgiven av Br Bo och familjen. <\/span><\/span><span style=\"color: #222222\">&nbsp;<\/span><\/span><span style=\"font-family: Times New Roman, serif;font-size: large\"><span style=\"color: #222222\">Sy&nbsp;<\/span><span style=\"color: #222222\">Gun<\/span><span style=\"color: #222222\">&nbsp;<\/span><span style=\"color: #222222\">har<\/span><span style=\"color: #222222\">&nbsp;sedan hon blev medlem i logen&nbsp;<\/span><span style=\"color: #222222\">1982 varit b\u00e5de kass\u00f6r och kaplan under flera \u00e5r.&nbsp;<\/span><\/span><span style=\"font-family: Times New Roman, serif;font-size: large\"><span style=\"color: #222222\">Sy Gun var under sina 40 \u00e5r i logen en trogen Vasamedlem. \u00c4ven i logens \u00e5rliga Korpaspel medverkade Sy Gun flitigt.&nbsp;<\/span><\/span><span style=\"font-family: Times New Roman, serif;font-size: large\"><span style=\"color: #222222\">Som Vasasyskon tillf\u00f6rde Sy Gun gl\u00e4dje i logen&nbsp;<\/span><span style=\"color: #222222\">med sin humor&nbsp;<\/span><span style=\"color: #222222\">och hade trots sin sjukdom&nbsp;<\/span><span style=\"color: #222222\">alltid&nbsp;<\/span><span style=\"color: #222222\">ett gott hum\u00f6r.&nbsp;<\/span><span style=\"color: #222222\">Sy Gun blev 82 \u00e5r.<\/span><\/span><\/h3>\n<h3 class=\"x_gmail-western\" align=\"left\"><span style=\"font-family: Times New Roman, serif;font-size: large\"><span style=\"color: #222222\">V\u00e5ra tankar g\u00e5r til<\/span><span style=\"color: #222222\">l<\/span><span style=\"color: #222222\">&nbsp;Br&nbsp;<\/span><span style=\"color: #222222\">Bo<\/span><span style=\"color: #222222\"> och familjen.<\/span><\/span><\/h3>\n<p>&nbsp;<\/p>\n<h3>&nbsp;<\/h3>\n<p>&nbsp;<\/p>\n<h3>LOGEM\u00d6TE MED PARENTATION OCH OCH RECEPTION<\/h3>\n<h3>Logem\u00f6tet den 19 november tog logen 638 Uddevalla emot fyra nya Vasasyskon, \u00c5ke Johansson, Janne Dahl, Gunnar Axelsson och Hanni Asp. En fullsatt logesal bj\u00f6ds p\u00e5 f\u00f6redrag av f\u00f6rfattare Ellen Mattsson, ledamot i Svenska Akademin. Det var ett mycket givande, intressant och l\u00e4rorikt f\u00f6redrag.&nbsp;<\/h3>\n<h3>Allt igenom en mycket trevlig kv\u00e4ll!<\/h3>\n<div style=\"text-align: center\">&nbsp;<\/div>\n<p style=\"text-align: center\"><img loading=\"lazy\" class=\"\" src=\"https:\/\/vasaorden.com\/uddevalla\/wp-content\/uploads\/sites\/10\/2022\/11\/IMG_E9165-1024x722.jpg\" width=\"499\" height=\"352\"><\/p>\n<p>&nbsp;<\/p>\n<p>&nbsp;<\/p>\n<p style=\"text-align: center\"><img loading=\"lazy\" class=\"\" src=\"https:\/\/vasaorden.com\/uddevalla\/wp-content\/uploads\/sites\/10\/2022\/11\/IMG_E91581-1024x620.jpg\" width=\"499\" height=\"302\"><\/p>\n<h3 style=\"text-align: center\">Ledamoten i Svenska Akademin Ellen Mattsson i livligt samtal med Torsten Torstensson.<\/h3>\n<p>&nbsp;<\/p>\n<p><strong><span style=\"font-size: 18px\">SKOGSPROMENAD 27 oktober<\/span><\/strong><\/p>\n<p><span style=\"color: #333333;font-size: 17px;font-weight: 600\">Vi var endast fyra personer som deltog men detta tappra g\u00e4ng hade det mycket trevligt. Promenaden gick i skogen vid Stuveryr n\u00e4ra Kerstin och Lars hem. Som bel\u00f6ning efter\u00e5t fick vi sitta vid l\u00e4gerelden, d\u00e4r vi bj\u00f6ds p\u00e5 grillad korv med br\u00f6d, kaffe och Kerstins hembakade kaka!<\/span><\/p>\n<p style=\"text-align: center\"><img loading=\"lazy\" class=\"\" src=\"https:\/\/vasaorden.com\/uddevalla\/wp-content\/uploads\/sites\/10\/2022\/11\/thumbnail_IMG_0755.jpg\" width=\"429\" height=\"322\"><\/p>\n<p>&nbsp;<\/p>\n<h4><img loading=\"lazy\" class=\"aligncenter\" src=\"https:\/\/vasaorden.com\/uddevalla\/wp-content\/uploads\/sites\/10\/2022\/03\/IMG_7800.jpg\" width=\"431\" height=\"465\"><\/h4>\n<p>&nbsp;<\/p>\n<h3>&nbsp;\u00c5RSH\u00d6GTIDEN<\/h3>\n<h3>Vasaorden av Amerika Logen 638 Uddevallas \u00c5rsh\u00f6gtid blev en mycket trevlig tillst\u00e4llning. Logen bes\u00f6ktes av flera andra loger. Distriktsm\u00e4stare Maggie Ahlin Thelin med make Curt Thelin , avg\u00e5ende Distriktsdeputerad Jan Ek med fru Anette Ek, alla fr\u00e5n logen Br\u00e5viken i Norrk\u00f6ping. Fr\u00e5n logen Kongah\u00e4lla i Kung\u00e4lv kom Distriktsdeputerad Morgan Andersson, Ordf\u00f6rande Marianne Andersson samt Seppo Bladbacke, tillika Ordf\u00f6rande i logen Sk\u00f6vde, Ingrid och Hans Hellberg samt fr\u00e5n logen G\u00f6teborg Irene Hagalm.<br aria-hidden=\"true\">&gt;&gt; Alla var glada \u00f6ver att tr\u00e4ffas igen efter att pandemirestriktionerna upph\u00f6rt. M\u00f6tet inleddes med i installation av ny Distriktsdeputerad Morgan Andersson och ny Ceremonim\u00e4stare Monica Torstensson och avslutades med utdelande av logens f\u00f6rtj\u00e4nsttecken. D\u00e4refter intogs middag med efterf\u00f6ljande trevlig underh\u00e5llning och vacker musik av Lennart Bertilsson<\/h3>\n<h3>&nbsp;<\/h3>\n<p>&nbsp;<\/p>\n<h3><strong><em><span style=\"font-family: verdana, sans-serif\">SORGEBUD<\/span><\/em><\/strong><\/h3>\n<p><strong><em><span style=\"font-family: verdana, sans-serif\">Jag har den sm\u00e4rtsamma plikten att meddela att<\/span><\/em><\/strong><\/p>\n<p><em><span style=\"font-family: verdana, sans-serif\"><strong> V\u00e5r&nbsp;Br Ceremonim\u00e4stare Holger&nbsp;Molin&nbsp;har l\u00e4mnat oss.<\/strong><br><\/span><\/em><\/p>\n<p><strong><em><span style=\"color: #222222;font-family: verdana, sans-serif\">Br Holger&nbsp;avled efter en tids sjukdom stilla i sitt hem&nbsp;idag tisdagen den&nbsp; &nbsp; &nbsp; &nbsp; &nbsp; &nbsp; <\/span><\/em><\/strong><\/p>\n<p><strong><em><span style=\"color: #222222;font-family: verdana, sans-serif\">6<\/span><\/em><em><span style=\"color: #222222;font-family: verdana, sans-serif\"> juli&nbsp;p\u00e5&nbsp;morgonen&nbsp;omgiven av&nbsp;Sy Caritta och Br Holgers familj.<\/span><\/em><\/strong><\/p>\n<p><strong><em><span style=\"color: #222222;font-family: verdana, sans-serif\">Br Holger var sedan han blev medlem i logen 2013 en mycket duktig och engagerad logebroder.&nbsp;<\/span><\/em><\/strong><\/p>\n<p><strong><em><span style=\"color: #222222;font-family: verdana, sans-serif\">Han var mycket omtyckt och uppskattad som Ceremonim\u00e4stare, som tog sitt uppdrag p\u00e5 st\u00f6rsta allvar.&nbsp;<\/span><\/em><\/strong><\/p>\n<p><strong><em><span style=\"color: #222222;font-family: verdana, sans-serif\">Br Holger var alltid tj\u00e4nstvillig och fanns alltid p\u00e5 plats och till hands p\u00e5 alla logens m\u00f6ten och fester.&nbsp;<\/span><\/em><\/strong><\/p>\n<p><strong><em><span style=\"color: #222222;font-family: verdana, sans-serif\">Saknaden blir stor efter v\u00e5r Broder.<\/span><\/em><\/strong><\/p>\n<p><strong><em><span style=\"color: #222222;font-family: verdana, sans-serif\">V\u00e5ra tankar g\u00e5r till Sy Caritta med familj och Br Holgers barn med familjer.<\/span><\/em><\/strong><\/p>\n<h3 align=\"left\">&nbsp;<\/h3>\n<h3><em><span style=\"font-family: verdana, sans-serif\">Vi lyser frid \u00f6ver Br Holgers minne<\/span><\/em><\/h3>\n<p>&nbsp;<\/p>\n<p>&nbsp;<\/p>\n<h2>Sorgebud<\/h2>\n<h2>Sy Sonia Andersson<\/h2>\n<p>&nbsp;<\/p>\n<h3>K\u00e4ra Vasasyskon<\/h3>\n<h3>Jag har den sm\u00e4rtsamma plikten att meddela att V\u00e5r Sy Sonia Andersson, min mamma,&nbsp; har l\u00e4mnat oss. Sy Sonia avled&nbsp;efter en tids sjukdom stilla i sitt hem&nbsp;natten till m\u00e5ndagen den 29 mars omgiven av mig och min familj.<\/h3>\n<h4>Sy Sonia har sedan hon blev medlem 1996 varit Vasa trogen och h\u00e5llit Vasaorden h\u00f6gt.&nbsp;<\/h4>\n<h4>Saknade och tomheten efter v\u00e5r k\u00e4ra Sy Sonia blir stor. Var med mig och min familj i tankarna.<\/h4>\n<h4>Barbro<\/h4>\n<h4>Begravning var i kretsen av de n\u00e4rmaste och s\u00e4ndes digitalt.&nbsp;<\/h4>\n<h2 style=\"text-align: center\">Vi lyser frid \u00f6ver Sy Sonias minne.<\/h2>\n<p>&nbsp;<\/p>\n<h2><span style=\"font-family: Times New Roman, serif\">K\u00e4ra Vasasyskon<\/span><\/h2>\n<h3><span style=\"font-family: Times New Roman, serif\"><span style=\"color: #222222\">Vi har den sm\u00e4rtsamma plikten att meddela att V\u00e5r S<\/span><span style=\"color: #222222\">y M\u00e4rta Gradin<\/span><span style=\"color: #222222\">&nbsp;har l\u00e4mnat oss. Sy&nbsp;<\/span><span style=\"color: #222222\">M\u00e4rta&nbsp;<\/span><span style=\"color: #222222\">avled o<\/span><span style=\"color: #222222\">nsdagen den 12 januari omgiven av sina barn.<\/span><\/span><\/h3>\n<h3><span style=\"font-family: Times New Roman, serif\"><span style=\"color: #222222\">Sy&nbsp;<\/span><span style=\"color: #222222\">M\u00e4rta var medlem i Logen 638 Uddevalla i 31 \u00e5r och hon skulle ha fyllt 95 \u00e5r i april.&nbsp;<\/span><\/span><\/h3>\n<h3><span style=\"font-family: Times New Roman, serif\"><span style=\"color: #222222\">Hon var en mycket glad och omtyckt&nbsp;&nbsp;<\/span><span style=\"color: #222222\">syster i logen och bes\u00f6kte denna flitigt trots sin h\u00f6ga \u00e5lder och det l\u00e5nga avst\u00e5nden mellan hemorten Kungsbacka och Uddevalla.<\/span><\/span><\/h3>\n<h3><span style=\"font-family: Times New Roman, serif\"><span style=\"color: #222222\">V\u00e5ra tankar g\u00e5r til<\/span><span style=\"color: #222222\">l<\/span><span style=\"color: #222222\">&nbsp;M\u00e4rtas son&nbsp;<\/span><span style=\"color: #222222\">Br<\/span><span style=\"color: #222222\">oder<\/span><span style=\"color: #222222\">&nbsp;<\/span><span style=\"color: #222222\">Ulf&nbsp;<\/span><span style=\"color: #222222\">och familjen.<\/span><\/span><\/h3>\n<h3><em><span style=\"font-family: verdana, sans-serif\">Vi lyser frid \u00f6ver Sy M\u00e4rtas&nbsp; minne<\/span><\/em><\/h3>\n<h2>&nbsp;<\/h2>\n<h2 style=\"text-align: center\">&nbsp;<\/h2>\n<p>&nbsp;<\/p>\n<p style=\"text-align: center\">&#8212;&#8212;&#8212;&#8212;&#8212;&#8212;&#8212;&#8212;&#8212;&#8212;&#8212;&#8212;&#8212;&#8212;&#8212;&#8212;&#8212;&#8212;<\/p>\n<p>&nbsp;<\/p>\n<h4>&nbsp;<\/h4>\n<p>&nbsp;<\/p>\n<h3>&nbsp;<\/h3>\n<h3 style=\"text-align: left\">&nbsp;<\/h3>\n<h2 style=\"text-align: left\">&nbsp;<\/h2>\n<h4>&nbsp;<\/h4>\n<h4>&nbsp;<\/h4>\n\n\n<figure class=\"wp-container-2 wp-block-gallery-1 wp-block-gallery has-nested-images columns-default is-cropped\"><\/figure>\n\n\n\n<div class=\"wp-block-media-text alignwide has-media-on-the-right is-stacked-on-mobile is-vertically-aligned-center has-background\" style=\"background-color:#f1f5c7\"><figure class=\"wp-block-media-text__media\"><img src=\"https:\/\/s.w.org\/patterns\/files\/2021\/06\/pear-1-1024x1024.png\" alt=\"\" class=\"wp-image-5263 size-full\" \/><\/figure><div class=\"wp-block-media-text__content\">\n<div class=\"wp-container-3 wp-block-group\" style=\"padding-top:2em;padding-right:2em;padding-bottom:2em;padding-left:2em\"><div class=\"wp-block-group__inner-container\">\n<p style=\"font-size:36px;line-height:1.2\"><strong>\u00c4ven den bittraste frukt inneh\u00e5ller socker.<\/strong><\/p>\n\n\n\n<p class=\"has-extra-small-font-size\">\u2013 Terry a O&#8217;Neal<\/p>\n<\/div><\/div>\n<\/div><\/div>\n\n\n\n<div class=\"wp-block-media-text alignwide is-stacked-on-mobile is-vertically-aligned-center has-background\" style=\"background-color:#fffdea\"><figure class=\"wp-block-media-text__media\"><img src=\"https:\/\/s.w.org\/patterns\/files\/2021\/06\/pear-half-1024x1024.png\" alt=\"\" class=\"wp-image-673 size-full\" \/><\/figure><div class=\"wp-block-media-text__content\">\n<div class=\"wp-container-4 wp-block-group\" style=\"padding-top:2em;padding-right:2em;padding-bottom:2em;padding-left:2em\"><div class=\"wp-block-group__inner-container\">\n<p style=\"font-size:36px;line-height:1.2\"><strong>De tr\u00e4d som v\u00e4xer l\u00e5ngsammast b\u00e4r de b\u00e4sta frukterna.<\/strong><\/p>\n\n\n\n<p class=\"has-extra-small-font-size\">\u2013 Moli\u00e8re<\/p>\n<\/div><\/div>\n<\/div><\/div>\n","protected":false},"excerpt":{"rendered":"<p>&nbsp; V\u00e4lkommen till Logen nr 638 Uddevalla&nbsp; Uddevallabron Logen stiftades den 18 januari 1958. Vi \u00e4r en av Vasa Orden av Amerikas 25 Lokalloger i Sverige med ett 60-tal medlemmar i Uddevalla-omr\u00e5det. Vi samlas till olika kulturella aktiviteter, fester, utflykter och till trevlig samvaro vid \u00e5rets fem Logem\u00f6ten. Vasa Orden av Amerika \u00e4r inte bara [&hellip;]<\/p>\n","protected":false},"author":21,"featured_media":0,"parent":0,"menu_order":0,"comment_status":"closed","ping_status":"closed","template":"","meta":{"ngg_post_thumbnail":0,"ocean_post_layout":"","ocean_both_sidebars_style":"","ocean_both_sidebars_content_width":0,"ocean_both_sidebars_sidebars_width":0,"ocean_sidebar":"0","ocean_second_sidebar":"0","ocean_disable_margins":"enable","ocean_add_body_class":"","ocean_shortcode_before_top_bar":"","ocean_shortcode_after_top_bar":"","ocean_shortcode_before_header":"","ocean_shortcode_after_header":"","ocean_has_shortcode":"","ocean_shortcode_after_title":"","ocean_shortcode_before_footer_widgets":"","ocean_shortcode_after_footer_widgets":"","ocean_shortcode_before_footer_bottom":"","ocean_shortcode_after_footer_bottom":"","ocean_display_top_bar":"default","ocean_display_header":"default","ocean_header_style":"","ocean_center_header_left_menu":"0","ocean_custom_header_template":"0","ocean_custom_logo":0,"ocean_custom_retina_logo":0,"ocean_custom_logo_max_width":0,"ocean_custom_logo_tablet_max_width":0,"ocean_custom_logo_mobile_max_width":0,"ocean_custom_logo_max_height":0,"ocean_custom_logo_tablet_max_height":0,"ocean_custom_logo_mobile_max_height":0,"ocean_header_custom_menu":"0","ocean_menu_typo_font_family":"0","ocean_menu_typo_font_subset":"","ocean_menu_typo_font_size":0,"ocean_menu_typo_font_size_tablet":0,"ocean_menu_typo_font_size_mobile":0,"ocean_menu_typo_font_size_unit":"px","ocean_menu_typo_font_weight":"","ocean_menu_typo_font_weight_tablet":"","ocean_menu_typo_font_weight_mobile":"","ocean_menu_typo_transform":"","ocean_menu_typo_transform_tablet":"","ocean_menu_typo_transform_mobile":"","ocean_menu_typo_line_height":0,"ocean_menu_typo_line_height_tablet":0,"ocean_menu_typo_line_height_mobile":0,"ocean_menu_typo_line_height_unit":"","ocean_menu_typo_spacing":0,"ocean_menu_typo_spacing_tablet":0,"ocean_menu_typo_spacing_mobile":0,"ocean_menu_typo_spacing_unit":"","ocean_menu_link_color":"","ocean_menu_link_color_hover":"","ocean_menu_link_color_active":"","ocean_menu_link_background":"","ocean_menu_link_hover_background":"","ocean_menu_link_active_background":"","ocean_menu_social_links_bg":"","ocean_menu_social_hover_links_bg":"","ocean_menu_social_links_color":"","ocean_menu_social_hover_links_color":"","ocean_disable_title":"default","ocean_disable_heading":"default","ocean_post_title":"","ocean_post_subheading":"","ocean_post_title_style":"","ocean_post_title_background_color":"","ocean_post_title_background":0,"ocean_post_title_bg_image_position":"","ocean_post_title_bg_image_attachment":"","ocean_post_title_bg_image_repeat":"","ocean_post_title_bg_image_size":"","ocean_post_title_height":0,"ocean_post_title_bg_overlay":0.5,"ocean_post_title_bg_overlay_color":"","ocean_disable_breadcrumbs":"default","ocean_breadcrumbs_color":"","ocean_breadcrumbs_separator_color":"","ocean_breadcrumbs_links_color":"","ocean_breadcrumbs_links_hover_color":"","ocean_display_footer_widgets":"default","ocean_display_footer_bottom":"default","ocean_custom_footer_template":"0"},"_links":{"self":[{"href":"https:\/\/vasaorden.com\/uddevalla\/wp-json\/wp\/v2\/pages\/3988"}],"collection":[{"href":"https:\/\/vasaorden.com\/uddevalla\/wp-json\/wp\/v2\/pages"}],"about":[{"href":"https:\/\/vasaorden.com\/uddevalla\/wp-json\/wp\/v2\/types\/page"}],"author":[{"embeddable":true,"href":"https:\/\/vasaorden.com\/uddevalla\/wp-json\/wp\/v2\/users\/21"}],"replies":[{"embeddable":true,"href":"https:\/\/vasaorden.com\/uddevalla\/wp-json\/wp\/v2\/comments?post=3988"}],"version-history":[{"count":526,"href":"https:\/\/vasaorden.com\/uddevalla\/wp-json\/wp\/v2\/pages\/3988\/revisions"}],"predecessor-version":[{"id":5436,"href":"https:\/\/vasaorden.com\/uddevalla\/wp-json\/wp\/v2\/pages\/3988\/revisions\/5436"}],"wp:attachment":[{"href":"https:\/\/vasaorden.com\/uddevalla\/wp-json\/wp\/v2\/media?parent=3988"}],"curies":[{"name":"wp","href":"https:\/\/api.w.org\/{rel}","templated":true}]}}