{"id":1860,"date":"2017-04-26T11:59:42","date_gmt":"2017-04-26T09:59:42","guid":{"rendered":"http:\/\/bu2022.vasaorden.com\/uddevalla\/?page_id=1860"},"modified":"2026-02-26T13:30:27","modified_gmt":"2026-02-26T12:30:27","slug":"kultur","status":"publish","type":"page","link":"https:\/\/vasaorden.com\/uddevalla\/kultur\/","title":{"rendered":"Kultur"},"content":{"rendered":"<h1>&nbsp;<\/h1>\n<h1 style=\"text-align: left\">&nbsp; &nbsp; &nbsp; &nbsp; &nbsp; &nbsp; &nbsp; &nbsp; &nbsp; &nbsp; &nbsp; &nbsp; &nbsp; &nbsp; &nbsp; &nbsp; &nbsp; &nbsp;V\u00e5rens studiecirklar tr\u00e4ffas 2026 p\u00e5 f\u00f6ljande tider<\/h1>\n<h1 style=\"text-align: center\">Bok och bubbel&nbsp;<\/h1>\n<p style=\"text-align: center\"><strong><span style=\"font-size: large\">5 Februari , 5 Mars, 16 April, 7 Maj<\/span><\/strong><\/p>\n<h1 class=\"western\">&nbsp; &nbsp; &nbsp; &nbsp; &nbsp; &nbsp; &nbsp; &nbsp; &nbsp; &nbsp; &nbsp; &nbsp; &nbsp; &nbsp; &nbsp; &nbsp; &nbsp; &nbsp; &nbsp; &nbsp;Iphonecirkeln, Seniorsurfarna&nbsp; &#8211; sista onsdagen i m\u00e5naden<\/h1>\n<h1 class=\"western\" style=\"text-align: center\"><span style=\"color: #000000\"><span style=\"font-size: large\">28 Januari, 25 Februari , 25 Mars, 29 April&nbsp; &nbsp; &nbsp; &nbsp;<\/span><\/span><\/h1>\n<h1 style=\"text-align: center\">&nbsp; &nbsp; &nbsp; Kulturpromenader&nbsp;<\/h1>\n<h1 class=\"western\" style=\"text-align: center\"><strong><span style=\"color: #000000\"><span style=\"font-size: large\">19 Februari,&nbsp; 19 Mars, 9 april, 21 Maj<\/span><\/span><\/strong><\/h1>\n<p>&nbsp;<\/p>\n<h2 class=\"western\">&nbsp; &nbsp; &nbsp; &nbsp; &nbsp; &nbsp; &nbsp; &nbsp; &nbsp; &nbsp; &nbsp; &nbsp; &nbsp; &nbsp; &nbsp; &nbsp; &nbsp; &nbsp;\u00c4r du intresserad, har du fr\u00e5gor, id\u00e9er mm h\u00f6r av dig till<\/h2>\n<h2 style=\"text-align: center\"><span style=\"color: #000000\">Sy Anita B\u00e4ckerbo&nbsp; 076 228 31 75<\/span><\/h2>\n<h2 style=\"text-align: center\">Studiecirklarna genomf\u00f6rs i samarbete med ABF<\/h2>\n<p>&nbsp;<\/p>\n<h3 style=\"text-align: left\"><strong>&nbsp; &nbsp; &nbsp; &nbsp; &nbsp; &nbsp; &nbsp; &nbsp; &nbsp; &nbsp; &nbsp; &nbsp; &nbsp; &nbsp; &nbsp; &nbsp; &nbsp; &nbsp; &nbsp; &nbsp; &nbsp; &nbsp;Promenader<\/strong><\/h3>\n<h3 style=\"text-align: center\"><strong>Kontakta Lars Eriksson f\u00f6r mer information 0706 004182<\/strong><\/h3>\n<h3>&nbsp; &nbsp; &nbsp; &nbsp; &nbsp; &nbsp; &nbsp; &nbsp; &nbsp; &nbsp; &nbsp; &nbsp; &nbsp; &nbsp; &nbsp; &nbsp; &nbsp; &nbsp; &nbsp; &nbsp; &nbsp; &nbsp; Mobiltelefon<\/h3>\n<h2 class=\"western\"><span style=\"color: #000000\"><span style=\"font-size: large\">&nbsp; &nbsp; &nbsp; &nbsp; &nbsp; &nbsp; &nbsp; &nbsp; &nbsp; &nbsp; &nbsp; &nbsp; &nbsp; &nbsp; &nbsp; &nbsp; &nbsp; &nbsp; &nbsp; &nbsp; &nbsp; &nbsp; <\/span><\/span><strong>Beh\u00f6ver du hj\u00e4lp att anv\u00e4nda din mobiltelefon?&nbsp; <\/strong><\/h2>\n<h3 class=\"western\"><strong>&nbsp; &nbsp; &nbsp; &nbsp; &nbsp; &nbsp; &nbsp; &nbsp; &nbsp; &nbsp; &nbsp; &nbsp; &nbsp; &nbsp; &nbsp; &nbsp; &nbsp; &nbsp; &nbsp; &nbsp; &nbsp; &nbsp; &nbsp;<\/strong><strong>Enklare tips f\u00f6r anv\u00e4ndning av din mobil, fr\u00e4mst Iphone <\/strong><\/h3>\n<h2 style=\"text-align: center\"><strong>&nbsp; &nbsp; &nbsp; &nbsp;Kontakta Jan Larsson om du vill vara med 0738 043078<\/strong><\/h2>\n<h2>&nbsp; &nbsp; &nbsp; &nbsp; &nbsp; &nbsp; &nbsp; &nbsp; &nbsp; &nbsp; &nbsp; &nbsp; &nbsp; &nbsp; &nbsp; &nbsp; &nbsp; &nbsp; &nbsp; &nbsp; Bokcirkel<\/h2>\n<h3>&nbsp; &nbsp; &nbsp; &nbsp; &nbsp; &nbsp; &nbsp; &nbsp; &nbsp; &nbsp; &nbsp; &nbsp; &nbsp; &nbsp; &nbsp; &nbsp; &nbsp; &nbsp; &nbsp; &nbsp; &nbsp; &nbsp; &nbsp;Kontakta Barbro Holmer 0768 556531&nbsp; &nbsp; &nbsp; &nbsp;<\/h3>\n<h2 style=\"text-align: center\">&nbsp;<\/h2>\n<h3 style=\"text-align: center\">&nbsp;<\/h3>\n<h3 style=\"text-align: center\">&nbsp;<\/h3>\n<p>&nbsp;<\/p>\n<h2 style=\"text-align: center\">V\u00e5rens bokcirkel avslutades p\u00e5 Orust d\u00e5 vi diskuterade Giftmakerskan , en ruskig histora av Sarah Penner<\/h2>\n<p><img loading=\"lazy\" class=\"aligncenter\" src=\"https:\/\/vasaorden.com\/uddevalla\/wp-content\/uploads\/sites\/10\/2024\/06\/Bok-och-bubbel-orust--rotated-e1717855613273.jpg\" width=\"406\" height=\"542\"><\/p>\n<h2 style=\"text-align: center\">V\u00e5rens sista Vasapromenad gick vi i Stuveryr d\u00e4r vi bj\u00f6ds p\u00e5 korv och br\u00f6d&nbsp; och fika hos Kerstin och Lars . Vi besteg Kaseberget som bj\u00f6d p\u00e5 bed\u00e5rande utsikt \u00f6ver den fiskrika Ellen\u00f6sj\u00f6n.&nbsp;<\/h2>\n<p><img loading=\"lazy\" class=\"aligncenter\" src=\"https:\/\/vasaorden.com\/uddevalla\/wp-content\/uploads\/sites\/10\/2024\/06\/Stuveryr-5-scaled-e1717856227388.jpg\" width=\"505\" height=\"673\"><\/p>\n<h2>Lars ber\u00e4ttar om H\u00e5mulevallen, Sj\u00f6kas och Ellen\u00f6 g\u00e5rd som har ett privat\u00e4gt vattenfall som producerar el&nbsp;<\/h2>\n<h2 style=\"text-align: left\"><img loading=\"lazy\" class=\"alignright\" src=\"https:\/\/vasaorden.com\/uddevalla\/wp-content\/uploads\/sites\/10\/2024\/06\/Stuveryr-10-scaled-e1717856620164.jpg\" width=\"311\" height=\"415\"><\/h2>\n<h2>&nbsp;<\/h2>\n<h2><img loading=\"lazy\" class=\"alignnone\" src=\"https:\/\/vasaorden.com\/uddevalla\/wp-content\/uploads\/sites\/10\/2024\/06\/Stuveryr-7-scaled-e1717856898167.jpg\" width=\"408\" height=\"306\"><\/h2>\n<h2>&nbsp;<\/h2>\n<h2>Har man ont i sitt kn\u00e4 f\u00e5r man \u00e5ka fyrhjuling!!!!<\/h2>\n<h2 style=\"text-align: right\"><img loading=\"lazy\" class=\"alignleft\" src=\"https:\/\/vasaorden.com\/uddevalla\/wp-content\/uploads\/sites\/10\/2024\/06\/Stuveryr-4-scaled-e1717857122886.jpg\" width=\"320\" height=\"427\"> <img loading=\"lazy\" class=\"\" src=\"https:\/\/vasaorden.com\/uddevalla\/wp-content\/uploads\/sites\/10\/2024\/06\/Stuveryr-3-scaled-e1717857645738.jpg\" width=\"308\" height=\"410\"><\/h2>\n<h2>&nbsp;<\/h2>\n<h2 style=\"text-align: right\">Lars, Anita och Hanni stod f\u00f6r grillningen, Kerstin f\u00f6r kaffe och kaka<\/h2>\n<h2 style=\"text-align: left\">och vi andra l\u00e4t oss v\u00e4l smaka!<\/h2>\n<h2><img loading=\"lazy\" class=\"alignleft\" src=\"https:\/\/vasaorden.com\/uddevalla\/wp-content\/uploads\/sites\/10\/2024\/06\/Stuveryr-1-scaled-e1717857825331.jpg\" width=\"362\" height=\"482\"><\/h2>\n<h2><img loading=\"lazy\" class=\"alignright\" src=\"https:\/\/vasaorden.com\/uddevalla\/wp-content\/uploads\/sites\/10\/2024\/06\/Stuveryr-2-scaled-e1717858021228.jpg\" width=\"318\" height=\"424\"><\/h2>\n<h2>&nbsp;<\/h2>\n<h2>&nbsp;<\/h2>\n<h2>&nbsp;<\/h2>\n<h2>&nbsp;<\/h2>\n<h2>&nbsp;<\/h2>\n<h2>&nbsp;<\/h2>\n<h2>&nbsp;<\/h2>\n<h2>&nbsp;<\/h2>\n<h2>&nbsp;<\/h2>\n<h2>&nbsp;<\/h2>\n<h2>&nbsp;<\/h2>\n<h2>&nbsp;<\/h2>\n<h2 style=\"text-align: center\">Seniorsurfarna i aktion<\/h2>\n<p><img loading=\"lazy\" class=\"alignright\" src=\"https:\/\/vasaorden.com\/uddevalla\/wp-content\/uploads\/sites\/10\/2024\/03\/Jan-rotated-e1710250292373.jpg\" width=\"254\" height=\"339\"><\/p>\n<p><img loading=\"lazy\" class=\"alignleft\" src=\"https:\/\/vasaorden.com\/uddevalla\/wp-content\/uploads\/sites\/10\/2024\/03\/Berit-och-Lennart-rotated-e1710249922930.jpg\" width=\"262\" height=\"349\"><\/p>\n<h3><img loading=\"lazy\" class=\"alignnone alignright\" src=\"https:\/\/vasaorden.com\/uddevalla\/wp-content\/uploads\/sites\/10\/2024\/03\/Hanni-och-Kathe-rotated-e1710250082150.jpg\" width=\"251\" height=\"335\"><\/h3>\n<h3 style=\"text-align: center\">&nbsp;<\/h3>\n<h3>&nbsp;<\/h3>\n<h3>&nbsp;<\/h3>\n<p>&nbsp;<\/p>\n<p>&nbsp;<\/p>\n<p>&nbsp;<\/p>\n<h3>&nbsp;<\/h3>\n<p>&nbsp;<\/p>\n<h3>&nbsp;<\/h3>\n<h3><img loading=\"lazy\" class=\"\" src=\"https:\/\/vasaorden.com\/uddevalla\/wp-content\/uploads\/sites\/10\/2024\/03\/Iphon-flera-e1710250466908.jpg\" width=\"422\" height=\"240\"><\/h3>\n<h3>&nbsp;<\/h3>\n<h3>&nbsp;<\/h3>\n<h3>Sl\u00e4ktforskning.&nbsp;<\/h3>\n<h3><strong>Tider meddelas senare men Calle h\u00e5ller p\u00e5 att f\u00f6rbereda sig.<\/strong><\/h3>\n<h4><strong>Kontakta Calle Hjelm&nbsp; om du vill vara med 0708 902665<\/strong><\/h4>\n<h3>&nbsp;<\/h3>\n<h1><strong>Tidigare \u00e5r 2023<\/strong><\/h1>\n<p><img class=\"alignright\" src=\"https:\/\/vasaorden.com\/uddevalla\/wp-content\/uploads\/sites\/10\/2024\/03\/Promenad-Forshalla-2-rotated-e1710253399815.jpg\"><img class=\"alignleft\" src=\"https:\/\/vasaorden.com\/uddevalla\/wp-content\/uploads\/sites\/10\/2024\/03\/promenad-Forshalla-1-rotated-e1710253492197.jpg\"><\/p>\n<h2>&nbsp;<\/h2>\n<h2><img loading=\"lazy\" class=\"\" src=\"https:\/\/vasaorden.com\/uddevalla\/wp-content\/uploads\/sites\/10\/2024\/03\/promenad-Forshalla-3-rotated-e1710253630426.jpg\" width=\"265\" height=\"354\"> &nbsp;<\/h2>\n<h2>&nbsp;<\/h2>\n<h2>H\u00f6stpromenad i Forsh\u00e4lla Torsten Torstensson guidar bland kulturl\u00e4mningar i Forsh\u00e4lla<\/h2>\n<p>&nbsp;<\/p>\n<p>&nbsp;<\/p>\n<p><strong><span style=\"font-size: 18px\">SKOGSPROMENAD&nbsp;<\/span><\/strong><\/p>\n<p><span style=\"color: #333333;font-size: 17px;font-weight: 600\">Vi var endast fyra personer som deltog men detta tappra g\u00e4ng hade det mycket trevligt. Promenaden gick i skogen vid Stuveryr n\u00e4ra Kerstin och Lars hem. Som bel\u00f6ning efter\u00e5t fick vi sitta vid l\u00e4gerelden, d\u00e4r vi bj\u00f6ds p\u00e5 grillad korv med br\u00f6d, kaffe och Kerstins hembakade kaka!<\/span><\/p>\n<p style=\"text-align: center\"><img loading=\"lazy\" class=\"\" src=\"https:\/\/vasaorden.com\/uddevalla\/wp-content\/uploads\/sites\/10\/2022\/11\/thumbnail_IMG_0755.jpg\" width=\"466\" height=\"350\"><\/p>\n<h3>&nbsp;<\/h3>\n<h3>&nbsp;<\/h3>\n<h3>Vasapromenad 8 februari 2022<\/h3>\n<div class=\"x_BodyFragment\">\n<h3 class=\"x_PlainText\">Ett tappert g\u00e4ng p\u00e5 fem personer trotsade OS och motionerade 3,5 km p\u00e5 en trevliga slinga med start och slut vid Thordeng\u00e5rden&nbsp; &nbsp;Fika i str\u00e5lande&nbsp; sol smakade gott efter\u00e5t!<\/h3>\n<\/div>\n<p><img loading=\"lazy\" class=\"aligncenter\" src=\"https:\/\/vasaorden.com\/uddevalla\/wp-content\/uploads\/sites\/10\/2022\/02\/Vasa-220208.jpg\" width=\"459\" height=\"345\"><\/p>\n<div class=\"x_PlainText\">&nbsp;<\/div>\n<div>&nbsp;<\/div>\n<p>&nbsp;<\/p>\n<h3 style=\"text-align: center\">&nbsp;<\/h3>\n<p style=\"text-align: center\"><img loading=\"lazy\" class=\"\" src=\"https:\/\/vasaorden.com\/uddevalla\/wp-content\/uploads\/sites\/10\/2021\/11\/IMG_74711-1-576x1024.png\" width=\"353\" height=\"628\"><\/p>\n<h3 style=\"text-align: center\"><span style=\"color: #0000ff\">10 tappra Vasasyskon promenerade till S\u00f6rkullen d\u00e4r det bj\u00f6ds p\u00e5 grillad korv med br\u00f6d! Smakade gott.<\/span><\/h3>\n<h3 style=\"text-align: center\"><span style=\"color: #0000ff\"> Tack Kerstin och Lars f\u00f6r arrangemanget.<\/span><\/h3>\n<h3>&nbsp;<\/h3>\n<h3 style=\"text-align: center\"><img loading=\"lazy\" class=\"\" src=\"https:\/\/vasaorden.com\/uddevalla\/wp-content\/uploads\/sites\/10\/2021\/11\/IMG_74641-scaled-e1637442030733-1024x730.jpg\" width=\"384\" height=\"274\"><\/h3>\n<h3 style=\"text-align: center\"><span style=\"color: #0000ff\">Seniorsurfarna finslipar sina kunskaper .<\/span><\/h3>\n<p>&nbsp;<\/p>\n<p style=\"text-align: center\"><img loading=\"lazy\" class=\"\" src=\"http:\/\/bu2022.vasaorden.com\/uddevalla\/files\/2021\/06\/IMG_6740-768x1024.jpg\" width=\"451\" height=\"601\"><\/p>\n<h3>Efter att vi i v\u00e5r studiecirkeln l\u00e4st deckaren Stormvakt som utspelade sig p\u00e5 Hoven\u00e4set, inspekterade vi brottsplatsen<\/h3>\n<p>&nbsp;<\/p>\n<p style=\"text-align: center\"><img loading=\"lazy\" class=\"\" src=\"http:\/\/bu2022.vasaorden.com\/uddevalla\/files\/2021\/06\/IMG_6741-768x1024.jpg\" width=\"413\" height=\"550\"><\/p>\n<p><span style=\"color: #ffffff\">z<\/span><\/p>\n<p><span style=\"color: #ffffff\">z<\/span><\/p>\n<p style=\"text-align: center\"><span style=\"color: #ffffff\"><img loading=\"lazy\" class=\"\" src=\"http:\/\/bu2022.vasaorden.com\/uddevalla\/files\/2021\/09\/IMG_7273-768x1024.jpg\" width=\"401\" height=\"534\"><\/span><\/p>\n<h3 style=\"text-align: center\">Hasse Schylberg underh\u00f6ll med musik p\u00e5 sitt finst\u00e4mda s\u00e4tt<\/h3>\n<p>&nbsp;<\/p>\n<p style=\"text-align: center\"><img loading=\"lazy\" class=\"\" src=\"https:\/\/vasaorden.com\/uddevalla\/wp-content\/uploads\/sites\/10\/2021\/09\/IMG_7283-scaled-e1632734191425-944x1024.jpg\" width=\"431\" height=\"468\"><\/p>\n<h3>Broder Kent diskuterar med Stefan Blomberg som informerade och ber\u00e4ttade om sin forskning och det instrument som med hj\u00e4lp av mikrov\u00e5gor kan hitta skador skador p\u00e5 hj\u00e4rnan.<\/h3>\n<p>&nbsp;<\/p>\n<p style=\"text-align: center\">&nbsp;<\/p>\n<p style=\"text-align: center\"><img loading=\"lazy\" class=\"\" src=\"http:\/\/bu2022.vasaorden.com\/uddevalla\/files\/2021\/09\/IMG_7286-768x1024.jpg\" width=\"399\" height=\"532\"><\/p>\n<h3 style=\"text-align: center\">Br\u00f6der och systrar i glatt samspr\u00e5k<\/h3>\n<p style=\"text-align: center\">&nbsp;<\/p>\n<h2 style=\"text-align: center\"><span style=\"color: #0000ff;font-size: 16px\">P\u00e5 v\u00e5r senaste fest den 13 november jublades det mycket \u00e5t det folkliga divertissemang<\/span><\/h2>\n<h3 style=\"text-align: center\"><span style=\"color: #0000ff\">&nbsp; som framf\u00f6rdes av v\u00e5ra br\u00f6der Lars och Leif Enorsson ivrigt p\u00e5hejade av Carl-Gustaf Hjelm<\/span><\/h3>\n<h2><span style=\"color: #0000ff\"><strong>Skulpturvandring I Uddevalla centrum&nbsp; &nbsp; &nbsp; &nbsp; &nbsp; &nbsp;20 maj 2021<\/strong><\/span><\/h2>\n<p><span style=\"color: #ffffff\">z<\/span><\/p>\n<h3>P\u00e5 v\u00e5r vandring hade vi ambitionen att bes\u00f6ka 26 statyer\/ utsmyckningar i centrala Uddevalla.&nbsp; &nbsp;Vi n\u00e5dde inte \u00e4nda fram men vill g\u00e4rna \u00e5terkomma.<\/h3>\n<h3 style=\"text-align: center\"><span style=\"color: #ffffff\"><img loading=\"lazy\" class=\"\" src=\"https:\/\/vasaorden.com\/uddevalla\/wp-content\/uploads\/sites\/10\/2021\/05\/alla.jpg\" width=\"480\" height=\"639\">z<\/span><\/h3>\n<h3 style=\"text-align: center\">Glada skulpturvandrare vid Maria Lundb\u00e4cksplatsen i Hasselbacken<\/h3>\n<p><span style=\"color: #ffffff\">z<\/span><\/p>\n<p style=\"text-align: center\"><img loading=\"lazy\" class=\"\" src=\"https:\/\/vasaorden.com\/uddevalla\/wp-content\/uploads\/sites\/10\/2021\/05\/backen.jpg\" width=\"480\" height=\"497\"><\/p>\n<h3 style=\"text-align: center\">Den vackra skulpturen Vera&nbsp; g\u00f6mmer sig i gr\u00f6nskan<\/h3>\n<p><span style=\"color: #ffffff\">z<\/span><\/p>\n<p style=\"text-align: center\"><img class=\"\" src=\"https:\/\/vasaorden.com\/uddevalla\/wp-content\/uploads\/sites\/10\/2021\/05\/Tupp-e1621764031360.jpg\"><\/p>\n<h3 style=\"text-align: center\">Tuppen vid polishuset \u00e4r symbol f\u00f6r Vaksamhet<\/h3>\n<p>&nbsp;<\/p>\n<p>&nbsp;<\/p>\n<p style=\"text-align: center\">&nbsp;<\/p>\n<p>&nbsp;<\/p>\n<p style=\"text-align: center\"><img loading=\"lazy\" class=\"\" src=\"https:\/\/vasaorden.com\/uddevalla\/wp-content\/uploads\/sites\/10\/2021\/01\/vasa-7-jan.jpg\" width=\"408\" height=\"543\"><\/p>\n<h4 style=\"text-align: center\"><span style=\"color: #000080\">Efter flytt till gamla k\u00e4ra Odd Feliows-lokalen smakade det gott med kaffe och dopp.<\/span><\/h4>\n<h4 style=\"text-align: center\">&nbsp;<\/h4>\n<h4 style=\"text-align: center\">&nbsp;<\/h4>\n<h4>&nbsp;<\/h4>\n<h4 style=\"text-align: left\"><span style=\"color: #000080\">Studiegruppen Djur o Natur p\u00e5 vandring. <\/span><\/h4>\n<h4 style=\"text-align: left\"><span style=\"color: #000080\">Maltes Stig lockade femton Vasasyskon d\u00e4r&nbsp; Br Jan ber\u00e4ttade om var den riktigt gamla marknadsplatsen l\u00e5g. N\u00e4ra marknadsplatsen l\u00e5g ocks\u00e5 det gamla saltsjuderiet. Saltverk var en anl\u00e4ggning som producerade koksalt genom att saltvatten kokades i \u00f6ppna grytor. N\u00e4r vattnet kokats bort \u00e5terstod det v\u00e4rdefulla saltet.<\/span><\/h4>\n<h4 style=\"text-align: left\"><span style=\"color: #000080\">Br Holger visade oss tecken i naturen p\u00e5 hur h\u00f6g landh\u00f6jningen varit sedan istiden och visade de nyare sedimenteringsdammarna som byggts f\u00f6r att rena vatten fr\u00e5n kv\u00e4ve och partikelbundet fosfor fr\u00e5n motorv\u00e4gsbrons dagvattenavlopp.<\/span><\/h4>\n<p>&nbsp;<\/p>\n<p style=\"text-align: center\"><img loading=\"lazy\" class=\"\" src=\"https:\/\/vasaorden.com\/uddevalla\/wp-content\/uploads\/sites\/10\/2020\/12\/Malte-6011.jpg\" width=\"450\" height=\"337\"><\/p>\n<h3 style=\"text-align: center\"><span style=\"color: #333399\">Visst k\u00e4nde vi oss frisk och sunda och tog oss en runda l\u00e4ngs Orekils\u00e4lven.<\/span><\/h3>\n<p style=\"text-align: center\">&nbsp;<\/p>\n<h3 style=\"text-align: center\">&nbsp;<\/h3>\n<p style=\"text-align: center\"><img loading=\"lazy\" class=\"\" src=\"https:\/\/vasaorden.com\/uddevalla\/wp-content\/uploads\/sites\/10\/2020\/12\/Malte-3249.jpg\" width=\"512\" height=\"512\"><\/p>\n<blockquote>\n<h3 style=\"text-align: center\"><span style=\"color: #333399\">Nu b\u00f6rjar det v\u00e4rma inombords <\/span><\/h3>\n<p>&nbsp;<\/p>\n<h4><span style=\"color: #333399\">Vi noterade ocks\u00e5 att vi inte var de f\u00f6rsta Uddevallaborna som bes\u00f6kt platsen d\u00e5 redan n\u00e5gra \u00e5r efter 1667 <span style=\"font-size: inherit\">fick Uddevallas borgare r\u00e4tten att via Saltk\u00e4llan inf\u00f6ra salt, spannm\u00e5l och tobak som komplement till exporten av br\u00e4dor.<\/span><\/span><\/h4>\n<\/blockquote>\n<h4><span style=\"color: #333399\">De viktigaste, flesta och st\u00f6rsta s\u00e5garna fanns vid \u00d6rekils\u00e4lven. Fr\u00e5n K\u00e4rnsj\u00f6ns utlopp i s\u00f6der och ner l\u00e4ngs med \u00e4lven anlades ett stort antal s\u00e5gverksanl\u00e4ggningar, kvarnar och dammar. Ganska snart var de ett 20-tal. 1672 gavs order fr\u00e5n staten (kunglig maj:t) om upprensning av \u00d6rekils\u00e4lvens vattenled f\u00f6r att underl\u00e4tta en timmerflottning i st\u00f6rre skala. Fr\u00e5n 1685 finns en uppgift om att kronan anvisat en summa av femtusen daler f\u00f6r detta \u00e4ndam\u00e5l. D\u00e4rmed blev \u00d6rekils\u00e4lven en av Sveriges \u00e4ldsta allm\u00e4nna flottleder. 1688 fanns det 24 s\u00e5gar.&nbsp;<\/span><\/h4>\n<h4><span style=\"color: #333399\">P\u00e5 1720-talet hade antalet s\u00e5gverk v\u00e4xt till 32 stycken.<\/span><\/h4>\n<h4><span style=\"color: #333399\">Del\u00e4gare i Uddevalla S\u00e5gbruksintressenter var huvuddelen av Uddevallas ledande borgarfamiljer liksom fler andra rika personer i Bohusl\u00e4n. 1738 undertecknare av ett uttalande till f\u00f6rsvar f\u00f6r s\u00e5gverksindustrin och dess privilegier inklusive Saltk\u00e4llans lastageplats gentemot j\u00e4rnbruks\u00e4garen J\u00f6ns Koch som ville f\u00e5 dessa privilegier begr\u00e4nsade och dessutom st\u00e4nga Saltk\u00e4llans lastageplats. Vid denna tid fanns 27 s\u00e5gverk l\u00e4ngs med \u00d6rekils\u00e4lven.&nbsp;<\/span><\/h4>\n<h4><span style=\"color: #333399\">1672 gavs order fr\u00e5n staten (kunglig maj:t) om upprensning av \u00d6rekils\u00e4lvens vattenled f\u00f6r att underl\u00e4tta en timmerflottning i st\u00f6rre skala. Fr\u00e5n 1685 finns en uppgift om att kronan anvisat en summa av femtusen daler f\u00f6r detta \u00e4ndam\u00e5l. D\u00e4rmed blev \u00d6rekils\u00e4lven en av Sveriges \u00e4ldsta allm\u00e4nna flottleder.&nbsp;<\/span><\/h4>\n<h4><span style=\"color: #333399\">Del\u00e4gare i Uddevalla S\u00e5gbruksintressenter var huvuddelen av Uddevallas ledande borgarfamiljer liksom fler andra rika personer i Bohusl\u00e4n. 1738 undertecknades&nbsp; av ett uttalande till f\u00f6rsvar f\u00f6r s\u00e5gverksindustrin och dess privilegier inklusive Saltk\u00e4llans lastageplats gentemot j\u00e4rnbruks\u00e4garen J\u00f6ns Koch som ville f\u00e5 dessa privilegier begr\u00e4nsade och dessutom st\u00e4nga Saltk\u00e4llans lastageplats. Vid denna tid fanns 27 s\u00e5gverk l\u00e4ngs med \u00d6rekils\u00e4lven.&nbsp;<\/span><\/h4>\n<p style=\"text-align: center\">&nbsp;<\/p>\n<h4 style=\"text-align: left\"><span style=\"color: #800000\">Bokcirkelns avslutningstr\u00e4ff f\u00f6r h\u00f6sten kombinerades med en skogsvandring.<\/span><br \/>\n<span style=\"color: #800000\">En till h\u00e4ften decimerad deltagarskara diskuterade \u201dInnan ni tog oss\u201d av Lisa Wingate vid l\u00e4gerelden.<\/span><br \/>\n<span style=\"color: #800000\">Mats bistod med eld och fika!<\/span><\/h4>\n<p>&nbsp;<\/p>\n<p style=\"text-align: center\"><img loading=\"lazy\" class=\"\" src=\"https:\/\/vasaorden.com\/uddevalla\/wp-content\/uploads\/sites\/10\/2020\/11\/Vasa-3211.jpg\" width=\"447\" height=\"336\"><\/p>\n<p>&nbsp;<\/p>\n<h4><span style=\"color: #000080\">Vasagruppen gjorde en exkursion och gick&nbsp; Coronas\u00e4kert den sk \u201dAntikrundan\u201d fr\u00e5n Ljungskile till Lyckorna.<\/span><br \/>\n<span style=\"color: #000080\">N\u00e5gra intog d\u00e4refter den v\u00e4lsmakande Laxlunchen p\u00e5 Laxbutiken.<\/span><\/h4>\n<p style=\"text-align: center\">&nbsp;<\/p>\n<p style=\"text-align: center\"><img loading=\"lazy\" class=\"\" src=\"https:\/\/vasaorden.com\/uddevalla\/wp-content\/uploads\/sites\/10\/2020\/11\/Lyckorna-b-1.jpg\" width=\"477\" height=\"358\"><\/p>\n<p style=\"text-align: center\">&nbsp;<\/p>\n<p style=\"text-align: center\"><img src=\"https:\/\/vasaorden.com\/uddevalla\/wp-content\/uploads\/sites\/10\/2020\/11\/Lyckorna-b1.jpg\"><\/p>\n<h3 style=\"text-align: center\">Stadsvandringen den 15 oktober<\/h3>\n<h4>&nbsp;<\/h4>\n<p style=\"text-align: center\"><img loading=\"lazy\" class=\"\" src=\"https:\/\/vasaorden.com\/uddevalla\/wp-content\/uploads\/sites\/10\/2020\/10\/IMG_1811-rotated-1.jpg\" width=\"413\" height=\"551\"><\/p>\n<p style=\"text-align: center\"><span style=\"color: #000080\">Vi samlades nedanf\u00f6r det vackra klocktornet f\u00f6r en stadsvandring l\u00e4ngs B\u00e4ve\u00e5n<\/span><\/p>\n<p style=\"text-align: center\">&nbsp;<\/p>\n<p style=\"text-align: center\">&nbsp;<\/p>\n<p style=\"text-align: center\"><img loading=\"lazy\" class=\"\" src=\"https:\/\/vasaorden.com\/uddevalla\/wp-content\/uploads\/sites\/10\/2020\/10\/IMG_1798.jpg\" width=\"463\" height=\"347\"><\/p>\n<h4><span style=\"color: #008080\"><strong>Stefan Bergendahl ber\u00e4ttade m\u00e5nga <\/strong><\/span><span style=\"color: #008080\"><strong>&nbsp;h<\/strong><\/span><span style=\"color: #008080\"><strong>istorier om Uddevalla och om stadens tidigare \u00f6den.<\/strong><\/span><\/h4>\n<h4>&nbsp;<\/h4>\n<p style=\"text-align: center\">&nbsp;<\/p>\n<h4>&nbsp;<\/h4>\n<p style=\"text-align: center\"><span style=\"color: #ffffff\">.<\/span><\/p>\n<h2 style=\"text-align: center\">&nbsp;<\/h2>\n<h4 style=\"text-align: center\">&nbsp;<\/h4>\n<p><span style=\"color: #ffffff\">l<\/span><\/p>\n<h3 style=\"text-align: center\"><img loading=\"lazy\" class=\"\" src=\"http:\/\/bu2022.vasaorden.com\/uddevalla\/files\/2020\/10\/121161757_2770922656562351_7312826700414343644_n-1024x768.jpg\" width=\"524\" height=\"393\"><\/h3>\n<p><span style=\"color: #ffffff\">\u00e4<\/span><br \/>\n<span style=\"color: #ffffff\">\u00e4<\/span><\/p>\n<p style=\"text-align: center\"><img loading=\"lazy\" class=\"\" src=\"https:\/\/vasaorden.com\/uddevalla\/wp-content\/uploads\/sites\/10\/2020\/10\/IMG_5871.jpg\" width=\"524\" height=\"393\"><\/p>\n<h3 style=\"text-align: center\">Bok och Bubbel hade trevliga bes\u00f6k p\u00e5 H\u00e4stefjorden och p\u00e5 Amhult.<\/h3>\n<h4 style=\"text-align: center\">&nbsp;<\/h4>\n<h2 style=\"text-align: center\">&nbsp;<\/h2>\n<h2 style=\"text-align: center\">&nbsp;<\/h2>\n<h3 style=\"text-align: center\">&nbsp;<\/h3>\n<h3 style=\"text-align: center\"><span style=\"color: #ffffff\">llllllllllllllllllllllllllllllllll<\/span><\/h3>\n<h4 style=\"text-align: center\">&nbsp;<\/h4>\n<h5 style=\"text-align: center\"><span style=\"color: #ffffff\">llll &nbsp; &nbsp; &nbsp; &nbsp; &nbsp; &nbsp; &nbsp; &nbsp; &nbsp; &nbsp; &nbsp; &nbsp; &nbsp; &nbsp; &nbsp; &nbsp; &nbsp; &nbsp; &nbsp; &nbsp; &nbsp; &nbsp; &nbsp; &nbsp; &nbsp; &nbsp; &nbsp; &nbsp; &nbsp; &nbsp; &nbsp; &nbsp; &nbsp; &nbsp; &nbsp; &nbsp; &nbsp; &nbsp; &nbsp; &nbsp; &nbsp; &nbsp; &nbsp; &nbsp; &nbsp; &nbsp; &nbsp; &nbsp; &nbsp; &nbsp; &nbsp; &nbsp;<\/span><\/h5>\n<h4 style=\"text-align: center\">&nbsp;<\/h4>\n<h1><span style=\"color: #ffffff\">llllllllllllllllllllllllll<\/span><\/h1>\n<h5 style=\"text-align: center\">&nbsp;<\/h5>\n<h4 style=\"text-align: center\">&nbsp;<\/h4>\n<h2 style=\"text-align: center\">&nbsp;<\/h2>\n<h1 style=\"text-align: center\"><span style=\"color: #ffffff\">llllllllllllllllll<\/span><\/h1>\n<h1><span style=\"color: #ffffff\">llllllllllllllllllllllllllllllllll<\/span><\/h1>\n<h1 style=\"text-align: center\">&nbsp;<\/h1>\n<h2 style=\"text-align: center\"><span style=\"color: #ffffff\">lllllllllllllllllllllllllllllll<\/span><\/h2>\n<h3 style=\"text-align: center\">&nbsp;<\/h3>\n<h1 style=\"text-align: center\"><span style=\"color: #ffffff\">lllllllllllllllllllllllllllll<\/span><\/h1>\n<h2 style=\"text-align: center\">&nbsp;<\/h2>\n<h1 style=\"text-align: center\"><span style=\"color: #ffffff\">&#8230;<\/span><\/h1>\n<h1 style=\"text-align: center\"><span style=\"color: #ffffff\">..<\/span><\/h1>\n<h1 style=\"text-align: center\"><span style=\"color: #ffffff\">.<\/span><\/h1>\n<h4 style=\"text-align: center\">&nbsp;<\/h4>\n<h3 style=\"text-align: center\">&nbsp;<\/h3>\n<h1><span style=\"color: #ffffff\">llllllllllllllllllllllllllllll<\/span><\/h1>\n<h1><span style=\"color: #ffffff\">llllllllllllllllllllllllllllllll<\/span><\/h1>\n<h1><span style=\"color: #ffffff\">lllllllllllllllllllllllllll<\/span><\/h1>\n<h3 style=\"text-align: center\">&nbsp;<\/h3>\n<h1><span style=\"color: #ffffff\">llllllllllllllllll<\/span><\/h1>\n<h2 style=\"text-align: center\"><span style=\"color: #ffffff\">ll<\/span><\/h2>\n<h2 style=\"text-align: center\"><span style=\"color: #008000\">Kulturr\u00e5det:<\/span><\/h2>\n<h4 style=\"text-align: center\"><span style=\"color: #008000\">Caritta Bryngelson-Molin , kulturledare<\/span><\/h4>\n<h4 style=\"text-align: center\"><span style=\"color: #008000\">Anita B\u00e4ckebo<\/span><\/h4>\n<h4 style=\"text-align: center\"><span style=\"color: #008000\">Kent Thorvaldsson<\/span><\/h4>\n<p><span style=\"color: #ffffff\">z<\/span><br \/>\n<span style=\"color: #ffffff\">z<\/span><br \/>\n<span style=\"color: #ffffff\">z<\/span><\/p>\n<h3 style=\"text-align: center\">Stadsvandringen den 15 oktober<\/h3>\n<h4>&nbsp;<\/h4>\n<p style=\"text-align: center\"><img loading=\"lazy\" class=\"\" src=\"https:\/\/vasaorden.com\/uddevalla\/wp-content\/uploads\/sites\/10\/2020\/10\/IMG_1811-rotated-1.jpg\" width=\"413\" height=\"551\"><\/p>\n<p style=\"text-align: center\"><span style=\"color: #000080\">Vi samlades nedanf\u00f6r det vackra klocktornet f\u00f6r en stadsvandring l\u00e4ngs B\u00e4ve\u00e5n<\/span><\/p>\n<p style=\"text-align: center\"><img loading=\"lazy\" class=\"\" src=\"https:\/\/vasaorden.com\/uddevalla\/wp-content\/uploads\/sites\/10\/2020\/10\/IMG_1798.jpg\" width=\"463\" height=\"347\"><\/p>\n<h4><span style=\"color: #008080\"><strong>Stefan Bergendahl ber\u00e4ttade m\u00e5nga <\/strong><\/span><span style=\"color: #008080\"><strong>&nbsp;h<\/strong><\/span><span style=\"color: #008080\"><strong>istorier om Uddevalla och om stadens tidigare \u00f6den.<\/strong><\/span><\/h4>\n<h3 style=\"text-align: center\"><span style=\"color: #ffffff\">z<\/span><\/h3>\n<h3 style=\"text-align: center\">&nbsp;<\/h3>\n<p style=\"text-align: center\"><img loading=\"lazy\" class=\"\" src=\"https:\/\/vasaorden.com\/uddevalla\/wp-content\/uploads\/sites\/10\/2020\/10\/IMG_1803.jpg\" width=\"386\" height=\"515\"><\/p>\n<h4 style=\"text-align: center\">Stig Strand i f\u00f6rgrunden syntes n\u00f6jd i h\u00f6stsolen.<\/h4>\n<h1 style=\"text-align: center\"><span style=\"color: #ffffff\">lllllllll<\/span><\/h1>\n<h2 style=\"text-align: center\">&nbsp;<\/h2>\n<h1><span style=\"color: #ffffff\">lllllllllllllll<\/span><\/h1>\n<h3 style=\"text-align: center\">&nbsp;<\/h3>\n<h1 style=\"text-align: center\">&nbsp;<\/h1>\n<h2 style=\"text-align: center\"><span style=\"color: #ffffff\">zz<\/span><\/h2>\n<h1 style=\"text-align: center\"><span style=\"color: #ffffff\">z<span style=\"color: #ffffff\">llllllllllllllllllllll<\/span><\/span><\/h1>\n<h2 style=\"text-align: center\">&nbsp;<\/h2>\n<h1>&nbsp;<\/h1>\n<h2 style=\"text-align: center\"><span style=\"color: #ffffff\">.<\/span><\/h2>\n<h3 style=\"text-align: center\">&nbsp;<\/h3>\n<p><span style=\"color: #ffffff\">a<\/span><\/p>\n<h2 style=\"text-align: center\">&nbsp;<\/h2>\n<h3 style=\"text-align: center\">&nbsp;<\/h3>\n","protected":false},"excerpt":{"rendered":"<p>&nbsp; &nbsp; &nbsp; &nbsp; &nbsp; &nbsp; &nbsp; &nbsp; &nbsp; &nbsp; &nbsp; &nbsp; &nbsp; &nbsp; &nbsp; &nbsp; &nbsp; &nbsp; &nbsp;V\u00e5rens studiecirklar tr\u00e4ffas 2026 p\u00e5 f\u00f6ljande tider Bok och bubbel&nbsp; 5 Februari , 5 Mars, 16 April, 7 Maj &nbsp; &nbsp; &nbsp; &nbsp; &nbsp; &nbsp; &nbsp; &nbsp; &nbsp; &nbsp; &nbsp; &nbsp; &nbsp; &nbsp; &nbsp; &nbsp; &nbsp; &nbsp; [&hellip;]<\/p>\n","protected":false},"author":23,"featured_media":0,"parent":0,"menu_order":0,"comment_status":"closed","ping_status":"closed","template":"","meta":{"ngg_post_thumbnail":0,"ocean_post_layout":"","ocean_both_sidebars_style":"","ocean_both_sidebars_content_width":0,"ocean_both_sidebars_sidebars_width":0,"ocean_sidebar":"0","ocean_second_sidebar":"0","ocean_disable_margins":"enable","ocean_add_body_class":"","ocean_shortcode_before_top_bar":"","ocean_shortcode_after_top_bar":"","ocean_shortcode_before_header":"","ocean_shortcode_after_header":"","ocean_has_shortcode":"","ocean_shortcode_after_title":"","ocean_shortcode_before_footer_widgets":"","ocean_shortcode_after_footer_widgets":"","ocean_shortcode_before_footer_bottom":"","ocean_shortcode_after_footer_bottom":"","ocean_display_top_bar":"default","ocean_display_header":"default","ocean_header_style":"","ocean_center_header_left_menu":"0","ocean_custom_header_template":"0","ocean_custom_logo":0,"ocean_custom_retina_logo":0,"ocean_custom_logo_max_width":0,"ocean_custom_logo_tablet_max_width":0,"ocean_custom_logo_mobile_max_width":0,"ocean_custom_logo_max_height":0,"ocean_custom_logo_tablet_max_height":0,"ocean_custom_logo_mobile_max_height":0,"ocean_header_custom_menu":"0","ocean_menu_typo_font_family":"0","ocean_menu_typo_font_subset":"","ocean_menu_typo_font_size":0,"ocean_menu_typo_font_size_tablet":0,"ocean_menu_typo_font_size_mobile":0,"ocean_menu_typo_font_size_unit":"px","ocean_menu_typo_font_weight":"","ocean_menu_typo_font_weight_tablet":"","ocean_menu_typo_font_weight_mobile":"","ocean_menu_typo_transform":"","ocean_menu_typo_transform_tablet":"","ocean_menu_typo_transform_mobile":"","ocean_menu_typo_line_height":0,"ocean_menu_typo_line_height_tablet":0,"ocean_menu_typo_line_height_mobile":0,"ocean_menu_typo_line_height_unit":"","ocean_menu_typo_spacing":0,"ocean_menu_typo_spacing_tablet":0,"ocean_menu_typo_spacing_mobile":0,"ocean_menu_typo_spacing_unit":"","ocean_menu_link_color":"","ocean_menu_link_color_hover":"","ocean_menu_link_color_active":"","ocean_menu_link_background":"","ocean_menu_link_hover_background":"","ocean_menu_link_active_background":"","ocean_menu_social_links_bg":"","ocean_menu_social_hover_links_bg":"","ocean_menu_social_links_color":"","ocean_menu_social_hover_links_color":"","ocean_disable_title":"default","ocean_disable_heading":"default","ocean_post_title":"","ocean_post_subheading":"","ocean_post_title_style":"","ocean_post_title_background_color":"","ocean_post_title_background":0,"ocean_post_title_bg_image_position":"","ocean_post_title_bg_image_attachment":"","ocean_post_title_bg_image_repeat":"","ocean_post_title_bg_image_size":"","ocean_post_title_height":0,"ocean_post_title_bg_overlay":0.5,"ocean_post_title_bg_overlay_color":"","ocean_disable_breadcrumbs":"default","ocean_breadcrumbs_color":"","ocean_breadcrumbs_separator_color":"","ocean_breadcrumbs_links_color":"","ocean_breadcrumbs_links_hover_color":"","ocean_display_footer_widgets":"default","ocean_display_footer_bottom":"default","ocean_custom_footer_template":"0"},"_links":{"self":[{"href":"https:\/\/vasaorden.com\/uddevalla\/wp-json\/wp\/v2\/pages\/1860"}],"collection":[{"href":"https:\/\/vasaorden.com\/uddevalla\/wp-json\/wp\/v2\/pages"}],"about":[{"href":"https:\/\/vasaorden.com\/uddevalla\/wp-json\/wp\/v2\/types\/page"}],"author":[{"embeddable":true,"href":"https:\/\/vasaorden.com\/uddevalla\/wp-json\/wp\/v2\/users\/23"}],"replies":[{"embeddable":true,"href":"https:\/\/vasaorden.com\/uddevalla\/wp-json\/wp\/v2\/comments?post=1860"}],"version-history":[{"count":61,"href":"https:\/\/vasaorden.com\/uddevalla\/wp-json\/wp\/v2\/pages\/1860\/revisions"}],"predecessor-version":[{"id":5333,"href":"https:\/\/vasaorden.com\/uddevalla\/wp-json\/wp\/v2\/pages\/1860\/revisions\/5333"}],"wp:attachment":[{"href":"https:\/\/vasaorden.com\/uddevalla\/wp-json\/wp\/v2\/media?parent=1860"}],"curies":[{"name":"wp","href":"https:\/\/api.w.org\/{rel}","templated":true}]}}