{"id":13,"date":"2012-02-13T20:37:18","date_gmt":"2012-02-13T18:37:18","guid":{"rendered":"http:\/\/bu2022.vasaorden.com\/boras\/?page_id=13"},"modified":"2024-09-03T14:14:06","modified_gmt":"2024-09-03T12:14:06","slug":"information","status":"publish","type":"page","link":"https:\/\/vasaorden.com\/uddevalla\/information\/","title":{"rendered":"Medlemsblad\/K\u00e4rven"},"content":{"rendered":"\n<p>Medlemsblad augusti 24<\/p>\n\n\n\n<h2>K\u00e4ra medlemmar och v\u00e4nner till Logen Uddevalla nr 638, Vasa Orden av Amerika.<\/h2>\n\n\n\n<h3>Sommaren \u00e4r kort, det mesta regnar bort skrev Thomas Ledin 1982 och s\u00e4llan har v\u00e4l det st\u00e4mt b\u00e4ttre \u00e4n denna sommar.<\/h3>\n\n\n\n<h3>Vi avrundar sommaren med v\u00e5rt sedvanliga Korpagille, i \u00e5r den 24 augusti, och vi hoppas p\u00e5 stort deltagande fr\u00e5n logens medlemmar men \u00e4ven fr\u00e5n g\u00e4ster fr\u00e5n n\u00e4r och fj\u00e4rran.<\/h3>\n\n\n\n<h3>Varje \u00e5r sedan 1976 anordnar Logen Uddevalla 638 Vasa Orden av Amerika under sommarhalv\u00e5ret ett \u201dhomecoming\u201d arrangemang, vilket med h\u00e4nsyftning till Uddevallas stadsf\u00e5gel (korp) ben\u00e4mns Korpagille.<\/h3>\n\n\n\n<h3>Arrangemanget har en historisk karakt\u00e4r och understryker betydelsen av personliga kontakter p\u00e5 b\u00e5da sidor om Atlanten och v\u00e4rdet av ett aktivt kulturutbyte. Korpagillet \u00e4r unikt f\u00f6r v\u00e5r loge i Uddevalla.<\/h3>\n\n\n<h2 style=\"text-align: left\">&nbsp;<\/h2>\n<h3><a href=\"https:\/\/vasaorden.com\/uddevalla\/wp-content\/uploads\/sites\/10\/2020\/10\/2020-3-augusti-Rev.-1.pdf\">2020-3-augusti-Rev.<\/a><\/h3>\n<h2><a href=\"https:\/\/vasaorden.com\/uddevalla\/wp-content\/uploads\/sites\/10\/2020\/05\/Karven-2020-2-Maj.pdf\">K\u00e4rven-2020-2-Maj<\/a><\/h2>\n<h3><a href=\"https:\/\/vasaorden.com\/uddevalla\/wp-content\/uploads\/sites\/10\/2020\/02\/Karven-2020-1-Februari-3.pdf\">K\u00e4rven<span style=\"color: #0000ff\">-2020-<\/span>1-Februari-3&nbsp;&nbsp;<\/a><\/h3>\n<h1><a href=\"https:\/\/vasaorden.com\/uddevalla\/wp-content\/uploads\/sites\/10\/2019\/11\/Karven-4-2019.pdf\">K\u00e4rven 4 2019<\/a><\/h1>\n<h3><a href=\"https:\/\/vasaorden.com\/uddevalla\/wp-content\/uploads\/sites\/10\/2019\/08\/Karven-2019-3-augusti-2.pdf\">K\u00e4rven-2019-3-augusti-2&nbsp;<\/a><\/h3>\n<h3><a href=\"https:\/\/vasaorden.com\/uddevalla\/wp-content\/uploads\/sites\/10\/2019\/07\/Karven-Extra.pdf\"><span style=\"color: #800080\">K\u00e4rven <\/span><span style=\"color: #993366\"><span style=\"color: #800080\">Extra<\/span><\/span><\/a><\/h3>\n<h3><a href=\"https:\/\/vasaorden.com\/uddevalla\/wp-content\/uploads\/sites\/10\/2019\/03\/Karven-2019-Nr-1.pdf\">K\u00e4rven 2019 Nr 1<\/a><\/h3>\n<h3><span style=\"color: #ffffff\"><a href=\"https:\/\/vasaorden.com\/uddevalla\/wp-content\/uploads\/sites\/10\/2019\/05\/Karven-2019-2-Maj.pdf\">K\u00e4rven-2019-2-Maj<\/a>lllllllllllllllllllllllllllllllllllllllllllll<\/span><\/h3>\n<h1><span style=\"color: #ffffff\">lllllllllllllllllllllllllll<\/span><\/h1>\n<h4><a href=\"https:\/\/vasaorden.com\/uddevalla\/wp-content\/uploads\/sites\/10\/2020\/06\/Vasa-Medlemsblad-juni-2020.pdf\">Vasa Medlemsblad juni 2020<\/a><\/h4>\n<h4><a href=\"https:\/\/vasaorden.com\/uddevalla\/wp-content\/uploads\/sites\/10\/2020\/04\/Medlemsblad-april-2020.pdf\">Medlemsblad april 2020<\/a><\/h4>\n<h4><a href=\"https:\/\/vasaorden.com\/uddevalla\/wp-content\/uploads\/sites\/10\/2020\/01\/Medlemsblad-1-2020.pdf\">Medlemsblad 1 2020<\/a><\/h4>\n<h4><a href=\"https:\/\/vasaorden.com\/uddevalla\/wp-content\/uploads\/sites\/10\/2019\/08\/Inbjudan-Korpagille-Medlemsblad-20191.pdf\">Inbjudan Korpagille Medlemsblad 20191&nbsp;&nbsp;<\/a><\/h4>\n<h4><a href=\"https:\/\/vasaorden.com\/uddevalla\/wp-content\/uploads\/sites\/10\/2019\/01\/Medlemsblad-Nr-1-2019.pdf\">Medlemsblad Nr 1 2019<\/a><\/h4>\n<h4><a href=\"https:\/\/vasaorden.com\/uddevalla\/wp-content\/uploads\/sites\/10\/2018\/08\/Medlemsblad-augusti-2018.pdf\">Medlemsblad augusti 2018<\/a><\/h4>\n<h4><span style=\"color: #3366ff\"><a style=\"color: #3366ff\" href=\"https:\/\/vasaorden.com\/uddevalla\/wp-content\/uploads\/sites\/10\/2017\/01\/Vasa-2016-Medlemsblad-nr-9-Argang-23-nr-201.pdf\">Vasa 2016 Medlemsblad nr 9 \u00c5rg\u00e5ng 23 nr 201<\/a><\/span><\/h4>\n<h4><a href=\"https:\/\/vasaorden.com\/uddevalla\/wp-content\/uploads\/sites\/10\/2012\/02\/Vasa-2016-Medlemsblad-nr-8.pdf\">Vasa 2016 Medlemsblad nr 8<\/a><\/h4>\n<h4><a href=\"https:\/\/vasaorden.com\/uddevalla\/wp-content\/uploads\/sites\/10\/2012\/02\/Vasa-2015-Medlemsblad-Nr-9-Argang-22-nr-192.pdf\">Vasa 2015 Medlemsblad Nr 9 \u00c5rg\u00e5ng 22 nr 192<\/a><\/h4>\n<h4><a href=\"https:\/\/vasaorden.com\/uddevalla\/wp-content\/uploads\/sites\/10\/2012\/02\/Vasa-2015-Medlemsblad-nr-8-Argang-22-nr-191.pdf\">Vasa 2015 Medlemsblad nr 8 \u00c5rg\u00e5ng 22 nr 191<\/a><\/h4>\n<h4><a href=\"https:\/\/vasaorden.com\/uddevalla\/wp-content\/uploads\/sites\/10\/2012\/02\/Vasa-2015-Medlemsblad-Nr-7-Argang-22-nr-190-A.pdf\">Vasa 2015 Medlemsblad Nr 7 \u00c5rg\u00e5ng 22 nr 190 A<\/a><\/h4>\n<h4><a href=\"https:\/\/vasaorden.com\/uddevalla\/wp-content\/uploads\/sites\/10\/2012\/02\/Medlemsblad-nr-6-2015.pdf\">Medlemsblad nr 6 2015<\/a><\/h4>\n<h4><a href=\"https:\/\/vasaorden.com\/uddevalla\/wp-content\/uploads\/sites\/10\/2012\/02\/Medlemsblad-nr-2015.pdf\">Medlemsblad nr 2015<\/a><\/h4>\n<h4><span style=\"color: #3366ff\"><a style=\"color: #3366ff\" href=\"https:\/\/vasaorden.com\/uddevalla\/wp-content\/uploads\/sites\/10\/2012\/02\/Vasa-2015-Medlemsblad-nr-4-Argang-22-nr-187-A.pdf\">Vasa 2015 Medlemsblad nr 4 \u00c5rg\u00e5ng 22 nr 187 A<\/a><\/span><\/h4>\n<h4><a href=\"https:\/\/vasaorden.com\/uddevalla\/wp-content\/uploads\/sites\/10\/2012\/02\/Vasa-2015-Medlemsblad-nr-3-Argang-22-nr-186.pdf\">Vasa 2015 Medlemsblad nr 3 \u00c5rg\u00e5ng 22 nr 186<\/a><\/h4>\n<h4><a href=\"https:\/\/vasaorden.com\/uddevalla\/wp-content\/uploads\/sites\/10\/2012\/02\/Vasa-2015-Medlemsblad-nr-2-Argang-22.pdf\">Vasa 2015 Medlemsblad nr 2 \u00c5rg\u00e5ng 22<\/a><\/h4>\n<h4><a href=\"https:\/\/vasaorden.com\/uddevalla\/wp-content\/uploads\/sites\/10\/2012\/02\/Medlemsblad-Nr-1-2015.pdf\">Medlemsblad Nr 1 2015<\/a><\/h4>\n<h4><a href=\"https:\/\/vasaorden.com\/uddevalla\/wp-content\/uploads\/sites\/10\/2012\/02\/Vasa-2014-Medlemsblad-Nr-9-Argang-21-nr-183.pdf\">Vasa 2014 Medlemsblad Nr 9 \u00c5rg\u00e5ng 21 nr 183<\/a><\/h4>\n<h4><a href=\"https:\/\/vasaorden.com\/uddevalla\/wp-content\/uploads\/sites\/10\/2012\/02\/Vasa-2014-Medlemsblad-Nr-8-Argang-21.pdf\">Vasa 2014 Medlemsblad Nr 8 \u00c5rg\u00e5ng 21<\/a><span style=\"color: #3366ff\">&nbsp;med&nbsp;<\/span><a href=\"https:\/\/vasaorden.com\/uddevalla\/wp-content\/uploads\/sites\/10\/2012\/02\/Till-minne-av-forre-Stormastaren-Lennart-Petersson.pdf\">Till minne av f\u00f6rre Storm\u00e4staren Lennart Petersson<\/a><\/h4>\n<h4><a href=\"https:\/\/vasaorden.com\/uddevalla\/wp-content\/uploads\/sites\/10\/2012\/02\/Medlemsblad-Nr-7-2014.pdf\">Medlemsblad Nr 7 2014<\/a><\/h4>\n<h4><a href=\"https:\/\/vasaorden.com\/uddevalla\/wp-content\/uploads\/sites\/10\/2012\/02\/Vasa-2014-Medlemsblad-Nr-6-Argang-21-nr-180.pdf\">Vasa 2014 Medlemsblad Nr 6 \u00c5rg\u00e5ng 21 nr 180<\/a><\/h4>\n<h4><span style=\"color: #3366ff\"><a style=\"color: #3366ff\" href=\"https:\/\/vasaorden.com\/uddevalla\/wp-content\/uploads\/sites\/10\/2012\/02\/Medlemsblad-5-2014-Korpagille.pdf\">Medlemsblad 5 2014-Korpagille<\/a><\/span><\/h4>\n<h4><a href=\"https:\/\/vasaorden.com\/uddevalla\/wp-content\/uploads\/sites\/10\/2012\/02\/Medlemsblad-Nr-4-2014.pdf\">Medlemsblad Nr 4 2014<\/a><\/h4>\n<h4><a href=\"https:\/\/vasaorden.com\/uddevalla\/wp-content\/uploads\/sites\/10\/2012\/02\/Medlemsblad-Nr-3-2014.pdf\">Medlemsblad Nr 3 2014<\/a><\/h4>\n<h4>&nbsp;<a href=\"https:\/\/vasaorden.com\/uddevalla\/wp-content\/uploads\/sites\/10\/2012\/02\/Medlemsblad-Nr-2-2014-Kulturmote-pdf.pdf\">Medlemsblad Nr 2 2014 &#8211; Kulturm\u00f6te-pdf<\/a><\/h4>\n<h4><a href=\"https:\/\/vasaorden.com\/uddevalla\/wp-content\/uploads\/sites\/10\/2012\/02\/Medlemsblad-Nr-2-2014.pdf\">&nbsp;<\/a><a href=\"https:\/\/vasaorden.com\/uddevalla\/wp-content\/uploads\/sites\/10\/2012\/02\/Medlemsblad-Nr-1-2014.pdf\">Medlemsblad Nr 1 2014<\/a><\/h4>\n<h4><a href=\"https:\/\/vasaorden.com\/uddevalla\/wp-content\/uploads\/sites\/10\/2012\/02\/Medlemsblad-nr-10-2013.pdf\">Medlemsblad nr 10 2013<\/a><\/h4>\n<h4><a href=\"https:\/\/vasaorden.com\/uddevalla\/wp-content\/uploads\/sites\/10\/2012\/02\/Medlemsblad-nr-9-2013.pdf\">Medlemsblad nr 9 2013<\/a><\/h4>\n<h4 style=\"text-align: left\"><a href=\"https:\/\/vasaorden.com\/uddevalla\/wp-content\/uploads\/sites\/10\/2012\/02\/Medlemsblad-nr-8-20131.pdf\">Medlemsblad nr 8 2013<\/a><\/h4>\n<h4 style=\"text-align: left\"><a href=\"https:\/\/vasaorden.com\/uddevalla\/wp-content\/uploads\/sites\/10\/2012\/02\/Medlemsblad-nr-7-2013.pdf\">Medlemsblad nr 7 2013<\/a><\/h4>\n<h4 style=\"text-align: left\"><a href=\"https:\/\/vasaorden.com\/uddevalla\/wp-content\/uploads\/sites\/10\/2012\/02\/Medlemsblad-6-2013.pdf\">Medlemsblad 6, 2013<\/a><\/h4>\n<h4 style=\"text-align: left\"><a href=\"https:\/\/vasaorden.com\/uddevalla\/wp-content\/uploads\/sites\/10\/2012\/02\/EXTRA-MEDLEMSBLAD-nr-6-2013-05-18.pdf\">EXTRA MEDLEMSBLAD nr 6 2013-05-18<\/a><\/h4>\n<h4><a href=\"https:\/\/vasaorden.com\/uddevalla\/wp-content\/uploads\/sites\/10\/2012\/02\/Extra-logemote-2013-04-20-nr-5.pdf\">Extra logem\u00f6te 2013-04-20 nr 5 2013<\/a><\/h4>\n<h4 style=\"text-align: left\"><a href=\"https:\/\/vasaorden.com\/uddevalla\/wp-content\/uploads\/sites\/10\/2012\/02\/Medlemsblad-nr-4-2013-EXTRA.pdf\">Medlemsblad nr 4 2013 EXTRA<\/a><\/h4>\n<h4 style=\"text-align: left\"><a href=\"https:\/\/vasaorden.com\/uddevalla\/wp-content\/uploads\/sites\/10\/2012\/02\/EXTRA-medlemsblad-NR-3-PDF.pdf\">EXTRA medlemsblad NR 3 2013<\/a><\/h4>\n<h4>&nbsp;<a href=\"https:\/\/vasaorden.com\/uddevalla\/wp-content\/uploads\/sites\/10\/2012\/02\/Kulturmote-2013-PDF1.pdf\">Medlemsblad nr 2 2013<\/a><\/h4>\n<h4>&nbsp;<a href=\"https:\/\/vasaorden.com\/uddevalla\/wp-content\/uploads\/sites\/10\/2012\/02\/Inbjuder-till-Ars-hogtid-2013-1-PDF.pdf\">Medlemsblad Nr 1 2013<\/a><\/h4>\n<h4>&nbsp;<a href=\"https:\/\/vasaorden.com\/uddevalla\/wp-content\/uploads\/sites\/10\/2012\/02\/Medlemsblad-nr-9-word-97.pdf\">Medlemsblad nr 9 2012<\/a><\/h4>\n<h4>&nbsp;<a href=\"https:\/\/vasaorden.com\/uddevalla\/wp-content\/uploads\/sites\/10\/2012\/02\/Logemote-17-nov-12.pdf\">Medlemsblad nr 8 2012<\/a><\/h4>\n<h4>&nbsp;<a href=\"https:\/\/vasaorden.com\/uddevalla\/wp-content\/uploads\/sites\/10\/2012\/02\/Vasa-Extra-Medlemsmote-2012-10-13-Utskick-PDF1.pdf\">Medlemsblad nr 7 2012<\/a><\/h4>\n<h4>&nbsp;<a href=\"https:\/\/vasaorden.com\/uddevalla\/wp-content\/uploads\/sites\/10\/2012\/02\/Medlemsblad-nr-6-2012-09-22-med-bilder.pdf\">Medlemsblad nr 6 2012-09-22 med bilder<\/a><\/h4>\n<h4>&nbsp;<a href=\"https:\/\/vasaorden.com\/uddevalla\/wp-content\/uploads\/sites\/10\/2012\/02\/Medlemsblad-nr-5-2012-Argang-pdf.pdf\">Medlemsblad nr 5 &#8211; 2012 <\/a><\/h4>\n<h4>&nbsp;<a href=\"https:\/\/vasaorden.com\/uddevalla\/wp-content\/uploads\/sites\/10\/2012\/02\/Extra-medlemsblad-2012-05-29-med-blider1.pdf\">Extra medlemsblad 2012-05-29 med blider<\/a><\/h4>\n<h4>&nbsp;<a href=\"https:\/\/vasaorden.com\/uddevalla\/wp-content\/uploads\/sites\/10\/2012\/02\/Medlemsblad-nr-3-2012.pdf\">Medlemsblad nr 3 2012<\/a><\/h4>","protected":false},"excerpt":{"rendered":"<p>Medlemsblad augusti 24 K\u00e4ra medlemmar och v\u00e4nner till Logen Uddevalla nr 638, Vasa Orden av Amerika. Sommaren \u00e4r kort, det mesta regnar bort skrev Thomas Ledin 1982 och s\u00e4llan har v\u00e4l det st\u00e4mt b\u00e4ttre \u00e4n denna sommar. Vi avrundar sommaren med v\u00e5rt sedvanliga Korpagille, i \u00e5r den 24 augusti, och vi hoppas p\u00e5 stort deltagande [&hellip;]<\/p>\n","protected":false},"author":21,"featured_media":0,"parent":0,"menu_order":0,"comment_status":"closed","ping_status":"closed","template":"","meta":{"ngg_post_thumbnail":0,"ocean_post_layout":"","ocean_both_sidebars_style":"","ocean_both_sidebars_content_width":0,"ocean_both_sidebars_sidebars_width":0,"ocean_sidebar":"","ocean_second_sidebar":"","ocean_disable_margins":"enable","ocean_add_body_class":"","ocean_shortcode_before_top_bar":"","ocean_shortcode_after_top_bar":"","ocean_shortcode_before_header":"","ocean_shortcode_after_header":"","ocean_has_shortcode":"","ocean_shortcode_after_title":"","ocean_shortcode_before_footer_widgets":"","ocean_shortcode_after_footer_widgets":"","ocean_shortcode_before_footer_bottom":"","ocean_shortcode_after_footer_bottom":"","ocean_display_top_bar":"default","ocean_display_header":"default","ocean_header_style":"","ocean_center_header_left_menu":"","ocean_custom_header_template":"","ocean_custom_logo":0,"ocean_custom_retina_logo":0,"ocean_custom_logo_max_width":0,"ocean_custom_logo_tablet_max_width":0,"ocean_custom_logo_mobile_max_width":0,"ocean_custom_logo_max_height":0,"ocean_custom_logo_tablet_max_height":0,"ocean_custom_logo_mobile_max_height":0,"ocean_header_custom_menu":"","ocean_menu_typo_font_family":"","ocean_menu_typo_font_subset":"","ocean_menu_typo_font_size":0,"ocean_menu_typo_font_size_tablet":0,"ocean_menu_typo_font_size_mobile":0,"ocean_menu_typo_font_size_unit":"px","ocean_menu_typo_font_weight":"","ocean_menu_typo_font_weight_tablet":"","ocean_menu_typo_font_weight_mobile":"","ocean_menu_typo_transform":"","ocean_menu_typo_transform_tablet":"","ocean_menu_typo_transform_mobile":"","ocean_menu_typo_line_height":0,"ocean_menu_typo_line_height_tablet":0,"ocean_menu_typo_line_height_mobile":0,"ocean_menu_typo_line_height_unit":"","ocean_menu_typo_spacing":0,"ocean_menu_typo_spacing_tablet":0,"ocean_menu_typo_spacing_mobile":0,"ocean_menu_typo_spacing_unit":"","ocean_menu_link_color":"","ocean_menu_link_color_hover":"","ocean_menu_link_color_active":"","ocean_menu_link_background":"","ocean_menu_link_hover_background":"","ocean_menu_link_active_background":"","ocean_menu_social_links_bg":"","ocean_menu_social_hover_links_bg":"","ocean_menu_social_links_color":"","ocean_menu_social_hover_links_color":"","ocean_disable_title":"default","ocean_disable_heading":"default","ocean_post_title":"","ocean_post_subheading":"","ocean_post_title_style":"","ocean_post_title_background_color":"","ocean_post_title_background":0,"ocean_post_title_bg_image_position":"","ocean_post_title_bg_image_attachment":"","ocean_post_title_bg_image_repeat":"","ocean_post_title_bg_image_size":"","ocean_post_title_height":0,"ocean_post_title_bg_overlay":0.5,"ocean_post_title_bg_overlay_color":"","ocean_disable_breadcrumbs":"default","ocean_breadcrumbs_color":"","ocean_breadcrumbs_separator_color":"","ocean_breadcrumbs_links_color":"","ocean_breadcrumbs_links_hover_color":"","ocean_display_footer_widgets":"default","ocean_display_footer_bottom":"default","ocean_custom_footer_template":""},"_links":{"self":[{"href":"https:\/\/vasaorden.com\/uddevalla\/wp-json\/wp\/v2\/pages\/13"}],"collection":[{"href":"https:\/\/vasaorden.com\/uddevalla\/wp-json\/wp\/v2\/pages"}],"about":[{"href":"https:\/\/vasaorden.com\/uddevalla\/wp-json\/wp\/v2\/types\/page"}],"author":[{"embeddable":true,"href":"https:\/\/vasaorden.com\/uddevalla\/wp-json\/wp\/v2\/users\/21"}],"replies":[{"embeddable":true,"href":"https:\/\/vasaorden.com\/uddevalla\/wp-json\/wp\/v2\/comments?post=13"}],"version-history":[{"count":2,"href":"https:\/\/vasaorden.com\/uddevalla\/wp-json\/wp\/v2\/pages\/13\/revisions"}],"predecessor-version":[{"id":4859,"href":"https:\/\/vasaorden.com\/uddevalla\/wp-json\/wp\/v2\/pages\/13\/revisions\/4859"}],"wp:attachment":[{"href":"https:\/\/vasaorden.com\/uddevalla\/wp-json\/wp\/v2\/media?parent=13"}],"curies":[{"name":"wp","href":"https:\/\/api.w.org\/{rel}","templated":true}]}}