{"id":860,"date":"2020-04-17T17:13:27","date_gmt":"2020-04-17T15:13:27","guid":{"rendered":"http:\/\/bu2022.vasaorden.com\/stockholm\/?page_id=860"},"modified":"2025-08-14T17:11:35","modified_gmt":"2025-08-14T15:11:35","slug":"ordforanden-har-ordet","status":"publish","type":"page","link":"https:\/\/vasaorden.com\/stockholm\/ordforanden-har-ordet\/","title":{"rendered":"Aktuellt i Logen"},"content":{"rendered":"<h4 align=\"left\"><strong><a href=\"https:\/\/vasaorden.com\/stockholm\/wp-content\/uploads\/sites\/6\/2012\/02\/Stockholmsmotiv2.jpg\"><img loading=\"lazy\" class=\" wp-image-53 aligncenter\" src=\"https:\/\/vasaorden.com\/stockholm\/wp-content\/uploads\/sites\/6\/2012\/02\/Stockholmsmotiv2-1024x344.jpg\" alt=\"\" width=\"809\" height=\"272\" srcset=\"https:\/\/vasaorden.com\/stockholm\/wp-content\/uploads\/sites\/6\/2012\/02\/Stockholmsmotiv2-1024x344.jpg 1024w, https:\/\/vasaorden.com\/stockholm\/wp-content\/uploads\/sites\/6\/2012\/02\/Stockholmsmotiv2-300x101.jpg 300w, https:\/\/vasaorden.com\/stockholm\/wp-content\/uploads\/sites\/6\/2012\/02\/Stockholmsmotiv2-768x258.jpg 768w, https:\/\/vasaorden.com\/stockholm\/wp-content\/uploads\/sites\/6\/2012\/02\/Stockholmsmotiv2-1536x517.jpg 1536w, https:\/\/vasaorden.com\/stockholm\/wp-content\/uploads\/sites\/6\/2012\/02\/Stockholmsmotiv2.jpg 1772w\" sizes=\"(max-width: 809px) 100vw, 809px\" \/><\/a><\/strong><\/h4>\n<h1 align=\"left\">Stockholm juni 2025<\/h1>\n<p>V\u00e4rmd\u00f6 16 juni 2025<\/p>\n<p>B\u00e4sta logesyskon,<br \/>\n\u00c4ntligen har sommarv\u00e4rmen kommit och passande nog i midsommarveckan! Som vi har l\u00e4ngtat efter en minst sagt kylig v\u00e5r.<br \/>\nUnder v\u00e5ren har vi tr\u00e4ffats, f\u00f6rutom p\u00e5 v\u00e5ra logem\u00f6ten, flera g\u00e5nger p\u00e5 konstutst\u00e4llningar. Alltid lika trevligt att m\u00f6tas i kulturen, att tillsammans fika och utbyta tankar kring det vi upplevt p\u00e5 utst\u00e4llningarna.<br \/>\nI maj hade vi en utflykt till Gr\u00f6ns\u00f6\u00f6 slott och H\u00e4rkeberga kyrka och Kaplansg\u00e5rd. En dag fylld med konst och kultur och med fin gemenskap. Roligt att s\u00e5 m\u00e5nga hade m\u00f6jlighet att \u00e5ka med;<br \/>\nDen 30 augusti v\u00e4ntar den traditionella Kr\u00e4ftskivan, som vanligt i Folkets Hus i<br \/>\nSundbyberg. Mer information kommer senare i juni.<br \/>\nDessf\u00f6rinnan hoppas vi p\u00e5 en bouletr\u00e4ff n\u00e5gon g\u00e5ng i mitten av augusti. Men f\u00f6rst ska vi njuta av v\u00e5r h\u00e4rliga sommar!<br \/>\n\u201dDet konstiga med somrar \u00e4r att de g\u00e5r s\u00e5 fort \u00f6ver\u201d<br \/>\nCitat: Astrid Lindgren<\/p>\n<p>En riktigt Glad Midsommar \u00f6nskar jag er alla!<br \/>\nMaria Nihl\u00e9n<br \/>\nOrdf\u00f6rande i Logen Stockholm nr 589<\/p>\n<p>&nbsp;<\/p>\n<h2>&nbsp;<\/h2>\n<h4 align=\"left\">&nbsp;<\/h4>\n<h4 align=\"left\">Stockholm september 2023<\/h4>\n<p>Logen Stockholm nr 589 firar <strong>9<\/strong><strong>0 \u00e5r den 5 januari 2024<\/strong>. Vi kommer att vara i Elite Hotel Marina Tower i Nacka och hoppas att m\u00e5nga Vasa-v\u00e4nner har m\u00f6jlighet att delta. Vi startar med h\u00f6gtidsloge. D\u00e4refter serveras en tre-r\u00e4tters middag samt bjuds p\u00e5 \u201dhemlig g\u00e4st\u201d. Dans till levande orkester. M\u00f6jlighet f\u00f6r \u00f6vernattning p\u00e5 hotellet finns. Uppge kodordet <strong>vasa <\/strong>n\u00e4r du bokar.<\/p>\n<p><em>V<\/em><em>\u00e4<\/em><em>lkommen!<\/em><\/p>\n<h4 align=\"left\">&nbsp;<\/h4>\n<h4 align=\"left\">Stockholm februari 2022<\/h4>\n<p align=\"left\">Nu b\u00f6rjar vi om med ett Trivselm\u00f6te fredagen den 25 februari och vi skjuter p\u00e5 \u00c5rsm\u00f6tet till den 26 mars.<\/p>\n<h4 align=\"left\">Stockholm november 2021<\/h4>\n<h4><strong>B\u00e4sta logesyskon<\/strong><\/h4>\n<p>\u00c5ret 2021 \u00e4r snart till \u00e4nda och ett nytt \u00e5r 2022 n\u00e4rmar sig. \u00c4ven arbetsterminen g\u00e5r mot sitt slut och p\u00e5 detta logem\u00f6te kommer nomineringskommitt\u00e9n att presentera sitt f\u00f6rslag till tj\u00e4nstem\u00e4n och styrelse f\u00f6r n\u00e4sta termin.<br \/>\nVi kommer ocks\u00e5 att ha gl\u00e4djen att \u00e4ven denna g\u00e5ng h\u00e4lsa nya medlemmar v\u00e4lkomna till v\u00e5r loge.<br \/>\nSom tidigare har meddelats kommer parentation att genomf\u00f6ras f\u00f6r flera k\u00e4ra logesyskon. Michael och jag vill ocks\u00e5 \u00f6nska er alla en trevlig kv\u00e4ll eftersom vi kommer att vara bortresta<br \/>\ni november.<br \/>\nVi ses igen p\u00e5 arbetsm\u00f6tet i december. I Sanning och Enighet<br \/>\n<em>M<\/em><em>aria Nihl\u00e9n<\/em><br \/>\nOrdf\u00f6rande i Logen Stockholm nr 589<br \/>\n&nbsp;<\/p>\n<h4>Stockholm oktober 2021<\/h4>\n<h4>K\u00e4ra logesyskon<\/h4>\n<p>Nu har vi \u00e4ntligen kommit ig\u00e5ng igen och det \u00e4r redan dags f\u00f6r oktoberm\u00f6tet!<br \/>\nS\u00e5 h\u00e4rligt det var att tr\u00e4ffa er alla p\u00e5 senaste logem\u00f6tet. Visst var det lite ovant i b\u00f6rjan, men det dr\u00f6jde inte l\u00e4nge f\u00f6rr\u00e4n allt k\u00e4ndes som vanligt i den fina syskongemenskapen.<br \/>\nVi hade ju d\u00e5 ocks\u00e5 gl\u00e4djen att v\u00e4lkomna flera nya syskon och det har vi \u00e4ven denna g\u00e5ng.<br \/>\nTrots att det kan upplevas lite tjatigt \u00e4r det fortsatt viktigt att p\u00e5minna varandra om att pandemin \u00e4nnu inte \u00e4r \u00f6ver. \u00c4ven om restriktionerna nu \u00e4r borta f\u00f6r dem som \u00e4r vaccinerade, g\u00e4ller att fortsatt h\u00e5lla avst\u00e5nd, ha god handhygien samt att stanna hemma vid minsta sjukdomssymptom.<br \/>\nJag \u00f6nskar alla varmt v\u00e4lkomna till logem\u00f6tet, d\u00e5 vi ocks\u00e5 firar den tidigare Logen M\u00e4lardrottningens h\u00f6gtidsdag!<br \/>\nI Sanning och Enighet<br \/>\nMaria Nihl\u00e9n<br \/>\nOrdf\u00f6rande i Logen Stockholm nr 589<\/p>\n<p style=\"text-align: left\"><strong>Stockholm augusti 2021<\/strong><\/p>\n<p>&nbsp;<br \/>\n<strong>K\u00e4ra logesyskon!<\/strong><br \/>\nT\u00e4nk vad sommaren gick fort! Redan h\u00f6st! Men visst \u00e4r det h\u00e4rligt med de krispiga morgnarna, d\u00e5 solens str\u00e5lar silas genom de f\u00e4rgm\u00e4ttade h\u00f6stl\u00f6ven. Och att f\u00e5 tr\u00e4ffa familj och v\u00e4nner igen, som man har l\u00e4ngtat!<br \/>\nNu sist var det s\u00e5 roligt att f\u00e5 m\u00f6ta s\u00e5 m\u00e5nga av er p\u00e5 kr\u00e4ftskivan! God mat och dryck, skratt och s\u00e5ng, precis som det ska vara p\u00e5 fest!<br \/>\nRedan veckan d\u00e4rp\u00e5 tr\u00e4ffades n\u00e5gra logesyskon igen f\u00f6r att spela boule p\u00e5 Djurg\u00e5rden. S\u00e5 kul att k\u00e4mpa med kloten, f\u00f6r visst vill man vinna!<br \/>\nNu hoppas vi alla att i forts\u00e4ttningen kunna tr\u00e4ffas \u201dp\u00e5 riktigt\u201d i logen.<br \/>\nVid v\u00e5rt n\u00e4sta logem\u00f6te i september har vi gl\u00e4djen att v\u00e4lkomna flera nya logesyskon!<br \/>\nDet firar vi vid efterkapitlet med sk\u00f6ns\u00e5ng av v\u00e5r musikm\u00e4stare Anna-Lena i s\u00e4llskap av en fl\u00f6jtist. N\u00e5got att verkligen se fram emot!<br \/>\nP g a den r\u00e5dande pandemin f\u00f6ruts\u00e4tter vi att du f\u00f6r deltagande p\u00e5 v\u00e5ra m\u00f6ten \u00e4r fullt vaccinerad. Om du av medicinska sk\u00e4l inte kan vaccinera dig m\u00e5ste du vara symptomfri, eller \u00e4nnu b\u00e4ttre, att du g\u00f6r ett hemtest innan, finns att k\u00f6pa p\u00e5 apoteket.<br \/>\nI Sanning och Enighet<br \/>\nMaria Nihl\u00e9n<br \/>\nOrdf\u00f6rande i Logen Stockholm nr 589<br \/>\n&nbsp;<br \/>\n<strong>V\u00e4rmd\u00f6 juni 2021<\/strong><br \/>\n\u00c4ntligen har sommarv\u00e4rmen kommit och i naturen har allt tagit fart! Tiden mellan h\u00e4gg och syren \u00e4r ju bara helt ljuvlig, den skira gr\u00f6nskan, alla blommor med surrande humlor och f\u00e5gelungar som skriker efter mat. Och visst har det l\u00e4ttat p\u00e5 m\u00e5nga s\u00e4tt efter ett \u00e5r som inte liknat n\u00e5got vi tidigare har upplevt. Vi \u00e4r nu m\u00e5nga som f\u00e5tt v\u00e5rt efterl\u00e4ngtande vaccin och som kan tr\u00e4ffas igen.<br \/>\nUnder \u00e5ret har vi kunnat ha n\u00e5gra digitala m\u00f6ten d\u00e4r gl\u00e4djande nog m\u00e5nga har kunnat delta. Men visst ser vi alla fram emot att kunna tr\u00e4ffas i logen igen!<br \/>\nN\u00e5gra natur-\/kulturm\u00f6ten har vi ju ocks\u00e5 haft under \u00e5ret och nu senast p\u00e5 Skeppsholmen d\u00e4r vi nj\u00f6t av f\u00f6rsommarens gr\u00f6nska och lugn. Lite gott att \u00e4ta p\u00e5 Moderna museets restaurang samt en quiz om Skeppsholmen att klura \u00f6ver. S\u00e5 roligt att tr\u00e4ffas igen!<br \/>\nV\u00e5rt f\u00f6rsta m\u00f6te efter sommaren blir den traditionella kr\u00e4ftfesten i augusti och d\u00e4refter hoppas vi att kunna ha ett f\u00f6rsta logem\u00f6te i Odd Fellowhuset i september. Allt f\u00f6rst\u00e5s beroende av pandemil\u00e4get.<br \/>\nI september kan vi ju ocks\u00e5 gl\u00e4djas \u00e5t att \u00e4ntligen f\u00e5 \u00e5ka till \u00c5land och bes\u00f6ka konstutst\u00e4llningen. Det ska bli s\u00e5 sp\u00e4nnande!<br \/>\nMen f\u00f6rst v\u00e4ntar en l\u00e5ng h\u00e4rlig sommar. En sommar som vi alla l\u00e4ngtat s\u00e5 efter, en sommar d\u00e5 vi kan vara tillsammans med familj och v\u00e4nner, en sommar med sol och regn, precis som en svensk sommar ska vara!<br \/>\nHa det riktigt gott!<br \/>\nI Sanning och Enighet<br \/>\nMaria Nihl\u00e9n<br \/>\nVasa Orden Av Amerika. Logen Stockholm nr 589.<br \/>\n\u00c4DELMOD &#8211; SANNING \u2013 ENIGHET<\/p>\n<h4>Logen Stockholm nr 589 har sjungit in v\u00e5ren! Digitalt m\u00f6te via zoom den 23 april 2021<\/h4>\n<p>Ober\u00e4kneliga april lever upp till sitt rykte. Efter fantastiskt soliga och varma dagar blev det sn\u00f6blask, bl\u00e5sigt och kallt ig\u00e5r och lika kallt idag, men eftersom vi m\u00f6ts via zoom, beh\u00f6ver vi i alla fall inte ta p\u00e5 m\u00f6ssa och l\u00e5ngkalsonger.<br \/>\nO Maria Nihl\u00e9n h\u00e4lsade oss alla 30 inloggade medlemmar och g\u00e4ster v\u00e4lkomna. Den h\u00e4r g\u00e5ngen fick vi bekanta oss med en hemv\u00e4ndare fr\u00e5n USA, tidigare medlem i Logen Mayflower i Los Angeles och blivande medlem i Logen Stockholm nr 589. Han ber\u00e4ttade lite om sig sj\u00e4lv och fr\u00e5n sin Loge, vilken \u00e4ger och driver \u201dVasaparken\u201d i Los Angeles. De har bl.a. program f\u00f6r barn- och ungdomsverksamhet.<br \/>\nI samband med det ber\u00e4ttade v\u00e5r MM Anna-Lena Engstr\u00f6m att hon satt upp V\u00e4rml\u00e4nningarna i Vasaparken och ocks\u00e5 haft ett program om Strindberg d\u00e4r.<br \/>\nM\u00f6tet avslutades med att v\u00e5ra MM Anna-Lena och Elisabet Brander bj\u00f6d in oss att sjunga in v\u00e5ren. Texterna hade vi f\u00e5tt med inbjudan och naturligtvis hade vi tr\u00e4nat hemma, men vi st\u00e4ngde v\u00e5ra mikrofoner, lyssnade till framtr\u00e4dandet och sj\u00f6ng med f\u00f6r oss sj\u00e4lva.<br \/>\nNu \u00e4r det v\u00e5r p\u00e5 riktigt, oberoende av v\u00e4der, s\u00e5 det s\u00e5!!!<br \/>\nL\u00e4s hela texten under rubriken \u201dH\u00e4nt i Logen\u201d<\/p>\n<h4>Kafferep i Logen Stockholm nr 589 den 26 mars 2021<\/h4>\n<p>Vem trodde f\u00f6r ett \u00e5r sedan, att man kan ha \u201dkafferep\u201d via datorn? Nu vet vi i Logen Stockholm att det g\u00e5r utm\u00e4rkt via Zoom och att det kan bli en uppsluppen och otvungen samvaro med v\u00e5ra v\u00e4nner i Logen. 30 Vasa medlemmar loggade in.<br \/>\nHur startar man ett kafferep om inte med att ber\u00e4tta n\u00e5gra \u201dkaffeminnen\u201d? Coronakaffe i mangelboden i Bromma, kokkaffe utanf\u00f6r Husum, blaskigt kaffe i kaffeproducerande Kenya och personalkaffe i danska Solvang i Kalifornien<\/p>\n<figure id=\"attachment_1201\" aria-describedby=\"caption-attachment-1201\" style=\"width: 173px\" class=\"wp-caption alignleft\"><img loading=\"lazy\" class=\" wp-image-1201\" src=\"http:\/\/bu2022.vasaorden.com\/stockholm\/files\/2021\/04\/IMG_20210326_161926-1-1024x576.jpg\" alt=\"\" width=\"173\" height=\"97\"><figcaption id=\"caption-attachment-1201\" class=\"wp-caption-text\">Gretas Kaffekaka, Vaniljrutor<\/figcaption><\/figure>\n<p>&nbsp;<br \/>\nCoronal\u00e4get ventilerades f\u00f6rst\u00e5s och n\u00e5gra av oss hade redan f\u00e5tt tv\u00e5- eller en spruta. Vi andra hoppas v\u00e5r tur kommer snart.<br \/>\nKv\u00e4llens \u201dKakfr\u00e5gesport\u201d var rolig och omv\u00e4xlande med tio fr\u00e5gor och tre alternativa svar till varje fr\u00e5ga. Vi har en expert bland oss, som klarade alla tio fr\u00e5gorna. Grattis!<br \/>\nD\u00e4refter var det dags att plocka fram \u201dfikat\u201d. Vi mumsade och pratade en stund och uppt\u00e4ckte att tv\u00e5 timmar redan var slut. M\u00f6tet avslutades med ett rungande Glad P\u00e5sk!<br \/>\nEtt l\u00e4ngre referat finns under rubriken \u201dH\u00e4nt i Logen\u201d.<br \/>\nText Greta \u00d6gren<\/p>\n<h3><span style=\"color: #ff0000\">Trettondagsafton i Logen Stockholm nr 589<\/span><\/h3>\n<p>brukar betyda fest, underh\u00e5llning och dans. Vi firar n\u00e4mligen \u00e5rsdag den 5:e januari.<br \/>\nNu, 2021, n\u00e4r ingenting \u00e4r som vanligt, f\u00e5r vi fira var och en p\u00e5 sitt h\u00e5ll, h\u00f6ja en sk\u00e5l och kanske ta en sv\u00e4ngom p\u00e5 vardagsrumsgolvet om det \u00e4r m\u00f6jligt.<br \/>\nVad vi d\u00e4remot kan g\u00f6ra \u00e4r, att t\u00e4nka p\u00e5 varandra, vara glada \u00f6ver den gemenskap och gl\u00e4dje vi k\u00e4nner tillsammans med alla medlemmar i Logen Stockholm, Logerna i Sverige och i hela Vasa Orden av Amerika. Vi kan ocks\u00e5 t\u00e4nka p\u00e5 hur roligt det ska bli, n\u00e4r det blir m\u00f6jligt med fysiska m\u00f6ten igen i gammal god vasaanda.<br \/>\nI \u00c4delmod, Sanning och Enighet<br \/>\nGreta \u00d6gren<br \/>\n&nbsp;<br \/>\n<img loading=\"lazy\" class=\"size-full wp-image-1123 alignnone\" src=\"https:\/\/vasaorden.com\/stockholm\/wp-content\/uploads\/sites\/6\/2020\/12\/jul-start.jpg\" alt=\"\" width=\"604\" height=\"158\" srcset=\"https:\/\/vasaorden.com\/stockholm\/wp-content\/uploads\/sites\/6\/2020\/12\/jul-start.jpg 604w, https:\/\/vasaorden.com\/stockholm\/wp-content\/uploads\/sites\/6\/2020\/12\/jul-start-300x78.jpg 300w, https:\/\/vasaorden.com\/stockholm\/wp-content\/uploads\/sites\/6\/2020\/12\/jul-start-600x158.jpg 600w\" sizes=\"(max-width: 604px) 100vw, 604px\" \/><br \/>\n<strong>K\u00e4ra logesyskon<\/strong>,<br \/>\nDetta \u00e5r har inget varit sig likt. Ensamhet, oro och saknad efter familj och v\u00e4nner har pr\u00e4glat oss alla. L\u00e4ngtan efter att tr\u00e4ffas igen och att k\u00e4nna gl\u00e4dje i gemenskapen med logesyskonen \u00e4r n\u00e5got som vi alla k\u00e4nner!<br \/>\nNu n\u00e4rmar vi oss julhelgen och snart ett nytt \u00e5r. Ett \u00e5r d\u00e4r vi f\u00e5r forts\u00e4tta med restriktioner och d\u00e4r ensamheten blir allt sv\u00e5rare att orka med. Men kanske finns det ett ljus i tunneln, ett vaccin som utlovas i b\u00f6rjan p\u00e5 \u00e5ret.<br \/>\nN\u00e4r det g\u00e4ller logem\u00f6ten s\u00e5 planerar vi att f\u00f6rhoppningsvis kunna starta till h\u00f6sten med \u201driktiga\u201d logem\u00f6ten igen. Till dess f\u00e5r forts\u00e4tta med digitala m\u00f6ten. V\u00e5r kulturledare planerar ocks\u00e5 utomhustr\u00e4ffar efter ny\u00e5r, stadsvandringar i mindre grupper \u00e4r ett f\u00f6rslag bland flera.<br \/>\nForts\u00e4tt att h\u00e5lla kontakt med varandra, ett telefonsamtal eller ett litet kort betyder s\u00e5 mycket.<br \/>\n<span style=\"color: #000000\">Ta hand om er tills vi ses igen!<\/span><br \/>\n&nbsp;<\/p>\n<h2><img loading=\"lazy\" class=\"size-full wp-image-1124 alignnone\" src=\"https:\/\/vasaorden.com\/stockholm\/wp-content\/uploads\/sites\/6\/2020\/12\/Julbrevslut.jpg\" alt=\"\" width=\"532\" height=\"337\" srcset=\"https:\/\/vasaorden.com\/stockholm\/wp-content\/uploads\/sites\/6\/2020\/12\/Julbrevslut.jpg 532w, https:\/\/vasaorden.com\/stockholm\/wp-content\/uploads\/sites\/6\/2020\/12\/Julbrevslut-300x190.jpg 300w\" sizes=\"(max-width: 532px) 100vw, 532px\" \/><\/h2>\n<p>Stockholm den 12 november 2020<br \/>\n<strong>K\u00e4ra logesyskon,<\/strong><br \/>\nT\u00e4nk att snart har det g\u00e5tt ett \u00e5r sen vi tr\u00e4ffades i logen. Ingen hade v\u00e4l kunnat f\u00f6rest\u00e4lla sig ett s\u00e5 m\u00e4rkligt \u00e5r med mycken oro, ensamhet och sorg. Att inte kunna vara n\u00e4ra sin familj och tr\u00e4ffa sina v\u00e4nner har k\u00e4nts s\u00e4rskilt sv\u00e5rt. Tyv\u00e4rr ser vi inget slut p\u00e5 pandemin och det blir ju allt sv\u00e5rare att forts\u00e4tta med dessa begr\u00e4nsningar i livet. Dock \u00e4r det precis det som vi st\u00e5r inf\u00f6r, att forts\u00e4tta med de restriktioner och rekommendationer som myndigheterna f\u00f6reskriver.<br \/>\nVi ser tyv\u00e4rr ingen m\u00f6jlighet att i nul\u00e4get ha logem\u00f6ten i ordenslokalen p\u00e5 Odd Fellowhuset. Men som jag n\u00e4mnde i mitt senaste brev kommer vi att kunna ses digitalt \u00f6ver Zoom. Styrelsen har redan haft ett Zoom-m\u00f6te och kommer att ha ytterligare ett nu i november.<br \/>\nNu kommer ni alla ocks\u00e5 ha m\u00f6jlighet att delta i Zoom-m\u00f6ten, i form av enklare tr\u00e4ffar, men \u00e4ven till arbetsm\u00f6ten. <strong>Det<\/strong> <strong>f\u00f6rsta m\u00f6tet blir den 26 november klockan 17.30<\/strong>, ett tillf\u00e4lle att l\u00e4ra sig tekniken, och d\u00e4refter f\u00f6ljer regelbundna m\u00f6ten.<br \/>\n<strong>F\u00f6rsta arbetsm\u00f6tet blir den 12 december<\/strong> <strong>klockan 17.30 <\/strong>och allts\u00e5 \u00f6ver Zoom. D\u00e5 f\u00e5r vi ocks\u00e5 tillf\u00e4lle att var och en p\u00e5 sitt h\u00e5ll fira Lucia med gl\u00f6gg och pepparkakor och \u00f6nska varandra God Jul. \u00d6vriga datum f\u00f6r m\u00f6ten \u00e5terkommer styrelsen med.<br \/>\nJag kommer att skicka er en l\u00e4nk med e-post i god tid f\u00f6re m\u00f6tet. Den trycker ni p\u00e5 f\u00f6r att komma in. F\u00f6rsta g\u00e5ngen m\u00e5ste man ladda ner ett program. F\u00f6lj instruktionerna ni f\u00e5r d\u00e4r. N\u00e4r det \u00e4r klart kommer ni till ett \u201dv\u00e4ntrum\u201d och det ser jag p\u00e5 min sk\u00e4rm och kan d\u00e5 ge er tilltr\u00e4de till m\u00f6tet. Det kanske inte fungerar f\u00f6r alla f\u00f6rsta g\u00e5ngen men med lite tid och t\u00e5lamod ska det s\u00e4kert g\u00e5.<br \/>\nI Sanning och Enighet<br \/>\nMaria Nihl\u00e9n&nbsp;&nbsp;<br \/>\nOrdf\u00f6rande i Logen Stockholm nr 589&nbsp;&nbsp;&nbsp;&nbsp;&nbsp;&nbsp;&nbsp;<br \/>\n&nbsp;<br \/>\nV\u00e4rmd\u00f6 2020 11 01<br \/>\n<strong>K\u00e4ra logesyskon,<\/strong><br \/>\nNu har vi verkligen regn och rusk! Det g\u00e4ller att g\u00f6ra det b\u00e4sta av denna m\u00f6rka h\u00f6st, att forts\u00e4tta att vara i v\u00e5r h\u00e4rliga natur och njuta av den f\u00e4rgprakt som bjuds, n\u00e5got som jag hoppas att ni alla har m\u00f6jlighet till..<br \/>\nInomhus t\u00e4nder vi ljus, kanske kryper upp med en filt i soffan med en bra bok, lyssnar p\u00e5 musik eller kanske ser p\u00e5 n\u00e5got program p\u00e5 TV. Att sk\u00e4mma bort oss med n\u00e5got extra gott att \u00e4ta och dricka \u00e4r inte heller helt fel! Med andra ord, man f\u00e5r g\u00f6ra det b\u00e4sta av situationen i dessa corona-tider.<br \/>\nN\u00e5gra av v\u00e5ra logesyskon, och tv\u00e5 blivande, bes\u00f6kte utst\u00e4llningarna p\u00e5 Waldemarsudde i b\u00f6rjan p\u00e5 oktober och hade en trevlig stund med b\u00e5de konst och lite gott att \u00e4ta efter\u00e5t. Mer om detta bes\u00f6k kan ni l\u00e4sa under Kultur p\u00e5 v\u00e5r hemsida.<br \/>\nBirgitta Westerlund kommer ocks\u00e5 att skicka ut inbjudningar till olika kulturaktiviteter inom den n\u00e4rmsta tiden.&nbsp; Flera f\u00f6rslag finns till olika utomhustr\u00e4ffar, den enda m\u00f6jligheten i dessa corona-tider.<br \/>\nTyv\u00e4rr kan vi inte ha n\u00e5gra logem\u00f6ten denna h\u00f6st och hur det blir efter ny\u00e5r \u00e4r oklart. Mycket talar f\u00f6r att vi f\u00e5r avvakta med fysiska logem\u00f6ten tills det finns ett vaccin. Viktigast av allt \u00e4r ju att vi alla f\u00e5r ha h\u00e4lsan i beh\u00e5ll. Men vi kommer att kunna ses p\u00e5 digitala tr\u00e4ffar, n\u00e5got som styrelsen pr\u00f6vade p\u00e5 styrelsem\u00f6tet den 22 oktober. Mer information om detta kommer inom kort.<br \/>\nP\u00e5 styrelsem\u00f6tet beslutade vi ocks\u00e5 att skicka ut information om inkommande och utg\u00e5ende post. Detta brukar ju i vanliga fall komma med i inbjudan till logem\u00f6ten . Om ni \u00f6nska n\u00e4rmare information om n\u00e5gon punkt \u00e4r ni v\u00e4lkomna att kontakta Birgitta Sj\u00f6berg.<br \/>\nVi vill \u00e4ven passa p\u00e5 att sl\u00e5 ett slag f\u00f6r v\u00e5r hemsida. Adressen \u00e4r <strong>vasaorden.com\/stockholm<\/strong> . Vissa sidor \u00e4r skyddade av l\u00f6senord och om ni har missat l\u00f6sen \u00e4r ni v\u00e4lkomna att kontakta Michael Nihl\u00e9n.<br \/>\nTill sist, forts\u00e4tt att h\u00e5lla kontakt med varandra, och ta hand om er alla tills vi ses igen!<br \/>\nI \u00c4delmod Sanning Enighet<br \/>\nMaria Nihl\u00e9n<br \/>\nOrdf\u00f6rande i Logen Stockholm nr 589<br \/>\n&nbsp;<br \/>\n&nbsp;<br \/>\nV\u00e4rmd\u00f6 2020 08 28<br \/>\n<strong>K\u00e4ra logesyskon,<\/strong><br \/>\nH\u00f6sten n\u00e4rmar sig efter en sommar med \u00f6msom sol och regn, precis som en svensk sommar brukar vara. Hoppas att ni har haft m\u00f6jlighet att kunna njuta av naturen, kanske vandra i skogen, lyssna p\u00e5 f\u00e5gels\u00e5ng, plocka b\u00e4r och svamp eller ta ett litet dopp i sj\u00f6n.<br \/>\nMen m\u00e5nga av v\u00e5ra logesyskon har vistats inom sitt hem och inte kunnat eller v\u00e5gat ta sig ut vilket f\u00f6r flera har inneburit ett liv av ensamhet, oro och undran inf\u00f6r framtiden. Tack alla logesyskon som p\u00e5 olika s\u00e4tt har h\u00e5llit kontakt med syskon som varit ensamma. Forts\u00e4tt att h\u00e5lla kontakten, ett telefonsamtal eller ett litet kort betyder s\u00e5 mycket!<br \/>\nFlera av v\u00e5ra k\u00e4ra logesyskon har, som ni k\u00e4nner till, tyv\u00e4rr avlidit under denna tid och logen har hedrat deras minne med blommor vid begravningen.<br \/>\nIg\u00e5r hade vi styrelsem\u00f6te i logen. Hela styrelsen deltog och vi kunde h\u00e4lsa v\u00e5r nya vice ordf\u00f6rande Ingeg\u00e4rd Pettersson varmt v\u00e4lkommen som ledamot. Vi tr\u00e4ffades utomhus och hade verkligen mycket att diskutera och m\u00e5nga \u00e4renden att behandla. S\u00e5 roligt att tr\u00e4ffas igen!<br \/>\nVi diskuterade hur vi kan g\u00e5 vidare med tr\u00e4ffar f\u00f6r alla medlemmar och var \u00f6verens om att det tyv\u00e4rr ser m\u00f6rkt ut f\u00f6r n\u00e5gra logem\u00f6ten under resten av detta \u00e5r. Hur det blir efter ny\u00e5r vet vi \u00e4nnu ingenting om. Att ta det lugnt med att starta upp igen, att vara p\u00e5 den s\u00e4kra sidan och att inte uts\u00e4tta sig f\u00f6r smitta och drabbas av Covid 19 \u00e4r oerh\u00f6rt viktigt! \u00c4n \u00e4r pandemin inte \u00f6ver och naturligtvis f\u00f6ljer vi myndigheternas restriktioner och direktiv.<br \/>\nMen vi f\u00e5r g\u00f6ra det b\u00e4sta av situationen och tr\u00e4ffas utomhus s\u00e5 l\u00e4nge v\u00e4dret medger. Vi hade ju en mycket trevlig bouletr\u00e4ff f\u00f6r ett par veckor sedan. S\u00e5 h\u00e4rligt att m\u00f6tas igen!&nbsp; L\u00e4s mer om tr\u00e4ffen i Greta \u00d6hgrens text.<br \/>\nTanken \u00e4r att forts\u00e4tta med tr\u00e4ffar under bar himmel, eventuellt n\u00e5got bes\u00f6k p\u00e5 museum d\u00e4r man numera kan boka plats f\u00f6r att undvika tr\u00e4ngsel. Inbjudan till dessa tr\u00e4ffar kommer fram\u00f6ver. V\u00e5r kulturledare Birgitta Westerlund har flera id\u00e9er om hur och var vi kan tr\u00e4ffas och hon mottar ocks\u00e5 g\u00e4rna id\u00e9er fr\u00e5n er.<br \/>\nTa hand om er tills vi ses igen!<br \/>\nI \u00c4delmod Sanning Enighet<br \/>\nMaria Nihl\u00e9n<br \/>\nOrdf\u00f6rande i Logen Stockholm nr 589<br \/>\n<strong>1 september 2020<\/strong><br \/>\n<strong>Vasav\u00e4nner Logen nr 589 Stockholm<\/strong><br \/>\nEn sensommarh\u00e4lsning till alla Logen Stockholms medlemmar fr\u00e5n er Distriktsdebuterade Roger Axelsson och fru Solveig Josefsson.<br \/>\nEtt \u00e5r inte likt n\u00e5got annat vi upplevt i v\u00e5r tid. Isolering och distans \u00e4r ord och f\u00f6rmaningar vi h\u00f6rt sedan tidig senvinter.&nbsp; \u00c4ldreboenden med f\u00f6rbud att bes\u00f6ka sl\u00e4ktingar och v\u00e4nner. Listan kan g\u00f6ras l\u00e5ng med information och r\u00e5d fr\u00e5n Folkh\u00e4lsomyndigheten och andra som vi sett i teverutan minst en g\u00e5ng i veckan sedan den smittsamma pandemin Covid 19 tog f\u00e4ste p\u00e5 allvar i Sverige. Ett \u00e5r som d\u00e4rf\u00f6r inneburit f\u00f6rsakelser fr\u00e5n oss alla genom inst\u00e4llda logem\u00f6ten och andra gemensamma tr\u00e4ffar. D\u00e4r vi stannat hemma och undvikit att ocks\u00e5 tr\u00e4ffa v\u00e4nner och bekanta, barn och barnbarn. Resor, utflykter, teaterbes\u00f6k mm som vi tidigare kunnat g\u00f6ra nu st\u00e4llts in och inte m\u00f6jliga att genomf\u00f6ra.<br \/>\nEn viss l\u00e4ttnad kan dock sk\u00f6njas i slutet av tunneln om man h\u00f6r vad Folkh\u00e4lsomyndigheten m.fl. p\u00e5 senare tid har sagt. Vi f\u00e5r v\u00e4l se vart det b\u00e4r. En tr\u00e5kig och ledsam tid har vi bakom oss, men \u00e4nd\u00e5 ocks\u00e5 en tid fram\u00f6ver vad det verkar.<br \/>\nAll Vasaaktivitet \u00e4r ju nu nedlagd som alla m\u00e4rkt och inget l\u00e4r v\u00e4l h\u00e4nda under h\u00f6sten heller oavsett vad f\u00f6r l\u00e4ttnader i \u00f6vrigt vi kanske kan se framf\u00f6r oss. F\u00f6r min egen loge i Sk\u00f6vde \u00e4r nu beslutat att all logeverksamhet \u00e4r nedlagd \u00e5ret ut. V\u00e5rt 70-\u00e5rsjubileum i november st\u00e4lls in och skjuts p\u00e5 framtiden. F\u00f6rhoppningsvis n\u00e5got 70-71-\u00e5rsjubileum i november 2021 ist\u00e4llet. Tiden f\u00e5r utvisa vad som sker.<br \/>\nAtt jag och Solveig inte kunnat bes\u00f6ka Stockholm och Stockholmsslogen \u00e4r n\u00e5got vi saknat. Jag tillsammans med min stab fick ju i vart fall m\u00f6jlighet att installera logens tj\u00e4nstem\u00e4n vilket k\u00e4nts sk\u00f6nt att det blev gjort. Sedan blev det inte s\u00e5 mycket mer tyv\u00e4rr. D\u00e5 omst\u00e4ndigheterna gjort det om\u00f6jligt s\u00e5 nu ser vi fram emot 2021 ist\u00e4llet och en slags nystart. Slutligen vill jag framf\u00f6ra mitt och Solveigs deltagande till logens f\u00f6rlust av bortg\u00e5ngna medlemmar i Covid 19.<br \/>\nMed h\u00e4lsningar fr\u00e5n oss b\u00e5da i Hjo<br \/>\nRoger Axelsson<br \/>\nDistriktsdebuterad f\u00f6r Logen 589 Stockholm.<\/p>\n<h5>3 augusti 2020<\/h5>\n<p><strong>Rapport nr 2 fr\u00e5n Ensamheten.<\/strong><br \/>\nGo v\u00e4nner nu har det g\u00e5tt ca 2 m\u00e5nader sedan den f\u00f6rsta rapporten fr\u00e5n Ensamheten. Vi har v\u00e4l alla l\u00e4rt oss rutinerna med att h\u00e5lla social distans, tv\u00e4tta och sprita h\u00e4nderna ,undvika kollektivtrafik mm. Men sommar och sol med \u00f6ppnade uteserveringar har gjort att Sylvie och jag har l\u00e4ttat lite p\u00e5 restriktionerna. Vi g\u00e5r g\u00e4rna och tar en fika ute och vi har dessutom v\u00e5gat oss p\u00e5 v\u00e5r \u00e5rliga nostalgiresa norrut.<br \/>\nV\u00e5rt f\u00f6rsta stopp blev Sundsvall. Dessv\u00e4rre i h\u00e4llande regn hela kv\u00e4llen. Vi v\u00e5gade oss ut f\u00f6r en matbit,&nbsp; utan komplikationer tror jag. &nbsp;F\u00e4rden gick vidare till min gamla studentstad \u2013 Ume\u00e5. Jag kan lova att den ser annorlunda ut nu. En av v\u00e5ra st\u00f6rre regionst\u00e4der med tonvikt p\u00e5 utbildning och servicen\u00e4ringar. Nu kom det fina v\u00e4dret ocks\u00e5. Till min besvikelse konstaterade jag att min gamla skola \u2013 \u00d6stra&nbsp; Gymnasiet \u2013 var kvar men i ny skepnad och under nytt namn. \u201d time flies\u201d som det heter. Vi fortsatte v\u00e5r f\u00e4rd mot V\u00e4sterbottens inland \u2013 n\u00e4rmare best\u00e4mt till \u00c5msele d\u00e4r mina f\u00f6r\u00e4ldrar \u00e4r begravda. Ni kommer v\u00e4l ih\u00e5g den rysliga h\u00e4ndelsen just p\u00e5 kyrkog\u00e5rden. Trippelmordet som n\u00e4stan utpl\u00e5nade en hel familj.<br \/>\nVi fortsatte norrut mot Storuman f\u00f6r att \u00e4n en g\u00e5ng passera den lilla byn Ensamheten. Vi s\u00e5g inte till n\u00e5gon d\u00e4r nu heller.<br \/>\nD\u00e4remot sprang en liten bj\u00f6rn unge \u00f6ver v\u00e4gen precis framf\u00f6r oss. Den synen var v\u00e4rd hela resan.<br \/>\nVi \u00e4r nu p\u00e5 v\u00e4g tillbaka till verkligheten. P\u00e5 v\u00e4g ner till kusten och G\u00e4vle tvingas vi konstatera hur avfolkningen slagit till. Jag vet inte hur m\u00e5nga \u00f6deg\u00e5rdar vi s\u00e5g under v\u00e5r resa.<br \/>\nNu \u00e4r vi sedan ett par veckor hemma igen och inne i rutinerna igen: ni vet, tv\u00e4tta h\u00e4nderna- vi gjorde det p\u00e5 resan ocks\u00e5- h\u00e5ll avst\u00e5nd, undvik folksamlingar mm.<br \/>\nVar r\u00e4dda om er och lev v\u00e4l.<br \/>\nH\u00e4lsningar fr\u00e5n er f\u00f6rre ordf\u00f6rande<br \/>\nHans \u00d6gren<\/p>\n<h5>14 juni 2020<\/h5>\n<p><strong>K\u00e4ra logesyskon,<\/strong><br \/>\nEfter en kylig v\u00e5r har nu \u00e4ntligen sommaren kommit. Naturen visar sig fr\u00e5n sin allra vackraste sida. Syrenerna doftar, och p\u00e5 \u00e4ngarna blommar redan b\u00e5de humleblomster, f\u00f6rg\u00e4tmigej och m\u00e5nga andra sommarblommor. F\u00e5glarna har fullt sj\u00e5 med att m\u00e4tta alla sina ungar och \u00f6verallt surrar humlor och bin i idogt s\u00f6kande efter nektar. Och koltrasten h\u00e5ller en bejublad konsert tillsammans med resten av den bevingade orkestern.<img loading=\"lazy\" class=\"aligncenter size-full wp-image-1070\" src=\"https:\/\/vasaorden.com\/stockholm\/wp-content\/uploads\/sites\/6\/2020\/06\/osa.jpg\" alt=\"\" width=\"108\" height=\"105\"><br \/>\nDenna v\u00e5r har ju inte liknat n\u00e5got vi varit med om tidigare och m\u00e5nga med mig saknar v\u00e5ra m\u00f6ten i logen och alla de trevliga kulturella aktiviteterna. Att inte heller kunna vara n\u00e4ra sin familj och sina v\u00e4nner k\u00e4nns ocks\u00e5 sv\u00e5rt f\u00f6rst\u00e5s. M\u00e5nga ger ocks\u00e5 uttryck f\u00f6r en stark oro f\u00f6r vad som ska h\u00e4nda i framtiden. Men trots att mycket \u00e4r sv\u00e5rt finns det mycket att gl\u00e4djas \u00e5t i det lilla. Att f\u00f6r\u00e4ndra det vi kan, v\u00e5rt s\u00e4tt att leva, f\u00f6r att skydda andra och oss sj\u00e4lva, p\u00e5verkar oss positivt, g\u00f6r oss lugnare och inger hopp f\u00f6r framtiden.<br \/>\nLogearbetet har ju varit helt inst\u00e4llt under v\u00e5ren och vi kommer att ha mycket att ta igen n\u00e4r vi s\u00e5 sm\u00e5ningom tr\u00e4ffas. Tyv\u00e4rr kunde vi inte heller v\u00e4lkomna de sju recipienderna och det \u00e4r n\u00e5got som vi verkligen ser fram emot!<br \/>\nI augusti skulle vi som vanligt avnjuta kr\u00e4ftorna och dessutom hade vi lagt in ett arbetsm\u00f6te denna kv\u00e4ll. Tyv\u00e4rr \u00e4r nu \u00e4ven detta inst\u00e4llt med tanke p\u00e5 de g\u00e4llande rekommendationerna fr\u00e5n Folkh\u00e4lsomyndigheten.<br \/>\nTills vi ses igen, ta hand om varandra och h\u00f6r g\u00e4rna av dig till logesyskon som du inte har h\u00f6rt av p\u00e5 en tid. Ett telefonsamtal eller ett litet kort betyder mycket i dessa tider.<br \/>\nF\u00f6rhoppningsvis kan vi tr\u00e4ffas under h\u00f6sten och komma ig\u00e5ng med logearbetet och det \u00e4r verkligen n\u00e5got som jag l\u00e4ngtar efter!<br \/>\nSlutligen \u00f6nskar jag er alla en sk\u00f6n sommar. Gl\u00e4ds \u00e5t den vackra naturen och ta vara p\u00e5 de ljusa sommardagarna.<br \/>\nVarma sommarh\u00e4lsningar<br \/>\ni Sanning och Enighet<br \/>\nMaria Nihl\u00e9n<br \/>\nOrdf\u00f6rande i Logen Stockholm nr 589<\/p>\n<h5>10 maj 2020<\/h5>\n<p><strong>Rapport fr\u00e5n Ensamheten<\/strong><br \/>\nEnsamheten \u00e4r en liten by med en handfull hush\u00e5ll i n\u00e4rheten av Storuman i V\u00e4sterbottens inland. Byn \u00e4r mest k\u00e4nd f\u00f6r att h\u00e4r bor skidskytten Bj\u00f6rn Ferry och hans hustru Heidi &#8211; v\u00e4rldsm\u00e4stare i armbrytning. Jag har ingenting med byn att g\u00f6ra d\u00e4remot \u00e4r ensamheten p\u00e5taglig fast vi \u00e4r tv\u00e5. Stanna inne, undvik sociala kontakter och m\u00e5ste du prata med n\u00e5gon s\u00e5 h\u00e5ll minst 2 meters avst\u00e5nd. Man kan ju fr\u00e5ga sig hur l\u00e4nge detta skall fortg\u00e5.Annars \u00e4r v\u00e5ren l\u00e5ngt g\u00e5ngen. Parkerna \u00e4r gr\u00f6na och rabatterna blommar liksom gr\u00e4ssl\u00e4nterna. En h\u00e4rlig tid. H\u00e4r i G\u00e4vle har vi i \u00e5r tursamt nog inte haft n\u00e5gon vinter utan h\u00f6sten hoppade direkt till v\u00e5r. Hade inte Coronan slagit till skulle vi snart ha b\u00f6rjat packa v\u00e5ra resv\u00e4skor f\u00f6r atlantresan med Queen Mary 2 till New York.&nbsp; Men av detta blev intet. Nu f\u00e5r vi tiden att g\u00e5 genom promenader, n\u00e5gon golfrunda i veckan, gympa med Sofia p\u00e5 vardagarna och givetvis tv. Jag hoppas alla logesyskon h\u00e5ller Coronan st\u00e5ngen och f\u00f6ljer de anvisningar som ges \u00e4ven om det \u00e4r trist. Antagligen en billig livf\u00f6rs\u00e4kring.<br \/>\nTa hand om er.<br \/>\nHans \u00d6gren FDO<\/p>\n<h5>7 april 2020<\/h5>\n<h3 style=\"text-align: left\">K\u00e4ra logesyskon!<\/h3>\n<p style=\"text-align: left\">P\u00e5skhelgen n\u00e4rmar sig, vanligtvis en tid med familj och v\u00e4nner, n\u00e5got som vi har v\u00e4ntat p\u00e5 och sett fram emot. Men i dessa tider \u00e4r inte mycket som det brukar vara. Folkh\u00e4lsomyndigheten har uppmanat oss att stanna hemma och nu \u00e4r det ju \u00e4ven f\u00f6rbjudet att bes\u00f6ka anh\u00f6riga p\u00e5 \u00e4ldreboenden. Detta f\u00f6r att inte riskera att \u00f6ka smittspridningen i samh\u00e4llet.<br \/>\nVi \u00e4r ju m\u00e5nga medlemmar i v\u00e5r loge som \u00e4r 70 \u00e5r och \u00e4ldre och som d\u00e4rmed \u00e4r i riskgruppen. M\u00e5nga k\u00e4nner sig ocks\u00e5 ensamma och \u00e4r oroliga och d\u00e5 \u00e4r det extra viktigt att vi h\u00f6r av oss till varandra. Ett telefonsamtal till logesyskon betyder d\u00e5 mycket och kan underl\u00e4tta ensamheten, tristessen och k\u00e4nslan av att vara utest\u00e4ngd fr\u00e5n m\u00e4nsklig samvaro.<\/p>\n<p style=\"text-align: center\">Jag \u00f6nskar er alla en riktigt fin p\u00e5skhelg och ta hand om varandra!<\/p>\n<p><img loading=\"lazy\" class=\"aligncenter size-full wp-image-837\" src=\"https:\/\/vasaorden.com\/stockholm\/wp-content\/uploads\/sites\/6\/2020\/04\/Kyckling.jpg\" alt=\"\" width=\"149\" height=\"103\"><\/p>\n<p style=\"text-align: center\">I Sanning och Enighet<\/p>\n<p style=\"text-align: center\"><img loading=\"lazy\" class=\"aligncenter wp-image-842\" src=\"https:\/\/vasaorden.com\/stockholm\/wp-content\/uploads\/sites\/6\/2020\/04\/Marias-namn-1.jpg\" alt=\"\" width=\"167\" height=\"36\">Ordf\u00f6rande i Logen Stockholm nr 589<\/p>\n<h3 style=\"text-align: center\">&nbsp;<\/h3>\n<h5>2 mars 2020<\/h5>\n<h3>B\u00e4sta logesyskon!<\/h3>\n<p>S\u00e5 var d\u00e5 installationen av de nya tj\u00e4nstem\u00e4nnen \u00f6ver. Det blev en stilfull kv\u00e4ll i stora Logesalen med vacker musik av v\u00e5r musikm\u00e4stare Anna-Lena och vi fick \u00e4ven uppleva den fina stj\u00e4rnhimlen.<br \/>\nTack f\u00f6r att ni visat mig och \u00f6vriga tj\u00e4nstem\u00e4n f\u00f6rtroende att arbeta vidare f\u00f6r logens fortsatta framg\u00e5ng. Att v\u00e4cka intresse f\u00f6r logen och att d\u00e4rigenom f\u00e5 fler medlemmar \u00e4r naturligtvis ett m\u00e5l som vi alla m\u00e5ste arbeta f\u00f6r. Stort tack till Br Lennart och Br Hans f\u00f6r allt arbete med v\u00e5rt nya informationsblad, som s\u00e4kert blir en viktig pusselbit f\u00f6r att n\u00e5 detta m\u00e5l.<br \/>\nViktigt \u00e4r ocks\u00e5 att vid v\u00e5ra logem\u00f6ten ge m\u00f6jlighet till \u00f6kad k\u00e4nnedom om orden, dess historia och verksamhet idag samt att ge utrymme f\u00f6r b\u00e5de musik- och andra kulturinslag.<br \/>\nI detta sammanhang vill jag ocks\u00e5 passa p\u00e5 att uppmuntra alla logesyskon att ta del av alla de trevliga kulturaktiviteter av olika slag som v\u00e5ra kulturledare Sy Birgitta och Sy Ulla, tillsammans med programkommitt\u00e9n, of\u00f6rtrutet arbetar vidare med. Stort tack!<br \/>\nSlutligen vill jag \u00e4nnu en g\u00e5ng tacka f\u00f6r visat f\u00f6rtroende och jag ska g\u00f6ra mitt allra b\u00e4sta f\u00f6r att, tillsammans med er, forts\u00e4tta den positiva utvecklingen av Logen Stockholm nr 589.<\/p>\n<p style=\"text-align: center\">I Sanning och Enighet<\/p>\n<p style=\"text-align: center\"><img loading=\"lazy\" class=\"aligncenter wp-image-842\" src=\"https:\/\/vasaorden.com\/stockholm\/wp-content\/uploads\/sites\/6\/2020\/04\/Marias-namn-1.jpg\" alt=\"\" width=\"172\" height=\"37\">Ordf\u00f6rande i Logen Stockholm nr 589<\/p>\n<h5>&nbsp;<\/h5>\n<h5>28 februari 2020<\/h5>\n<h3>B\u00e4sta logesyskon!<\/h3>\n<p>Nu g\u00e5r vi in i en ny termin med som jag hoppas m\u00e5nga intressanta och stimulerande aktiviteter. Logens utmaning, liksom f\u00f6r flera andra loger, \u00e4r att hitta formerna f\u00f6r att attrahera nya medlemmar och naturligtvis beh\u00e5lla v\u00e5ra gamla. Jag l\u00e4mnar nu ordf\u00f6randeskapet i logen. Det har varit stimulerande och jag har k\u00e4nt st\u00f6det fr\u00e5n er. Jag l\u00e4mnar naturligtvis inte logen och kommer framgent att vara engagerad i n\u00e5gon form. Jag \u00f6nskar min eftertr\u00e4dare Maria Nihl\u00e9n ett varmt lycka till. Jag \u00e4r \u00f6vertygad om att hon kommer att g\u00f6ra en utm\u00e4rkt insats. Jag hoppas vi ses p\u00e5 \u00e5rsm\u00f6tet med installation av logens tj\u00e4nstem\u00e4n.<\/p>\n<p style=\"text-align: center\">I Sanning och Enighet<br \/>\nHans \u00d6gren<br \/>\nOrdf\u00f6rande i Logen Stockholm nr 589<\/p>\n<h3 style=\"text-align: center\">:<\/h3>\n","protected":false},"excerpt":{"rendered":"<p>Stockholm juni 2025 V\u00e4rmd\u00f6 16 juni 2025 B\u00e4sta logesyskon, \u00c4ntligen har sommarv\u00e4rmen kommit och passande nog i midsommarveckan! Som vi har l\u00e4ngtat efter en minst sagt kylig v\u00e5r. Under v\u00e5ren har vi tr\u00e4ffats, f\u00f6rutom p\u00e5 v\u00e5ra logem\u00f6ten, flera g\u00e5nger p\u00e5 konstutst\u00e4llningar. Alltid lika trevligt att m\u00f6tas i kulturen, att tillsammans fika och utbyta tankar kring [&hellip;]<\/p>\n","protected":false},"author":13,"featured_media":0,"parent":0,"menu_order":0,"comment_status":"closed","ping_status":"closed","template":"","meta":{"ngg_post_thumbnail":0,"ocean_post_layout":"","ocean_both_sidebars_style":"","ocean_both_sidebars_content_width":0,"ocean_both_sidebars_sidebars_width":0,"ocean_sidebar":"0","ocean_second_sidebar":"0","ocean_disable_margins":"enable","ocean_add_body_class":"","ocean_shortcode_before_top_bar":"","ocean_shortcode_after_top_bar":"","ocean_shortcode_before_header":"","ocean_shortcode_after_header":"","ocean_has_shortcode":"","ocean_shortcode_after_title":"","ocean_shortcode_before_footer_widgets":"","ocean_shortcode_after_footer_widgets":"","ocean_shortcode_before_footer_bottom":"","ocean_shortcode_after_footer_bottom":"","ocean_display_top_bar":"default","ocean_display_header":"default","ocean_header_style":"","ocean_center_header_left_menu":"0","ocean_custom_header_template":"0","ocean_custom_logo":0,"ocean_custom_retina_logo":0,"ocean_custom_logo_max_width":0,"ocean_custom_logo_tablet_max_width":0,"ocean_custom_logo_mobile_max_width":0,"ocean_custom_logo_max_height":0,"ocean_custom_logo_tablet_max_height":0,"ocean_custom_logo_mobile_max_height":0,"ocean_header_custom_menu":"0","ocean_menu_typo_font_family":"0","ocean_menu_typo_font_subset":"","ocean_menu_typo_font_size":0,"ocean_menu_typo_font_size_tablet":0,"ocean_menu_typo_font_size_mobile":0,"ocean_menu_typo_font_size_unit":"px","ocean_menu_typo_font_weight":"","ocean_menu_typo_font_weight_tablet":"","ocean_menu_typo_font_weight_mobile":"","ocean_menu_typo_transform":"","ocean_menu_typo_transform_tablet":"","ocean_menu_typo_transform_mobile":"","ocean_menu_typo_line_height":0,"ocean_menu_typo_line_height_tablet":0,"ocean_menu_typo_line_height_mobile":0,"ocean_menu_typo_line_height_unit":"","ocean_menu_typo_spacing":0,"ocean_menu_typo_spacing_tablet":0,"ocean_menu_typo_spacing_mobile":0,"ocean_menu_typo_spacing_unit":"","ocean_menu_link_color":"","ocean_menu_link_color_hover":"","ocean_menu_link_color_active":"","ocean_menu_link_background":"","ocean_menu_link_hover_background":"","ocean_menu_link_active_background":"","ocean_menu_social_links_bg":"","ocean_menu_social_hover_links_bg":"","ocean_menu_social_links_color":"","ocean_menu_social_hover_links_color":"","ocean_disable_title":"default","ocean_disable_heading":"default","ocean_post_title":"","ocean_post_subheading":"","ocean_post_title_style":"","ocean_post_title_background_color":"","ocean_post_title_background":0,"ocean_post_title_bg_image_position":"","ocean_post_title_bg_image_attachment":"","ocean_post_title_bg_image_repeat":"","ocean_post_title_bg_image_size":"","ocean_post_title_height":0,"ocean_post_title_bg_overlay":0.5,"ocean_post_title_bg_overlay_color":"","ocean_disable_breadcrumbs":"default","ocean_breadcrumbs_color":"","ocean_breadcrumbs_separator_color":"","ocean_breadcrumbs_links_color":"","ocean_breadcrumbs_links_hover_color":"","ocean_display_footer_widgets":"default","ocean_display_footer_bottom":"default","ocean_custom_footer_template":"0"},"_links":{"self":[{"href":"https:\/\/vasaorden.com\/stockholm\/wp-json\/wp\/v2\/pages\/860"}],"collection":[{"href":"https:\/\/vasaorden.com\/stockholm\/wp-json\/wp\/v2\/pages"}],"about":[{"href":"https:\/\/vasaorden.com\/stockholm\/wp-json\/wp\/v2\/types\/page"}],"author":[{"embeddable":true,"href":"https:\/\/vasaorden.com\/stockholm\/wp-json\/wp\/v2\/users\/13"}],"replies":[{"embeddable":true,"href":"https:\/\/vasaorden.com\/stockholm\/wp-json\/wp\/v2\/comments?post=860"}],"version-history":[{"count":4,"href":"https:\/\/vasaorden.com\/stockholm\/wp-json\/wp\/v2\/pages\/860\/revisions"}],"predecessor-version":[{"id":1591,"href":"https:\/\/vasaorden.com\/stockholm\/wp-json\/wp\/v2\/pages\/860\/revisions\/1591"}],"wp:attachment":[{"href":"https:\/\/vasaorden.com\/stockholm\/wp-json\/wp\/v2\/media?parent=860"}],"curies":[{"name":"wp","href":"https:\/\/api.w.org\/{rel}","templated":true}]}}