{"id":522,"date":"2019-05-10T14:40:28","date_gmt":"2019-05-10T12:40:28","guid":{"rendered":"http:\/\/bu2022.vasaorden.com\/stockholm\/?page_id=522"},"modified":"2025-01-22T16:18:07","modified_gmt":"2025-01-22T15:18:07","slug":"kultur","status":"publish","type":"page","link":"https:\/\/vasaorden.com\/stockholm\/kultur\/","title":{"rendered":"Kultur"},"content":{"rendered":"\n<p><\/p>\n\n\n\n<p><\/p>\n\n\n\n<h2><u>Stadsmuseet 9 februari 2024 Stockholmsutst\u00e4llningen<\/u><\/h2>\n\n\n\n<p><\/p>\n\n\n\n<p><\/p>\n\n\n\n<p>Fredagen den 9 februari 2024 var vi 13 logesyskon som tr\u00e4ffades p\u00e5 Stadsmuseet f\u00f6r att se \u201dStockholmsutst\u00e4llningen\u201d Stockholms historia fr\u00e5n \u00e5r 1527 fram till idag p\u00e5 3 v\u00e5ningsplan.<\/p>\n\n\n\n<p>Vi m\u00f6ttes kl.14.00 och efter att vi tagit del av introduktionen konstaterade de flesta av oss att vi var kaffesugna. Sagt och gjort, vi startade med en fikapaus i det trevliga kaf\u00e9et p\u00e5 entr\u00e9planet och hann prata med varandra, innan vi tog hissen\/gick upp till plan 1 d\u00e4r utst\u00e4llningen har rubriken \u201dKungens stad 1527-1630\u201d d\u00e5 Gustav Vasa tog makten \u00f6ver kyrkan och dess rikedomar och Stockholm var en liten stad i norra Europa.<\/p>\n\n\n\n<p>P\u00e5 samma plan fortsatte \u201dHuvudstaden 1630-1720\u201d &nbsp;och nu skall staden se st\u00e5ndsm\u00e4ssig ut samtidigt som h\u00e4xr\u00e4tteg\u00e5ngar p\u00e5g\u00e5r, byggs adelspalatset Makal\u00f6s och pesten sl\u00e5r till.<\/p>\n\n\n\n<p>P\u00e5 plan 2 \u201dHandelsstaden 1720-1860\u201d staden \u00e4r smutsig och tr\u00e5ng, men handelsm\u00e4nnen blir f\u00f6rm\u00f6gna och teatern blir ett popul\u00e4rt n\u00f6je f\u00f6r olika samh\u00e4llsklasser. Utst\u00e4llningen forts\u00e4tter rikligt illustrerad med rubrikerna \u201dIndustristaden 1860-1921\u201d med fabriker och migration och \u201dModern Stad 1921-1950\u201d med varuhus och nattliv.<\/p>\n\n\n\n<p>Tv\u00e5 korta trappor upp p\u00e5 plan 3 allra h\u00f6gst upp i Stadsmuseet finns tv\u00e5 sm\u00e5 bostadsrum och h\u00e4r bodde familjen Pihlqvist, mamma, pappa och 2 barn vid sekelskiftet 1900. I en kakelugn i ett av rummen fanns en fiffig grej som g\u00f6r att man kan koka mat p\u00e5 plattor i vedspisen.&nbsp;<\/p>\n\n\n\n<p>Plan 3 \u201dStad i v\u00e4rlden\u201d fr\u00e5n 1950 till v\u00e5ra dagar med all igenk\u00e4nning f\u00f6r oss som varit med under en del av denna tid.<\/p>\n\n\n\n<p>Allt pedagogiskt upplagt \u2013 h\u00e4r kan man g\u00e5 runt i m\u00e5nga timmar och entr\u00e9n \u00e4r gratis s\u00e5 jag kan verkligen rekommenderar ett bes\u00f6k.<\/p>\n\n\n\n<p>Birgitta Westerlund KL<\/p>\n\n\n\n<p><\/p>\n\n\n\n<p class=\"has-large-font-size\"><p><a href=\"https:\/\/vasaorden.com\/stockholm\/wp-content\/uploads\/sites\/6\/2021\/10\/Aland-sida-1-1.jpg\"><img loading=\"lazy\" width=\"593\" height=\"879\" class=\"size-full wp-image-1292 alignleft\" src=\"https:\/\/vasaorden.com\/stockholm\/wp-content\/uploads\/sites\/6\/2021\/10\/Aland-sida-1-1.jpg\" alt=\"\" srcset=\"https:\/\/vasaorden.com\/stockholm\/wp-content\/uploads\/sites\/6\/2021\/10\/Aland-sida-1-1.jpg 593w, https:\/\/vasaorden.com\/stockholm\/wp-content\/uploads\/sites\/6\/2021\/10\/Aland-sida-1-1-202x300.jpg 202w\" sizes=\"(max-width: 593px) 100vw, 593px\" \/><\/a><\/p> <p><a href=\"https:\/\/vasaorden.com\/stockholm\/wp-content\/uploads\/sites\/6\/2021\/10\/Aland-sida-2-1.jpg\"><img loading=\"lazy\" width=\"584\" height=\"893\" class=\"alignnone size-full wp-image-1293\" src=\"https:\/\/vasaorden.com\/stockholm\/wp-content\/uploads\/sites\/6\/2021\/10\/Aland-sida-2-1.jpg\" alt=\"\" srcset=\"https:\/\/vasaorden.com\/stockholm\/wp-content\/uploads\/sites\/6\/2021\/10\/Aland-sida-2-1.jpg 584w, https:\/\/vasaorden.com\/stockholm\/wp-content\/uploads\/sites\/6\/2021\/10\/Aland-sida-2-1-196x300.jpg 196w\" sizes=\"(max-width: 584px) 100vw, 584px\" \/><\/a><\/p> <p><a href=\"https:\/\/vasaorden.com\/stockholm\/wp-content\/uploads\/sites\/6\/2021\/10\/aland-sida-3.jpg\"><img loading=\"lazy\" width=\"573\" height=\"548\" class=\"alignnone size-full wp-image-1294\" src=\"https:\/\/vasaorden.com\/stockholm\/wp-content\/uploads\/sites\/6\/2021\/10\/aland-sida-3.jpg\" alt=\"\" srcset=\"https:\/\/vasaorden.com\/stockholm\/wp-content\/uploads\/sites\/6\/2021\/10\/aland-sida-3.jpg 573w, https:\/\/vasaorden.com\/stockholm\/wp-content\/uploads\/sites\/6\/2021\/10\/aland-sida-3-300x287.jpg 300w\" sizes=\"(max-width: 573px) 100vw, 573px\" \/><\/a><\/p> <p class=\"has-large-font-size\"><a href=\"https:\/\/vasaorden.com\/stockholm\/wp-content\/uploads\/sites\/6\/2021\/10\/24-sept.jpg\"><img loading=\"lazy\" width=\"580\" height=\"823\" class=\"alignnone size-full wp-image-1288\" src=\"https:\/\/vasaorden.com\/stockholm\/wp-content\/uploads\/sites\/6\/2021\/10\/24-sept.jpg\" alt=\"\" srcset=\"https:\/\/vasaorden.com\/stockholm\/wp-content\/uploads\/sites\/6\/2021\/10\/24-sept.jpg 580w, https:\/\/vasaorden.com\/stockholm\/wp-content\/uploads\/sites\/6\/2021\/10\/24-sept-211x300.jpg 211w\" sizes=\"(max-width: 580px) 100vw, 580px\" \/><\/a><\/p><\/p>\n\n\n\n<p>&nbsp;<\/p>\n\n\n\n<figure class=\"wp-container-2 wp-block-gallery-1 wp-block-gallery has-nested-images columns-default is-cropped\">\n<figure class=\"wp-block-image size-large\"><a href=\"https:\/\/vasaorden.com\/stockholm\/wp-content\/uploads\/sites\/6\/2021\/09\/Bouleaug.jpg\"><img loading=\"lazy\" width=\"627\" height=\"807\" data-id=\"1255\"  src=\"https:\/\/vasaorden.com\/stockholm\/wp-content\/uploads\/sites\/6\/2021\/09\/Bouleaug.jpg\" alt=\"\" class=\"wp-image-1255\" srcset=\"https:\/\/vasaorden.com\/stockholm\/wp-content\/uploads\/sites\/6\/2021\/09\/Bouleaug.jpg 627w, https:\/\/vasaorden.com\/stockholm\/wp-content\/uploads\/sites\/6\/2021\/09\/Bouleaug-233x300.jpg 233w\" sizes=\"(max-width: 627px) 100vw, 627px\" \/><\/a><\/figure>\n<\/figure>\n\n\n\n<h2>&nbsp;<\/h2>\n\n\n<h2><span style=\"color: #3366ff\">Genomf\u00f6rda kulturaktiviteter v\u00e5ren 2021<\/span><\/h2>\n<p>Logen Stockholm p\u00e5 lunch-tr\u00e4ff<\/p>\n<p>Den 10 juni tr\u00e4ffades vi \u00f6ver en lunch p\u00e5 Moderna museet, Skeppsholmen. Vi blev 13 syskon \u2013absolut inget olyckstal i det h\u00e4r fallet! Vi hade reserverade bord, fyra stolar per bord, och alla med utsikt \u00f6ver vattnet och v\u00e5rt vackra Stockholm. Det var m\u00e5nga glada h\u00e4lsningar allt eftersom vi kom till restaurangen. Och det var mycket \u201dhur m\u00e5r du?\u201d, \u201dvad har du gjort p\u00e5 sistone?\u201d, \u201dhar du planer f\u00f6r sommaren?\u201d etc.<\/p>\n<p>Efter avslutat lunch tog v\u00e5r ordf\u00f6rande Marie N fram en quiz som skulle besvaras bordsvis. Inga l\u00e4tta fr\u00e5gor, men med lite gissande och mycket tur, fick tv\u00e5 bord 7 av 8 r\u00e4tt. Utslagsfr\u00e5gan gick inte till mitt bords f\u00f6rdel, men vad g\u00f6r v\u00e4l det n\u00e4r vi har s\u00e5 trevligt.<\/p>\n<p>Vi har tur som har en poet i v\u00e5r syskonskara. Leif S reciterade en mycket fin egenskriven dikt om sommaren. Du kan l\u00e4sa den nedan. Tack Leif! D\u00e4refter blev det grattiss\u00e5ng till Marianne R som dagen innan fyllt \u00e5r.<\/p>\n<p>Grattis Marianne!<\/p>\n<p><img loading=\"lazy\" class=\"aligncenter size-large wp-image-1232\" src=\"https:\/\/vasaorden.com\/stockholm\/wp-content\/uploads\/sites\/6\/2021\/07\/Moderna-1024x578.jpg\" alt=\"\" width=\"1024\" height=\"578\" srcset=\"https:\/\/vasaorden.com\/stockholm\/wp-content\/uploads\/sites\/6\/2021\/07\/Moderna-1024x578.jpg 1024w, https:\/\/vasaorden.com\/stockholm\/wp-content\/uploads\/sites\/6\/2021\/07\/Moderna-300x169.jpg 300w, https:\/\/vasaorden.com\/stockholm\/wp-content\/uploads\/sites\/6\/2021\/07\/Moderna-768x434.jpg 768w, https:\/\/vasaorden.com\/stockholm\/wp-content\/uploads\/sites\/6\/2021\/07\/Moderna.jpg 1404w\" sizes=\"(max-width: 1024px) 100vw, 1024px\" \/><\/p>\n<h3>&nbsp;<\/h3>\n<h3>&nbsp;<\/h3>\n<h3>&nbsp;<\/h3>\n<h3><img loading=\"lazy\" class=\"aligncenter size-full wp-image-1235\" src=\"https:\/\/vasaorden.com\/stockholm\/wp-content\/uploads\/sites\/6\/2021\/07\/sommar-i-vart-land.jpg\" alt=\"\" width=\"527\" height=\"747\" srcset=\"https:\/\/vasaorden.com\/stockholm\/wp-content\/uploads\/sites\/6\/2021\/07\/sommar-i-vart-land.jpg 527w, https:\/\/vasaorden.com\/stockholm\/wp-content\/uploads\/sites\/6\/2021\/07\/sommar-i-vart-land-212x300.jpg 212w\" sizes=\"(max-width: 527px) 100vw, 527px\" \/><\/h3>\n<h3>&nbsp;<\/h3>\n<h3>&nbsp;<\/h3>\n<h3>Kulturaktiviteter vintern 2021.<\/h3>\n<p><img loading=\"lazy\" class=\"aligncenter size-full wp-image-1177\" src=\"https:\/\/vasaorden.com\/stockholm\/wp-content\/uploads\/sites\/6\/2021\/02\/2021-02-26-12-39-24-1.jpg\" alt=\"\" width=\"663\" height=\"725\" srcset=\"https:\/\/vasaorden.com\/stockholm\/wp-content\/uploads\/sites\/6\/2021\/02\/2021-02-26-12-39-24-1.jpg 663w, https:\/\/vasaorden.com\/stockholm\/wp-content\/uploads\/sites\/6\/2021\/02\/2021-02-26-12-39-24-1-274x300.jpg 274w\" sizes=\"(max-width: 663px) 100vw, 663px\" \/><\/p>\n<p>&nbsp;<\/p>\n<h3>Kulturaktiviteter h\u00f6sten 2020.<\/h3>\n<h4>Waldemarsudde<\/h4>\n<div id=\"two-columns\">\n<div class=\"top-image\">\n<h6 class=\"visual\"><a href=\"https:\/\/www.waldemarsudde.se\/wp-content\/uploads\/2020\/06\/bauer_bianca-maria-och-trollenbeskuren2-763x458.jpg\" class=\"fancybox-thumb\" rel=\"fancybox-thumb\" title=\"John Bauer, Bianca Maria och trollen, 1913, akvarell p\u00e5 papper, 31,5 x 33,5 cm. Foto: Bukowskis. Bild beskuren.\"> <img loading=\"lazy\" class=\"aligncenter\" src=\"https:\/\/www.waldemarsudde.se\/wp-content\/uploads\/2020\/06\/bauer_bianca-maria-och-trollenbeskuren2-634x400.jpg\" alt=\"Trollbunden \u2013 John Bauer och den magiska naturen\" data-alt-src=\"https:\/\/www.waldemarsudde.se\/wp-content\/uploads\/2020\/06\/bauer_bianca-maria-och-trollenbeskuren2-118x80.jpg\" width=\"242\" height=\"153\"> <\/a><\/h6>\n<h6 class=\"visual\" style=\"text-align: center\"><span class=\"byline\">John Bauer, Bianca Maria och trollen, 1913, Foto: Bukowskis. Bild beskuren.<\/span><\/h6>\n<\/div>\n<div>\n<div id=\"content\" class=\"text\">\n<h2>&nbsp;<em class=\"foreword\">&nbsp;<\/em><\/h2>\n<p>Den soliga fredagen den 2 oktober tr\u00e4ffades 5 logesyskon p\u00e5 Waldemarsudde f\u00f6r att se utst\u00e4llningen \u201dTrollbunden \u2013 John Bauer och den magiska naturen\u201d. Hans sagoillustrationer f\u00f6r \u201dBland tomtar och troll\u201d har haft en djup p\u00e5verkan p\u00e5 f\u00f6rest\u00e4llningar om naturens mystik och magiska krafter. &nbsp;Och vi f\u00e4ngslades av magin i konsten. Den unga familjens sorgliga slut i V\u00e4tterns v\u00e5gor p\u00e5 v\u00e4g att flytta till Stockholm, ber\u00f6rde oss mycket.<\/p>\n<p>Vi kunde ocks\u00e5 se Lena Cronqvists mycket personliga produktion, som ber\u00f6r existentiella ting. I Prisens K\u00f6k kunde vi (utan tr\u00e4ngsel) diskutera v\u00e5ra upplevelser \u00f6ver en kopp kaffe.<img loading=\"lazy\" class=\"wp-image-1103 alignnone\" src=\"https:\/\/vasaorden.com\/stockholm\/wp-content\/uploads\/sites\/6\/2020\/10\/IMG_0851.jpg\" alt=\"\" width=\"380\" height=\"285\" srcset=\"https:\/\/vasaorden.com\/stockholm\/wp-content\/uploads\/sites\/6\/2020\/10\/IMG_0851.jpg 640w, https:\/\/vasaorden.com\/stockholm\/wp-content\/uploads\/sites\/6\/2020\/10\/IMG_0851-300x225.jpg 300w\" sizes=\"(max-width: 380px) 100vw, 380px\" \/><\/p>\n<p>Birgitta Westerlund (Kulturledare)<\/p>\n<\/div>\n<\/div>\n<\/div>\n<h4>&nbsp;<\/h4>\n<h4>Rosendahl tr\u00e4dg\u00e5rdscaf\u00e9.<\/h4>\n<p>En molnig, men \u00e4nd\u00e5 sk\u00f6n tisdag den 15 september tr\u00e4ffades \u00e5tta logesyskon p\u00e5 Rosendahl tr\u00e4dg\u00e5rdscaf\u00e9. Det k\u00e4ndes lite sp\u00e4nnande att kunna tr\u00e4ffas IRL (in real life) men vi h\u00f6ll oss utomhus och p\u00e5 Corona-avst\u00e5nd &#8211; n\u00e4stan.<\/p>\n<p><img loading=\"lazy\" class=\"wp-image-1094 alignleft\" src=\"https:\/\/vasaorden.com\/stockholm\/wp-content\/uploads\/sites\/6\/2020\/09\/IMG_0796-300x225.jpg\" alt=\"\" width=\"311\" height=\"233\" srcset=\"https:\/\/vasaorden.com\/stockholm\/wp-content\/uploads\/sites\/6\/2020\/09\/IMG_0796-300x225.jpg 300w, https:\/\/vasaorden.com\/stockholm\/wp-content\/uploads\/sites\/6\/2020\/09\/IMG_0796-1024x768.jpg 1024w, https:\/\/vasaorden.com\/stockholm\/wp-content\/uploads\/sites\/6\/2020\/09\/IMG_0796-768x576.jpg 768w, https:\/\/vasaorden.com\/stockholm\/wp-content\/uploads\/sites\/6\/2020\/09\/IMG_0796-1536x1152.jpg 1536w, https:\/\/vasaorden.com\/stockholm\/wp-content\/uploads\/sites\/6\/2020\/09\/IMG_0796.jpg 2016w\" sizes=\"(max-width: 311px) 100vw, 311px\" \/><\/p>\n<p>&nbsp;<\/p>\n<p><img loading=\"lazy\" class=\"aligncenter size-medium wp-image-1093\" src=\"https:\/\/vasaorden.com\/stockholm\/wp-content\/uploads\/sites\/6\/2020\/09\/IMG_0794-300x225.jpg\" alt=\"\" width=\"300\" height=\"225\" srcset=\"https:\/\/vasaorden.com\/stockholm\/wp-content\/uploads\/sites\/6\/2020\/09\/IMG_0794-300x225.jpg 300w, https:\/\/vasaorden.com\/stockholm\/wp-content\/uploads\/sites\/6\/2020\/09\/IMG_0794-1024x768.jpg 1024w, https:\/\/vasaorden.com\/stockholm\/wp-content\/uploads\/sites\/6\/2020\/09\/IMG_0794-768x576.jpg 768w, https:\/\/vasaorden.com\/stockholm\/wp-content\/uploads\/sites\/6\/2020\/09\/IMG_0794-1536x1152.jpg 1536w, https:\/\/vasaorden.com\/stockholm\/wp-content\/uploads\/sites\/6\/2020\/09\/IMG_0794.jpg 2016w\" sizes=\"(max-width: 300px) 100vw, 300px\" \/><\/p>\n<p><img loading=\"lazy\" class=\"size-medium wp-image-1095 aligncenter\" src=\"http:\/\/bu2022.vasaorden.com\/stockholm\/files\/2020\/09\/IMG-0896-300x225.jpg\" alt=\"\" width=\"300\" height=\"225\"><\/p>\n<p>Vad vi best\u00e4llde varierade fr\u00e5n en god lunchsoppa till kaffe och bulle. T\u00e4nk vad mycket vi hade att prata om! Fr\u00e5n &#8221;Vad gjorde du under sommaren&#8221; till lite &nbsp;logeinformation fr\u00e5n ordf\u00f6rande Maria.&nbsp;<\/p>\n<p>&nbsp;<\/p>\n<p>Det blev en h\u00e4rlig eftermiddag som gav mersmak.<\/p>\n<p>Text och bild: Pia Norrman och Birgitta Westerlund<\/p>\n<p>&nbsp;<\/p>\n<p>&nbsp;<\/p>\n<h4><span style=\"color: #000000\">\u201dCoronaboule\u201d och picknick i Logen Stockholm nr 589, den 19 augusti 2020<\/span><\/h4>\n<p>Vad g\u00f6r man n\u00e4r det \u00e4r \u201dof\u00e4rdstider\u201d och avst\u00e5nd mellan oss m\u00e4nniskor \u00e4r anbefallt fr\u00e5n myndigheterna, fast\u00e4n vi l\u00e4ngtar efter att tr\u00e4ffas igen?<\/p>\n<p>Vi har ofta tr\u00e4ffats vid Drottningholm, l\u00e5nat en g\u00e5ngv\u00e4g att spela boule p\u00e5 och pausat med picknick. Vi best\u00e4mde oss f\u00f6r att det skulle g\u00e5 bra, men att det var enklare att riskfritt ta sig till Sj\u00f6historiska Mus\u00e9ets stora omr\u00e5de och d\u00e5 fick det bli s\u00e5.<img loading=\"lazy\" class=\"aligncenter size-large wp-image-1089\" src=\"http:\/\/bu2022.vasaorden.com\/stockholm\/files\/2020\/09\/IMG_20200819_140904-1-1024x576.jpg\" alt=\"\" width=\"1024\" height=\"576\"><\/p>\n<p>Vi var 14 personer, som samlades i en stor ring i skuggan och O Maria Nihl\u00e9n ber\u00e4ttade om&nbsp; hur Logen Stockholm skulle hedra de fem medlemmarna, vilka inte l\u00e4ngre finns med i v\u00e5r krets. En tyst minut f\u00f6r dem anbefalldes. T\u00e5rar.<\/p>\n<p><img loading=\"lazy\" class=\"aligncenter size-large wp-image-1090\" src=\"http:\/\/bu2022.vasaorden.com\/stockholm\/files\/2020\/09\/IMG_20200819_130757-1024x576.jpg\" alt=\"\" width=\"1024\" height=\"576\"><\/p>\n<p>&nbsp;<\/p>\n<p>D\u00e4refter st\u00e4rkte vi oss med v\u00e5r medhavda lunch innan boulen startade. Pia Norrman f\u00f6rklarade reglerna f\u00f6r de som aldrig spelat f\u00f6rut och delade in oss i fyra lag. Tv\u00e5 matcher drog ig\u00e5ng p\u00e5 den breda grusv\u00e4gen, som vi annekterat. Sp\u00e4nnande matcher blev det, roligt hade vi och kommentarerna var m\u00e5nga och hj\u00e4rtliga. Lag Maria vann den ena matchen och Lag Pia den andra. S\u00e5 befriande att tr\u00e4ffa v\u00e5ra vasav\u00e4nner och \u201dleka\u201d tillsammans under skratt och uppmuntran.<\/p>\n<p>Vi skildes i gl\u00e4dje \u00f6ver v\u00e5r tr\u00e4ff och saknad av alla medlemmar, vilka av olika anledningar inte kunde vara med. H\u00e5ll tummarna f\u00f6r att v\u00e5r vanliga verksamhet ska kunna fungera inom en inte alltf\u00f6r l\u00e5ng framtid.<\/p>\n<p>&nbsp;<\/p>\n<p>Text och foto: Greta \u00d6gren<\/p>\n<p><strong>K\u00e4ra logesyskon!<\/strong><br>Som ni s\u00e4kert har f\u00f6rst\u00e5tt kan vi inte genomf\u00f6ra v\u00e5ra planerade kulturaktiviteter under r\u00e5dande \u201dcovid-19\u201d.<br>Maria Magdalena-musikalen i Nyn\u00e4shamns kyrka flyttas fram till s\u00f6ndagen den 20 september och bes\u00f6ket p\u00e5 Nordiska Museet den 15 maj kan vi heller inte r\u00e4kna med att genomf\u00f6ra som planerat.<br>Vi f\u00e5r se tiden an och f\u00f6lja Folkh\u00e4lsomyndighetens rekommendationer. Och om vi alla \u00e4r r\u00e4dda om varandra, som syster Maria Nihl\u00e9n skrev, s\u00e5 kanske det inte dr\u00f6jer s\u00e5 l\u00e4nge innan vi kan ses igen. En promenad i den gr\u00f6nskande naturen med sunt f\u00f6rnuft och ordentligt avst\u00e5nd till andra promenerande kanske jag v\u00e5gar mig p\u00e5 att rekommendera.<br>Vi \u00e5terkommer s\u00e5 snart vi f\u00e5tt klartecken att smittspridningsrisken minskat och vi kan planera n\u00e5got trevligt.<br>I Sanning och Enighet<br>Birgitta Westerlund, Kulturledare<\/p>\n<h2>Kommande kulturaktiviteter v\u00e5ren 2020<\/h2>\n<p>&nbsp;<\/p>\n<div class=\"sv-text-portlet sv-use-margins sv-skip-spacer\" id=\"svid12_70c48ec167c5b6b0c11ea21\">\n<div class=\"sv-text-portlet-content\">\n<h3 class=\"heading\">M\u00e4rta M\u00e5\u00e5s, Rikssalen p\u00e5 Kungliga Slottet fredagen den 13 mars kl.13.30.<\/h3>\n<h2><span style=\"color: #ff0000\">Inst\u00e4llt.<\/span><\/h2>\n<\/div>\n<\/div>\n<div class=\"sv-text-portlet sv-use-margins\" id=\"svid12_70c48ec167c5b6b0c11ea22\">\n<div class=\"sv-text-portlet-content\">\n<p class=\"preamble\">Utst\u00e4llningen &#8221;<a href=\"https:\/\/www.kungligaslotten.se\/kalendarium\/evenemang\/marta-maas-fjetterstrom-pa-kungliga-slottet.html\">Se p\u00e5 mattorna \u2013 det \u00e4r jag<\/a>&#8221; v\u00e4lkomnar bes\u00f6kare att vandra genom textilkonstn\u00e4ren M\u00e4rta M\u00e5\u00e5s-Fjetterstr\u00f6ms v\u00e4vda v\u00e4rld.<\/p>\n<\/div>\n<\/div>\n<div class=\"sv-text-portlet sv-use-margins c1703\" id=\"svid12_70c48ec167c5b6b0c11ea23\">\n<div class=\"sv-text-portlet-content\">\n<blockquote class=\"sv-blockquote\">\n<p class=\"normal\">&#8221;Se p\u00e5 mattorna \u2013 det \u00e4r jag&#8221;<br><em>M\u00e4rta M\u00e5\u00e5s-Fjetterstr\u00f6m<\/em><\/p>\n<\/blockquote>\n<p class=\"normal\">Utst\u00e4llningens titel \u00e4r hennes egna ord. N\u00e4r hon ombads beskriva sitt konstn\u00e4rskap sa hon: \u201dSe p\u00e5 mattorna \u2013 det \u00e4r jag\u201d. Det var mattorna som uttrycksfullt talade om vem hon var och ber\u00e4ttade om hennes inspirationsk\u00e4llor, liv, karri\u00e4r och f\u00f6ruts\u00e4ttningarna f\u00f6r kvinnligt f\u00f6retagande under f\u00f6rsta halvan av 1900-talet.<\/p>\n<\/div>\n<\/div>\n<p>Kungen h<img loading=\"lazy\" class=\"wp-image-662 alignright\" src=\"https:\/\/vasaorden.com\/stockholm\/wp-content\/uploads\/sites\/6\/2020\/02\/Marta-Maas-1024x512.jpg\" alt=\"\" width=\"414\" height=\"207\" srcset=\"https:\/\/vasaorden.com\/stockholm\/wp-content\/uploads\/sites\/6\/2020\/02\/Marta-Maas-1024x512.jpg 1024w, https:\/\/vasaorden.com\/stockholm\/wp-content\/uploads\/sites\/6\/2020\/02\/Marta-Maas-300x150.jpg 300w, https:\/\/vasaorden.com\/stockholm\/wp-content\/uploads\/sites\/6\/2020\/02\/Marta-Maas-768x384.jpg 768w, https:\/\/vasaorden.com\/stockholm\/wp-content\/uploads\/sites\/6\/2020\/02\/Marta-Maas.jpg 1500w\" sizes=\"(max-width: 414px) 100vw, 414px\" \/>ar tagit initiativet till denna utst\u00e4llning om och med hennes verk, 100 \u00e5r sedan hennes verksamhet startade.<\/p>\n<p>F\u00f6r f\u00f6rsta g\u00e5ngen visas nu mattorna som finns i de kungliga samlingarna. Tillsammans med externa inl\u00e5nade verk presenteras ett sextiotal verk.Entr\u00e9avgift till slottet \u00e4r 160 kronor. Om vi vill ha en 45 minuter l\u00e5ng guidad visning<br>kl. 14.30 kostar det 30 kronor extra. Kulturarvskortet ger 50% p\u00e5 intr\u00e4det.<\/p>\n<p>Anm\u00e4lan senast den 10 mars till Birgitta Westerlund: <a href=\"mailto:birgitta.westerlund@comhem.se\">birgitta.westerlund@comhem.se<\/a> eller telefon 070-797 06 87.<\/p>\n<hr>\n<p>&nbsp;<\/p>\n<h2>Ytterligare planer f\u00f6r v\u00e5ren&nbsp; <span style=\"color: #ff0000\">Inst\u00e4llt.<\/span><\/h2>\n<ul>\n<li>S\u00f6ndagen den 19 april kl. 18.00<br>Premi\u00e4r f\u00f6r musikalen <strong>Maria Magdalena<\/strong> d\u00e4r vi ser p\u00e5 P\u00e5skens h\u00e4ndelse med Maria Magdalenas \u00f6gon-ett kvinnligt vittne. Manus Daniel Bergstr\u00f6m och musik Daniel Engstr\u00f6m. Medverkar g\u00f6r&nbsp; Nyn\u00e4shamns Vokalensemble och barn fr\u00e5n f\u00f6rsamlingen. solister, k\u00f6rer, dansare och orkester. I samarbete med Musiker Utan Gr\u00e4nser. Regisserar g\u00f6r Annchristine Bj\u00f6rk och projektledare\/dirigent Anna-Lena Engstr\u00f6m.<\/li>\n<\/ul>\n<ul>\n<li>Fredagen den 15 maj se utst\u00e4llningen \u201d<a href=\"https:\/\/www.nordiskamuseet.se\/arktis\">Medan isen sm\u00e4lter<\/a>\u201d p\u00e5 Nordiska Museet och kanske \u00e4ta n\u00e5got tillsammans. Mer information kommer senare.<\/li>\n<\/ul>\n<hr>\n<h3>Teater f\u00f6r logen<\/h3>\n<h3><span style=\"color: #ff0000\">Inst\u00e4llt.<\/span><\/h3>\n<p><strong>Puccinioperan &#8221;Flickan fr\u00e5n V\u00e4stern&#8221; p\u00e5 Operan den&nbsp;26 maj kl 19.00.<\/strong><\/p>\n<p>Pris ca 590:- beroende p\u00e5 hur m\u00e5nga vi blir. Sista dag att best\u00e4lla \u00e4r 15 mars.<\/p>\n<p><strong>Tr\u00f6strapporter p\u00e5 Dramaten, en monolog med Krister Henriksson, den 17 maj kl 16.00.<\/strong><\/p>\n<p>Pris 360:-. Sista dag att best\u00e4lla \u00e4r 15 mars.<\/p>\n<p><strong>Spelman p\u00e5 taket p\u00e5 Dansens hus, den 17 apr kl 13.00.<\/strong><\/p>\n<p>Pris: 370:-. Sista dag att best\u00e4lla \u00e4r 2 mars.<\/p>\n<p>Anm\u00e4lan till Ulla Lindgren: <a href=\"mailto:ulla.lindgren22@hotmail\">ulla.lindgren22@hotmail<\/a>.<\/p>\n<p>&nbsp;<\/p>\n<hr>\n<h2>Kulturaktiviteter som vi genomf\u00f6rt.<\/h2>\n<div class=\"articleTemplate_Header\">\n<h4>PEPPARKAKSHUS FR\u00c5N POLEN<\/h4>\n<\/div>\n<div class=\"articleTemplate_BodyText\">\n<p>Den 10 januari 2020 bes\u00f6kte 12 medlemmar fr\u00e5n Logen Stockholm nr 589 och en g\u00e4st Millesg\u00e5rden igen, men nu var det gamla pepparkakshus som lockade. M\u00e5nga hus och vackra hus, med fantastiska detaljer, visades upp i konstn\u00e4rens hem. Vi gick runt borden flera varv, f\u00f6r att inte g\u00e5 miste om n\u00e5got och undrade hur husen packats f\u00f6r att klara transporten.<\/p>\n<p>S\u00e5 m\u00e5nga pepparkakor inspirerade till \u201dfika\u201d i Lanthandeln. Vi lyckades ordna ett \u201dtrettonbord\u201d s\u00e5 vi alla tillsammans kunde umg\u00e5s innan vi \u00e5kte, var och en hem till sig.<\/p>\n<p>Tack KL Birgitta Westerlund f\u00f6r arrangemanget.<\/p>\n<p>&nbsp;<\/p>\n<p><img loading=\"lazy\" class=\"size-full wp-image-599 alignleft\" src=\"https:\/\/vasaorden.com\/stockholm\/wp-content\/uploads\/sites\/6\/2019\/11\/589-3.jpg\" alt=\"\" width=\"573\" height=\"268\" srcset=\"https:\/\/vasaorden.com\/stockholm\/wp-content\/uploads\/sites\/6\/2019\/11\/589-3.jpg 573w, https:\/\/vasaorden.com\/stockholm\/wp-content\/uploads\/sites\/6\/2019\/11\/589-3-300x140.jpg 300w\" sizes=\"(max-width: 573px) 100vw, 573px\" \/><\/p>\n<p>&nbsp;<\/p>\n<p>Utst\u00e4llningen arrangerades av Millesg\u00e5rden i samarbete med Polska institutet i Stockholm<\/p>\n<\/div>\n<p>&nbsp;<\/p>\n<p>Text och foto: Greta \u00d6gren<\/p>\n<p>&nbsp;<\/p>\n<p>&nbsp;<\/p>\n<p><img loading=\"lazy\" class=\"wp-image-703 alignright\" src=\"https:\/\/vasaorden.com\/stockholm\/wp-content\/uploads\/sites\/6\/2020\/02\/IMG_20200110_113139-1-1024x576.jpg\" alt=\"\" width=\"341\" height=\"192\" srcset=\"https:\/\/vasaorden.com\/stockholm\/wp-content\/uploads\/sites\/6\/2020\/02\/IMG_20200110_113139-1-1024x576.jpg 1024w, https:\/\/vasaorden.com\/stockholm\/wp-content\/uploads\/sites\/6\/2020\/02\/IMG_20200110_113139-1-300x169.jpg 300w, https:\/\/vasaorden.com\/stockholm\/wp-content\/uploads\/sites\/6\/2020\/02\/IMG_20200110_113139-1-768x432.jpg 768w, https:\/\/vasaorden.com\/stockholm\/wp-content\/uploads\/sites\/6\/2020\/02\/IMG_20200110_113139-1-1536x864.jpg 1536w, https:\/\/vasaorden.com\/stockholm\/wp-content\/uploads\/sites\/6\/2020\/02\/IMG_20200110_113139-1-800x450.jpg 800w, https:\/\/vasaorden.com\/stockholm\/wp-content\/uploads\/sites\/6\/2020\/02\/IMG_20200110_113139-1.jpg 1885w\" sizes=\"(max-width: 341px) 100vw, 341px\" \/> <img loading=\"lazy\" class=\"aligncenter wp-image-702\" src=\"https:\/\/vasaorden.com\/stockholm\/wp-content\/uploads\/sites\/6\/2020\/02\/IMG_20200110_112741-1-1024x576.jpg\" alt=\"\" width=\"370\" height=\"208\" srcset=\"https:\/\/vasaorden.com\/stockholm\/wp-content\/uploads\/sites\/6\/2020\/02\/IMG_20200110_112741-1-1024x576.jpg 1024w, https:\/\/vasaorden.com\/stockholm\/wp-content\/uploads\/sites\/6\/2020\/02\/IMG_20200110_112741-1-300x169.jpg 300w, https:\/\/vasaorden.com\/stockholm\/wp-content\/uploads\/sites\/6\/2020\/02\/IMG_20200110_112741-1-768x432.jpg 768w, https:\/\/vasaorden.com\/stockholm\/wp-content\/uploads\/sites\/6\/2020\/02\/IMG_20200110_112741-1-1536x864.jpg 1536w, https:\/\/vasaorden.com\/stockholm\/wp-content\/uploads\/sites\/6\/2020\/02\/IMG_20200110_112741-1-800x450.jpg 800w, https:\/\/vasaorden.com\/stockholm\/wp-content\/uploads\/sites\/6\/2020\/02\/IMG_20200110_112741-1.jpg 1885w\" sizes=\"(max-width: 370px) 100vw, 370px\" \/>&nbsp;<\/p>\n<p>&nbsp;<\/p>\n<hr>\n<h3>Vi&nbsp; s\u00e5g utst\u00e4llningen \u201dM\u00e5leri och Andlighet\u201d p\u00e5 Millesg\u00e5rden den 16 november 2019<\/h3>\n<h4>Hilma af Klint, Tyra Kleen och Lucie Lagerbielke<\/h4>\n<p><img loading=\"lazy\" class=\"wp-image-576 alignleft\" src=\"https:\/\/vasaorden.com\/stockholm\/wp-content\/uploads\/sites\/6\/2019\/10\/hilma.jpg\" alt=\"\" width=\"278\" height=\"278\" srcset=\"https:\/\/vasaorden.com\/stockholm\/wp-content\/uploads\/sites\/6\/2019\/10\/hilma.jpg 576w, https:\/\/vasaorden.com\/stockholm\/wp-content\/uploads\/sites\/6\/2019\/10\/hilma-300x300.jpg 300w, https:\/\/vasaorden.com\/stockholm\/wp-content\/uploads\/sites\/6\/2019\/10\/hilma-150x150.jpg 150w\" sizes=\"(max-width: 278px) 100vw, 278px\" \/><\/p>\n<p>Nio medlemmar i Logen Stockholm nr 589 sammanstr\u00e5lade p\u00e5 Millesg\u00e5rden f\u00f6r en lunch\/kaffe och f\u00f6r att d\u00e4refter se utst\u00e4llningen om de tre kvinnliga konstn\u00e4rerna, vilka bland annat upplevde f\u00f6rra sekelskiftet, Strindberg, Fredrika Bremer, f\u00f6rsta v\u00e4rldskriget och kvinnlig r\u00f6str\u00e4tt. De tre utbildade \u201dkonstn\u00e4rinnorna\u201d intresserade sig f\u00f6r livets andliga fr\u00e5gor, spiritism, astralv\u00e4rlden, olika religi\u00f6sa riktningar, antroposofi m.m. De deltog i seanser, samarbetade ibland i olika sammanslutningar och uttryckte sina tankar och visioner p\u00e5 olika s\u00e4tt i sina konstverk.&nbsp;&nbsp;&nbsp;<\/p>\n<p style=\"text-align: center\">Vi hade f\u00e5tt se tre kvinnliga konstn\u00e4rers olika uttryck f\u00f6r den tidens tankar om att det finns en v\u00e4rld bortom det vi kan se och deras f\u00f6rs\u00f6k att visualisera och g\u00f6ra sin v\u00e4rld begriplig. Jag \u00e4r inte s\u00e4ker p\u00e5 att jag begrep, men intressant var det att se tavlorna och j\u00e4mf\u00f6ra deras olika s\u00e4tt att m\u00e5la sina tankar.<\/p>\n<p>&nbsp;<\/p>\n<figure id=\"attachment_660\" aria-describedby=\"caption-attachment-660\" style=\"width: 276px\" class=\"wp-caption alignleft\"><img loading=\"lazy\" class=\"wp-image-660\" src=\"https:\/\/vasaorden.com\/stockholm\/wp-content\/uploads\/sites\/6\/2020\/02\/IMG_20191115_130319-1-807x1024.jpg\" alt=\"\" width=\"276\" height=\"350\" srcset=\"https:\/\/vasaorden.com\/stockholm\/wp-content\/uploads\/sites\/6\/2020\/02\/IMG_20191115_130319-1-807x1024.jpg 807w, https:\/\/vasaorden.com\/stockholm\/wp-content\/uploads\/sites\/6\/2020\/02\/IMG_20191115_130319-1-236x300.jpg 236w, https:\/\/vasaorden.com\/stockholm\/wp-content\/uploads\/sites\/6\/2020\/02\/IMG_20191115_130319-1-768x975.jpg 768w, https:\/\/vasaorden.com\/stockholm\/wp-content\/uploads\/sites\/6\/2020\/02\/IMG_20191115_130319-1-1210x1536.jpg 1210w, https:\/\/vasaorden.com\/stockholm\/wp-content\/uploads\/sites\/6\/2020\/02\/IMG_20191115_130319-1.jpg 1255w\" sizes=\"(max-width: 276px) 100vw, 276px\" \/><figcaption id=\"caption-attachment-660\" class=\"wp-caption-text\">Vi som var d\u00e4r<\/figcaption><\/figure>\n<p>&nbsp;<\/p>\n<p>Tack KL Birgitta Westerlund f\u00f6r att du ordnade bes\u00f6ket.<\/p>\n<p>Text och foto: Greta \u00d6hgren<\/p>\n<p>&nbsp;<\/p>\n<p>&nbsp;<\/p>\n<p>&nbsp;<\/p>\n<h3>&nbsp;<\/h3>\n<h3>&nbsp;<\/h3>\n<h3>&nbsp;<\/h3>\n<p>&nbsp;<\/p>\n\n\n<figure class=\"wp-block-image size-large\"><img src=\"http:\/\/bu2022.vasaorden.com\/eacd50f5-fe7d-4dfc-8f08-281f7c9f6b45\" alt=\"\" \/><\/figure>\n\n\n\n<p>&nbsp;<\/p>\n","protected":false},"excerpt":{"rendered":"<p>Stadsmuseet 9 februari 2024 Stockholmsutst\u00e4llningen Fredagen den 9 februari 2024 var vi 13 logesyskon som tr\u00e4ffades p\u00e5 Stadsmuseet f\u00f6r att se \u201dStockholmsutst\u00e4llningen\u201d Stockholms historia fr\u00e5n \u00e5r 1527 fram till idag p\u00e5 3 v\u00e5ningsplan. Vi m\u00f6ttes kl.14.00 och efter att vi tagit del av introduktionen konstaterade de flesta av oss att vi var kaffesugna. Sagt och [&hellip;]<\/p>\n","protected":false},"author":13,"featured_media":0,"parent":0,"menu_order":0,"comment_status":"closed","ping_status":"closed","template":"","meta":{"ngg_post_thumbnail":0,"ocean_post_layout":"","ocean_both_sidebars_style":"","ocean_both_sidebars_content_width":0,"ocean_both_sidebars_sidebars_width":0,"ocean_sidebar":"0","ocean_second_sidebar":"0","ocean_disable_margins":"enable","ocean_add_body_class":"","ocean_shortcode_before_top_bar":"","ocean_shortcode_after_top_bar":"","ocean_shortcode_before_header":"","ocean_shortcode_after_header":"","ocean_has_shortcode":"","ocean_shortcode_after_title":"","ocean_shortcode_before_footer_widgets":"","ocean_shortcode_after_footer_widgets":"","ocean_shortcode_before_footer_bottom":"","ocean_shortcode_after_footer_bottom":"","ocean_display_top_bar":"default","ocean_display_header":"default","ocean_header_style":"","ocean_center_header_left_menu":"0","ocean_custom_header_template":"0","ocean_custom_logo":0,"ocean_custom_retina_logo":0,"ocean_custom_logo_max_width":0,"ocean_custom_logo_tablet_max_width":0,"ocean_custom_logo_mobile_max_width":0,"ocean_custom_logo_max_height":0,"ocean_custom_logo_tablet_max_height":0,"ocean_custom_logo_mobile_max_height":0,"ocean_header_custom_menu":"0","ocean_menu_typo_font_family":"0","ocean_menu_typo_font_subset":"","ocean_menu_typo_font_size":0,"ocean_menu_typo_font_size_tablet":0,"ocean_menu_typo_font_size_mobile":0,"ocean_menu_typo_font_size_unit":"px","ocean_menu_typo_font_weight":"","ocean_menu_typo_font_weight_tablet":"","ocean_menu_typo_font_weight_mobile":"","ocean_menu_typo_transform":"","ocean_menu_typo_transform_tablet":"","ocean_menu_typo_transform_mobile":"","ocean_menu_typo_line_height":0,"ocean_menu_typo_line_height_tablet":0,"ocean_menu_typo_line_height_mobile":0,"ocean_menu_typo_line_height_unit":"","ocean_menu_typo_spacing":0,"ocean_menu_typo_spacing_tablet":0,"ocean_menu_typo_spacing_mobile":0,"ocean_menu_typo_spacing_unit":"","ocean_menu_link_color":"","ocean_menu_link_color_hover":"","ocean_menu_link_color_active":"","ocean_menu_link_background":"","ocean_menu_link_hover_background":"","ocean_menu_link_active_background":"","ocean_menu_social_links_bg":"","ocean_menu_social_hover_links_bg":"","ocean_menu_social_links_color":"","ocean_menu_social_hover_links_color":"","ocean_disable_title":"default","ocean_disable_heading":"default","ocean_post_title":"","ocean_post_subheading":"","ocean_post_title_style":"","ocean_post_title_background_color":"","ocean_post_title_background":0,"ocean_post_title_bg_image_position":"","ocean_post_title_bg_image_attachment":"","ocean_post_title_bg_image_repeat":"","ocean_post_title_bg_image_size":"","ocean_post_title_height":0,"ocean_post_title_bg_overlay":0.5,"ocean_post_title_bg_overlay_color":"","ocean_disable_breadcrumbs":"default","ocean_breadcrumbs_color":"","ocean_breadcrumbs_separator_color":"","ocean_breadcrumbs_links_color":"","ocean_breadcrumbs_links_hover_color":"","ocean_display_footer_widgets":"default","ocean_display_footer_bottom":"default","ocean_custom_footer_template":"0"},"_links":{"self":[{"href":"https:\/\/vasaorden.com\/stockholm\/wp-json\/wp\/v2\/pages\/522"}],"collection":[{"href":"https:\/\/vasaorden.com\/stockholm\/wp-json\/wp\/v2\/pages"}],"about":[{"href":"https:\/\/vasaorden.com\/stockholm\/wp-json\/wp\/v2\/types\/page"}],"author":[{"embeddable":true,"href":"https:\/\/vasaorden.com\/stockholm\/wp-json\/wp\/v2\/users\/13"}],"replies":[{"embeddable":true,"href":"https:\/\/vasaorden.com\/stockholm\/wp-json\/wp\/v2\/comments?post=522"}],"version-history":[{"count":2,"href":"https:\/\/vasaorden.com\/stockholm\/wp-json\/wp\/v2\/pages\/522\/revisions"}],"predecessor-version":[{"id":1476,"href":"https:\/\/vasaorden.com\/stockholm\/wp-json\/wp\/v2\/pages\/522\/revisions\/1476"}],"wp:attachment":[{"href":"https:\/\/vasaorden.com\/stockholm\/wp-json\/wp\/v2\/media?parent=522"}],"curies":[{"name":"wp","href":"https:\/\/api.w.org\/{rel}","templated":true}]}}