{"id":13,"date":"2012-02-13T20:37:18","date_gmt":"2012-02-13T20:37:18","guid":{"rendered":"http:\/\/bu2022.vasaorden.com\/boras\/?page_id=13"},"modified":"2025-12-28T16:49:32","modified_gmt":"2025-12-28T15:49:32","slug":"information","status":"publish","type":"page","link":"https:\/\/vasaorden.com\/skovde\/information\/","title":{"rendered":"Information"},"content":{"rendered":"\n<p><strong>L\u00f6rdag den 13 december \u2013 Julloge<\/strong><\/p>\n\n\n\n<p>Denna l\u00f6rdag kv\u00e4ll h\u00f6ll lokallogen Sk\u00f6vde sitt f\u00f6r \u00e5ret sista logem\u00f6te med efterf\u00f6ljande julbord. Under m\u00f6tet behandlades i f\u00f6rsta hand de sedvanliga m\u00f6tesfr\u00e5gorna men ocks\u00e5 slutligt beslut om budget och val av \u00e4mbetsm\u00e4n f\u00f6r i f\u00f6rsta hand de kommande tv\u00e5 \u00e5ren.\u00a0 Logem\u00f6tet avslutades med bes\u00f6k av lucia med elever fr\u00e5n kulturskolan, under ledning av Anton Bj\u00f6rk. Sedan bj\u00f6d br OF Nils-Erik till fortsatt program i gillesv\u00e5ningen en trappa ner.<\/p>\n\n\n\n<p>Efterkapitlet inleddes med gl\u00f6ggmingel f\u00f6re det rikliga julbordet som v\u00e4ntade. Ett mycket smakrikt julbord som inneh\u00f6ll det mesta som h\u00f6r julen till. Kv\u00e4llens program fortsatte senare med kaffe och hembakad kaka. I anslutning till detta fick vi ocks\u00e5 bes\u00f6k av en tomte med en stor v\u00e4lfylld s\u00e4ck p\u00e5 ryggen med julklappar som denna delade ut en till var och en.<\/p>\n\n\n\n<figure class=\"wp-block-image size-full\"><img loading=\"lazy\" width=\"348\" height=\"348\" src=\"https:\/\/vasaorden.com\/skovde\/wp-content\/uploads\/sites\/11\/2025\/12\/image-10.png\" alt=\"\" class=\"wp-image-1575\" srcset=\"https:\/\/vasaorden.com\/skovde\/wp-content\/uploads\/sites\/11\/2025\/12\/image-10.png 348w, https:\/\/vasaorden.com\/skovde\/wp-content\/uploads\/sites\/11\/2025\/12\/image-10-300x300.png 300w, https:\/\/vasaorden.com\/skovde\/wp-content\/uploads\/sites\/11\/2025\/12\/image-10-150x150.png 150w\" sizes=\"(max-width: 348px) 100vw, 348px\" \/><figcaption><strong><em>N\u00e4rmast: Sy Marianne och br Seppo<\/em><\/strong><\/figcaption><\/figure>\n\n\n\n<figure class=\"wp-block-image size-full\"><img loading=\"lazy\" width=\"350\" height=\"350\" src=\"https:\/\/vasaorden.com\/skovde\/wp-content\/uploads\/sites\/11\/2025\/12\/image-11.png\" alt=\"\" class=\"wp-image-1576\" srcset=\"https:\/\/vasaorden.com\/skovde\/wp-content\/uploads\/sites\/11\/2025\/12\/image-11.png 350w, https:\/\/vasaorden.com\/skovde\/wp-content\/uploads\/sites\/11\/2025\/12\/image-11-300x300.png 300w, https:\/\/vasaorden.com\/skovde\/wp-content\/uploads\/sites\/11\/2025\/12\/image-11-150x150.png 150w\" sizes=\"(max-width: 350px) 100vw, 350px\" \/><figcaption><strong><em>N\u00e4rmast: Sy Inga-Lil och br Jan-Olof<\/em><\/strong><\/figcaption><\/figure>\n\n\n\n<figure class=\"wp-block-image size-full\"><img loading=\"lazy\" width=\"348\" height=\"348\" src=\"https:\/\/vasaorden.com\/skovde\/wp-content\/uploads\/sites\/11\/2025\/12\/image-12.png\" alt=\"\" class=\"wp-image-1577\" srcset=\"https:\/\/vasaorden.com\/skovde\/wp-content\/uploads\/sites\/11\/2025\/12\/image-12.png 348w, https:\/\/vasaorden.com\/skovde\/wp-content\/uploads\/sites\/11\/2025\/12\/image-12-300x300.png 300w, https:\/\/vasaorden.com\/skovde\/wp-content\/uploads\/sites\/11\/2025\/12\/image-12-150x150.png 150w\" sizes=\"(max-width: 348px) 100vw, 348px\" \/><figcaption>                                           <strong><em>\u00d6versikt fr\u00e5n klubblokalen vid jul-&nbsp; &nbsp;&nbsp;&nbsp;&nbsp;&nbsp;&nbsp;&nbsp;&nbsp;&nbsp;&nbsp;&nbsp;&nbsp;&nbsp;&nbsp;&nbsp;&nbsp;&nbsp;&nbsp;&nbsp;&nbsp;&nbsp;&nbsp;&nbsp;&nbsp;&nbsp;&nbsp;&nbsp;&nbsp;&nbsp;&nbsp;&nbsp;&nbsp;&nbsp;&nbsp;&nbsp;&nbsp;&nbsp;&nbsp;&nbsp;&nbsp;&nbsp;&nbsp;&nbsp;&nbsp;&nbsp;<br>klappsutdelning, kaffe och lottdragning<\/em><\/strong><\/figcaption><\/figure>\n\n\n\n<figure class=\"wp-block-image size-full\"><img loading=\"lazy\" width=\"353\" height=\"353\" src=\"https:\/\/vasaorden.com\/skovde\/wp-content\/uploads\/sites\/11\/2025\/12\/image-13.png\" alt=\"\" class=\"wp-image-1578\" srcset=\"https:\/\/vasaorden.com\/skovde\/wp-content\/uploads\/sites\/11\/2025\/12\/image-13.png 353w, https:\/\/vasaorden.com\/skovde\/wp-content\/uploads\/sites\/11\/2025\/12\/image-13-300x300.png 300w, https:\/\/vasaorden.com\/skovde\/wp-content\/uploads\/sites\/11\/2025\/12\/image-13-150x150.png 150w\" sizes=\"(max-width: 353px) 100vw, 353px\" \/><figcaption><strong><em>Sy Monica siter och l\u00e4ser dikten &#8221;Tomten&#8221;<\/em><\/strong><\/figcaption><\/figure>\n\n\n\n<p>Inf\u00f6r avslutande lottdragning framtr\u00e4dde \u00e4nnu en tomte med ett julbudskap. Tomten satte sig till r\u00e4tta och l\u00e4ste Viktor Rydbergs v\u00e4lk\u00e4nda dikt \u201dtomten\u201d inf\u00f6r oss alla. Det hela blev en fin inramning av kv\u00e4llens program en fin avrundning av verksamhets\u00e5ret.<\/p>\n\n\n\n<p><strong>M\u00e5ndag 1 december &#8211; Adventskaffe<\/strong><\/p>\n\n\n\n<p>Vid 15-tiden denna m\u00e5ndagseftermiddag samlades ett drygt tjugotal vasasyskon och g\u00e4ster i Gillesv\u00e5ningen i Odd Fellowhuset f\u00f6r en stunds samvaro med information och adventskaffe. Br. Kjell inledde eftermiddagens samkv\u00e4m med information om och kring Vasaorden av Amerika. Han ber\u00e4ttade fr\u00e5n grunden av dess bildande till dagens verksamhet i Storlogen, Distriktet och Lokallogen, men ocks\u00e5 om v\u00e5ra symboler, bland annat om v\u00e5rt Charterbrev.<\/p>\n\n\n\n<figure class=\"wp-block-image size-full is-resized\"><img loading=\"lazy\" src=\"https:\/\/vasaorden.com\/skovde\/wp-content\/uploads\/sites\/11\/2025\/12\/image.png\" alt=\"\" class=\"wp-image-1562\" width=\"367\" height=\"275\" srcset=\"https:\/\/vasaorden.com\/skovde\/wp-content\/uploads\/sites\/11\/2025\/12\/image.png 303w, https:\/\/vasaorden.com\/skovde\/wp-content\/uploads\/sites\/11\/2025\/12\/image-300x225.png 300w\" sizes=\"(max-width: 367px) 100vw, 367px\" \/><\/figure>\n\n\n\n<figure class=\"wp-block-image size-full is-resized\"><img loading=\"lazy\" src=\"https:\/\/vasaorden.com\/skovde\/wp-content\/uploads\/sites\/11\/2025\/12\/image-1.png\" alt=\"\" class=\"wp-image-1563\" width=\"369\" height=\"277\" srcset=\"https:\/\/vasaorden.com\/skovde\/wp-content\/uploads\/sites\/11\/2025\/12\/image-1.png 309w, https:\/\/vasaorden.com\/skovde\/wp-content\/uploads\/sites\/11\/2025\/12\/image-1-300x225.png 300w\" sizes=\"(max-width: 369px) 100vw, 369px\" \/><\/figure>\n\n\n\n<figure class=\"wp-block-image size-full is-resized\"><img loading=\"lazy\" src=\"https:\/\/vasaorden.com\/skovde\/wp-content\/uploads\/sites\/11\/2025\/12\/image-2.png\" alt=\"\" class=\"wp-image-1564\" width=\"371\" height=\"278\" srcset=\"https:\/\/vasaorden.com\/skovde\/wp-content\/uploads\/sites\/11\/2025\/12\/image-2.png 308w, https:\/\/vasaorden.com\/skovde\/wp-content\/uploads\/sites\/11\/2025\/12\/image-2-300x225.png 300w\" sizes=\"(max-width: 371px) 100vw, 371px\" \/><\/figure>\n\n\n\n<figure class=\"wp-block-image size-full is-resized\"><img loading=\"lazy\" src=\"https:\/\/vasaorden.com\/skovde\/wp-content\/uploads\/sites\/11\/2025\/12\/image-3.png\" alt=\"\" class=\"wp-image-1565\" width=\"373\" height=\"279\" srcset=\"https:\/\/vasaorden.com\/skovde\/wp-content\/uploads\/sites\/11\/2025\/12\/image-3.png 305w, https:\/\/vasaorden.com\/skovde\/wp-content\/uploads\/sites\/11\/2025\/12\/image-3-300x224.png 300w\" sizes=\"(max-width: 373px) 100vw, 373px\" \/><\/figure>\n\n\n\n<figure class=\"wp-block-image size-full is-resized\"><img loading=\"lazy\" src=\"https:\/\/vasaorden.com\/skovde\/wp-content\/uploads\/sites\/11\/2025\/12\/image-4.png\" alt=\"\" class=\"wp-image-1566\" width=\"373\" height=\"280\" srcset=\"https:\/\/vasaorden.com\/skovde\/wp-content\/uploads\/sites\/11\/2025\/12\/image-4.png 302w, https:\/\/vasaorden.com\/skovde\/wp-content\/uploads\/sites\/11\/2025\/12\/image-4-300x225.png 300w\" sizes=\"(max-width: 373px) 100vw, 373px\" \/><\/figure>\n\n\n\n<figure class=\"wp-block-image size-full is-resized\"><img loading=\"lazy\" src=\"https:\/\/vasaorden.com\/skovde\/wp-content\/uploads\/sites\/11\/2025\/12\/image-5.png\" alt=\"\" class=\"wp-image-1567\" width=\"374\" height=\"280\" srcset=\"https:\/\/vasaorden.com\/skovde\/wp-content\/uploads\/sites\/11\/2025\/12\/image-5.png 305w, https:\/\/vasaorden.com\/skovde\/wp-content\/uploads\/sites\/11\/2025\/12\/image-5-300x224.png 300w\" sizes=\"(max-width: 374px) 100vw, 374px\" \/><\/figure>\n\n\n\n<p>D\u00e4refter bj\u00f6d logens OF br Nils-Erik in till adventskaffe och samkv\u00e4m. Det hade dukats upp rikligt med dopp till kaffet. N\u00e5got av det var inhandlat men merparten av vad som bj\u00f6ds p\u00e5 hade sy Gun bakat. &nbsp;Det var en mycket uppskattad stund som avrundades efter ett par timmar.&nbsp; Efter information och kaffestund h\u00f6ll styrelsen sitt f\u00f6r \u00e5ret sista styrelsem\u00f6te samtidigt som \u00f6vriga medlemmar och g\u00e4ster tackade f\u00f6r sig och drog sig hem\u00e5t. &nbsp;<\/p>\n\n\n\n<p><\/p>\n\n\n\n<figure class=\"wp-block-image size-full is-resized\"><img loading=\"lazy\" src=\"https:\/\/vasaorden.com\/skovde\/wp-content\/uploads\/sites\/11\/2025\/12\/image-6.png\" alt=\"\" class=\"wp-image-1569\" width=\"20\" height=\"20\" srcset=\"https:\/\/vasaorden.com\/skovde\/wp-content\/uploads\/sites\/11\/2025\/12\/image-6.png 348w, https:\/\/vasaorden.com\/skovde\/wp-content\/uploads\/sites\/11\/2025\/12\/image-6-300x300.png 300w, https:\/\/vasaorden.com\/skovde\/wp-content\/uploads\/sites\/11\/2025\/12\/image-6-150x150.png 150w\" sizes=\"(max-width: 20px) 100vw, 20px\" \/><\/figure>\n\n\n\n<figure class=\"wp-block-image size-full is-resized\"><img loading=\"lazy\" src=\"https:\/\/vasaorden.com\/skovde\/wp-content\/uploads\/sites\/11\/2025\/12\/image-7.png\" alt=\"\" class=\"wp-image-1570\" width=\"20\" height=\"20\" srcset=\"https:\/\/vasaorden.com\/skovde\/wp-content\/uploads\/sites\/11\/2025\/12\/image-7.png 350w, https:\/\/vasaorden.com\/skovde\/wp-content\/uploads\/sites\/11\/2025\/12\/image-7-300x300.png 300w, https:\/\/vasaorden.com\/skovde\/wp-content\/uploads\/sites\/11\/2025\/12\/image-7-150x150.png 150w\" sizes=\"(max-width: 20px) 100vw, 20px\" \/><\/figure>\n\n\n\n<figure class=\"wp-block-image size-full is-resized\"><img loading=\"lazy\" src=\"https:\/\/vasaorden.com\/skovde\/wp-content\/uploads\/sites\/11\/2025\/12\/image-8.png\" alt=\"\" class=\"wp-image-1571\" width=\"20\" height=\"20\" srcset=\"https:\/\/vasaorden.com\/skovde\/wp-content\/uploads\/sites\/11\/2025\/12\/image-8.png 348w, https:\/\/vasaorden.com\/skovde\/wp-content\/uploads\/sites\/11\/2025\/12\/image-8-300x300.png 300w, https:\/\/vasaorden.com\/skovde\/wp-content\/uploads\/sites\/11\/2025\/12\/image-8-150x150.png 150w\" sizes=\"(max-width: 20px) 100vw, 20px\" \/><figcaption>                                             <\/figcaption><\/figure>\n\n\n\n<p><\/p>\n\n\n\n<p><strong>75-\u00e5rsjubileum den 8 november<\/strong><\/p>\n\n\n\n<p>L\u00f6rdag kv\u00e4ll den 8 november h\u00f6ll lokallogen Sk\u00f6vde h\u00f6gtidsloge f\u00f6r att fira sitt 75-\u00e5rsjubileum i Odd Fellows lokaler i Sk\u00f6vde. Logen instiftades i november 1950 med flertal logesyskon fr\u00e5n bland annat G\u00f6teborgslogen och Stockholmslogen n\u00e4rvarande. Logen h\u00f6ll d\u00e5 till p\u00e5 J\u00e4rnv\u00e4gshotellet d\u00e4r de stannade n\u00e5gra \u00e5r f\u00f6r att sedan flytta till Hantverkshuset p\u00e5 Kungsgatan. D\u00e4r blev logen kvar till n\u00e5gra \u00e5r in p\u00e5 2000-talen innan flytten till nuvarande logelokal gjordes till Odd Fellowhuset p\u00e5 Villagatan.<\/p>\n\n\n\n<p>Inbjudan till Jubileet hade g\u00e5tt ut tidigt under h\u00f6sten f\u00f6r att locka s\u00e5 m\u00e5nga logesyskon som m\u00f6jligt till detsamma, vilket ocks\u00e5 senare gav ett gott resultat.&nbsp; Till jubileet hade cirka 50 logemedlemmar anm\u00e4lt sig. Det var ut\u00f6ver logens egna medlemmar ocks\u00e5 medlemmar fr\u00e5n Kalmar, Norrk\u00f6ping, G\u00f6teborg, Kung\u00e4lv och Lidk\u00f6ping. Bland g\u00e4stande vasasyskon ocks\u00e5 Distriktsm\u00e4staren f\u00f6r Distriktsloge 19 Norra Sverige sy Maggie Ahlin Thelin.<\/p>\n\n\n\n<p>Kv\u00e4llen inleddes med logem\u00f6te d\u00e4r festligheterna \u00f6ppnades med en fint genomf\u00f6rd Fanparad i logelokalen. Under logem\u00f6tet i \u00f6vrigt l\u00e4stes inkomna telegram och logens historik upp. Gratulationer framf\u00f6rdes samt att tre f\u00f6rtj\u00e4nsttecken delades ut. N\u00e4r avslutningsmusiken i logelokalen tonat ut bj\u00f6d ordf\u00f6randen br Nils-Erik ner alla till klubblokalerna till en v\u00e4lkomstdryck och lite mingel f\u00f6re maten.<\/p>\n\n\n\n<figure class=\"wp-block-image size-large is-resized\"><img loading=\"lazy\" src=\"https:\/\/vasaorden.com\/skovde\/wp-content\/uploads\/sites\/11\/2025\/11\/IMG_0094-768x1024.jpg\" alt=\"\" class=\"wp-image-1551\" width=\"346\" height=\"461\" srcset=\"https:\/\/vasaorden.com\/skovde\/wp-content\/uploads\/sites\/11\/2025\/11\/IMG_0094-768x1024.jpg 768w, https:\/\/vasaorden.com\/skovde\/wp-content\/uploads\/sites\/11\/2025\/11\/IMG_0094-225x300.jpg 225w, https:\/\/vasaorden.com\/skovde\/wp-content\/uploads\/sites\/11\/2025\/11\/IMG_0094-1152x1536.jpg 1152w, https:\/\/vasaorden.com\/skovde\/wp-content\/uploads\/sites\/11\/2025\/11\/IMG_0094-1536x2048.jpg 1536w, https:\/\/vasaorden.com\/skovde\/wp-content\/uploads\/sites\/11\/2025\/11\/IMG_0094-scaled.jpg 1920w\" sizes=\"(max-width: 346px) 100vw, 346px\" \/><figcaption><strong>Br Ordf\u00f6rande Nil-Erik h\u00e4lsar v\u00e4lkomna till bords mm<\/strong><\/figcaption><\/figure>\n\n\n\n<figure class=\"wp-block-image size-large is-resized\"><img loading=\"lazy\" src=\"https:\/\/vasaorden.com\/skovde\/wp-content\/uploads\/sites\/11\/2025\/11\/IMG_0119-1024x768.jpg\" alt=\"\" class=\"wp-image-1553\" width=\"347\" height=\"260\" srcset=\"https:\/\/vasaorden.com\/skovde\/wp-content\/uploads\/sites\/11\/2025\/11\/IMG_0119-1024x768.jpg 1024w, https:\/\/vasaorden.com\/skovde\/wp-content\/uploads\/sites\/11\/2025\/11\/IMG_0119-300x225.jpg 300w, https:\/\/vasaorden.com\/skovde\/wp-content\/uploads\/sites\/11\/2025\/11\/IMG_0119-768x576.jpg 768w, https:\/\/vasaorden.com\/skovde\/wp-content\/uploads\/sites\/11\/2025\/11\/IMG_0119-1536x1152.jpg 1536w, https:\/\/vasaorden.com\/skovde\/wp-content\/uploads\/sites\/11\/2025\/11\/IMG_0119-2048x1536.jpg 2048w\" sizes=\"(max-width: 347px) 100vw, 347px\" \/><figcaption><strong>Br Gunnar h\u00e5ller tal<\/strong><\/figcaption><\/figure>\n\n\n\n<figure class=\"wp-block-image size-large is-resized\"><img loading=\"lazy\" src=\"https:\/\/vasaorden.com\/skovde\/wp-content\/uploads\/sites\/11\/2025\/11\/IMG_0108-1024x768.jpg\" alt=\"\" class=\"wp-image-1554\" width=\"347\" height=\"260\" srcset=\"https:\/\/vasaorden.com\/skovde\/wp-content\/uploads\/sites\/11\/2025\/11\/IMG_0108-1024x768.jpg 1024w, https:\/\/vasaorden.com\/skovde\/wp-content\/uploads\/sites\/11\/2025\/11\/IMG_0108-300x225.jpg 300w, https:\/\/vasaorden.com\/skovde\/wp-content\/uploads\/sites\/11\/2025\/11\/IMG_0108-768x576.jpg 768w, https:\/\/vasaorden.com\/skovde\/wp-content\/uploads\/sites\/11\/2025\/11\/IMG_0108-1536x1152.jpg 1536w, https:\/\/vasaorden.com\/skovde\/wp-content\/uploads\/sites\/11\/2025\/11\/IMG_0108-2048x1536.jpg 2048w\" sizes=\"(max-width: 347px) 100vw, 347px\" \/><figcaption><strong>Fr\u00e4mst: G\u00e4st och sy Inga-Lill<\/strong><\/figcaption><\/figure>\n\n\n\n<p>Efter minglet \u00f6ppnades d\u00f6rren in till matsalen och till de vackert dukade borden. M\u00e5ltiden hade ett amerikainspirerat inslag med tanke p\u00e5 h\u00f6gtidsdagen. Det bj\u00f6ds p\u00e5 f\u00f6rr\u00e4tt, huvudr\u00e4tt och dessert. N\u00e4r alla intagit sina platser serverades inledningsvis f\u00f6rr\u00e4tten, en mycket smakrik Kantarellsoppa med br\u00f6d f\u00f6r att sedan f\u00f6ljas upp av huvudr\u00e4tten best\u00e5ende av Kalkon med potatismos, s\u00e5s och gel\u00e9, ugnsrostade gr\u00f6nsaker, s\u00f6tpotatis, mor\u00f6tter och brysselk\u00e5l. Som avslutning p\u00e5 m\u00e5ltiden \u00c4ppelpaj med vaniljs\u00e5s och till denna en kopp kaffe. Ytterligare ett antal tal h\u00f6lls under och efter maten.<\/p>\n\n\n\n<p>F\u00f6r kv\u00e4llens underh\u00e5llning med s\u00e5ng och musik hade Peder Sveder och Tina Kristoffersen fr\u00e5n Tidaholm bjudits in. F\u00f6re m\u00e5ltiden spelade de n\u00e5gra stycken ut \u201dKristina fr\u00e5n Duvem\u00e5la\u201d. Efter maten ett l\u00e4ngre program med bland annat en Siw Malmqvist show. Lite spontandans f\u00f6rekom ocks\u00e5. De underh\u00f6ll till sent p\u00e5 kv\u00e4llen. Fr\u00e5n g\u00e4sterna ett uttryckligt mycket uppskattat program.<\/p>\n\n\n\n<figure class=\"wp-block-image size-large is-resized\"><img loading=\"lazy\" src=\"https:\/\/vasaorden.com\/skovde\/wp-content\/uploads\/sites\/11\/2025\/11\/IMG_0140-768x1024.jpg\" alt=\"\" class=\"wp-image-1556\" width=\"353\" height=\"471\" srcset=\"https:\/\/vasaorden.com\/skovde\/wp-content\/uploads\/sites\/11\/2025\/11\/IMG_0140-768x1024.jpg 768w, https:\/\/vasaorden.com\/skovde\/wp-content\/uploads\/sites\/11\/2025\/11\/IMG_0140-225x300.jpg 225w, https:\/\/vasaorden.com\/skovde\/wp-content\/uploads\/sites\/11\/2025\/11\/IMG_0140-1152x1536.jpg 1152w, https:\/\/vasaorden.com\/skovde\/wp-content\/uploads\/sites\/11\/2025\/11\/IMG_0140-1536x2048.jpg 1536w, https:\/\/vasaorden.com\/skovde\/wp-content\/uploads\/sites\/11\/2025\/11\/IMG_0140-scaled.jpg 1920w\" sizes=\"(max-width: 353px) 100vw, 353px\" \/><figcaption><strong>Underh\u00e5llare Peder Sveder och Tina Kristoffersen<\/strong><\/figcaption><\/figure>\n\n\n\n<p>Senare p\u00e5 kv\u00e4llen serverades kv\u00e4llskaffe med en bit hembakad t\u00e5rta till. I anslutning till detta ocks\u00e5 den sedvanliga och uppskattade lottdragningen. Kv\u00e4llen blev sen och de sista g\u00e4sterna begav sig hem\u00e5t strax efter midnatt. I sammanfattning ett uppskattat Jubileum med v\u00e4l genomf\u00f6rd Fanparad, och Logem\u00f6te samt ett Efterkapitel med god mat, uppskattad Underh\u00e5llning, mm i en trevlig och gemytlig samvaro.\u00a0\u00a0<\/p>\n\n\n\n<p><strong>Kulturafton den 10 oktober<\/strong><\/p>\n\n\n\n<p>Denna fredag kv\u00e4ll den 10 oktober h\u00f6ll lokallogen i Sk\u00f6vde sitt f\u00f6r h\u00f6stterminen andra logem\u00f6te i Odd Fellowhuset i Sk\u00f6vde. Kv\u00e4llens program inneh\u00f6ll ut\u00f6ver logem\u00f6te ocks\u00e5 en m\u00e5ltid samt ett f\u00f6redrag om en resa p\u00e5 motorcykel.<br>Under logem\u00f6tet behandlades bl.a. inkomna rapporter och meddelanden samt ett \u00e5tertagande av en f.d. medlem. Vidare ocks\u00e5 en f\u00f6rsta nominering av tj\u00e4nstem\u00e4n f\u00f6r de kommande tv\u00e5 \u00e5ren. Efter logem\u00f6tets slut var det \u00e5tersamling i matsalen d\u00e4r det bj\u00f6ds p\u00e5 en mycket smakfull och god kycklinggryta med ris och gr\u00f6nsakssallad.<\/p>\n\n\n\n<figure class=\"wp-block-image size-large is-resized\"><img loading=\"lazy\" src=\"https:\/\/vasaorden.com\/skovde\/wp-content\/uploads\/sites\/11\/2025\/10\/DSC_1367-1024x683.jpg\" alt=\"\" class=\"wp-image-1534\" width=\"498\" height=\"332\" srcset=\"https:\/\/vasaorden.com\/skovde\/wp-content\/uploads\/sites\/11\/2025\/10\/DSC_1367-1024x683.jpg 1024w, https:\/\/vasaorden.com\/skovde\/wp-content\/uploads\/sites\/11\/2025\/10\/DSC_1367-300x200.jpg 300w, https:\/\/vasaorden.com\/skovde\/wp-content\/uploads\/sites\/11\/2025\/10\/DSC_1367-768x512.jpg 768w, https:\/\/vasaorden.com\/skovde\/wp-content\/uploads\/sites\/11\/2025\/10\/DSC_1367-1536x1024.jpg 1536w, https:\/\/vasaorden.com\/skovde\/wp-content\/uploads\/sites\/11\/2025\/10\/DSC_1367-2048x1365.jpg 2048w\" sizes=\"(max-width: 498px) 100vw, 498px\" \/><figcaption><strong>Br Lennart och br Jan-Olof<\/strong><\/figcaption><\/figure>\n\n\n\n<figure class=\"wp-block-image size-large is-resized\"><img loading=\"lazy\" src=\"https:\/\/vasaorden.com\/skovde\/wp-content\/uploads\/sites\/11\/2025\/10\/DSC_1366-1024x683.jpg\" alt=\"\" class=\"wp-image-1533\" width=\"503\" height=\"335\" srcset=\"https:\/\/vasaorden.com\/skovde\/wp-content\/uploads\/sites\/11\/2025\/10\/DSC_1366-1024x683.jpg 1024w, https:\/\/vasaorden.com\/skovde\/wp-content\/uploads\/sites\/11\/2025\/10\/DSC_1366-300x200.jpg 300w, https:\/\/vasaorden.com\/skovde\/wp-content\/uploads\/sites\/11\/2025\/10\/DSC_1366-768x512.jpg 768w, https:\/\/vasaorden.com\/skovde\/wp-content\/uploads\/sites\/11\/2025\/10\/DSC_1366-1536x1024.jpg 1536w, https:\/\/vasaorden.com\/skovde\/wp-content\/uploads\/sites\/11\/2025\/10\/DSC_1366-2048x1365.jpg 2048w\" sizes=\"(max-width: 503px) 100vw, 503px\" \/><figcaption><strong>N\u00e4rmast: sy Ingeborg och sy Monica<\/strong><\/figcaption><\/figure>\n\n\n\n<figure class=\"wp-block-image size-large is-resized\"><img loading=\"lazy\" src=\"https:\/\/vasaorden.com\/skovde\/wp-content\/uploads\/sites\/11\/2025\/10\/DSC_1369-1024x683.jpg\" alt=\"\" class=\"wp-image-1537\" width=\"505\" height=\"337\" srcset=\"https:\/\/vasaorden.com\/skovde\/wp-content\/uploads\/sites\/11\/2025\/10\/DSC_1369-1024x683.jpg 1024w, https:\/\/vasaorden.com\/skovde\/wp-content\/uploads\/sites\/11\/2025\/10\/DSC_1369-300x200.jpg 300w, https:\/\/vasaorden.com\/skovde\/wp-content\/uploads\/sites\/11\/2025\/10\/DSC_1369-768x512.jpg 768w, https:\/\/vasaorden.com\/skovde\/wp-content\/uploads\/sites\/11\/2025\/10\/DSC_1369-1536x1024.jpg 1536w, https:\/\/vasaorden.com\/skovde\/wp-content\/uploads\/sites\/11\/2025\/10\/DSC_1369-2048x1365.jpg 2048w\" sizes=\"(max-width: 505px) 100vw, 505px\" \/><\/figure>\n\n\n\n<figure class=\"wp-block-image size-large is-resized\"><img loading=\"lazy\" src=\"https:\/\/vasaorden.com\/skovde\/wp-content\/uploads\/sites\/11\/2025\/10\/DSC_1370-1024x683.jpg\" alt=\"\" class=\"wp-image-1538\" width=\"506\" height=\"337\" srcset=\"https:\/\/vasaorden.com\/skovde\/wp-content\/uploads\/sites\/11\/2025\/10\/DSC_1370-1024x683.jpg 1024w, https:\/\/vasaorden.com\/skovde\/wp-content\/uploads\/sites\/11\/2025\/10\/DSC_1370-300x200.jpg 300w, https:\/\/vasaorden.com\/skovde\/wp-content\/uploads\/sites\/11\/2025\/10\/DSC_1370-768x512.jpg 768w, https:\/\/vasaorden.com\/skovde\/wp-content\/uploads\/sites\/11\/2025\/10\/DSC_1370-1536x1024.jpg 1536w, https:\/\/vasaorden.com\/skovde\/wp-content\/uploads\/sites\/11\/2025\/10\/DSC_1370-2048x1365.jpg 2048w\" sizes=\"(max-width: 506px) 100vw, 506px\" \/><\/figure>\n\n\n\n<figure class=\"wp-block-image size-large is-resized\"><img loading=\"lazy\" src=\"https:\/\/vasaorden.com\/skovde\/wp-content\/uploads\/sites\/11\/2025\/10\/DSC_1371-1024x683.jpg\" alt=\"\" class=\"wp-image-1536\" width=\"507\" height=\"338\" srcset=\"https:\/\/vasaorden.com\/skovde\/wp-content\/uploads\/sites\/11\/2025\/10\/DSC_1371-1024x683.jpg 1024w, https:\/\/vasaorden.com\/skovde\/wp-content\/uploads\/sites\/11\/2025\/10\/DSC_1371-300x200.jpg 300w, https:\/\/vasaorden.com\/skovde\/wp-content\/uploads\/sites\/11\/2025\/10\/DSC_1371-768x512.jpg 768w, https:\/\/vasaorden.com\/skovde\/wp-content\/uploads\/sites\/11\/2025\/10\/DSC_1371-1536x1024.jpg 1536w, https:\/\/vasaorden.com\/skovde\/wp-content\/uploads\/sites\/11\/2025\/10\/DSC_1371-2048x1365.jpg 2048w\" sizes=\"(max-width: 507px) 100vw, 507px\" \/><figcaption><strong>Fr\u00e5n matsalen<\/strong><\/figcaption><\/figure>\n\n\n\n<p><br>D\u00e4refter var det tid f\u00f6r kv\u00e4llens f\u00f6rel\u00e4sare och tillika medlem Gunnar att ta vid. Han ber\u00e4ttade och visade bilder fr\u00e5n en resa utmed Sidenv\u00e4gen i Kina. En resa som han gjorde 2005 tillsammans med n\u00e5gra kamrater och tv\u00e5 kinesiska guider p\u00e5 gamla BMW-motorcyklar fr\u00e5n 1942. Gruppen startade i provinsen Xinjiang i nordv\u00e4stra Kina och med huvudstaden Beijing som slutm\u00e5l. P\u00e5 v\u00e4gen bes\u00e5gs ruiner, tempel och andra kulturella byggnader m.m. fr\u00e5n olika tidsepoker i Kinas historia. De k\u00f6rde utefter och \u00f6ver Gula floden med dess historia och vidare med stopp i stadsdistriktet Lintong. D\u00e4r bes\u00f6kte de mus\u00e9et med terrakottaarm\u00e9n och de cirka 8000 fullskaliga lermodeller av soldater, h\u00e4star m.m. i milit\u00e4r formation som gr\u00e4vts fram d\u00e4r och som uppt\u00e4cktes s\u00e5 sent som 1974 av n\u00e5gra b\u00f6nder som skulle gr\u00e4va en brunn.<\/p>\n\n\n\n<figure class=\"wp-block-image size-large is-resized\"><img loading=\"lazy\" src=\"https:\/\/vasaorden.com\/skovde\/wp-content\/uploads\/sites\/11\/2025\/10\/DSC_1373-1024x683.jpg\" alt=\"\" class=\"wp-image-1540\" width=\"512\" height=\"341\" srcset=\"https:\/\/vasaorden.com\/skovde\/wp-content\/uploads\/sites\/11\/2025\/10\/DSC_1373-1024x683.jpg 1024w, https:\/\/vasaorden.com\/skovde\/wp-content\/uploads\/sites\/11\/2025\/10\/DSC_1373-300x200.jpg 300w, https:\/\/vasaorden.com\/skovde\/wp-content\/uploads\/sites\/11\/2025\/10\/DSC_1373-768x512.jpg 768w, https:\/\/vasaorden.com\/skovde\/wp-content\/uploads\/sites\/11\/2025\/10\/DSC_1373-1536x1024.jpg 1536w, https:\/\/vasaorden.com\/skovde\/wp-content\/uploads\/sites\/11\/2025\/10\/DSC_1373-2048x1365.jpg 2048w\" sizes=\"(max-width: 512px) 100vw, 512px\" \/><figcaption><strong>N\u00e4rmast: Br Jan-Olof och sy Gun<br>N\u00e4rmast d\u00e4r bakom sy Marianne, br Seppo och sy Inga-Lill<\/strong><\/figcaption><\/figure>\n\n\n\n<figure class=\"wp-block-image size-large is-resized\"><img loading=\"lazy\" src=\"https:\/\/vasaorden.com\/skovde\/wp-content\/uploads\/sites\/11\/2025\/10\/DSC_1377-1024x683.jpg\" alt=\"\" class=\"wp-image-1541\" width=\"515\" height=\"343\" srcset=\"https:\/\/vasaorden.com\/skovde\/wp-content\/uploads\/sites\/11\/2025\/10\/DSC_1377-1024x683.jpg 1024w, https:\/\/vasaorden.com\/skovde\/wp-content\/uploads\/sites\/11\/2025\/10\/DSC_1377-300x200.jpg 300w, https:\/\/vasaorden.com\/skovde\/wp-content\/uploads\/sites\/11\/2025\/10\/DSC_1377-768x512.jpg 768w, https:\/\/vasaorden.com\/skovde\/wp-content\/uploads\/sites\/11\/2025\/10\/DSC_1377-1536x1024.jpg 1536w, https:\/\/vasaorden.com\/skovde\/wp-content\/uploads\/sites\/11\/2025\/10\/DSC_1377-2048x1365.jpg 2048w\" sizes=\"(max-width: 515px) 100vw, 515px\" \/><figcaption><strong>Gunnar under f\u00f6redraget<\/strong><\/figcaption><\/figure>\n\n\n\n<figure class=\"wp-block-image size-large is-resized\"><img loading=\"lazy\" src=\"https:\/\/vasaorden.com\/skovde\/wp-content\/uploads\/sites\/11\/2025\/10\/DSC_1384-1024x683.jpg\" alt=\"\" class=\"wp-image-1542\" width=\"516\" height=\"344\" srcset=\"https:\/\/vasaorden.com\/skovde\/wp-content\/uploads\/sites\/11\/2025\/10\/DSC_1384-1024x683.jpg 1024w, https:\/\/vasaorden.com\/skovde\/wp-content\/uploads\/sites\/11\/2025\/10\/DSC_1384-300x200.jpg 300w, https:\/\/vasaorden.com\/skovde\/wp-content\/uploads\/sites\/11\/2025\/10\/DSC_1384-768x512.jpg 768w, https:\/\/vasaorden.com\/skovde\/wp-content\/uploads\/sites\/11\/2025\/10\/DSC_1384-1536x1024.jpg 1536w, https:\/\/vasaorden.com\/skovde\/wp-content\/uploads\/sites\/11\/2025\/10\/DSC_1384-2048x1365.jpg 2048w\" sizes=\"(max-width: 516px) 100vw, 516px\" \/><figcaption><strong>Sy Marianne tackar br Gunnar f\u00f6r f\u00f6redraget<\/strong><\/figcaption><\/figure>\n\n\n\n<p><br>I sammanfattning ett mycket intressant f\u00f6redrag med m\u00e5nga fina ber\u00e4ttande bilder till. Kv\u00e4llen avrundades efter detta med kaffe och lotteridragning.&nbsp;&nbsp;&nbsp;&nbsp;&nbsp;&nbsp;&nbsp;&nbsp;<\/p>\n\n\n\n<p><strong>Kulturafton 12 september<\/strong><\/p>\n\n\n\n<p>Logen Sk\u00f6vde h\u00f6ll sitt f\u00f6r h\u00f6sten f\u00f6rsta logem\u00f6te denna fredagskv\u00e4ll i september i Odd Fellowhuset i Sk\u00f6vde. Ett drygt tjugotal medlemmar hade samlats till uppstarten d\u00e4r logem\u00f6tet inleddes efter \u00f6ppnandet med parentation f\u00f6r tre medlemmar som tidigare under \u00e5ret avlidit. Efter parentationen f\u00f6ljde sedvanliga m\u00f6tesf\u00f6rhandlingar d\u00e4r bland annat ett stort antal rapporter och skrivelser som inkommit under sommaren l\u00e4stes upp. D\u00e4r fanns b\u00e5de inbjudningar fr\u00e5n andra loger och rapporter om v\u00e5rens Distriktsm\u00f6te och sommarens aktiviteter samt en positiv ekonomirapport. Kulturledaren informerade kort ocks\u00e5 om kommande logem\u00f6tesprogram och om 75-\u00e5rsjubilieumet i november. Logen avslutades ritualenligt med ljussl\u00e4ckning och avslutande musikstycke med gruppen The Cardigans med l\u00e5ten \u201dCommunication\u201d.<br><\/p>\n\n\n\n<figure class=\"wp-block-image size-large is-resized\"><img loading=\"lazy\" src=\"https:\/\/vasaorden.com\/skovde\/wp-content\/uploads\/sites\/11\/2025\/09\/DSC_1350-1024x683.jpg\" alt=\"\" class=\"wp-image-1517\" width=\"467\" height=\"311\" srcset=\"https:\/\/vasaorden.com\/skovde\/wp-content\/uploads\/sites\/11\/2025\/09\/DSC_1350-1024x683.jpg 1024w, https:\/\/vasaorden.com\/skovde\/wp-content\/uploads\/sites\/11\/2025\/09\/DSC_1350-300x200.jpg 300w, https:\/\/vasaorden.com\/skovde\/wp-content\/uploads\/sites\/11\/2025\/09\/DSC_1350-768x512.jpg 768w, https:\/\/vasaorden.com\/skovde\/wp-content\/uploads\/sites\/11\/2025\/09\/DSC_1350-1536x1024.jpg 1536w, https:\/\/vasaorden.com\/skovde\/wp-content\/uploads\/sites\/11\/2025\/09\/DSC_1350-2048x1365.jpg 2048w\" sizes=\"(max-width: 467px) 100vw, 467px\" \/><figcaption><strong>Sy Monica, br Kjell och br OF Nils-Erik<\/strong><\/figcaption><\/figure>\n\n\n\n<p><\/p>\n\n\n\n<figure class=\"wp-block-image size-large is-resized\"><img loading=\"lazy\" src=\"https:\/\/vasaorden.com\/skovde\/wp-content\/uploads\/sites\/11\/2025\/09\/DSC_1352-1024x683.jpg\" alt=\"\" class=\"wp-image-1520\" width=\"468\" height=\"312\" srcset=\"https:\/\/vasaorden.com\/skovde\/wp-content\/uploads\/sites\/11\/2025\/09\/DSC_1352-1024x683.jpg 1024w, https:\/\/vasaorden.com\/skovde\/wp-content\/uploads\/sites\/11\/2025\/09\/DSC_1352-300x200.jpg 300w, https:\/\/vasaorden.com\/skovde\/wp-content\/uploads\/sites\/11\/2025\/09\/DSC_1352-768x512.jpg 768w, https:\/\/vasaorden.com\/skovde\/wp-content\/uploads\/sites\/11\/2025\/09\/DSC_1352-1536x1024.jpg 1536w, https:\/\/vasaorden.com\/skovde\/wp-content\/uploads\/sites\/11\/2025\/09\/DSC_1352-2048x1365.jpg 2048w\" sizes=\"(max-width: 468px) 100vw, 468px\" \/><figcaption><strong>N\u00e4rmast: sy Inga-Lill br Jan Olof och br Leif<\/strong><\/figcaption><\/figure>\n\n\n\n<figure class=\"wp-block-image size-large is-resized\"><img loading=\"lazy\" src=\"https:\/\/vasaorden.com\/skovde\/wp-content\/uploads\/sites\/11\/2025\/09\/DSC_1353-1024x683.jpg\" alt=\"\" class=\"wp-image-1518\" width=\"467\" height=\"311\" srcset=\"https:\/\/vasaorden.com\/skovde\/wp-content\/uploads\/sites\/11\/2025\/09\/DSC_1353-1024x683.jpg 1024w, https:\/\/vasaorden.com\/skovde\/wp-content\/uploads\/sites\/11\/2025\/09\/DSC_1353-300x200.jpg 300w, https:\/\/vasaorden.com\/skovde\/wp-content\/uploads\/sites\/11\/2025\/09\/DSC_1353-768x512.jpg 768w, https:\/\/vasaorden.com\/skovde\/wp-content\/uploads\/sites\/11\/2025\/09\/DSC_1353-1536x1024.jpg 1536w, https:\/\/vasaorden.com\/skovde\/wp-content\/uploads\/sites\/11\/2025\/09\/DSC_1353-2048x1365.jpg 2048w\" sizes=\"(max-width: 467px) 100vw, 467px\" \/><figcaption><strong>N\u00e4rmast till h\u00f6ger- sy Gun och br Seppo<\/strong><\/figcaption><\/figure>\n\n\n\n<p>Efter logem\u00f6tets slut var det \u00e5tersamling i klubblokalerna p\u00e5 f\u00f6rsta v\u00e5ning d\u00e4r en stunds mingel och bubbel med Cider f\u00f6regick intr\u00e4det i matsalen inf\u00f6r kv\u00e4llens m\u00e5ltid. En m\u00e5ltid som bestod av en mycket smakrik fiskgrat\u00e4ng med sallad. Kaffe och kaka serverades senare p\u00e5 kv\u00e4llen. <br><\/p>\n\n\n\n<figure class=\"wp-block-image size-large is-resized\"><img loading=\"lazy\" src=\"https:\/\/vasaorden.com\/skovde\/wp-content\/uploads\/sites\/11\/2025\/09\/DSC_1362-1024x1024.jpg\" alt=\"\" class=\"wp-image-1523\" width=\"465\" height=\"465\" srcset=\"https:\/\/vasaorden.com\/skovde\/wp-content\/uploads\/sites\/11\/2025\/09\/DSC_1362-1024x1024.jpg 1024w, https:\/\/vasaorden.com\/skovde\/wp-content\/uploads\/sites\/11\/2025\/09\/DSC_1362-300x300.jpg 300w, https:\/\/vasaorden.com\/skovde\/wp-content\/uploads\/sites\/11\/2025\/09\/DSC_1362-150x150.jpg 150w, https:\/\/vasaorden.com\/skovde\/wp-content\/uploads\/sites\/11\/2025\/09\/DSC_1362-768x768.jpg 768w, https:\/\/vasaorden.com\/skovde\/wp-content\/uploads\/sites\/11\/2025\/09\/DSC_1362-1536x1536.jpg 1536w, https:\/\/vasaorden.com\/skovde\/wp-content\/uploads\/sites\/11\/2025\/09\/DSC_1362-600x600.jpg 600w, https:\/\/vasaorden.com\/skovde\/wp-content\/uploads\/sites\/11\/2025\/09\/DSC_1362.jpg 1600w\" sizes=\"(max-width: 465px) 100vw, 465px\" \/><figcaption><strong>Vid middagsbordet<\/strong><\/figcaption><\/figure>\n\n\n\n<figure class=\"wp-block-image size-large is-resized\"><img loading=\"lazy\" src=\"https:\/\/vasaorden.com\/skovde\/wp-content\/uploads\/sites\/11\/2025\/09\/DSC_1363-1024x1024.jpg\" alt=\"\" class=\"wp-image-1522\" width=\"466\" height=\"466\" srcset=\"https:\/\/vasaorden.com\/skovde\/wp-content\/uploads\/sites\/11\/2025\/09\/DSC_1363-1024x1024.jpg 1024w, https:\/\/vasaorden.com\/skovde\/wp-content\/uploads\/sites\/11\/2025\/09\/DSC_1363-300x300.jpg 300w, https:\/\/vasaorden.com\/skovde\/wp-content\/uploads\/sites\/11\/2025\/09\/DSC_1363-150x150.jpg 150w, https:\/\/vasaorden.com\/skovde\/wp-content\/uploads\/sites\/11\/2025\/09\/DSC_1363-768x768.jpg 768w, https:\/\/vasaorden.com\/skovde\/wp-content\/uploads\/sites\/11\/2025\/09\/DSC_1363-1536x1536.jpg 1536w, https:\/\/vasaorden.com\/skovde\/wp-content\/uploads\/sites\/11\/2025\/09\/DSC_1363-600x600.jpg 600w, https:\/\/vasaorden.com\/skovde\/wp-content\/uploads\/sites\/11\/2025\/09\/DSC_1363.jpg 1600w\" sizes=\"(max-width: 466px) 100vw, 466px\" \/><figcaption><strong>Vid middagsbordet<\/strong><\/figcaption><\/figure>\n\n\n\n<p>Kv\u00e4llens f\u00f6redragsh\u00e5llare var en av logens egna medlemmar, sy Kassie, som ber\u00e4ttade och visade bilder om en resa i USA med titeln \u201d Mellan majsf\u00e4lt och klipp\u00f6knar\u201d.&nbsp; Ett mycket intressant, underh\u00e5llande och l\u00e4rorikt f\u00f6redrag med stora kontraster. Till kaffet senare p\u00e5 kv\u00e4llen f\u00f6rr\u00e4ttades lottdragning p\u00e5 tidigare under kv\u00e4llen s\u00e5lda lotter, varefter kv\u00e4llens aktiviteter rundades av. En mycket underh\u00e5llande och trevlig kv\u00e4ll i sann vasaanda.<\/p>\n\n\n\n<p><strong> <\/strong><\/p>\n\n\n\n<p><strong>Kr\u00e4ftskiva Ljungstorps Bygdeg\u00e5rd 15 augusti<\/strong><\/p>\n\n\n\n<p>Fredag kv\u00e4ll den 15 augusti bj\u00f6d lokallogen i Sk\u00f6vde in till traditionell kr\u00e4ftskiva i Ljungstorps Bygdeg\u00e5rd gemensamt med lokallogen i Lidk\u00f6ping.&nbsp; Det iordningst\u00e4lls vartannat \u00e5r av de b\u00e5da logerna p\u00e5 respektive ort. Till kv\u00e4llens kr\u00e4ftskiva hade drygt 40-tal medlemmar och inbjudna g\u00e4ster anm\u00e4lt sig. F\u00f6r musikunderh\u00e5llningen hade Stig Sandberg fr\u00e5n Nossebro anlitats. Han stod f\u00f6r b\u00e5de musik och s\u00e5ng samt alls\u00e5ngsledning. Uppstarten av kv\u00e4llens aktiviteter inleddes med v\u00e4lkomstbubbel f\u00f6ljt av en uppmjukande tipspromenad runt i tr\u00e4dg\u00e5rden i det fina v\u00e4dret med fr\u00e5gor i huvudsak om musik och om vasaorden.<\/p>\n\n\n\n<figure class=\"wp-block-image size-large is-resized\"><img loading=\"lazy\" src=\"https:\/\/vasaorden.com\/skovde\/wp-content\/uploads\/sites\/11\/2025\/08\/6223842967816519129-1024x1024.jpg\" alt=\"\" class=\"wp-image-1510\" width=\"471\" height=\"471\" srcset=\"https:\/\/vasaorden.com\/skovde\/wp-content\/uploads\/sites\/11\/2025\/08\/6223842967816519129-1024x1024.jpg 1024w, https:\/\/vasaorden.com\/skovde\/wp-content\/uploads\/sites\/11\/2025\/08\/6223842967816519129-300x300.jpg 300w, https:\/\/vasaorden.com\/skovde\/wp-content\/uploads\/sites\/11\/2025\/08\/6223842967816519129-150x150.jpg 150w, https:\/\/vasaorden.com\/skovde\/wp-content\/uploads\/sites\/11\/2025\/08\/6223842967816519129-768x768.jpg 768w, https:\/\/vasaorden.com\/skovde\/wp-content\/uploads\/sites\/11\/2025\/08\/6223842967816519129-1536x1536.jpg 1536w, https:\/\/vasaorden.com\/skovde\/wp-content\/uploads\/sites\/11\/2025\/08\/6223842967816519129-600x600.jpg 600w, https:\/\/vasaorden.com\/skovde\/wp-content\/uploads\/sites\/11\/2025\/08\/6223842967816519129.jpg 1600w\" sizes=\"(max-width: 471px) 100vw, 471px\" \/><figcaption><strong>\u00d6versiktsbil p\u00e5 festlokalen med festdeltagare<\/strong><\/figcaption><\/figure>\n\n\n\n<figure class=\"wp-block-image size-large is-resized\"><img loading=\"lazy\" src=\"https:\/\/vasaorden.com\/skovde\/wp-content\/uploads\/sites\/11\/2025\/08\/5781052797920317955-1024x1024.jpg\" alt=\"\" class=\"wp-image-1511\" width=\"472\" height=\"472\" srcset=\"https:\/\/vasaorden.com\/skovde\/wp-content\/uploads\/sites\/11\/2025\/08\/5781052797920317955-1024x1024.jpg 1024w, https:\/\/vasaorden.com\/skovde\/wp-content\/uploads\/sites\/11\/2025\/08\/5781052797920317955-300x300.jpg 300w, https:\/\/vasaorden.com\/skovde\/wp-content\/uploads\/sites\/11\/2025\/08\/5781052797920317955-150x150.jpg 150w, https:\/\/vasaorden.com\/skovde\/wp-content\/uploads\/sites\/11\/2025\/08\/5781052797920317955-768x768.jpg 768w, https:\/\/vasaorden.com\/skovde\/wp-content\/uploads\/sites\/11\/2025\/08\/5781052797920317955-1536x1536.jpg 1536w, https:\/\/vasaorden.com\/skovde\/wp-content\/uploads\/sites\/11\/2025\/08\/5781052797920317955-600x600.jpg 600w, https:\/\/vasaorden.com\/skovde\/wp-content\/uploads\/sites\/11\/2025\/08\/5781052797920317955.jpg 1586w\" sizes=\"(max-width: 472px) 100vw, 472px\" \/><figcaption><strong>Stig Sandberg &#8211; underh\u00e5llare f\u00f6r kv\u00e4llen<\/strong><\/figcaption><\/figure>\n\n\n\n<p>Vid \u00e5tersamling vid de fint dekorerade borden med kr\u00e4ftfestinspirerat inslag serverades inledningsvis en bit v\u00e4sterbottenostpaj. D\u00e4refter dukades de delikata v\u00e4tternkr\u00e4ftorna fram p\u00e5 borden. Det var rikligt tilltaget och mycket smakrikt h\u00f6rdes fr\u00e5n alla h\u00e5ll. Stig Sandberg underh\u00f6ll hela kv\u00e4llen med undantag f\u00f6r en kort stund d\u00e5 han ocks\u00e5 gavs m\u00f6jlighet att smaka p\u00e5 paj och kr\u00e4ftor. Musiken han spelade var mycket medryckande vilket fick flertal festdeltagare att ocks\u00e5 ta plats p\u00e5 dansgolvet.<\/p>\n\n\n\n<p>N\u00e5got senare serverades kaffe och bakelse innan prisutdelningen efter tipspromenaden tog sin b\u00f6rjan. Det var mycket goda och m\u00e5nga r\u00e4tta svarsresultat fr\u00e5n de deltagande i promenaden. D\u00e4refter f\u00f6rr\u00e4ttades ocks\u00e5 lottdragning p\u00e5 de lotter som s\u00e5lts under kv\u00e4llen. Kv\u00e4llens aktiviteter fortsatte sedan ytterligare en stund med musik och dans f\u00f6r att slutligen avrundas med lite \u201dnattamat\u201d best\u00e5ende av korv och br\u00f6d. &nbsp;<\/p>\n\n\n\n<p>Det var en sann vasakv\u00e4ll i en trevlig och gemytlig samvaro, gott tilltugg, trevlig underh\u00e5llning men inte minst ett fint f\u00f6rarbete av arbetsgruppen f\u00f6r att f\u00f6rgylla denna \u00e5rliga gemensamma kr\u00e4ftfest. &nbsp;&nbsp;&nbsp;<\/p>\n\n\n\n<p><strong>Nationaldagsfirande 6 juni <\/strong><\/p>\n\n\n\n<p>Sedan n\u00e5gra \u00e5r tillbaka firar logen Nationaldagen genom en gemensam lunch med lotteri mm p\u00e5 Helensg\u00e5rden i Sk\u00f6vde. Tjugotv\u00e5 vasasyskon och tre medbjudna g\u00e4ster hade samlats f\u00f6r att uppm\u00e4rksamma dagen gemensamt. Ut\u00f6ver lunch och hembakad t\u00e5rta till kaffet hade ocks\u00e5 ett lotteri med fina vinster till anordnats. Det var en h\u00f6g och trevlig st\u00e4mning med n\u00f6jda deltagare. Ordf\u00f6randen br Nils-Erik tog tillf\u00e4llet i akt innan uppbrott att \u00f6nska alla en fin sommar. Efter uppbrott p\u00e5 Helensg\u00e5rden tog flertalet deltagare sig ut p\u00e5 staden och till Helensparken f\u00f6r att ta del av kultur- och nationaldagsfirandet d\u00e4r ocks\u00e5.<\/p>\n\n\n\n<figure class=\"wp-block-image size-large is-resized\"><img loading=\"lazy\" src=\"https:\/\/vasaorden.com\/skovde\/wp-content\/uploads\/sites\/11\/2025\/06\/3516658009458462211-1024x1024.jpg\" alt=\"\" class=\"wp-image-1499\" width=\"362\" height=\"362\" srcset=\"https:\/\/vasaorden.com\/skovde\/wp-content\/uploads\/sites\/11\/2025\/06\/3516658009458462211-1024x1024.jpg 1024w, https:\/\/vasaorden.com\/skovde\/wp-content\/uploads\/sites\/11\/2025\/06\/3516658009458462211-300x300.jpg 300w, https:\/\/vasaorden.com\/skovde\/wp-content\/uploads\/sites\/11\/2025\/06\/3516658009458462211-150x150.jpg 150w, https:\/\/vasaorden.com\/skovde\/wp-content\/uploads\/sites\/11\/2025\/06\/3516658009458462211-768x768.jpg 768w, https:\/\/vasaorden.com\/skovde\/wp-content\/uploads\/sites\/11\/2025\/06\/3516658009458462211-1536x1536.jpg 1536w, https:\/\/vasaorden.com\/skovde\/wp-content\/uploads\/sites\/11\/2025\/06\/3516658009458462211-600x600.jpg 600w, https:\/\/vasaorden.com\/skovde\/wp-content\/uploads\/sites\/11\/2025\/06\/3516658009458462211.jpg 1600w\" sizes=\"(max-width: 362px) 100vw, 362px\" \/><figcaption><strong>Fr\u00e5n lunchen p\u00e5 Helensg\u00e5rden <\/strong><\/figcaption><\/figure>\n\n\n\n<figure class=\"wp-block-image size-large is-resized\"><img loading=\"lazy\" src=\"https:\/\/vasaorden.com\/skovde\/wp-content\/uploads\/sites\/11\/2025\/06\/1177330645193300791-1024x1024.jpg\" alt=\"\" class=\"wp-image-1498\" width=\"358\" height=\"358\" srcset=\"https:\/\/vasaorden.com\/skovde\/wp-content\/uploads\/sites\/11\/2025\/06\/1177330645193300791-1024x1024.jpg 1024w, https:\/\/vasaorden.com\/skovde\/wp-content\/uploads\/sites\/11\/2025\/06\/1177330645193300791-300x300.jpg 300w, https:\/\/vasaorden.com\/skovde\/wp-content\/uploads\/sites\/11\/2025\/06\/1177330645193300791-150x150.jpg 150w, https:\/\/vasaorden.com\/skovde\/wp-content\/uploads\/sites\/11\/2025\/06\/1177330645193300791-768x768.jpg 768w, https:\/\/vasaorden.com\/skovde\/wp-content\/uploads\/sites\/11\/2025\/06\/1177330645193300791-1536x1536.jpg 1536w, https:\/\/vasaorden.com\/skovde\/wp-content\/uploads\/sites\/11\/2025\/06\/1177330645193300791-600x600.jpg 600w, https:\/\/vasaorden.com\/skovde\/wp-content\/uploads\/sites\/11\/2025\/06\/1177330645193300791.jpg 1600w\" sizes=\"(max-width: 358px) 100vw, 358px\" \/><figcaption><strong>Fr\u00e5n lunchen p\u00e5 Helensg\u00e5rden<\/strong><\/figcaption><\/figure>\n\n\n\n<p>N\u00e4sta kulturtr\u00e4ff som logen Sk\u00f6vde arrangerar \u00e4r kr\u00e4ft-festen\/skivan som i \u00e5r \u00e4r f\u00f6rlagd till Simsj\u00f6ns Rotunda den 15 augusti. Denna har vi som tradition alltid gemensamt med logen Lidk\u00f6ping.<\/p>\n\n\n\n<p><strong> Distriktsm\u00f6te den 30-31 maj &#8211; Ljungby 2025<\/strong><\/p>\n\n\n\n<p>Distriktsm\u00f6tet f\u00f6r Distriktsloge nr 19 Norra Sverige h\u00f6lls f\u00f6r f\u00f6rsta g\u00e5ngen i Ljungby i Sm\u00e5land. D\u00e5 under samma vecka, helg och plats som Distriktsloge nr 20 S\u00f6dra Sverige h\u00f6ll sitt m\u00f6te. B\u00e5das Distriktsm\u00f6ten och \u00f6vriga aktiviteter genomf\u00f6rdes under perioden den 28-31 maj. Vid de b\u00e5da Distriktlogernas f\u00f6reg\u00e5ende m\u00f6ten f\u00f6r tv\u00e5 \u00e5r sedan, d\u00e5 p\u00e5 var sitt h\u00e5ll, togs beslut om att arbeta f\u00f6r ett samg\u00e5ende mellan de b\u00e5da Distriktslogerna och bilda en ny Distriktsloge Sverige. F\u00f6rarbetet under de senaste tv\u00e5 f\u00f6reg\u00e5ende \u00e5ren skulle d\u00e5 utmynna i ett beslut i respektive Distriktsloge vid deras Distriktsm\u00f6ten nu i \u00e5r. S\u00e5 blev det nu inte och d\u00e4rf\u00f6r inte heller n\u00e5gon Distriktsloge nr 22 Sverige. Det fanns ett flertal fr\u00e5gor som var ol\u00f6sta inf\u00f6r distriktsm\u00f6tena varf\u00f6r inget beslut kunde tas. Med anledning av detta forts\u00e4tter d\u00e4rf\u00f6r arbetet i respektive Distriktsloge som tidigare utan n\u00e5gra f\u00f6r\u00e4ndringar i arbetss\u00e4tt och genomf\u00f6rande. &nbsp;<\/p>\n\n\n\n<p>De b\u00e5da Distriktslogerna h\u00f6ll var sina Distriktsm\u00f6ten men med genomf\u00f6rde en gemensam Vasakv\u00e4ll och en gemensam bankett en andra kv\u00e4ll. Om det nu blir n\u00e5gon sammanslagning eller motsvarande av de b\u00e5da Distriktslogerna i en framtid f\u00e5r de kommande \u00e5ren visa.<\/p>\n\n\n\n<p>Under Distriktsloge nr 19 Sveriges Distriktsm\u00f6te som h\u00f6lls under fredag och l\u00f6rdag f\u00f6rmiddag valdes fr\u00e5n logen Sk\u00f6vde Ingalill Mikkelsen till revisor p\u00e5 tv\u00e5 \u00e5r och Nils-Erik Johansson till f\u00f6rtroendeman p\u00e5 tv\u00e5 \u00e5r.<\/p>\n\n\n\n<p><strong>Kulturutflykt den 15 maj &#8211; Lunch p\u00e5 &#8221;Fj\u00e4llet&#8221;<\/strong><\/p>\n\n\n\n<p>Denna torsdag eftermiddag samlades ett tjugofemtal vasasyskon inklusive medbjudna g\u00e4ster hemma hos vasasyskonen Jan-Olof och Ingeborg p\u00e5 \u201dFj\u00e4llet\u201d, enbart f\u00f6r umg\u00e4nge och lunch. Det var en tanke om att m\u00f6tas i trevlig gemenskap utan n\u00e5got s\u00e4rskilt annat utflyktsm\u00e5l. V\u00e5rv\u00e4dret var till sin f\u00f6rdel varf\u00f6r det blev m\u00f6jligt att duka upp f\u00f6r lunchen ute i tr\u00e4dg\u00e5rden. Menyn bestod av en smaklig varmr\u00f6kt lax, med f\u00e4rskpotatis och roms\u00e5s till. Efter m\u00e5ltiden underh\u00f6ll en granne till Jan-Olof och Ingeborg med en stunds dragspelsmusik och s\u00e5ng. Det var ett b\u00e5de trevligt, underh\u00e5llande och uppskattat program som denne bj\u00f6d p\u00e5. d<\/p>\n\n\n\n<figure class=\"wp-block-image size-large is-resized\"><img loading=\"lazy\" src=\"https:\/\/vasaorden.com\/skovde\/wp-content\/uploads\/sites\/11\/2025\/05\/IMG_20250519_153119-768x1024.jpg\" alt=\"\" class=\"wp-image-1483\" width=\"307\" height=\"409\" srcset=\"https:\/\/vasaorden.com\/skovde\/wp-content\/uploads\/sites\/11\/2025\/05\/IMG_20250519_153119-768x1024.jpg 768w, https:\/\/vasaorden.com\/skovde\/wp-content\/uploads\/sites\/11\/2025\/05\/IMG_20250519_153119-225x300.jpg 225w, https:\/\/vasaorden.com\/skovde\/wp-content\/uploads\/sites\/11\/2025\/05\/IMG_20250519_153119-1152x1536.jpg 1152w, https:\/\/vasaorden.com\/skovde\/wp-content\/uploads\/sites\/11\/2025\/05\/IMG_20250519_153119.jpg 1200w\" sizes=\"(max-width: 307px) 100vw, 307px\" \/><\/figure>\n\n\n\n<figure class=\"wp-block-image size-large is-resized\"><img loading=\"lazy\" src=\"https:\/\/vasaorden.com\/skovde\/wp-content\/uploads\/sites\/11\/2025\/05\/IMG_20250519_153046-768x1024.jpg\" alt=\"\" class=\"wp-image-1482\" width=\"306\" height=\"407\" srcset=\"https:\/\/vasaorden.com\/skovde\/wp-content\/uploads\/sites\/11\/2025\/05\/IMG_20250519_153046-768x1024.jpg 768w, https:\/\/vasaorden.com\/skovde\/wp-content\/uploads\/sites\/11\/2025\/05\/IMG_20250519_153046-225x300.jpg 225w, https:\/\/vasaorden.com\/skovde\/wp-content\/uploads\/sites\/11\/2025\/05\/IMG_20250519_153046-1152x1536.jpg 1152w, https:\/\/vasaorden.com\/skovde\/wp-content\/uploads\/sites\/11\/2025\/05\/IMG_20250519_153046.jpg 1200w\" sizes=\"(max-width: 306px) 100vw, 306px\" \/><\/figure>\n\n\n\n<figure class=\"wp-block-image size-large is-resized\"><img loading=\"lazy\" src=\"https:\/\/vasaorden.com\/skovde\/wp-content\/uploads\/sites\/11\/2025\/05\/IMG_20250519_153102-768x1024.jpg\" alt=\"\" class=\"wp-image-1481\" width=\"307\" height=\"409\" srcset=\"https:\/\/vasaorden.com\/skovde\/wp-content\/uploads\/sites\/11\/2025\/05\/IMG_20250519_153102-768x1024.jpg 768w, https:\/\/vasaorden.com\/skovde\/wp-content\/uploads\/sites\/11\/2025\/05\/IMG_20250519_153102-225x300.jpg 225w, https:\/\/vasaorden.com\/skovde\/wp-content\/uploads\/sites\/11\/2025\/05\/IMG_20250519_153102-1152x1536.jpg 1152w, https:\/\/vasaorden.com\/skovde\/wp-content\/uploads\/sites\/11\/2025\/05\/IMG_20250519_153102.jpg 1200w\" sizes=\"(max-width: 307px) 100vw, 307px\" \/><\/figure>\n\n\n\n<p><br>N\u00e4r dragspelsmusiken tonat ut bj\u00f6ds p\u00e5 kaffe och t\u00e5rta. Det blev n\u00e5gra mycket trevliga och gemytliga eftermiddagstimmar som avrundades traditionsenligt med ett lotteri d\u00e4r bland annat blomstercheckar lockande som vinster. Ett fint initiativ och inslag f\u00f6r gemenskap s\u00e5 h\u00e4r inf\u00f6r sommaren.<\/p>\n\n\n\n<p><strong>Kulturutflykt den 25 april &#8211; Redberga Konstg\u00e5rd Falk\u00f6ping<\/strong><\/p>\n\n\n\n<p>F\u00f6rmiddag fredag denna dag samlades vasamedlemmar fr\u00e5n logen Sk\u00f6vde och medbjudna g\u00e4ster till ett bes\u00f6k p\u00e5 Redberga Konstg\u00e5rd i Falk\u00f6ping f\u00f6r att ta del av i f\u00f6rsta hand den sedan m\u00e5nga \u00e5r tillbaka bortg\u00e5ngna konstn\u00e4ren Harald Wibergs konstverk. <\/p>\n\n\n\n<figure class=\"wp-block-image size-large is-resized\"><img loading=\"lazy\" src=\"https:\/\/vasaorden.com\/skovde\/wp-content\/uploads\/sites\/11\/2025\/04\/6489503010566577748-1024x768.jpg\" alt=\"\" class=\"wp-image-1473\" width=\"425\" height=\"319\" srcset=\"https:\/\/vasaorden.com\/skovde\/wp-content\/uploads\/sites\/11\/2025\/04\/6489503010566577748-1024x768.jpg 1024w, https:\/\/vasaorden.com\/skovde\/wp-content\/uploads\/sites\/11\/2025\/04\/6489503010566577748-300x225.jpg 300w, https:\/\/vasaorden.com\/skovde\/wp-content\/uploads\/sites\/11\/2025\/04\/6489503010566577748-768x576.jpg 768w, https:\/\/vasaorden.com\/skovde\/wp-content\/uploads\/sites\/11\/2025\/04\/6489503010566577748-1536x1152.jpg 1536w, https:\/\/vasaorden.com\/skovde\/wp-content\/uploads\/sites\/11\/2025\/04\/6489503010566577748.jpg 1600w\" sizes=\"(max-width: 425px) 100vw, 425px\" \/><figcaption><strong>Deltagare vid kulturutflykten<\/strong><\/figcaption><\/figure>\n\n\n\n<p>Det var Christina Wiberg \u00e4nka till konstn\u00e4ren som tog emot och guidade runt i huset. Ut\u00f6ver konst av Harald Wiberg fanns och ett stort antal konstverk fr\u00e5n andra k\u00e4nda svenska konstn\u00e4rer s\u00e5som Anders Zorn, Carl Larsson, John Bauer och Jenny Nystr\u00f6m. Christina Wiberg ber\u00e4ttade ocks\u00e5 om g\u00e5rden Redberga fr\u00e5n 1500-talet d\u00e5 den var i De La Gardies \u00e4go och vidare fram i tiden. En intressant konstrunda och historisk tillbakablick. <\/p>\n\n\n\n<figure class=\"wp-block-image size-large is-resized\"><img loading=\"lazy\" src=\"https:\/\/vasaorden.com\/skovde\/wp-content\/uploads\/sites\/11\/2025\/04\/4282581051630284039-768x1024.jpg\" alt=\"\" class=\"wp-image-1475\" width=\"248\" height=\"330\" srcset=\"https:\/\/vasaorden.com\/skovde\/wp-content\/uploads\/sites\/11\/2025\/04\/4282581051630284039-768x1024.jpg 768w, https:\/\/vasaorden.com\/skovde\/wp-content\/uploads\/sites\/11\/2025\/04\/4282581051630284039-225x300.jpg 225w, https:\/\/vasaorden.com\/skovde\/wp-content\/uploads\/sites\/11\/2025\/04\/4282581051630284039-1152x1536.jpg 1152w, https:\/\/vasaorden.com\/skovde\/wp-content\/uploads\/sites\/11\/2025\/04\/4282581051630284039.jpg 1200w\" sizes=\"(max-width: 248px) 100vw, 248px\" \/><\/figure>\n\n\n\n<figure class=\"wp-block-image size-large is-resized\"><img loading=\"lazy\" src=\"https:\/\/vasaorden.com\/skovde\/wp-content\/uploads\/sites\/11\/2025\/04\/3733249332817848084-768x1024.jpg\" alt=\"\" class=\"wp-image-1474\" width=\"257\" height=\"343\" srcset=\"https:\/\/vasaorden.com\/skovde\/wp-content\/uploads\/sites\/11\/2025\/04\/3733249332817848084-768x1024.jpg 768w, https:\/\/vasaorden.com\/skovde\/wp-content\/uploads\/sites\/11\/2025\/04\/3733249332817848084-225x300.jpg 225w, https:\/\/vasaorden.com\/skovde\/wp-content\/uploads\/sites\/11\/2025\/04\/3733249332817848084-1152x1536.jpg 1152w, https:\/\/vasaorden.com\/skovde\/wp-content\/uploads\/sites\/11\/2025\/04\/3733249332817848084.jpg 1200w\" sizes=\"(max-width: 257px) 100vw, 257px\" \/><\/figure>\n\n\n\n<figure class=\"wp-block-image size-large is-resized\"><img loading=\"lazy\" src=\"https:\/\/vasaorden.com\/skovde\/wp-content\/uploads\/sites\/11\/2025\/04\/6917520593611069817-768x1024.jpg\" alt=\"\" class=\"wp-image-1476\" width=\"259\" height=\"346\" srcset=\"https:\/\/vasaorden.com\/skovde\/wp-content\/uploads\/sites\/11\/2025\/04\/6917520593611069817-768x1024.jpg 768w, https:\/\/vasaorden.com\/skovde\/wp-content\/uploads\/sites\/11\/2025\/04\/6917520593611069817-225x300.jpg 225w, https:\/\/vasaorden.com\/skovde\/wp-content\/uploads\/sites\/11\/2025\/04\/6917520593611069817-1152x1536.jpg 1152w, https:\/\/vasaorden.com\/skovde\/wp-content\/uploads\/sites\/11\/2025\/04\/6917520593611069817.jpg 1200w\" sizes=\"(max-width: 259px) 100vw, 259px\" \/><figcaption><strong>Christina Wiberg ber\u00e4ttar <\/strong><\/figcaption><\/figure>\n\n\n\n<p>Det var ett tv\u00e5 timmar l\u00e5ngt bes\u00f6k som var v\u00e4l v\u00e4rt sin tid. Efter tack och farv\u00e4l av Christina Wiberg och Redberga hade klockan passerat tolv varvid alla billedes tog sig till restaurang Rasta f\u00f6r en gemensam lunch. Efter lunchen avrundades dagen f\u00f6rst med ett bes\u00f6k till det nyrenoverade Stora torget f\u00f6r att sedan avslutningsvis g\u00f6ra ett n\u00e4stan obligatoriskt bes\u00f6k p\u00e5 Osterian vid M\u00f6ssebergskanten n\u00e4r man bes\u00f6ker Falk\u00f6ping. En relativt l\u00e5ng dag med m\u00e5nga minnesv\u00e4rda intryck och mycket uppskattad.&nbsp;&nbsp;&nbsp;&nbsp;&nbsp;&nbsp;&nbsp;<br>&nbsp;<br><strong>Logem\u00f6te &#8211; Kulturafton fredag den 12 april<\/strong><\/p>\n\n\n\n<p>Kulturkv\u00e4ll med f\u00f6redrag. Denna fredagskv\u00e4ll med logem\u00f6te och efterkapitel med f\u00f6redrag om \u201dVilda V\u00e4stern\u201d samlade tyv\u00e4rr inte s\u00e5 m\u00e5nga medlemmar som brukligt, men det l\u00e4t inte hindra att kv\u00e4llen \u00e4nd\u00e5 blev b\u00e5de v\u00e4l genomf\u00f6rt och intressant. <\/p>\n\n\n\n<figure class=\"wp-block-image size-large is-resized\"><img loading=\"lazy\" src=\"https:\/\/vasaorden.com\/skovde\/wp-content\/uploads\/sites\/11\/2025\/04\/DSC_1294-1024x683.jpg\" alt=\"\" class=\"wp-image-1460\" width=\"464\" height=\"309\" srcset=\"https:\/\/vasaorden.com\/skovde\/wp-content\/uploads\/sites\/11\/2025\/04\/DSC_1294-1024x683.jpg 1024w, https:\/\/vasaorden.com\/skovde\/wp-content\/uploads\/sites\/11\/2025\/04\/DSC_1294-300x200.jpg 300w, https:\/\/vasaorden.com\/skovde\/wp-content\/uploads\/sites\/11\/2025\/04\/DSC_1294-768x512.jpg 768w, https:\/\/vasaorden.com\/skovde\/wp-content\/uploads\/sites\/11\/2025\/04\/DSC_1294-1536x1024.jpg 1536w, https:\/\/vasaorden.com\/skovde\/wp-content\/uploads\/sites\/11\/2025\/04\/DSC_1294-2048x1365.jpg 2048w\" sizes=\"(max-width: 464px) 100vw, 464px\" \/><figcaption><strong>Kv\u00e4llens prisbord<\/strong><\/figcaption><\/figure>\n\n\n\n<figure class=\"wp-block-image size-large is-resized\"><img loading=\"lazy\" src=\"https:\/\/vasaorden.com\/skovde\/wp-content\/uploads\/sites\/11\/2025\/04\/DSC_1292-1024x683.jpg\" alt=\"\" class=\"wp-image-1459\" width=\"462\" height=\"308\" srcset=\"https:\/\/vasaorden.com\/skovde\/wp-content\/uploads\/sites\/11\/2025\/04\/DSC_1292-1024x683.jpg 1024w, https:\/\/vasaorden.com\/skovde\/wp-content\/uploads\/sites\/11\/2025\/04\/DSC_1292-300x200.jpg 300w, https:\/\/vasaorden.com\/skovde\/wp-content\/uploads\/sites\/11\/2025\/04\/DSC_1292-768x512.jpg 768w, https:\/\/vasaorden.com\/skovde\/wp-content\/uploads\/sites\/11\/2025\/04\/DSC_1292-1536x1024.jpg 1536w, https:\/\/vasaorden.com\/skovde\/wp-content\/uploads\/sites\/11\/2025\/04\/DSC_1292-2048x1365.jpg 2048w\" sizes=\"(max-width: 462px) 100vw, 462px\" \/><figcaption><strong>I v\u00e4ntan p\u00e5 logem\u00f6te &#8211; sy Rigmor, sy Ingeborg och br Jan-Olof<\/strong><\/figcaption><\/figure>\n\n\n\n<figure class=\"wp-block-image size-large is-resized\"><img loading=\"lazy\" src=\"https:\/\/vasaorden.com\/skovde\/wp-content\/uploads\/sites\/11\/2025\/04\/DSC_1293-1024x683.jpg\" alt=\"\" class=\"wp-image-1461\" width=\"462\" height=\"308\" srcset=\"https:\/\/vasaorden.com\/skovde\/wp-content\/uploads\/sites\/11\/2025\/04\/DSC_1293-1024x683.jpg 1024w, https:\/\/vasaorden.com\/skovde\/wp-content\/uploads\/sites\/11\/2025\/04\/DSC_1293-300x200.jpg 300w, https:\/\/vasaorden.com\/skovde\/wp-content\/uploads\/sites\/11\/2025\/04\/DSC_1293-768x512.jpg 768w, https:\/\/vasaorden.com\/skovde\/wp-content\/uploads\/sites\/11\/2025\/04\/DSC_1293-1536x1024.jpg 1536w, https:\/\/vasaorden.com\/skovde\/wp-content\/uploads\/sites\/11\/2025\/04\/DSC_1293-2048x1365.jpg 2048w\" sizes=\"(max-width: 462px) 100vw, 462px\" \/><figcaption><strong>Kv\u00e4llens f\u00f6rel\u00e4sare<\/strong><\/figcaption><\/figure>\n\n\n\n<p>Det var v\u00e5rterminens sista tr\u00e4ff inf\u00f6r sommaruppeh\u00e5llet. &nbsp;Ut\u00f6ver de sedvanliga m\u00f6tesf\u00f6rhandlingarna framf\u00f6rdes ett stort antal h\u00e4lsningar fr\u00e5n inte n\u00e4rvarande medlemmar samt redovisning av framtagna och f\u00f6reslagna aktiviteter under v\u00e5ren och sommaren.<\/p>\n\n\n\n<figure class=\"wp-block-image size-large is-resized\"><img loading=\"lazy\" src=\"https:\/\/vasaorden.com\/skovde\/wp-content\/uploads\/sites\/11\/2025\/04\/DSC_1299-1024x683.jpg\" alt=\"\" class=\"wp-image-1465\" width=\"459\" height=\"306\" srcset=\"https:\/\/vasaorden.com\/skovde\/wp-content\/uploads\/sites\/11\/2025\/04\/DSC_1299-1024x683.jpg 1024w, https:\/\/vasaorden.com\/skovde\/wp-content\/uploads\/sites\/11\/2025\/04\/DSC_1299-300x200.jpg 300w, https:\/\/vasaorden.com\/skovde\/wp-content\/uploads\/sites\/11\/2025\/04\/DSC_1299-768x512.jpg 768w, https:\/\/vasaorden.com\/skovde\/wp-content\/uploads\/sites\/11\/2025\/04\/DSC_1299-1536x1024.jpg 1536w, https:\/\/vasaorden.com\/skovde\/wp-content\/uploads\/sites\/11\/2025\/04\/DSC_1299-2048x1365.jpg 2048w\" sizes=\"(max-width: 459px) 100vw, 459px\" \/><\/figure>\n\n\n\n<figure class=\"wp-block-image size-large is-resized\"><img loading=\"lazy\" src=\"https:\/\/vasaorden.com\/skovde\/wp-content\/uploads\/sites\/11\/2025\/04\/DSC_1298-1024x683.jpg\" alt=\"\" class=\"wp-image-1464\" width=\"461\" height=\"307\" srcset=\"https:\/\/vasaorden.com\/skovde\/wp-content\/uploads\/sites\/11\/2025\/04\/DSC_1298-1024x683.jpg 1024w, https:\/\/vasaorden.com\/skovde\/wp-content\/uploads\/sites\/11\/2025\/04\/DSC_1298-300x200.jpg 300w, https:\/\/vasaorden.com\/skovde\/wp-content\/uploads\/sites\/11\/2025\/04\/DSC_1298-768x512.jpg 768w, https:\/\/vasaorden.com\/skovde\/wp-content\/uploads\/sites\/11\/2025\/04\/DSC_1298-1536x1024.jpg 1536w, https:\/\/vasaorden.com\/skovde\/wp-content\/uploads\/sites\/11\/2025\/04\/DSC_1298-2048x1365.jpg 2048w\" sizes=\"(max-width: 461px) 100vw, 461px\" \/><figcaption><strong>Br Kjell och sy Myra<\/strong><\/figcaption><\/figure>\n\n\n\n<p>Bland f\u00f6rslagen bes\u00f6k till Konstg\u00e5rden Redberga i Falk\u00f6ping. D\u00e4r man kan besk\u00e5da en konstutst\u00e4llning med ett flertal v\u00e4lk\u00e4nda konstn\u00e4rer s\u00e5som Anders Zorn, Carl Larsson, John Bauer och Jenny Nystr\u00f6m, men framf\u00f6r allt verk av naturm\u00e5laren Harald Wiberg. Ytterligare f\u00f6rslag var bes\u00f6k p\u00e5 \u201dFj\u00e4llet\u201d hos br Jan-Olof och sy Ingeborg, ett Nationaldagsfirande med lunch p\u00e5 Helensg\u00e5rden och slutligen kr\u00e4ftskiva vid Simsj\u00f6n, traditionsenligt gemensamt med logen Lidk\u00f6ping. N\u00e4rmast d\u00e4refter uppstart av f\u00f6rsta logem\u00f6tet inf\u00f6r h\u00f6stterminen, fredag den 12 september. Ut\u00f6ver ovan kan h\u00e4r samtidigt p\u00e5minns om Distriktsm\u00f6tet i Ljungby den 30-31 maj, med Vasakv\u00e4ll den 29 maj 2025. Logem\u00f6tet avslutades till ett stillsamt musikstycke som musikm\u00e4staren valt. &nbsp;&nbsp;&nbsp;<\/p>\n\n\n\n<figure class=\"wp-block-image size-large is-resized\"><img loading=\"lazy\" src=\"https:\/\/vasaorden.com\/skovde\/wp-content\/uploads\/sites\/11\/2025\/04\/DSC_1302-1024x683.jpg\" alt=\"\" class=\"wp-image-1470\" width=\"467\" height=\"312\" srcset=\"https:\/\/vasaorden.com\/skovde\/wp-content\/uploads\/sites\/11\/2025\/04\/DSC_1302-1024x683.jpg 1024w, https:\/\/vasaorden.com\/skovde\/wp-content\/uploads\/sites\/11\/2025\/04\/DSC_1302-300x200.jpg 300w, https:\/\/vasaorden.com\/skovde\/wp-content\/uploads\/sites\/11\/2025\/04\/DSC_1302-768x512.jpg 768w, https:\/\/vasaorden.com\/skovde\/wp-content\/uploads\/sites\/11\/2025\/04\/DSC_1302-1536x1024.jpg 1536w, https:\/\/vasaorden.com\/skovde\/wp-content\/uploads\/sites\/11\/2025\/04\/DSC_1302-2048x1365.jpg 2048w\" sizes=\"(max-width: 467px) 100vw, 467px\" \/><figcaption><strong>Sy Ewa och sy Anne-Marie<\/strong><\/figcaption><\/figure>\n\n\n\n<figure class=\"wp-block-image size-large is-resized\"><img loading=\"lazy\" src=\"https:\/\/vasaorden.com\/skovde\/wp-content\/uploads\/sites\/11\/2025\/04\/IMG_20250406_214952-769x1024.jpg\" alt=\"\" class=\"wp-image-1467\" width=\"357\" height=\"475\" srcset=\"https:\/\/vasaorden.com\/skovde\/wp-content\/uploads\/sites\/11\/2025\/04\/IMG_20250406_214952-769x1024.jpg 769w, https:\/\/vasaorden.com\/skovde\/wp-content\/uploads\/sites\/11\/2025\/04\/IMG_20250406_214952-225x300.jpg 225w, https:\/\/vasaorden.com\/skovde\/wp-content\/uploads\/sites\/11\/2025\/04\/IMG_20250406_214952-768x1023.jpg 768w, https:\/\/vasaorden.com\/skovde\/wp-content\/uploads\/sites\/11\/2025\/04\/IMG_20250406_214952.jpg 1134w\" sizes=\"(max-width: 357px) 100vw, 357px\" \/><figcaption><strong>Br Kjell och br Jan-Olof under lotteridragningen<\/strong><\/figcaption><\/figure>\n\n\n\n<figure class=\"wp-block-image size-large is-resized\"><img loading=\"lazy\" src=\"https:\/\/vasaorden.com\/skovde\/wp-content\/uploads\/sites\/11\/2025\/04\/IMG_20250406_215000-768x1024.jpg\" alt=\"\" class=\"wp-image-1469\" width=\"360\" height=\"481\" srcset=\"https:\/\/vasaorden.com\/skovde\/wp-content\/uploads\/sites\/11\/2025\/04\/IMG_20250406_215000-768x1024.jpg 768w, https:\/\/vasaorden.com\/skovde\/wp-content\/uploads\/sites\/11\/2025\/04\/IMG_20250406_215000-225x300.jpg 225w, https:\/\/vasaorden.com\/skovde\/wp-content\/uploads\/sites\/11\/2025\/04\/IMG_20250406_215000-1152x1536.jpg 1152w, https:\/\/vasaorden.com\/skovde\/wp-content\/uploads\/sites\/11\/2025\/04\/IMG_20250406_215000.jpg 1200w\" sizes=\"(max-width: 360px) 100vw, 360px\" \/><figcaption><strong>Sy Anne-Marie, sy Sheila och sy Inga-Lill<\/strong><\/figcaption><\/figure>\n\n\n\n<figure class=\"wp-block-image size-large is-resized\"><img loading=\"lazy\" src=\"https:\/\/vasaorden.com\/skovde\/wp-content\/uploads\/sites\/11\/2025\/04\/IMG_20250406_215007-768x1024.jpg\" alt=\"\" class=\"wp-image-1468\" width=\"357\" height=\"475\" srcset=\"https:\/\/vasaorden.com\/skovde\/wp-content\/uploads\/sites\/11\/2025\/04\/IMG_20250406_215007-768x1024.jpg 768w, https:\/\/vasaorden.com\/skovde\/wp-content\/uploads\/sites\/11\/2025\/04\/IMG_20250406_215007-225x300.jpg 225w, https:\/\/vasaorden.com\/skovde\/wp-content\/uploads\/sites\/11\/2025\/04\/IMG_20250406_215007.jpg 1040w\" sizes=\"(max-width: 357px) 100vw, 357px\" \/><figcaption><strong>F\u00f6rel\u00e4saren Bo Bernhardsson<\/strong><\/figcaption><\/figure>\n\n\n\n<p><br>&nbsp;Efter logem\u00f6tet samlades alla till m\u00e5ltid i matsalen. Till huvudr\u00e4tt serverades en alldeles synnerligt god \u201dKassler Bombay\u201d med ris och gr\u00f6nsaker till. D\u00e5 maten inmundigats var det tid f\u00f6r kv\u00e4llens f\u00f6redragsh\u00e5llare Bo Bernhardsson fr\u00e5n Falk\u00f6ping. Han visade bilder och ber\u00e4ttade fr\u00e5n en resa till \u201dVilda V\u00e4stern\u201d och fr\u00e4mst d\u00e5 till staterna Arizona, New Mexico och Kansas i USA. Det var ett mycket intressant och inspirerande f\u00f6redrag. Efter\u00e5t avrundades kv\u00e4llens aktiviteter med kaffe och hembakad kaka av sy Ingeborg samt lotteridragning. En fin avslutande vasakv\u00e4ll i sann vasaanda efter en intensiv och h\u00e4ndelserik v\u00e5rtermin med bland annat reception av nya medlemmar.<\/p>\n\n\n\n<p><strong>Logem\u00f6te &#8211; Br\u00f6dernas Afton l\u00f6rdag den 8 mars<\/strong><\/p>\n\n\n\n<p>Br\u00f6derna i logen Sk\u00f6vde bj\u00f6d denna kv\u00e4ll den in till logem\u00f6te och efterkapitel med tema Elvis Presley. Logem\u00f6tets h\u00f6jdpunkt var receptionen och intagning av en ny medlem, Douglas Byrne. I \u00f6vrigt f\u00f6rl\u00f6pte m\u00f6tet ritualenligt d\u00e4r bland annat information om kommande program fram till och \u00f6ver sommaren presenterades samt att f\u00f6rberedande planering inletts av logens 75-\u00e5rsjubileum i november.<\/p>\n\n\n\n<figure class=\"wp-block-image size-large is-resized\"><img loading=\"lazy\" src=\"https:\/\/vasaorden.com\/skovde\/wp-content\/uploads\/sites\/11\/2025\/04\/DSC_1280-1024x683.jpg\" alt=\"\" class=\"wp-image-1452\" width=\"555\" height=\"370\" srcset=\"https:\/\/vasaorden.com\/skovde\/wp-content\/uploads\/sites\/11\/2025\/04\/DSC_1280-1024x683.jpg 1024w, https:\/\/vasaorden.com\/skovde\/wp-content\/uploads\/sites\/11\/2025\/04\/DSC_1280-300x200.jpg 300w, https:\/\/vasaorden.com\/skovde\/wp-content\/uploads\/sites\/11\/2025\/04\/DSC_1280-768x512.jpg 768w, https:\/\/vasaorden.com\/skovde\/wp-content\/uploads\/sites\/11\/2025\/04\/DSC_1280-1536x1024.jpg 1536w, https:\/\/vasaorden.com\/skovde\/wp-content\/uploads\/sites\/11\/2025\/04\/DSC_1280-2048x1365.jpg 2048w\" sizes=\"(max-width: 555px) 100vw, 555px\" \/><figcaption><strong>Logens nya medlem br Douglas <\/strong><\/figcaption><\/figure>\n\n\n\n<figure class=\"wp-block-image size-large is-resized\"><img loading=\"lazy\" src=\"https:\/\/vasaorden.com\/skovde\/wp-content\/uploads\/sites\/11\/2025\/04\/DSC_1262-1024x683.jpg\" alt=\"\" class=\"wp-image-1448\" width=\"558\" height=\"372\" srcset=\"https:\/\/vasaorden.com\/skovde\/wp-content\/uploads\/sites\/11\/2025\/04\/DSC_1262-1024x683.jpg 1024w, https:\/\/vasaorden.com\/skovde\/wp-content\/uploads\/sites\/11\/2025\/04\/DSC_1262-300x200.jpg 300w, https:\/\/vasaorden.com\/skovde\/wp-content\/uploads\/sites\/11\/2025\/04\/DSC_1262-768x512.jpg 768w, https:\/\/vasaorden.com\/skovde\/wp-content\/uploads\/sites\/11\/2025\/04\/DSC_1262-1536x1024.jpg 1536w, https:\/\/vasaorden.com\/skovde\/wp-content\/uploads\/sites\/11\/2025\/04\/DSC_1262-2048x1365.jpg 2048w\" sizes=\"(max-width: 558px) 100vw, 558px\" \/><figcaption><strong>Kv\u00e4llens lotterivinster<\/strong><\/figcaption><\/figure>\n\n\n\n<figure class=\"wp-block-image size-large is-resized\"><img loading=\"lazy\" src=\"https:\/\/vasaorden.com\/skovde\/wp-content\/uploads\/sites\/11\/2025\/04\/DSC_1257-1024x683.jpg\" alt=\"\" class=\"wp-image-1446\" width=\"554\" height=\"369\" srcset=\"https:\/\/vasaorden.com\/skovde\/wp-content\/uploads\/sites\/11\/2025\/04\/DSC_1257-1024x683.jpg 1024w, https:\/\/vasaorden.com\/skovde\/wp-content\/uploads\/sites\/11\/2025\/04\/DSC_1257-300x200.jpg 300w, https:\/\/vasaorden.com\/skovde\/wp-content\/uploads\/sites\/11\/2025\/04\/DSC_1257-768x512.jpg 768w, https:\/\/vasaorden.com\/skovde\/wp-content\/uploads\/sites\/11\/2025\/04\/DSC_1257-1536x1024.jpg 1536w, https:\/\/vasaorden.com\/skovde\/wp-content\/uploads\/sites\/11\/2025\/04\/DSC_1257-2048x1365.jpg 2048w\" sizes=\"(max-width: 554px) 100vw, 554px\" \/><figcaption><strong>G\u00e4ster samt sy Ewa och sy Barbro<\/strong><\/figcaption><\/figure>\n\n\n\n<figure class=\"wp-block-image size-large is-resized\"><img loading=\"lazy\" src=\"https:\/\/vasaorden.com\/skovde\/wp-content\/uploads\/sites\/11\/2025\/04\/DSC_1258-1024x683.jpg\" alt=\"\" class=\"wp-image-1447\" width=\"555\" height=\"370\" srcset=\"https:\/\/vasaorden.com\/skovde\/wp-content\/uploads\/sites\/11\/2025\/04\/DSC_1258-1024x683.jpg 1024w, https:\/\/vasaorden.com\/skovde\/wp-content\/uploads\/sites\/11\/2025\/04\/DSC_1258-300x200.jpg 300w, https:\/\/vasaorden.com\/skovde\/wp-content\/uploads\/sites\/11\/2025\/04\/DSC_1258-768x512.jpg 768w, https:\/\/vasaorden.com\/skovde\/wp-content\/uploads\/sites\/11\/2025\/04\/DSC_1258-1536x1024.jpg 1536w, https:\/\/vasaorden.com\/skovde\/wp-content\/uploads\/sites\/11\/2025\/04\/DSC_1258-2048x1365.jpg 2048w\" sizes=\"(max-width: 555px) 100vw, 555px\" \/><figcaption><strong>Sy Gunnel, sy Solveig och br Leif<\/strong><\/figcaption><\/figure>\n\n\n\n<figure class=\"wp-block-image size-large is-resized\"><img loading=\"lazy\" src=\"https:\/\/vasaorden.com\/skovde\/wp-content\/uploads\/sites\/11\/2025\/04\/DSC_1260-1024x683.jpg\" alt=\"\" class=\"wp-image-1445\" width=\"557\" height=\"371\" srcset=\"https:\/\/vasaorden.com\/skovde\/wp-content\/uploads\/sites\/11\/2025\/04\/DSC_1260-1024x683.jpg 1024w, https:\/\/vasaorden.com\/skovde\/wp-content\/uploads\/sites\/11\/2025\/04\/DSC_1260-300x200.jpg 300w, https:\/\/vasaorden.com\/skovde\/wp-content\/uploads\/sites\/11\/2025\/04\/DSC_1260-768x512.jpg 768w, https:\/\/vasaorden.com\/skovde\/wp-content\/uploads\/sites\/11\/2025\/04\/DSC_1260-1536x1024.jpg 1536w, https:\/\/vasaorden.com\/skovde\/wp-content\/uploads\/sites\/11\/2025\/04\/DSC_1260-2048x1365.jpg 2048w\" sizes=\"(max-width: 557px) 100vw, 557px\" \/><figcaption><strong>Sy Marianne och sy Rigmor<\/strong><\/figcaption><\/figure>\n\n\n\n<figure class=\"wp-block-image size-large is-resized\"><img loading=\"lazy\" src=\"https:\/\/vasaorden.com\/skovde\/wp-content\/uploads\/sites\/11\/2025\/04\/DSC_1261-1024x683.jpg\" alt=\"\" class=\"wp-image-1444\" width=\"554\" height=\"369\" srcset=\"https:\/\/vasaorden.com\/skovde\/wp-content\/uploads\/sites\/11\/2025\/04\/DSC_1261-1024x683.jpg 1024w, https:\/\/vasaorden.com\/skovde\/wp-content\/uploads\/sites\/11\/2025\/04\/DSC_1261-300x200.jpg 300w, https:\/\/vasaorden.com\/skovde\/wp-content\/uploads\/sites\/11\/2025\/04\/DSC_1261-768x512.jpg 768w, https:\/\/vasaorden.com\/skovde\/wp-content\/uploads\/sites\/11\/2025\/04\/DSC_1261-1536x1024.jpg 1536w, https:\/\/vasaorden.com\/skovde\/wp-content\/uploads\/sites\/11\/2025\/04\/DSC_1261-2048x1365.jpg 2048w\" sizes=\"(max-width: 554px) 100vw, 554px\" \/><figcaption><strong>Br Lennart  <\/strong><\/figcaption><\/figure>\n\n\n\n<p>Vid logem\u00f6tets slut var det \u00e5tersamling i klubblokalerna f\u00f6r lite mingel och v\u00e4lkomnade av inbjudna g\u00e4ster. Efter denna stund tid f\u00f6r kv\u00e4llens smakrika m\u00e5ltid med Cr\u00e9me Ninonsoppa till f\u00f6rr\u00e4tt och lax till huvudr\u00e4tt. Under det avslutande kaffet p\u00e5 maten f\u00f6rberedde sig kv\u00e4llens f\u00f6redragsh\u00e5llare Stickan Karlsson fr\u00e5n Sk\u00f6vde med sitt program om Elvis Presley.<\/p>\n\n\n\n<figure class=\"wp-block-image size-large is-resized\"><img loading=\"lazy\" src=\"https:\/\/vasaorden.com\/skovde\/wp-content\/uploads\/sites\/11\/2025\/04\/DSC_1271-1024x683.jpg\" alt=\"\" class=\"wp-image-1442\" width=\"564\" height=\"376\" srcset=\"https:\/\/vasaorden.com\/skovde\/wp-content\/uploads\/sites\/11\/2025\/04\/DSC_1271-1024x683.jpg 1024w, https:\/\/vasaorden.com\/skovde\/wp-content\/uploads\/sites\/11\/2025\/04\/DSC_1271-300x200.jpg 300w, https:\/\/vasaorden.com\/skovde\/wp-content\/uploads\/sites\/11\/2025\/04\/DSC_1271-768x512.jpg 768w, https:\/\/vasaorden.com\/skovde\/wp-content\/uploads\/sites\/11\/2025\/04\/DSC_1271-1536x1024.jpg 1536w, https:\/\/vasaorden.com\/skovde\/wp-content\/uploads\/sites\/11\/2025\/04\/DSC_1271-2048x1365.jpg 2048w\" sizes=\"(max-width: 564px) 100vw, 564px\" \/><\/figure>\n\n\n\n<figure class=\"wp-block-image size-large is-resized\"><img loading=\"lazy\" src=\"https:\/\/vasaorden.com\/skovde\/wp-content\/uploads\/sites\/11\/2025\/04\/DSC_1274-1024x683.jpg\" alt=\"\" class=\"wp-image-1440\" width=\"570\" height=\"380\" srcset=\"https:\/\/vasaorden.com\/skovde\/wp-content\/uploads\/sites\/11\/2025\/04\/DSC_1274-1024x683.jpg 1024w, https:\/\/vasaorden.com\/skovde\/wp-content\/uploads\/sites\/11\/2025\/04\/DSC_1274-300x200.jpg 300w, https:\/\/vasaorden.com\/skovde\/wp-content\/uploads\/sites\/11\/2025\/04\/DSC_1274-768x512.jpg 768w, https:\/\/vasaorden.com\/skovde\/wp-content\/uploads\/sites\/11\/2025\/04\/DSC_1274-1536x1024.jpg 1536w, https:\/\/vasaorden.com\/skovde\/wp-content\/uploads\/sites\/11\/2025\/04\/DSC_1274-2048x1365.jpg 2048w\" sizes=\"(max-width: 570px) 100vw, 570px\" \/><\/figure>\n\n\n\n<figure class=\"wp-block-image size-large is-resized\"><img loading=\"lazy\" src=\"https:\/\/vasaorden.com\/skovde\/wp-content\/uploads\/sites\/11\/2025\/04\/DSC_1275-1024x683.jpg\" alt=\"\" class=\"wp-image-1441\" width=\"571\" height=\"381\" srcset=\"https:\/\/vasaorden.com\/skovde\/wp-content\/uploads\/sites\/11\/2025\/04\/DSC_1275-1024x683.jpg 1024w, https:\/\/vasaorden.com\/skovde\/wp-content\/uploads\/sites\/11\/2025\/04\/DSC_1275-300x200.jpg 300w, https:\/\/vasaorden.com\/skovde\/wp-content\/uploads\/sites\/11\/2025\/04\/DSC_1275-768x512.jpg 768w, https:\/\/vasaorden.com\/skovde\/wp-content\/uploads\/sites\/11\/2025\/04\/DSC_1275-1536x1024.jpg 1536w, https:\/\/vasaorden.com\/skovde\/wp-content\/uploads\/sites\/11\/2025\/04\/DSC_1275-2048x1365.jpg 2048w\" sizes=\"(max-width: 571px) 100vw, 571px\" \/><figcaption><strong>Stickan Karlsson avtackas efter f\u00f6rel\u00e4sningen av br O Nils-Erik<\/strong><\/figcaption><\/figure>\n\n\n\n<p><br>Tanken var en ber\u00e4ttelse med musikinslag och bilder men tyv\u00e4rr fungerade inte projektorn. Det blev d\u00e4rf\u00f6r endast ett muntligt f\u00f6redrag med musikaliska inslag som genomf\u00f6rdes med s\u00e5dan inlevelse och s\u00e5 levande att n\u00e5gra bilder inte beh\u00f6vdes. Det var en medryckande ber\u00e4ttelse som kom att handla om hela Elvis Presleys liv fr\u00e5n hans f\u00f6delse den 8 januari 1935 i Tulepo till hans bortg\u00e5ng 16 augusti 1977 i Graceland. Vidare ocks\u00e5 om n\u00e5gra bes\u00f6k som Stickan Karlsson gjort till USA i fotsp\u00e5ren efter Elvis Presley d\u00e4r bes\u00f6k skett p\u00e5 b\u00e5de mindre k\u00e4nda och mer k\u00e4nda platser d\u00e4r denne varit eller varit bosatt. &nbsp;&nbsp;&nbsp;<\/p>\n\n\n\n<figure class=\"wp-block-image size-large is-resized\"><img loading=\"lazy\" src=\"https:\/\/vasaorden.com\/skovde\/wp-content\/uploads\/sites\/11\/2025\/04\/DSC_1267-1024x683.jpg\" alt=\"\" class=\"wp-image-1437\" width=\"565\" height=\"376\" srcset=\"https:\/\/vasaorden.com\/skovde\/wp-content\/uploads\/sites\/11\/2025\/04\/DSC_1267-1024x683.jpg 1024w, https:\/\/vasaorden.com\/skovde\/wp-content\/uploads\/sites\/11\/2025\/04\/DSC_1267-300x200.jpg 300w, https:\/\/vasaorden.com\/skovde\/wp-content\/uploads\/sites\/11\/2025\/04\/DSC_1267-768x512.jpg 768w, https:\/\/vasaorden.com\/skovde\/wp-content\/uploads\/sites\/11\/2025\/04\/DSC_1267-1536x1024.jpg 1536w, https:\/\/vasaorden.com\/skovde\/wp-content\/uploads\/sites\/11\/2025\/04\/DSC_1267-2048x1365.jpg 2048w\" sizes=\"(max-width: 565px) 100vw, 565px\" \/><figcaption>V<strong>asasystrar med ett par g\u00e4ster som strax kommer att f\u00e5 var sin ros <\/strong><\/figcaption><\/figure>\n\n\n\n<p>Logens br\u00f6der passade ocks\u00e5 p\u00e5 att uppm\u00e4rksamma Internationella kvinnodagen genom att h\u00e5lla ett tal och \u00f6verl\u00e4mna en ros till alla n\u00e4rvarande damer. D\u00e4refter serverades kv\u00e4llskaffe med bakelse f\u00f6ljt av den traditionella avrundande lottdragningen. En mycket inneh\u00e5llsrik och trevlig vasakv\u00e4ll.&nbsp;&nbsp;&nbsp; &nbsp;&nbsp;&nbsp;<\/p>\n\n\n\n<p><strong>Logem\u00f6te &#8211; \u00c5rsm\u00f6te l\u00f6rdag den 1 februari 2025<\/strong><\/p>\n\n\n\n<p>Logen Sk\u00f6vde h\u00f6ll sitt f\u00f6rsta logem\u00f6te, tillika \u00e5rsm\u00f6te, f\u00f6r \u00e5ret denna l\u00f6rdagskv\u00e4ll den 1 februari med ett stort antal anm\u00e4lda medlemmar samt g\u00e4ster fr\u00e5n Lidk\u00f6pingslogen. Under m\u00f6tet l\u00e4stes ett flertal \u00e5rsrapporter upp, mm. D\u00e4r framgick att det varit ett intensivt \u00e5r. Ut\u00f6ver logem\u00f6ten ocks\u00e5 m\u00e5nga utflykter med bes\u00f6k p\u00e5 olika intressanta objekt och sev\u00e4rdheter med kulturinslag. Noterades vid samtliga dessa ocks\u00e5 en positiv \u00f6kad n\u00e4rvaro. <br>Det f\u00f6rr\u00e4ttades under logem\u00f6tet ocks\u00e5 en reception f\u00f6r tv\u00e5 nya medlemmar, Christer Karlsson och Gunnar Konenberg samt en installation av tre nya tj\u00e4nstem\u00e4n, sy Gunvor som PS, br Kjell som BPS och br Lennart som Bitr. Musikm\u00e4stare <\/p>\n\n\n\n<figure class=\"wp-block-image size-large is-resized\"><img loading=\"lazy\" src=\"https:\/\/vasaorden.com\/skovde\/wp-content\/uploads\/sites\/11\/2025\/02\/DSC_1230-1024x683.jpg\" alt=\"\" class=\"wp-image-1423\" width=\"572\" height=\"381\" srcset=\"https:\/\/vasaorden.com\/skovde\/wp-content\/uploads\/sites\/11\/2025\/02\/DSC_1230-1024x683.jpg 1024w, https:\/\/vasaorden.com\/skovde\/wp-content\/uploads\/sites\/11\/2025\/02\/DSC_1230-300x200.jpg 300w, https:\/\/vasaorden.com\/skovde\/wp-content\/uploads\/sites\/11\/2025\/02\/DSC_1230-768x512.jpg 768w, https:\/\/vasaorden.com\/skovde\/wp-content\/uploads\/sites\/11\/2025\/02\/DSC_1230-1536x1024.jpg 1536w, https:\/\/vasaorden.com\/skovde\/wp-content\/uploads\/sites\/11\/2025\/02\/DSC_1230-2048x1365.jpg 2048w\" sizes=\"(max-width: 572px) 100vw, 572px\" \/><figcaption><strong>Logens tv\u00e5 nya medlarmmar &#8211; br Christer och br Gunnar<\/strong><\/figcaption><\/figure>\n\n\n\n<p>Efterkapitlet inleddes med en v\u00e4lkomstdryck och mingel i klubblokalerna innan det bj\u00f6ds in till kv\u00e4llens m\u00e5ltid som bestod av en laxtoast till f\u00f6rr\u00e4tt och en baconlindad kycklingfil\u00e9 med klyftpotatis till huvudr\u00e4tt.<\/p>\n\n\n\n<figure class=\"wp-block-image size-large is-resized\"><img loading=\"lazy\" src=\"https:\/\/vasaorden.com\/skovde\/wp-content\/uploads\/sites\/11\/2025\/02\/DSC_1244-1024x683.jpg\" alt=\"\" class=\"wp-image-1426\" width=\"525\" height=\"350\" srcset=\"https:\/\/vasaorden.com\/skovde\/wp-content\/uploads\/sites\/11\/2025\/02\/DSC_1244-1024x683.jpg 1024w, https:\/\/vasaorden.com\/skovde\/wp-content\/uploads\/sites\/11\/2025\/02\/DSC_1244-300x200.jpg 300w, https:\/\/vasaorden.com\/skovde\/wp-content\/uploads\/sites\/11\/2025\/02\/DSC_1244-768x512.jpg 768w, https:\/\/vasaorden.com\/skovde\/wp-content\/uploads\/sites\/11\/2025\/02\/DSC_1244-1536x1024.jpg 1536w, https:\/\/vasaorden.com\/skovde\/wp-content\/uploads\/sites\/11\/2025\/02\/DSC_1244-2048x1365.jpg 2048w\" sizes=\"(max-width: 525px) 100vw, 525px\" \/><figcaption><strong>Fr\u00e5n matsalen och den smakrika m\u00e5ltiden <\/strong><\/figcaption><\/figure>\n\n\n\n<figure class=\"wp-block-image size-large is-resized\"><img loading=\"lazy\" src=\"https:\/\/vasaorden.com\/skovde\/wp-content\/uploads\/sites\/11\/2025\/02\/DSC_1249-1024x683.jpg\" alt=\"\" class=\"wp-image-1427\" width=\"526\" height=\"351\" srcset=\"https:\/\/vasaorden.com\/skovde\/wp-content\/uploads\/sites\/11\/2025\/02\/DSC_1249-1024x683.jpg 1024w, https:\/\/vasaorden.com\/skovde\/wp-content\/uploads\/sites\/11\/2025\/02\/DSC_1249-300x200.jpg 300w, https:\/\/vasaorden.com\/skovde\/wp-content\/uploads\/sites\/11\/2025\/02\/DSC_1249-768x512.jpg 768w, https:\/\/vasaorden.com\/skovde\/wp-content\/uploads\/sites\/11\/2025\/02\/DSC_1249-1536x1024.jpg 1536w, https:\/\/vasaorden.com\/skovde\/wp-content\/uploads\/sites\/11\/2025\/02\/DSC_1249-2048x1365.jpg 2048w\" sizes=\"(max-width: 526px) 100vw, 526px\" \/><figcaption><strong>Dansanta f\u00f6redragsh\u00e5llare<\/strong><\/figcaption><\/figure>\n\n\n\n<figure class=\"wp-block-image size-large is-resized\"><img loading=\"lazy\" src=\"https:\/\/vasaorden.com\/skovde\/wp-content\/uploads\/sites\/11\/2025\/02\/DSC_1234-1024x683.jpg\" alt=\"\" class=\"wp-image-1428\" width=\"526\" height=\"351\" srcset=\"https:\/\/vasaorden.com\/skovde\/wp-content\/uploads\/sites\/11\/2025\/02\/DSC_1234-1024x683.jpg 1024w, https:\/\/vasaorden.com\/skovde\/wp-content\/uploads\/sites\/11\/2025\/02\/DSC_1234-300x200.jpg 300w, https:\/\/vasaorden.com\/skovde\/wp-content\/uploads\/sites\/11\/2025\/02\/DSC_1234-768x512.jpg 768w, https:\/\/vasaorden.com\/skovde\/wp-content\/uploads\/sites\/11\/2025\/02\/DSC_1234-1536x1024.jpg 1536w, https:\/\/vasaorden.com\/skovde\/wp-content\/uploads\/sites\/11\/2025\/02\/DSC_1234-2048x1365.jpg 2048w\" sizes=\"(max-width: 526px) 100vw, 526px\" \/><figcaption><strong>Fr\u00e5n klubblokalerna<br>Systrarna Gunnel, Solveig, Ewa, Rigmor, Anne-Marie och Ingalill. I bakgrunden br Leif<\/strong><\/figcaption><\/figure>\n\n\n\n<p>Direkt efter m\u00e5ltiden tog kv\u00e4llens f\u00f6rel\u00e4sare Carina och Jan-Erik fr\u00e5n Lidk\u00f6ping vid f\u00f6r att ber\u00e4tta om sin upplevelse till de Amerikanska sydstaterna f\u00f6r n\u00e5gra \u00e5r sedan. Till ber\u00e4ttelsen visade de bilder och spelade upp musikinslag fr\u00e5n k\u00e4nda orter, klubbar och artister fr\u00e5n Nashville, New Orleans, med flera platser och orter. Det var ett mycket intressant, levande och medryckande program de bj\u00f6d p\u00e5. Sista programpunkt som ocks\u00e5 slutligen avrundade kv\u00e4llen var kaffe med hembakad t\u00e5rta och sedvanliga lottdragningen. &nbsp;&nbsp;&nbsp;&nbsp;&nbsp;&nbsp;&nbsp;&nbsp;&nbsp;&nbsp;&nbsp;<\/p>\n\n\n\n<p><strong>Systrarna afton den 14 december<\/strong><\/p>\n\n\n\n<p>Nu var vi inne p\u00e5 \u00e5rets sista m\u00e5nad, december och med denna tid aktuellt f\u00f6r systrarnas afton som var p\u00e5annonserat l\u00f6rdag den 14 december. Ett tjugofemtal vasasyskon var anm\u00e4lda till kv\u00e4llens begivenheter som h\u00f6lls i Odd Fellowhuset med bland annat logem\u00f6te och julbord. Under logem\u00f6tet f\u00f6rel\u00e5g bland annat en ballotering f\u00f6r tre nya medlemmar d\u00e4r alla godk\u00e4ndes f\u00f6r medlemskap. Vidare tre nomineringar f\u00f6r val till protokollssekreterare, bitr\u00e4dande protokollssekreterare och bitr\u00e4dande teknisk medhj\u00e4lpare samt ett fyllnadsval till f\u00f6rtroendeman. Budgeten gicks igenom och godk\u00e4ndes d\u00e4r ocks\u00e5 medlemsavgiften f\u00f6r 2025 fastst\u00e4lldes. Logem\u00f6tet avslutades ritualenligt med jul- och ny\u00e5rsh\u00e4lsningar till alla f\u00f6ljt av ett avslutande musikinslag med anspegling till julen. <\/p>\n\n\n\n<figure class=\"wp-block-image size-large is-resized\"><img loading=\"lazy\" src=\"https:\/\/vasaorden.com\/skovde\/wp-content\/uploads\/sites\/11\/2024\/12\/20241214_185023-1024x768.jpg\" alt=\"\" class=\"wp-image-1414\" width=\"520\" height=\"390\" srcset=\"https:\/\/vasaorden.com\/skovde\/wp-content\/uploads\/sites\/11\/2024\/12\/20241214_185023-1024x768.jpg 1024w, https:\/\/vasaorden.com\/skovde\/wp-content\/uploads\/sites\/11\/2024\/12\/20241214_185023-300x225.jpg 300w, https:\/\/vasaorden.com\/skovde\/wp-content\/uploads\/sites\/11\/2024\/12\/20241214_185023-768x576.jpg 768w, https:\/\/vasaorden.com\/skovde\/wp-content\/uploads\/sites\/11\/2024\/12\/20241214_185023-1536x1152.jpg 1536w, https:\/\/vasaorden.com\/skovde\/wp-content\/uploads\/sites\/11\/2024\/12\/20241214_185023-2048x1536.jpg 2048w\" sizes=\"(max-width: 520px) 100vw, 520px\" \/><figcaption><strong>Gl\u00f6ggstund<\/strong><\/figcaption><\/figure>\n\n\n\n<figure class=\"wp-block-image size-large is-resized\"><img loading=\"lazy\" src=\"https:\/\/vasaorden.com\/skovde\/wp-content\/uploads\/sites\/11\/2024\/12\/20241214_191815-1024x768.jpg\" alt=\"\" class=\"wp-image-1411\" width=\"517\" height=\"388\" srcset=\"https:\/\/vasaorden.com\/skovde\/wp-content\/uploads\/sites\/11\/2024\/12\/20241214_191815-1024x768.jpg 1024w, https:\/\/vasaorden.com\/skovde\/wp-content\/uploads\/sites\/11\/2024\/12\/20241214_191815-300x225.jpg 300w, https:\/\/vasaorden.com\/skovde\/wp-content\/uploads\/sites\/11\/2024\/12\/20241214_191815-768x576.jpg 768w, https:\/\/vasaorden.com\/skovde\/wp-content\/uploads\/sites\/11\/2024\/12\/20241214_191815-1536x1152.jpg 1536w, https:\/\/vasaorden.com\/skovde\/wp-content\/uploads\/sites\/11\/2024\/12\/20241214_191815-2048x1536.jpg 2048w\" sizes=\"(max-width: 517px) 100vw, 517px\" \/><figcaption><strong>Fr\u00e5n matsalen <\/strong><\/figcaption><\/figure>\n\n\n\n<figure class=\"wp-block-image size-large is-resized\"><img loading=\"lazy\" src=\"https:\/\/vasaorden.com\/skovde\/wp-content\/uploads\/sites\/11\/2024\/12\/20241214_193439-1024x768.jpg\" alt=\"\" class=\"wp-image-1412\" width=\"518\" height=\"388\" srcset=\"https:\/\/vasaorden.com\/skovde\/wp-content\/uploads\/sites\/11\/2024\/12\/20241214_193439-1024x768.jpg 1024w, https:\/\/vasaorden.com\/skovde\/wp-content\/uploads\/sites\/11\/2024\/12\/20241214_193439-300x225.jpg 300w, https:\/\/vasaorden.com\/skovde\/wp-content\/uploads\/sites\/11\/2024\/12\/20241214_193439-768x576.jpg 768w, https:\/\/vasaorden.com\/skovde\/wp-content\/uploads\/sites\/11\/2024\/12\/20241214_193439-1536x1152.jpg 1536w, https:\/\/vasaorden.com\/skovde\/wp-content\/uploads\/sites\/11\/2024\/12\/20241214_193439-2048x1536.jpg 2048w\" sizes=\"(max-width: 518px) 100vw, 518px\" \/><figcaption><strong>Fr\u00e5n matsalen<\/strong><\/figcaption><\/figure>\n\n\n\n<p>Efter logem\u00f6tet var det \u00e5tersamling en trappa ner f\u00f6r gl\u00f6gg och mingel. D\u00e4r v\u00e4lkomnades ocks\u00e5 tv\u00e5 inbjudna g\u00e4ster tillika tv\u00e5 av de tre som under logem\u00f6tet godk\u00e4ndes f\u00f6r medlemskap i logen.&nbsp; En kort stund senare v\u00e4lkomnades fr\u00e5n Kulturskolan i Sk\u00f6vde kv\u00e4llens lucia med t\u00e4rnor och stj\u00e4rngosse. De framf\u00f6rde ett mycket vackert och stilfullt program med v\u00e4lk\u00e4nda traditionella musik- och s\u00e5nginslag.<\/p>\n\n\n\n<figure class=\"wp-block-image size-large is-resized\"><img loading=\"lazy\" src=\"https:\/\/vasaorden.com\/skovde\/wp-content\/uploads\/sites\/11\/2024\/12\/20241214_185149-1-1024x768.jpg\" alt=\"\" class=\"wp-image-1413\" width=\"519\" height=\"389\" srcset=\"https:\/\/vasaorden.com\/skovde\/wp-content\/uploads\/sites\/11\/2024\/12\/20241214_185149-1-1024x768.jpg 1024w, https:\/\/vasaorden.com\/skovde\/wp-content\/uploads\/sites\/11\/2024\/12\/20241214_185149-1-300x225.jpg 300w, https:\/\/vasaorden.com\/skovde\/wp-content\/uploads\/sites\/11\/2024\/12\/20241214_185149-1-768x576.jpg 768w, https:\/\/vasaorden.com\/skovde\/wp-content\/uploads\/sites\/11\/2024\/12\/20241214_185149-1-1536x1152.jpg 1536w, https:\/\/vasaorden.com\/skovde\/wp-content\/uploads\/sites\/11\/2024\/12\/20241214_185149-1-2048x1536.jpg 2048w\" sizes=\"(max-width: 519px) 100vw, 519px\" \/><figcaption><strong>Lucia fr\u00e5n Kulturskolan<\/strong><\/figcaption><\/figure>\n\n\n\n<p>Sedan v\u00e4lkomnades alla in till matsalen d\u00e4r ett julbord st\u00e4llts iordning utav klubbkommitt\u00e9n p\u00e5 Odd Fellow. Det var ett lagom stort utbud av traditionell julbordsmat som var mycket v\u00e4lsmakande och som uppskattades till fullo.&nbsp;&nbsp; Kv\u00e4llen avslutades inte efter julbordet utan d\u00e4refter var det \u00e5tersamling i klubblokalerna igen f\u00f6r fortsatt gemensam samvaro. Sy Monica h\u00f6gl\u00e4ste bland annat dikten \u201dTomten\u201d av Viktor Rydberg. Tv\u00e5 av systrarna d\u00f6k pl\u00f6tsligt upp i klubblokalen med en stor s\u00e4ck fullpackad med \u201djulklappar\u201d. Det blev en \u00e4n mer uppsluppen st\u00e4mning n\u00e4r systrarna delade ut paketen, som respektive mottagare \u00f6ppnade ganska omg\u00e5ende. Ett traditionellt inslag under systrarnas afton som uppskattas v\u00e4ldigt mycket.&nbsp;&nbsp; &nbsp;<br><\/p>\n\n\n\n<figure class=\"wp-block-image size-large is-resized\"><img loading=\"lazy\" src=\"https:\/\/vasaorden.com\/skovde\/wp-content\/uploads\/sites\/11\/2024\/12\/20241214_214739-1024x768.jpg\" alt=\"\" class=\"wp-image-1415\" width=\"452\" height=\"339\" srcset=\"https:\/\/vasaorden.com\/skovde\/wp-content\/uploads\/sites\/11\/2024\/12\/20241214_214739-1024x768.jpg 1024w, https:\/\/vasaorden.com\/skovde\/wp-content\/uploads\/sites\/11\/2024\/12\/20241214_214739-300x225.jpg 300w, https:\/\/vasaorden.com\/skovde\/wp-content\/uploads\/sites\/11\/2024\/12\/20241214_214739-768x576.jpg 768w, https:\/\/vasaorden.com\/skovde\/wp-content\/uploads\/sites\/11\/2024\/12\/20241214_214739-1536x1152.jpg 1536w, https:\/\/vasaorden.com\/skovde\/wp-content\/uploads\/sites\/11\/2024\/12\/20241214_214739-2048x1536.jpg 2048w\" sizes=\"(max-width: 452px) 100vw, 452px\" \/><figcaption><strong>I v\u00e4ntan p\u00e5 kaffe och t\u00e5rta<\/strong><\/figcaption><\/figure>\n\n\n\n<figure class=\"wp-block-image size-large is-resized\"><img loading=\"lazy\" src=\"https:\/\/vasaorden.com\/skovde\/wp-content\/uploads\/sites\/11\/2024\/12\/20241214_214904-1024x768.jpg\" alt=\"\" class=\"wp-image-1416\" width=\"461\" height=\"346\" srcset=\"https:\/\/vasaorden.com\/skovde\/wp-content\/uploads\/sites\/11\/2024\/12\/20241214_214904-1024x768.jpg 1024w, https:\/\/vasaorden.com\/skovde\/wp-content\/uploads\/sites\/11\/2024\/12\/20241214_214904-300x225.jpg 300w, https:\/\/vasaorden.com\/skovde\/wp-content\/uploads\/sites\/11\/2024\/12\/20241214_214904-768x576.jpg 768w, https:\/\/vasaorden.com\/skovde\/wp-content\/uploads\/sites\/11\/2024\/12\/20241214_214904-1536x1152.jpg 1536w, https:\/\/vasaorden.com\/skovde\/wp-content\/uploads\/sites\/11\/2024\/12\/20241214_214904-2048x1536.jpg 2048w\" sizes=\"(max-width: 461px) 100vw, 461px\" \/><figcaption><strong>Fr\u00e5n klubblokalen i v\u00e4ntan p\u00e5 julklappsutdelning<\/strong><\/figcaption><\/figure>\n\n\n\n<figure class=\"wp-block-image size-large is-resized\"><img loading=\"lazy\" src=\"https:\/\/vasaorden.com\/skovde\/wp-content\/uploads\/sites\/11\/2024\/12\/20241214_223443-768x1024.jpg\" alt=\"\" class=\"wp-image-1417\" width=\"299\" height=\"399\" srcset=\"https:\/\/vasaorden.com\/skovde\/wp-content\/uploads\/sites\/11\/2024\/12\/20241214_223443-768x1024.jpg 768w, https:\/\/vasaorden.com\/skovde\/wp-content\/uploads\/sites\/11\/2024\/12\/20241214_223443-225x300.jpg 225w, https:\/\/vasaorden.com\/skovde\/wp-content\/uploads\/sites\/11\/2024\/12\/20241214_223443-1152x1536.jpg 1152w, https:\/\/vasaorden.com\/skovde\/wp-content\/uploads\/sites\/11\/2024\/12\/20241214_223443-1536x2048.jpg 1536w, https:\/\/vasaorden.com\/skovde\/wp-content\/uploads\/sites\/11\/2024\/12\/20241214_223443-scaled.jpg 1920w\" sizes=\"(max-width: 299px) 100vw, 299px\" \/><figcaption>Sy Monica l\u00e4ser dikten &#8221;Tomten&#8221; av Viktor Rydberg<\/figcaption><\/figure>\n\n\n\n<p><br>Kv\u00e4llen avrundades med lottdragning och kaffe med hembakad t\u00e5rta. T\u00e5rtor som sy Marianne bakat hemma och tagit med sig till kv\u00e4llens kaffestund. Detta blev ocks\u00e5 kv\u00e4llens avslutande inslag med en \u00f6nskan om ett \u00e5terseende n\u00e4sta verksamhets\u00e5r. En stort tack till systrarna f\u00f6r deras fina insatser och f\u00f6r att ha gjort sitt yttersta f\u00f6r att vi alla skulle f\u00e5 en fin och minnesrik kv\u00e4ll. &nbsp;&nbsp;&nbsp;<\/p>\n\n\n\n<p>I sanning och enighet&nbsp;&nbsp;<\/p>\n\n\n\n<p><strong>Adventskaffe den 2 december<\/strong><\/p>\n\n\n\n<p>F\u00f6r f\u00f6rsta g\u00e5ngen, som man kan minnas bak\u00e5t i tiden, bj\u00f6ds det in till adventskaffe med hembakat kaffebr\u00f6d i Gillesv\u00e5ningen i Odd Fellowhuset denna m\u00e5ndagseftermiddag. Ett tjugotal vasasyskon hade h\u00f6rsammat kallelsen och anm\u00e4lt sig. Inledningsvis, som p\u00e5annonserats, h\u00f6ll br Kjell Isberg i lite vasainformation f\u00f6re kaffet. Det var lite bakgrundsinformation med \u00e5rtal och annat av intresse i den delen. Vidare Carterbrev och f\u00f6rkortningar inom organisationen med mera.<\/p>\n\n\n\n<figure class=\"wp-block-image size-full\"><img loading=\"lazy\" width=\"282\" height=\"376\" src=\"https:\/\/vasaorden.com\/skovde\/wp-content\/uploads\/sites\/11\/2024\/12\/image.png\" alt=\"\" class=\"wp-image-1398\" srcset=\"https:\/\/vasaorden.com\/skovde\/wp-content\/uploads\/sites\/11\/2024\/12\/image.png 282w, https:\/\/vasaorden.com\/skovde\/wp-content\/uploads\/sites\/11\/2024\/12\/image-225x300.png 225w\" sizes=\"(max-width: 282px) 100vw, 282px\" \/><figcaption><strong>Fr\u00e5n Adventskaffet i Gillesv\u00e5ningen<\/strong><\/figcaption><\/figure>\n\n\n\n<figure class=\"wp-block-image size-full is-resized\"><img loading=\"lazy\" src=\"https:\/\/vasaorden.com\/skovde\/wp-content\/uploads\/sites\/11\/2024\/12\/image-2.png\" alt=\"\" class=\"wp-image-1402\" width=\"285\" height=\"380\" \/><figcaption><strong>Fr\u00e5n Adventskaffet i Gillesv\u00e5ningen<\/strong><\/figcaption><\/figure>\n\n\n\n<p>Till kaffet serverades hembakat tilltugg som allt var smakfullt och uppskattat. Ett fint initiativ som mycket v\u00e4l kan bygga vidare till tradition. Efter\u00e5t passade l\u00e4mpligt styrelsen ocks\u00e5 p\u00e5 att h\u00e5lla sitt styrelsem\u00f6te f\u00f6r december.<\/p>\n\n\n\n<p>I sanning och enighet<\/p>\n\n\n\n<p><strong>Logen Sk\u00f6vdes \u00c5rsdag l\u00f6rdag den 9 november <\/strong><\/p>\n\n\n\n<p>L\u00f6rdag kv\u00e4ll den 9 november samlades ett stort antal vasamedlemmar fr\u00e5n logen Sk\u00f6vde i Odd Fellowhuset f\u00f6r logem\u00f6te och f\u00f6r att fira logens 74:e \u00e5rsdag. Av n\u00e4rvarande vasamedlemmar hade ett flertal medlemmar fr\u00e5n logen Lidk\u00f6ping ocks\u00e5 anm\u00e4lt sig. Logem\u00f6tet \u00f6ppnades ritualenligt f\u00f6ljt av sedvanliga m\u00f6tesf\u00f6rhandlingar. Under Ordens v\u00e4l delades ett stort antal hedersbetygelser ut. Bland annat f\u00f6r 50 \u00e5rs medlemskap till sy Anne-Marie Lindberg och f\u00f6r 40 \u00e5rs medlemskap till br Seppo Bladbacke och sy Rigmor Jonsson. Logens F\u00f6rtj\u00e4nsttecken alternativt FDO-tecken delades ut till br O Nils-Erik Johansson, sy Myra Lehmann och sy Inga-Lill Mikkelsen.<\/p>\n\n\n\n<figure class=\"wp-block-image size-large is-resized\"><img loading=\"lazy\" src=\"https:\/\/vasaorden.com\/skovde\/wp-content\/uploads\/sites\/11\/2024\/11\/IMG_20241111_195238-1024x768.jpg\" alt=\"\" class=\"wp-image-1369\" width=\"840\" height=\"630\" srcset=\"https:\/\/vasaorden.com\/skovde\/wp-content\/uploads\/sites\/11\/2024\/11\/IMG_20241111_195238-1024x768.jpg 1024w, https:\/\/vasaorden.com\/skovde\/wp-content\/uploads\/sites\/11\/2024\/11\/IMG_20241111_195238-300x225.jpg 300w, https:\/\/vasaorden.com\/skovde\/wp-content\/uploads\/sites\/11\/2024\/11\/IMG_20241111_195238-768x576.jpg 768w, https:\/\/vasaorden.com\/skovde\/wp-content\/uploads\/sites\/11\/2024\/11\/IMG_20241111_195238-1536x1152.jpg 1536w, https:\/\/vasaorden.com\/skovde\/wp-content\/uploads\/sites\/11\/2024\/11\/IMG_20241111_195238.jpg 1600w\" sizes=\"(max-width: 840px) 100vw, 840px\" \/><figcaption><strong>Fr.v. Br O Nils-Erik Johansson, sy Rigmor Jonsson, br Seppo Bladbacke, sy Anne-Marie Lindberg, sy Myra Lehmann och sy Inga-Lill Mikkelsen <\/strong><\/figcaption><\/figure>\n\n\n\n<p>Efter fotografering och gratulationer samlades alla i klubblokalerna en trappa ner f\u00f6r en v\u00e4lkomstdryck och f\u00f6r att v\u00e4lkomna \u00f6vriga inbjudna g\u00e4ster som v\u00e4ntat d\u00e4r under logem\u00f6tet.<\/p>\n\n\n\n<figure class=\"wp-block-image size-large is-resized\"><img loading=\"lazy\" src=\"https:\/\/vasaorden.com\/skovde\/wp-content\/uploads\/sites\/11\/2024\/11\/IMG_20241111_195129-768x1024.jpg\" alt=\"\" class=\"wp-image-1372\" width=\"442\" height=\"589\" srcset=\"https:\/\/vasaorden.com\/skovde\/wp-content\/uploads\/sites\/11\/2024\/11\/IMG_20241111_195129-768x1024.jpg 768w, https:\/\/vasaorden.com\/skovde\/wp-content\/uploads\/sites\/11\/2024\/11\/IMG_20241111_195129-225x300.jpg 225w, https:\/\/vasaorden.com\/skovde\/wp-content\/uploads\/sites\/11\/2024\/11\/IMG_20241111_195129-1152x1536.jpg 1152w, https:\/\/vasaorden.com\/skovde\/wp-content\/uploads\/sites\/11\/2024\/11\/IMG_20241111_195129.jpg 1200w\" sizes=\"(max-width: 442px) 100vw, 442px\" \/><figcaption><strong>Medlemmar och g\u00e4ster<\/strong><\/figcaption><\/figure>\n\n\n\n<figure class=\"wp-block-image size-large is-resized\"><img loading=\"lazy\" src=\"https:\/\/vasaorden.com\/skovde\/wp-content\/uploads\/sites\/11\/2024\/11\/IMG_20241111_195145-1024x768.jpg\" alt=\"\" class=\"wp-image-1371\" width=\"498\" height=\"374\" srcset=\"https:\/\/vasaorden.com\/skovde\/wp-content\/uploads\/sites\/11\/2024\/11\/IMG_20241111_195145-1024x768.jpg 1024w, https:\/\/vasaorden.com\/skovde\/wp-content\/uploads\/sites\/11\/2024\/11\/IMG_20241111_195145-300x225.jpg 300w, https:\/\/vasaorden.com\/skovde\/wp-content\/uploads\/sites\/11\/2024\/11\/IMG_20241111_195145-768x576.jpg 768w, https:\/\/vasaorden.com\/skovde\/wp-content\/uploads\/sites\/11\/2024\/11\/IMG_20241111_195145-1536x1152.jpg 1536w, https:\/\/vasaorden.com\/skovde\/wp-content\/uploads\/sites\/11\/2024\/11\/IMG_20241111_195145.jpg 1600w\" sizes=\"(max-width: 498px) 100vw, 498px\" \/><figcaption><strong>Medlemmar och G\u00e4ster<\/strong><\/figcaption><\/figure>\n\n\n\n<figure class=\"wp-block-image size-large is-resized\"><img loading=\"lazy\" src=\"https:\/\/vasaorden.com\/skovde\/wp-content\/uploads\/sites\/11\/2024\/11\/IMG_20241111_195223-768x1024.jpg\" alt=\"\" class=\"wp-image-1370\" width=\"413\" height=\"551\" srcset=\"https:\/\/vasaorden.com\/skovde\/wp-content\/uploads\/sites\/11\/2024\/11\/IMG_20241111_195223-768x1024.jpg 768w, https:\/\/vasaorden.com\/skovde\/wp-content\/uploads\/sites\/11\/2024\/11\/IMG_20241111_195223-225x300.jpg 225w, https:\/\/vasaorden.com\/skovde\/wp-content\/uploads\/sites\/11\/2024\/11\/IMG_20241111_195223-1152x1536.jpg 1152w, https:\/\/vasaorden.com\/skovde\/wp-content\/uploads\/sites\/11\/2024\/11\/IMG_20241111_195223.jpg 1200w\" sizes=\"(max-width: 413px) 100vw, 413px\" \/><figcaption><strong>Honn\u00f6rsbordet<\/strong><\/figcaption><\/figure>\n\n\n\n<p>Under den mycket v\u00e4lsmakande tre-r\u00e4tters m\u00e5ltid som serverades vid de festligt dukade borden h\u00f6lls ett flertal tacktal. Talet som Hans Majest\u00e4t Konungen h\u00f6ll under logen G\u00f6teborgs 100-\u00e5rsjubilem i september l\u00e4stes ocks\u00e5 upp och d\u00e4r Vasaordens arbete och engagemang i emigrationen fr\u00e5n Sverige till Amerika prisades.<\/p>\n\n\n\n<figure class=\"wp-block-image size-large is-resized\"><img loading=\"lazy\" src=\"https:\/\/vasaorden.com\/skovde\/wp-content\/uploads\/sites\/11\/2024\/11\/IMG_20241111_195119-768x1024.jpg\" alt=\"\" class=\"wp-image-1373\" width=\"326\" height=\"435\" srcset=\"https:\/\/vasaorden.com\/skovde\/wp-content\/uploads\/sites\/11\/2024\/11\/IMG_20241111_195119-768x1024.jpg 768w, https:\/\/vasaorden.com\/skovde\/wp-content\/uploads\/sites\/11\/2024\/11\/IMG_20241111_195119-225x300.jpg 225w, https:\/\/vasaorden.com\/skovde\/wp-content\/uploads\/sites\/11\/2024\/11\/IMG_20241111_195119-1152x1536.jpg 1152w, https:\/\/vasaorden.com\/skovde\/wp-content\/uploads\/sites\/11\/2024\/11\/IMG_20241111_195119.jpg 1200w\" sizes=\"(max-width: 326px) 100vw, 326px\" \/><figcaption><strong>Underh\u00e5llarna Annika Lindberg och Ingemar Bengtsson<\/strong><\/figcaption><\/figure>\n\n\n\n<p><br>Vid \u00e5tersamlingen efter m\u00e5ltiden tog underh\u00e5llningen vid. F\u00f6r denna stod Ingemar Bengtsson p\u00e5 gitarr och Annika Lidberg med s\u00e5ng. Under deras mycket uppskattade framtr\u00e4dande framf\u00f6rde de bland annat l\u00e5tar av ABBA, Monika Z, Lill Lindfors och Nat King Cole.&nbsp;Kv\u00e4llen avrundades d\u00e4refter med kaffe, t\u00e5rta och lotteridragning. En mycket trevlig kv\u00e4ll i sann vasaanda.&nbsp;&nbsp;<\/p>\n\n\n\n<p>I sanning och enighet<\/p>\n\n\n\n<p><strong>Kulturafton fredag den 11 oktober<\/strong>  <\/p>\n\n\n\n<p>Logem\u00f6tet \u00f6ppnades ritualenligt med ett tjugotal medlemmar n\u00e4rvarande. Under logem\u00f6tet l\u00e4stes bland annat ett tackbrev till logen Sk\u00f6vde upp fr\u00e5n logen G\u00f6teborg med anledning av deras 100- \u00e5rsjubileum. Ett fyllnadsval till bitr\u00e4dande protokollsekreterare genomf\u00f6rdes f\u00f6r sy Gunvor Karlsson. &nbsp;<br>Vid logem\u00f6tets slut samlades alla inledningsvis f\u00f6r lite mingel och gemenskap i klubblokalerna en trappa ner f\u00f6r att d\u00e4refter inta matsalen f\u00f6r en god pastam\u00e5ltid med k\u00f6ttstuvning.<\/p>\n\n\n\n<figure class=\"wp-block-image size-full is-resized\"><img loading=\"lazy\" src=\"https:\/\/vasaorden.com\/skovde\/wp-content\/uploads\/sites\/11\/2024\/11\/image.png\" alt=\"\" class=\"wp-image-1378\" width=\"757\" height=\"341\" srcset=\"https:\/\/vasaorden.com\/skovde\/wp-content\/uploads\/sites\/11\/2024\/11\/image.png 605w, https:\/\/vasaorden.com\/skovde\/wp-content\/uploads\/sites\/11\/2024\/11\/image-300x135.png 300w\" sizes=\"(max-width: 757px) 100vw, 757px\" \/><figcaption><strong>L\u00e5ngbord vid kv\u00e4llssup\u00e9n, n\u00e4rmast till v. sy Myra och br Kjell n\u00e4rmast till h. br Leif och br Louis<\/strong><\/figcaption><\/figure>\n\n\n\n<p>Efter maten serverades kaffe med bakelse till. Under tiden f\u00f6rbereddes en Quiz som inneh\u00f6ll b\u00e5de musik- och andra kluriga fr\u00e5gor med olika svarsalternativ.<br>Kv\u00e4llen rullade p\u00e5 och slutligen var det tid f\u00f6r det sedvanliga lotteriet, d\u00e4r bland annat sy Inga-Lill gick hem som en lycklig vinnare med m\u00e5nga turnummer p\u00e5 sina lotteri\u00e5ror. Storvinsten med presentkort tog en i Odd Fellows klubbkommitt\u00e9 hem.&nbsp;&nbsp;&nbsp; &nbsp;<\/p>\n\n\n\n<p>I sanning och enighet<\/p>\n\n\n\n<p><strong>Kulturafton  fredag den 13 september <\/strong> <\/p>\n\n\n\n<p>Denna fredag kv\u00e4ll den 13 september samlades drygt ett tjugotal medlemmar fr\u00e5n logen Sk\u00f6vde i Odd Fellowhuset till logem\u00f6te och gemensam m\u00e5ltid. Detta tillsammans med tre medlemmar, v\u00e5r DD Br Bo Jansson, Sy Birgitta Lundell och Sy Carina Adolfsson, fr\u00e5n logen Lidk\u00f6ping som anm\u00e4lt sig. Under logem\u00f6tet informerades bland annat om att v\u00e5r trogna medlem sy M\u00e4rta Kraft beg\u00e4rt \u00f6verflyttning till logen Kungah\u00e4lla i Kung\u00e4lv. Vidare om att det kommit tackbrev till logen Sk\u00f6vde via Vasa-Arkivets V\u00e4nner fr\u00e5n logen G\u00f6teborg inf\u00f6r deras 100-\u00e5rsjubileum, fr\u00e5n logen Karlstad inf\u00f6r deras 70-\u00e5rsjubileum samt ett tacktelegram fr\u00e5n logen Tomelilla inf\u00f6r deras 70-\u00e5rsjubileum.<\/p>\n\n\n\n<p>Vid logem\u00f6tets slut \u00e5tersamlades inledningsvis alla f\u00f6r lite mingel och samvaro i klubblokalerna en trappa ner. D\u00e4refter sittning till bords f\u00f6r en njutbar m\u00e5ltid best\u00e5ende av \u00e4rtsoppa alternativt svampsoppa f\u00f6ljt av, vad traditionen bjuder till denna huvudr\u00e4tt, pannkakor. M\u00e5ltiden avrundades med \u00e4pplekaka och vaniljs\u00e5s.<\/p>\n\n\n\n<figure class=\"wp-block-image size-full is-resized\"><img loading=\"lazy\" src=\"https:\/\/vasaorden.com\/skovde\/wp-content\/uploads\/sites\/11\/2024\/11\/image-3.png\" alt=\"\" class=\"wp-image-1389\" width=\"508\" height=\"228\" srcset=\"https:\/\/vasaorden.com\/skovde\/wp-content\/uploads\/sites\/11\/2024\/11\/image-3.png 458w, https:\/\/vasaorden.com\/skovde\/wp-content\/uploads\/sites\/11\/2024\/11\/image-3-300x135.png 300w\" sizes=\"(max-width: 508px) 100vw, 508px\" \/><figcaption><strong>Fr. v\u00e4nster: Br O Nils-Erik Johansson tillsammans med sy  Anne-Marie, sy Carina Adolfsson, br Bo Jansson och sy Gun<\/strong>.<\/figcaption><\/figure>\n\n\n\n<figure class=\"wp-block-image size-full is-resized\"><img loading=\"lazy\" src=\"https:\/\/vasaorden.com\/skovde\/wp-content\/uploads\/sites\/11\/2024\/11\/image-4.png\" alt=\"\" class=\"wp-image-1391\" width=\"510\" height=\"229\" srcset=\"https:\/\/vasaorden.com\/skovde\/wp-content\/uploads\/sites\/11\/2024\/11\/image-4.png 458w, https:\/\/vasaorden.com\/skovde\/wp-content\/uploads\/sites\/11\/2024\/11\/image-4-300x135.png 300w\" sizes=\"(max-width: 510px) 100vw, 510px\" \/><figcaption><strong>Fr\u00e5n matsalen<\/strong><\/figcaption><\/figure>\n\n\n\n<figure class=\"wp-block-image size-full is-resized\"><img loading=\"lazy\" src=\"https:\/\/vasaorden.com\/skovde\/wp-content\/uploads\/sites\/11\/2024\/11\/image-5.png\" alt=\"\" class=\"wp-image-1392\" width=\"510\" height=\"229\" srcset=\"https:\/\/vasaorden.com\/skovde\/wp-content\/uploads\/sites\/11\/2024\/11\/image-5.png 458w, https:\/\/vasaorden.com\/skovde\/wp-content\/uploads\/sites\/11\/2024\/11\/image-5-300x135.png 300w\" sizes=\"(max-width: 510px) 100vw, 510px\" \/><figcaption><strong>Fr. v\u00e4nster: sy Ingeborg, br Kjell, sy Rigmor, sy Marianne och br Jan-Olof <\/strong><\/figcaption><\/figure>\n\n\n\n<figure class=\"wp-block-image size-full is-resized\"><img loading=\"lazy\" src=\"https:\/\/vasaorden.com\/skovde\/wp-content\/uploads\/sites\/11\/2024\/11\/image-6.png\" alt=\"\" class=\"wp-image-1393\" width=\"508\" height=\"228\" srcset=\"https:\/\/vasaorden.com\/skovde\/wp-content\/uploads\/sites\/11\/2024\/11\/image-6.png 458w, https:\/\/vasaorden.com\/skovde\/wp-content\/uploads\/sites\/11\/2024\/11\/image-6-300x135.png 300w\" sizes=\"(max-width: 508px) 100vw, 508px\" \/><figcaption><strong>F\u00f6redragsh\u00e5llare pr\u00e4sten Helena H\u00f6gberg S\u00e4rndahl<\/strong><\/figcaption><\/figure>\n\n\n\n<figure class=\"wp-block-image size-full is-resized\"><img loading=\"lazy\" src=\"https:\/\/vasaorden.com\/skovde\/wp-content\/uploads\/sites\/11\/2024\/11\/image-7.png\" alt=\"\" class=\"wp-image-1394\" width=\"509\" height=\"229\" srcset=\"https:\/\/vasaorden.com\/skovde\/wp-content\/uploads\/sites\/11\/2024\/11\/image-7.png 409w, https:\/\/vasaorden.com\/skovde\/wp-content\/uploads\/sites\/11\/2024\/11\/image-7-300x135.png 300w\" sizes=\"(max-width: 509px) 100vw, 509px\" \/><figcaption><strong>Fr\u00e5n klubblokalen med fika och lottdragning mm<\/strong><\/figcaption><\/figure>\n\n\n\n<p>Kv\u00e4llens f\u00f6redragsh\u00e5llare var pr\u00e4sten Helena H\u00f6gberg S\u00e4rndahl fr\u00e5n Vallda. Hon h\u00f6ll ett f\u00f6redrag om \u201dkyrkan mitt i byn\u201d.&nbsp; Ett uppskattat och intressant f\u00f6redrag. Slutligen och avslutningsvis serverades kaffe med tilltugg samt lotteridragning d\u00e4r prisbordet var fyllt med mycket frukt och andra nyttigheter. En kv\u00e4ll i sann vasaanda.<\/p>\n\n\n\n<p>I sanning och enighet<\/p>\n\n\n\n<p><strong>G\u00f6teborgslogens 100-\u00e5rsjubileum <\/strong>kommer inom kort<\/p>\n\n\n\n<p><strong>Kr\u00e4ftskiva l\u00f6rdag den 17 augusti i Lidk\u00f6ping. <\/strong><\/p>\n\n\n\n<p>\u00c5rets gemensamma kr\u00e4ftskiva\/fest\/som logen Lidk\u00f6ping h\u00f6ll i var detta \u00e5r f\u00f6rlagt till Lidk\u00f6pings Marina. Fr\u00e5n logen Sk\u00f6vde hade ett flertal medlemmar anm\u00e4lt sig och h\u00e4lsades inledningsvis v\u00e4lkomna med en v\u00e4lkomstdrink och en tipspromenad. Som uppstart serverades en bit v\u00e4sterbottenpaj f\u00f6ljt av l\u00e4ckra kr\u00e4ftor som serverades tillsammans med kycklingsallad, br\u00f6d, sm\u00f6r och ost. Kaffe och kaka serverades senare.      Fram p\u00e5 sena kv\u00e4llen serverades till hugade ocks\u00e5 nattamat best\u00e5ende av korv och br\u00f6d. Musikunderh\u00e5llning med dans bj\u00f6ds ocks\u00e5 p\u00e5. <\/p>\n\n\n\n<p><strong>Nationaldagsfirande den 6 juni<\/strong><\/p>\n\n\n\n<p>Ett flertal vasasyskon och n\u00e5gra medbjudna g\u00e4ster firade nationaldagen med en &nbsp;gemensam middag p\u00e5 Helensg\u00e5rden i Sk\u00f6vde. Det var andra \u00e5ret i rad som detta gjordes. Efter en god och v\u00e4lsmakande m\u00e5ltid bj\u00f6ds p\u00e5 hembakad gr\u00e4ddt\u00e5rta till dessert. Efter kaffet hade ordf\u00f6randen br Nils-Erik ordnat med ett lotteri med ett stort antal vinster till.<\/p>\n\n\n\n<figure class=\"wp-block-image size-full\"><img loading=\"lazy\" width=\"945\" height=\"425\" src=\"https:\/\/vasaorden.com\/skovde\/wp-content\/uploads\/sites\/11\/2024\/07\/image.png\" alt=\"\" class=\"wp-image-1364\" srcset=\"https:\/\/vasaorden.com\/skovde\/wp-content\/uploads\/sites\/11\/2024\/07\/image.png 945w, https:\/\/vasaorden.com\/skovde\/wp-content\/uploads\/sites\/11\/2024\/07\/image-300x135.png 300w, https:\/\/vasaorden.com\/skovde\/wp-content\/uploads\/sites\/11\/2024\/07\/image-768x345.png 768w\" sizes=\"(max-width: 945px) 100vw, 945px\" \/><figcaption><strong>Ovan och nedan: Vasasyskon och g\u00e4ster samlade till m\u00e5ltid p\u00e5 Helensg\u00e5rden<\/strong><\/figcaption><\/figure>\n\n\n\n<figure class=\"wp-block-image size-full\"><img loading=\"lazy\" width=\"945\" height=\"425\" src=\"https:\/\/vasaorden.com\/skovde\/wp-content\/uploads\/sites\/11\/2024\/07\/image-1.png\" alt=\"\" class=\"wp-image-1365\" srcset=\"https:\/\/vasaorden.com\/skovde\/wp-content\/uploads\/sites\/11\/2024\/07\/image-1.png 945w, https:\/\/vasaorden.com\/skovde\/wp-content\/uploads\/sites\/11\/2024\/07\/image-1-300x135.png 300w, https:\/\/vasaorden.com\/skovde\/wp-content\/uploads\/sites\/11\/2024\/07\/image-1-768x345.png 768w\" sizes=\"(max-width: 945px) 100vw, 945px\" \/><\/figure>\n\n\n\n<p>Nationaldagsfirandet fortsatte efter samvaron p\u00e5 Helensg\u00e5rden p\u00e5 Kulturhustorget utanf\u00f6r Kulturhuset, d\u00e4r det h\u00f6lls tal och med upptr\u00e4danden av varierat slag. Efter\u00e5t skiljdes alla \u00e5t med m\u00e5let om \u00e5tertr\u00e4ff i augusti till den gemensamma f\u00f6rest\u00e5ende kr\u00e4ftskivan med logen i Lidk\u00f6ping.<\/p>\n\n\n\n<p><strong>Kulturutflykt till Horns Tegelbruk mm den 30 maj<\/strong><\/p>\n\n\n\n<p>Medlemmar fr\u00e5n lokallogen i Sk\u00f6vde var p\u00e5 en dagsutflykt till Horns Tegelbruk och till en trevlig stund med mat och trevlig samvaro hemma hos vasamedlemmarna Ingeborg och Jan-Olof ute p\u00e5 \u201dFj\u00e4llet\u201d denna dag. Dagen inleddes med bes\u00f6k p\u00e5 tegelbruket. D\u00e4r guidades vi runt av en trevlig och kunnig guide. Bruket har f\u00f6rsett Sverige med tegel sedan mitten av 1800-talet och tillverkar tegel enligt en egen produktlista som exempelvis golvtegel, marktegel och dekorationstegel. Vid efterfr\u00e5gan tillverkas \u00e4ven specialtegel. Horns Tegelbruk \u00e4r ett av Sveriges b\u00e4st bevarade \u00e4ldre tegelbruk och ett av de f\u00e5 bruk av detta slag som \u00e4r bevarat i s\u00e5 bra skick. Bruket \u00e5r dessutom det enda i Sverige som br\u00e4nner teglet i en vedeldad flamugn. Den tidigare br\u00e4nningen i ringugn upph\u00f6rde s\u00e5 tidigt som 1976.<\/p>\n\n\n\n<figure class=\"wp-block-image size-full\"><img loading=\"lazy\" width=\"945\" height=\"425\" src=\"https:\/\/vasaorden.com\/skovde\/wp-content\/uploads\/sites\/11\/2024\/06\/image-1.png\" alt=\"\" class=\"wp-image-1360\" srcset=\"https:\/\/vasaorden.com\/skovde\/wp-content\/uploads\/sites\/11\/2024\/06\/image-1.png 945w, https:\/\/vasaorden.com\/skovde\/wp-content\/uploads\/sites\/11\/2024\/06\/image-1-300x135.png 300w, https:\/\/vasaorden.com\/skovde\/wp-content\/uploads\/sites\/11\/2024\/06\/image-1-768x345.png 768w\" sizes=\"(max-width: 945px) 100vw, 945px\" \/><figcaption>Gruppbild fr\u00e5n Horns Tegelbruk<\/figcaption><\/figure>\n\n\n\n<p>Efter bes\u00f6ket \u00e5kte alla med till \u201dFj\u00e4llet\u201d d\u00e4r ytterligare ett antal medlemmar ansl\u00f6t f\u00f6r att umg\u00e5s i trevlig samvaro. D\u00e4r bj\u00f6ds bland annat p\u00e5 mat best\u00e5ende av lax med tillbeh\u00f6r mm, vilken avnj\u00f6ts ute i familjens tr\u00e4dg\u00e5rd denna fina eftermiddag. En dag att minnas med medf\u00f6ljande h\u00e4lsningar inf\u00f6r sommaren. &nbsp;<\/p>\n\n\n\n<p><strong>Kulturutflykt &#8211; H\u00f6gskolan i Sk\u00f6vde den 24 april  <\/strong><\/p>\n\n\n\n<p>Ett flertal medlemmar fr\u00e5n lokallogen Sk\u00f6vde tog tillf\u00e4llet i akt efter inbjudan att bes\u00f6ka Skaraborgs H\u00e4lsoteknikcentrum vid H\u00f6gskolan i Sk\u00f6vde och ta del av dess verksamhet under en f\u00f6rmiddag. Catharina Gillsj\u00f6 vid centrumet tog emot och presenterade verksamheten efter hand vartefter rundvandingen p\u00e5gick. <\/p>\n\n\n\n<figure class=\"wp-block-image size-full\"><img loading=\"lazy\" width=\"1003\" height=\"452\" src=\"https:\/\/vasaorden.com\/skovde\/wp-content\/uploads\/sites\/11\/2024\/06\/image.png\" alt=\"\" class=\"wp-image-1358\" srcset=\"https:\/\/vasaorden.com\/skovde\/wp-content\/uploads\/sites\/11\/2024\/06\/image.png 1003w, https:\/\/vasaorden.com\/skovde\/wp-content\/uploads\/sites\/11\/2024\/06\/image-300x135.png 300w, https:\/\/vasaorden.com\/skovde\/wp-content\/uploads\/sites\/11\/2024\/06\/image-768x346.png 768w\" sizes=\"(max-width: 1003px) 100vw, 1003px\" \/><figcaption>Information av Chatarina Gillsj\u00f6<\/figcaption><\/figure>\n\n\n\n<p>Det blev ocks\u00e5 tid f\u00f6r lite fr\u00e5gestund. Centrumet var uppbyggt i en l\u00e4genhetsmodell och inrett med en m\u00e5ngfald av hj\u00e4lpmedel f\u00f6r utveckling av digitala hj\u00e4lpmedel f\u00f6r bruk i b\u00e5de hemmet och i v\u00e5rden. Bland annat med robotar och f\u00f6r digital \u00f6vervakning p\u00e5 olika s\u00e4tt. De studenter som l\u00e4ser p\u00e5 v\u00e5rdlinjen i Sk\u00f6vde ges en g\u00e5ng under utbildningen ocks\u00e5 m\u00f6jlighet att bes\u00f6ka \u201dl\u00e4genheten\u201d och ta del av och prova p\u00e5 olika slag hj\u00e4lpmedel. Centrumet har bland annat tagit fram en s.k. \u201d\u00c4ldredr\u00e4kt\u201d som alla fick m\u00f6jlighet att prova och d\u00e4r man med en simulerad effekt kunde framkalla och k\u00e4nna hur cirka tio olika diagnoser av funktionsneds\u00e4ttningar yppar sig. Bes\u00f6ket avrundades med lunch i G\u00f6tasalen.<\/p>\n\n\n\n<p><strong>Kultutflykt till Axevalla travbana den 16 april <\/strong><\/p>\n\n\n\n<p>Ett flertal logesyskon och g\u00e4ster var p\u00e5 Axevalla travbana f\u00f6r studiebes\u00f6k, m\u00e5ltid och spel p\u00e5 h\u00e4star. Det blev m\u00e5nga fina prestationer vid t\u00e4vlingarna under tisdagskv\u00e4llen, inte minst fr\u00e5n kv\u00e4llens hemmasegrare: Ett uppskattat bes\u00f6k.<\/p>\n\n\n\n<p><strong>Kulturafton den 12 april <\/strong><\/p>\n\n\n\n<p>Drygt tjugotalet medlemmar fr\u00e5n lokallogen Sk\u00f6vde och g\u00e4ster samlades denna fredagskv\u00e4ll f\u00f6r logem\u00f6te och samkv\u00e4m\/efterkapitel. Logem\u00f6tet var v\u00e4l f\u00f6rberett och genomf\u00f6rdes i god ordning med de fr\u00e4msta punkterna, ballotering och reception f\u00f6r en ny medlem, Ewa Wettergren-Westh. Under m\u00f6tet l\u00e4stes ett flertal skrivelser upp som inkommit varav ett med inbjudan fr\u00e5n DL20:s lokalloge Tomelillas 70-jubileum den 4 maj. Vidare informerades om ett flertal av logen planerade sommaraktiviteter. Bland annat n\u00e4mndes den traditionsenliga kr\u00e4ftfesten i augusti, som vi har gemensamt med logen Lidk\u00f6ping och vilken logen Lidk\u00f6ping i \u00e5r st\u00e5r som arrang\u00f6r f\u00f6r. Logem\u00f6tet avslutades med ett litet musikstycke ur musikalen \u201dMy Fair Lady\u201d f\u00f6re \u00e5tersamling i klubblokalerna.<\/p>\n\n\n\n<p>Kv\u00e4llens efterkapitel inleddes med mat som k\u00f6ket i Odd Fellow iordningst\u00e4llt och som bestod av en kycklinggryta till huvudr\u00e4tt och en bl\u00e5b\u00e4rspannacotta till dessert. Sy Ewa h\u00f6ll h\u00e4r och nu ocks\u00e5 ett fint tal d\u00e4r hon bland annat tackade f\u00f6r intagningen som medlem och f\u00f6r det i \u00f6vrigt gener\u00f6sa mottagandet i logen.&nbsp;&nbsp;<\/p>\n\n\n\n<figure class=\"wp-block-image size-large is-resized\"><img loading=\"lazy\" src=\"https:\/\/vasaorden.com\/skovde\/wp-content\/uploads\/sites\/11\/2024\/04\/DSC_1160-1024x521.jpg\" alt=\"\" class=\"wp-image-1341\" width=\"656\" height=\"334\" srcset=\"https:\/\/vasaorden.com\/skovde\/wp-content\/uploads\/sites\/11\/2024\/04\/DSC_1160-1024x521.jpg 1024w, https:\/\/vasaorden.com\/skovde\/wp-content\/uploads\/sites\/11\/2024\/04\/DSC_1160-300x153.jpg 300w, https:\/\/vasaorden.com\/skovde\/wp-content\/uploads\/sites\/11\/2024\/04\/DSC_1160-768x391.jpg 768w, https:\/\/vasaorden.com\/skovde\/wp-content\/uploads\/sites\/11\/2024\/04\/DSC_1160-1536x782.jpg 1536w, https:\/\/vasaorden.com\/skovde\/wp-content\/uploads\/sites\/11\/2024\/04\/DSC_1160-2048x1043.jpg 2048w\" sizes=\"(max-width: 656px) 100vw, 656px\" \/><figcaption><strong>Under f\u00f6rel\u00e4sningen <\/strong><\/figcaption><\/figure>\n\n\n\n<figure class=\"wp-block-image size-large is-resized\"><img loading=\"lazy\" src=\"https:\/\/vasaorden.com\/skovde\/wp-content\/uploads\/sites\/11\/2024\/04\/DSC_1163-1024x683.jpg\" alt=\"\" class=\"wp-image-1342\" width=\"455\" height=\"303\" srcset=\"https:\/\/vasaorden.com\/skovde\/wp-content\/uploads\/sites\/11\/2024\/04\/DSC_1163-1024x683.jpg 1024w, https:\/\/vasaorden.com\/skovde\/wp-content\/uploads\/sites\/11\/2024\/04\/DSC_1163-300x200.jpg 300w, https:\/\/vasaorden.com\/skovde\/wp-content\/uploads\/sites\/11\/2024\/04\/DSC_1163-768x512.jpg 768w, https:\/\/vasaorden.com\/skovde\/wp-content\/uploads\/sites\/11\/2024\/04\/DSC_1163-1536x1024.jpg 1536w, https:\/\/vasaorden.com\/skovde\/wp-content\/uploads\/sites\/11\/2024\/04\/DSC_1163-2048x1365.jpg 2048w\" sizes=\"(max-width: 455px) 100vw, 455px\" \/><figcaption><strong>G\u00e4stf\u00f6rel\u00e4sare Bodil G\u00e4rd\u00e9n, sy Ingalill och sy Gun<\/strong><\/figcaption><\/figure>\n\n\n\n<p>Efter maten var det f\u00f6rberett med \u201dkanon\u201d och filmduk f\u00f6r en f\u00f6rel\u00e4sning med kompletterande bilder av Bodil G\u00e4rd\u00e9n fr\u00e5n sitt smittskyddsarbete i S:t Peterburg f\u00f6r ett antal \u00e5r sedan. Bodil ber\u00e4ttade att hon d\u00e5 hade i uppdrag genom Socialstyrelsen att bist\u00e5 med sina kunskaper i S:t Petersburg f\u00f6r att d\u00e4r bland annat bek\u00e4mpa och begr\u00e4nsa spridningen av TBC. Det var fr\u00e4mst mot socialt utsatta grupper och p\u00e5 ett av stadens f\u00e4ngelser som hon arbetade. Ett uppdrag hon hade under ett flertal \u00e5r och som under tiden ocks\u00e5 kom att omfatta HIV.&nbsp;<\/p>\n\n\n\n<figure class=\"wp-block-image size-large is-resized\"><img loading=\"lazy\" src=\"https:\/\/vasaorden.com\/skovde\/wp-content\/uploads\/sites\/11\/2024\/04\/DSC_1175-1024x683.jpg\" alt=\"\" class=\"wp-image-1345\" width=\"443\" height=\"295\" srcset=\"https:\/\/vasaorden.com\/skovde\/wp-content\/uploads\/sites\/11\/2024\/04\/DSC_1175-1024x683.jpg 1024w, https:\/\/vasaorden.com\/skovde\/wp-content\/uploads\/sites\/11\/2024\/04\/DSC_1175-300x200.jpg 300w, https:\/\/vasaorden.com\/skovde\/wp-content\/uploads\/sites\/11\/2024\/04\/DSC_1175-768x512.jpg 768w, https:\/\/vasaorden.com\/skovde\/wp-content\/uploads\/sites\/11\/2024\/04\/DSC_1175-1536x1024.jpg 1536w, https:\/\/vasaorden.com\/skovde\/wp-content\/uploads\/sites\/11\/2024\/04\/DSC_1175-2048x1365.jpg 2048w\" sizes=\"(max-width: 443px) 100vw, 443px\" \/><figcaption><strong>Sy Marianne och br Kjell<\/strong><\/figcaption><\/figure>\n\n\n\n<figure class=\"wp-block-image size-large is-resized\"><img loading=\"lazy\" src=\"https:\/\/vasaorden.com\/skovde\/wp-content\/uploads\/sites\/11\/2024\/04\/DSC_1164-1024x683.jpg\" alt=\"\" class=\"wp-image-1346\" width=\"444\" height=\"296\" srcset=\"https:\/\/vasaorden.com\/skovde\/wp-content\/uploads\/sites\/11\/2024\/04\/DSC_1164-1024x683.jpg 1024w, https:\/\/vasaorden.com\/skovde\/wp-content\/uploads\/sites\/11\/2024\/04\/DSC_1164-300x200.jpg 300w, https:\/\/vasaorden.com\/skovde\/wp-content\/uploads\/sites\/11\/2024\/04\/DSC_1164-768x512.jpg 768w, https:\/\/vasaorden.com\/skovde\/wp-content\/uploads\/sites\/11\/2024\/04\/DSC_1164-1536x1024.jpg 1536w, https:\/\/vasaorden.com\/skovde\/wp-content\/uploads\/sites\/11\/2024\/04\/DSC_1164-2048x1365.jpg 2048w\" sizes=\"(max-width: 444px) 100vw, 444px\" \/><figcaption><strong>Br Kjell, sy Anne-Marie och br Leif<\/strong><\/figcaption><\/figure>\n\n\n\n<figure class=\"wp-block-image size-large is-resized\"><img loading=\"lazy\" src=\"https:\/\/vasaorden.com\/skovde\/wp-content\/uploads\/sites\/11\/2024\/04\/DSC_1165-1024x683.jpg\" alt=\"\" class=\"wp-image-1344\" width=\"441\" height=\"294\" srcset=\"https:\/\/vasaorden.com\/skovde\/wp-content\/uploads\/sites\/11\/2024\/04\/DSC_1165-1024x683.jpg 1024w, https:\/\/vasaorden.com\/skovde\/wp-content\/uploads\/sites\/11\/2024\/04\/DSC_1165-300x200.jpg 300w, https:\/\/vasaorden.com\/skovde\/wp-content\/uploads\/sites\/11\/2024\/04\/DSC_1165-768x512.jpg 768w, https:\/\/vasaorden.com\/skovde\/wp-content\/uploads\/sites\/11\/2024\/04\/DSC_1165-1536x1024.jpg 1536w, https:\/\/vasaorden.com\/skovde\/wp-content\/uploads\/sites\/11\/2024\/04\/DSC_1165-2048x1365.jpg 2048w\" sizes=\"(max-width: 441px) 100vw, 441px\" \/><figcaption><strong>Sy Ingalill, br Nils-Erik och sy Anne-Marie<\/strong><\/figcaption><\/figure>\n\n\n\n<figure class=\"wp-block-image size-large is-resized\"><img loading=\"lazy\" src=\"https:\/\/vasaorden.com\/skovde\/wp-content\/uploads\/sites\/11\/2024\/04\/DSC_1167-1024x683.jpg\" alt=\"\" class=\"wp-image-1343\" width=\"441\" height=\"294\" srcset=\"https:\/\/vasaorden.com\/skovde\/wp-content\/uploads\/sites\/11\/2024\/04\/DSC_1167-1024x683.jpg 1024w, https:\/\/vasaorden.com\/skovde\/wp-content\/uploads\/sites\/11\/2024\/04\/DSC_1167-300x200.jpg 300w, https:\/\/vasaorden.com\/skovde\/wp-content\/uploads\/sites\/11\/2024\/04\/DSC_1167-768x512.jpg 768w, https:\/\/vasaorden.com\/skovde\/wp-content\/uploads\/sites\/11\/2024\/04\/DSC_1167-1536x1024.jpg 1536w, https:\/\/vasaorden.com\/skovde\/wp-content\/uploads\/sites\/11\/2024\/04\/DSC_1167-2048x1365.jpg 2048w\" sizes=\"(max-width: 441px) 100vw, 441px\" \/><figcaption><strong>Sy Solveig, Syster Ewa och sy Barbro (ryggen mot kameran)<\/strong><\/figcaption><\/figure>\n\n\n\n<figure class=\"wp-block-image size-large is-resized\"><img loading=\"lazy\" src=\"https:\/\/vasaorden.com\/skovde\/wp-content\/uploads\/sites\/11\/2024\/04\/DSC_1168-1024x683.jpg\" alt=\"\" class=\"wp-image-1347\" width=\"439\" height=\"293\" srcset=\"https:\/\/vasaorden.com\/skovde\/wp-content\/uploads\/sites\/11\/2024\/04\/DSC_1168-1024x683.jpg 1024w, https:\/\/vasaorden.com\/skovde\/wp-content\/uploads\/sites\/11\/2024\/04\/DSC_1168-300x200.jpg 300w, https:\/\/vasaorden.com\/skovde\/wp-content\/uploads\/sites\/11\/2024\/04\/DSC_1168-768x512.jpg 768w, https:\/\/vasaorden.com\/skovde\/wp-content\/uploads\/sites\/11\/2024\/04\/DSC_1168-1536x1024.jpg 1536w, https:\/\/vasaorden.com\/skovde\/wp-content\/uploads\/sites\/11\/2024\/04\/DSC_1168-2048x1365.jpg 2048w\" sizes=\"(max-width: 439px) 100vw, 439px\" \/><figcaption><strong>Sy Sheila och br Jan -Olof<\/strong><\/figcaption><\/figure>\n\n\n\n<figure class=\"wp-block-image size-large is-resized\"><img loading=\"lazy\" src=\"https:\/\/vasaorden.com\/skovde\/wp-content\/uploads\/sites\/11\/2024\/04\/DSC_1169-1024x683.jpg\" alt=\"\" class=\"wp-image-1348\" width=\"440\" height=\"293\" srcset=\"https:\/\/vasaorden.com\/skovde\/wp-content\/uploads\/sites\/11\/2024\/04\/DSC_1169-1024x683.jpg 1024w, https:\/\/vasaorden.com\/skovde\/wp-content\/uploads\/sites\/11\/2024\/04\/DSC_1169-300x200.jpg 300w, https:\/\/vasaorden.com\/skovde\/wp-content\/uploads\/sites\/11\/2024\/04\/DSC_1169-768x512.jpg 768w, https:\/\/vasaorden.com\/skovde\/wp-content\/uploads\/sites\/11\/2024\/04\/DSC_1169-1536x1024.jpg 1536w, https:\/\/vasaorden.com\/skovde\/wp-content\/uploads\/sites\/11\/2024\/04\/DSC_1169-2048x1365.jpg 2048w\" sizes=\"(max-width: 440px) 100vw, 440px\" \/><figcaption><strong>Sy Anne-Marie och br Leif<\/strong><\/figcaption><\/figure>\n\n\n\n<p>Efter denna mycket intressanta f\u00f6rel\u00e4sning serverades kaffe med hembakad hallongrotta f\u00f6ljt av kv\u00e4llens avslutande lotteri. En trevlig vasakv\u00e4ll i v\u00e5rens tecken.<\/p>\n\n\n\n<p><strong>Br\u00f6dernas afton den 9 mars<\/strong><\/p>\n\n\n\n<p>Logen Sk\u00f6vde bj\u00f6d denna l\u00f6rdagskv\u00e4ll in till logem\u00f6te och efterkapitel i Odd Fellowhuset till vilket ett 40-tal medlemmar och g\u00e4ster anm\u00e4lt sig. Fr\u00e5n Logen Lidk\u00f6ping hade fyra vasasyskon anm\u00e4lt sig. Kv\u00e4llen inleddes med logem\u00f6te d\u00e4r huvudpunkten var reception med intagning av tv\u00e5 nya medlemmar. Det var v\u00e5r br O Nils-Erik och sy Monika som var faddrar till dem. I \u00f6vrigt f\u00f6rl\u00f6pte logem\u00f6tet i sedvanlig ordning. Vid logem\u00f6tets slut samlades medlemmar och g\u00e4ster i klubblokalerna till inledningsvis en v\u00e4lkomstdrink. \u00d6vriga g\u00e4ster var inte medlemmar i v\u00e5r Orden. men medbjudna till efterkapitlet med mat och underh\u00e5llning. Efter lite mingel var det tid att s\u00e4tta sig till bords till en smakrik m\u00e5ltid, best\u00e5ende av svampsoppa till f\u00f6rr\u00e4tt och laxr\u00e4tt till huvudr\u00e4tt, som klubbkommitt\u00e9n i Odd Fellow tillagat.<\/p>\n\n\n\n<figure class=\"wp-block-image size-large is-resized\"><img loading=\"lazy\" src=\"https:\/\/vasaorden.com\/skovde\/wp-content\/uploads\/sites\/11\/2024\/03\/DSC_1110-1024x683.jpg\" alt=\"\" class=\"wp-image-1334\" width=\"436\" height=\"291\" srcset=\"https:\/\/vasaorden.com\/skovde\/wp-content\/uploads\/sites\/11\/2024\/03\/DSC_1110-1024x683.jpg 1024w, https:\/\/vasaorden.com\/skovde\/wp-content\/uploads\/sites\/11\/2024\/03\/DSC_1110-300x200.jpg 300w, https:\/\/vasaorden.com\/skovde\/wp-content\/uploads\/sites\/11\/2024\/03\/DSC_1110-768x512.jpg 768w, https:\/\/vasaorden.com\/skovde\/wp-content\/uploads\/sites\/11\/2024\/03\/DSC_1110-1536x1024.jpg 1536w, https:\/\/vasaorden.com\/skovde\/wp-content\/uploads\/sites\/11\/2024\/03\/DSC_1110-2048x1365.jpg 2048w\" sizes=\"(max-width: 436px) 100vw, 436px\" \/><figcaption>Br Jan-Olof och Br Kjell Isberg vid lotteriet<\/figcaption><\/figure>\n\n\n\n<p>Efter maten tog kv\u00e4llens underh\u00e5llare David Carbe vid. En k\u00e4nd musiker, pianist och s\u00e5ngare fr\u00e5n Kung\u00e4lv och som har spelat ihop med m\u00e5nga av Sveriges fr\u00e4msta artister som exempelvis Robert Wells, Marlena Ernman, m.fl. Han har ocks\u00e5 medverkat som kapellm\u00e4stare flera g\u00e5nger i Bingolotto. Det var ett mycket uppskattat och underh\u00e5llande program som han bj\u00f6d p\u00e5. Med sp\u00e4nnvidd fr\u00e5n Charlie Normans \u201dAnitra&#8217;s Dance Boogie\u201d till delar av Robert Wells \u201dRhapsody In Rock\u201d.<br>N\u00e4r musiken och s\u00e5ngen tonat bort serverades kaffe med hembakad t\u00e5rta f\u00f6r att d\u00e4refter runda av kv\u00e4llen med sedvanligt lotteri. En mycket trevlig kv\u00e4ll med bra program.&nbsp;<br><br><\/p>\n\n\n\n<p><strong>\u00c5rsm\u00f6te l\u00f6rdag den 3 februari<\/strong><\/p>\n\n\n\n<p>Logen h\u00f6ll sitt f\u00f6rsta logem\u00f6te f\u00f6r \u00e5ret tillika \u00e5rsm\u00f6te l\u00f6rdag den 3 februari i Odd Fellowhuset i Sk\u00f6vde. Till m\u00f6tet hade logens DD br Bo Jansson tillsammans med sy Carina Adolfsson, sy Connie Gr\u00f6n och br Einar Savolainen Gr\u00f6n fr\u00e5n logen Lidk\u00f6ping anm\u00e4lt sig. De hade ocks\u00e5 till uppgift att installera logens nyvalda och omvalda tj\u00e4nstem\u00e4n under logem\u00f6tet. Det var bland annat omval p\u00e5 br Nils-Erik Johansson som ordf\u00f6rande samt installation av fem nyvalda tj\u00e4nstem\u00e4n i olika befattningar. Ut\u00f6ver rapporter och andra \u00e4renden recipierades tv\u00e5 nya medlemmar med avsikt att upptas i Sk\u00f6vdelogen under marsm\u00f6tet. Logens kass\u00f6r sy Solveig avtackades efter m\u00e5nga \u00e5r p\u00e5 posten. <\/p>\n\n\n\n<figure class=\"wp-block-image size-large is-resized\"><img loading=\"lazy\" src=\"https:\/\/vasaorden.com\/skovde\/wp-content\/uploads\/sites\/11\/2024\/02\/DSC_1082-1024x553.jpg\" alt=\"\" class=\"wp-image-1320\" width=\"539\" height=\"290\" srcset=\"https:\/\/vasaorden.com\/skovde\/wp-content\/uploads\/sites\/11\/2024\/02\/DSC_1082-1024x553.jpg 1024w, https:\/\/vasaorden.com\/skovde\/wp-content\/uploads\/sites\/11\/2024\/02\/DSC_1082-300x162.jpg 300w, https:\/\/vasaorden.com\/skovde\/wp-content\/uploads\/sites\/11\/2024\/02\/DSC_1082-768x415.jpg 768w, https:\/\/vasaorden.com\/skovde\/wp-content\/uploads\/sites\/11\/2024\/02\/DSC_1082-1536x830.jpg 1536w, https:\/\/vasaorden.com\/skovde\/wp-content\/uploads\/sites\/11\/2024\/02\/DSC_1082-2048x1107.jpg 2048w\" sizes=\"(max-width: 539px) 100vw, 539px\" \/><figcaption><strong>Fr\u00e5n middagsborde<\/strong>t<\/figcaption><\/figure>\n\n\n\n<figure class=\"wp-block-image size-large is-resized\"><img loading=\"lazy\" src=\"https:\/\/vasaorden.com\/skovde\/wp-content\/uploads\/sites\/11\/2024\/02\/DSC_1084-683x1024.jpg\" alt=\"\" class=\"wp-image-1324\" width=\"207\" height=\"310\" srcset=\"https:\/\/vasaorden.com\/skovde\/wp-content\/uploads\/sites\/11\/2024\/02\/DSC_1084-683x1024.jpg 683w, https:\/\/vasaorden.com\/skovde\/wp-content\/uploads\/sites\/11\/2024\/02\/DSC_1084-200x300.jpg 200w, https:\/\/vasaorden.com\/skovde\/wp-content\/uploads\/sites\/11\/2024\/02\/DSC_1084-768x1152.jpg 768w, https:\/\/vasaorden.com\/skovde\/wp-content\/uploads\/sites\/11\/2024\/02\/DSC_1084-1024x1536.jpg 1024w, https:\/\/vasaorden.com\/skovde\/wp-content\/uploads\/sites\/11\/2024\/02\/DSC_1084-1365x2048.jpg 1365w, https:\/\/vasaorden.com\/skovde\/wp-content\/uploads\/sites\/11\/2024\/02\/DSC_1084-scaled.jpg 1707w\" sizes=\"(max-width: 207px) 100vw, 207px\" \/><\/figure>\n\n\n\n<p>Vid logem\u00f6tets slut \u00e5tersamlades alla en trappa ner d\u00e4r n\u00e5gra g\u00e4ster till ansl\u00f6t. F\u00f6re kv\u00e4llsm\u00e5ltiden, som bestod av en toast till f\u00f6rr\u00e4tt och k\u00f6ttr\u00e4tt till huvudr\u00e4tt, bj\u00f6ds p\u00e5 en v\u00e4lkomstdrink i baren. Vid m\u00e5ltidens slut tog alla plats i klubblokalerna utanf\u00f6r matsalen. D\u00e4r hade inledningsvis en Quiz med tolv blandade fr\u00e5gor fr\u00e5n musik till l\u00e4ngsta flod f\u00f6rberetts. Det var v\u00e5r O br Nils-Erik och sy Monica Johansson som hade f\u00f6rberett denna. Varje lag bestod av tv\u00e5 t\u00e4vlande. Tio r\u00e4tt var b\u00e4sta resultat och efter prisutdelning till de tre fr\u00e4msta lagen avrundades kv\u00e4llen med det sedvanliga lotteriet. En mycket fin kv\u00e4ll med god mat och varierat trevligt inneh\u00e5ll.&nbsp;<\/p>\n\n\n\n<p>Roger Axelsson<br>Webmaster<\/p>\n\n\n\n<p>&#8230;&#8230;&#8230;&#8230;&#8230;&#8230;&#8230;&#8230;&#8230;&#8230;&#8230;&#8230;&#8230;&#8230;&#8230;&#8230;&#8230;&#8230;&#8230;&#8230;&#8230;&#8230;&#8230;&#8230;&#8230;&#8230;&#8230;&#8230;&#8230;&#8230;&#8230;&#8230;&#8230;&#8230;&#8230;&#8230;&#8230;&#8230;&#8230;&#8230;&#8230;&#8230;&#8230;&#8230;&#8230;&#8230;&#8230;&#8230;&#8230;&#8230;&#8230;&#8230;&#8230;&#8230;&#8230;&#8230;&#8230;&#8230;&#8230;.<\/p>\n\n\n\n<p><strong>Systrarnas afton &#8211; Julloge den 9 december<\/strong> <\/p>\n\n\n\n<p>Jullogen detta \u00e5r blev n\u00e5got annorlunda \u00e4n mot tidigare \u00e5r. Orsaken till detta var ovanligt f\u00e5 egna anm\u00e4lda vasasyskon och inte heller n\u00e5gra anm\u00e4lda g\u00e4stande vasasyskon fr\u00e5n andra loger. Det innebar att ingen loge st\u00e4lldes iordning\/upp, utan enbart ett arbetsm\u00f6te h\u00f6lls. M\u00f6tespunkterna ber\u00f6rde i huvudsak \u00e4renden kopplade till kommande \u00e5rsm\u00f6te 2024. Ett flertal julh\u00e4lsningar som inkommit fr\u00e5n enskilda logesyskon och loger l\u00e4stes ocks\u00e5 upp.<\/p>\n\n\n\n<figure class=\"wp-block-image size-large is-resized\"><img loading=\"lazy\" src=\"https:\/\/vasaorden.com\/skovde\/wp-content\/uploads\/sites\/11\/2023\/12\/DSC_0988-1024x683.jpg\" alt=\"\" class=\"wp-image-1300\" width=\"485\" height=\"324\" srcset=\"https:\/\/vasaorden.com\/skovde\/wp-content\/uploads\/sites\/11\/2023\/12\/DSC_0988-1024x683.jpg 1024w, https:\/\/vasaorden.com\/skovde\/wp-content\/uploads\/sites\/11\/2023\/12\/DSC_0988-300x200.jpg 300w, https:\/\/vasaorden.com\/skovde\/wp-content\/uploads\/sites\/11\/2023\/12\/DSC_0988-768x512.jpg 768w, https:\/\/vasaorden.com\/skovde\/wp-content\/uploads\/sites\/11\/2023\/12\/DSC_0988-1536x1024.jpg 1536w, https:\/\/vasaorden.com\/skovde\/wp-content\/uploads\/sites\/11\/2023\/12\/DSC_0988-2048x1365.jpg 2048w\" sizes=\"(max-width: 485px) 100vw, 485px\" \/><figcaption><strong>Br Jan-Olof och br Arne<\/strong><\/figcaption><\/figure>\n\n\n\n<figure class=\"wp-block-image size-large is-resized\"><img loading=\"lazy\" src=\"https:\/\/vasaorden.com\/skovde\/wp-content\/uploads\/sites\/11\/2023\/12\/DSC_0990-1024x683.jpg\" alt=\"\" class=\"wp-image-1298\" width=\"484\" height=\"323\" srcset=\"https:\/\/vasaorden.com\/skovde\/wp-content\/uploads\/sites\/11\/2023\/12\/DSC_0990-1024x683.jpg 1024w, https:\/\/vasaorden.com\/skovde\/wp-content\/uploads\/sites\/11\/2023\/12\/DSC_0990-300x200.jpg 300w, https:\/\/vasaorden.com\/skovde\/wp-content\/uploads\/sites\/11\/2023\/12\/DSC_0990-768x512.jpg 768w, https:\/\/vasaorden.com\/skovde\/wp-content\/uploads\/sites\/11\/2023\/12\/DSC_0990-1536x1024.jpg 1536w, https:\/\/vasaorden.com\/skovde\/wp-content\/uploads\/sites\/11\/2023\/12\/DSC_0990-2048x1365.jpg 2048w\" sizes=\"(max-width: 484px) 100vw, 484px\" \/><figcaption><strong>Br Arne<\/strong><\/figcaption><\/figure>\n\n\n\n<figure class=\"wp-block-image size-large is-resized\"><img loading=\"lazy\" src=\"https:\/\/vasaorden.com\/skovde\/wp-content\/uploads\/sites\/11\/2023\/12\/DSC_0991-1024x683.jpg\" alt=\"\" class=\"wp-image-1299\" width=\"482\" height=\"322\" srcset=\"https:\/\/vasaorden.com\/skovde\/wp-content\/uploads\/sites\/11\/2023\/12\/DSC_0991-1024x683.jpg 1024w, https:\/\/vasaorden.com\/skovde\/wp-content\/uploads\/sites\/11\/2023\/12\/DSC_0991-300x200.jpg 300w, https:\/\/vasaorden.com\/skovde\/wp-content\/uploads\/sites\/11\/2023\/12\/DSC_0991-768x512.jpg 768w, https:\/\/vasaorden.com\/skovde\/wp-content\/uploads\/sites\/11\/2023\/12\/DSC_0991-1536x1024.jpg 1536w, https:\/\/vasaorden.com\/skovde\/wp-content\/uploads\/sites\/11\/2023\/12\/DSC_0991-2048x1365.jpg 2048w\" sizes=\"(max-width: 482px) 100vw, 482px\" \/><figcaption><strong>Sy Ulla-Britt och br Arne<\/strong><\/figcaption><\/figure>\n\n\n\n<figure class=\"wp-block-image size-large is-resized\"><img loading=\"lazy\" src=\"https:\/\/vasaorden.com\/skovde\/wp-content\/uploads\/sites\/11\/2023\/12\/DSC_0993-1024x683.jpg\" alt=\"\" class=\"wp-image-1297\" width=\"483\" height=\"322\" srcset=\"https:\/\/vasaorden.com\/skovde\/wp-content\/uploads\/sites\/11\/2023\/12\/DSC_0993-1024x683.jpg 1024w, https:\/\/vasaorden.com\/skovde\/wp-content\/uploads\/sites\/11\/2023\/12\/DSC_0993-300x200.jpg 300w, https:\/\/vasaorden.com\/skovde\/wp-content\/uploads\/sites\/11\/2023\/12\/DSC_0993-768x512.jpg 768w, https:\/\/vasaorden.com\/skovde\/wp-content\/uploads\/sites\/11\/2023\/12\/DSC_0993-1536x1024.jpg 1536w, https:\/\/vasaorden.com\/skovde\/wp-content\/uploads\/sites\/11\/2023\/12\/DSC_0993-2048x1366.jpg 2048w\" sizes=\"(max-width: 483px) 100vw, 483px\" \/><figcaption><strong>Br Seppo och sy  Solveig<\/strong><\/figcaption><\/figure>\n\n\n\n<p>Efter arbetsm\u00f6tet var det \u00e5tersamling i klubblokalerna d\u00e4r det bj\u00f6ds p\u00e5 gl\u00f6gg och mingel. H\u00e4r och nu ansl\u00f6t ocks\u00e5 fem s\u00e4rskilt inbjudna g\u00e4sterna till kv\u00e4llens fortsatta program. I v\u00e4ntan p\u00e5 julbordet kom ett luciat\u00e5g fr\u00e5n musikskolan p\u00e5 bes\u00f6k och framf\u00f6rde ett fint och mycket uppskattat program.<\/p>\n\n\n\n<figure class=\"wp-block-image size-large is-resized\"><img loading=\"lazy\" src=\"https:\/\/vasaorden.com\/skovde\/wp-content\/uploads\/sites\/11\/2023\/12\/DSC_0994-1024x683.jpg\" alt=\"\" class=\"wp-image-1304\" width=\"482\" height=\"321\" srcset=\"https:\/\/vasaorden.com\/skovde\/wp-content\/uploads\/sites\/11\/2023\/12\/DSC_0994-1024x683.jpg 1024w, https:\/\/vasaorden.com\/skovde\/wp-content\/uploads\/sites\/11\/2023\/12\/DSC_0994-300x200.jpg 300w, https:\/\/vasaorden.com\/skovde\/wp-content\/uploads\/sites\/11\/2023\/12\/DSC_0994-768x512.jpg 768w, https:\/\/vasaorden.com\/skovde\/wp-content\/uploads\/sites\/11\/2023\/12\/DSC_0994-1536x1024.jpg 1536w, https:\/\/vasaorden.com\/skovde\/wp-content\/uploads\/sites\/11\/2023\/12\/DSC_0994-2048x1365.jpg 2048w\" sizes=\"(max-width: 482px) 100vw, 482px\" \/><figcaption><strong>Vasasyskonen Inga-Lill, Solveig, Marianne, Arne och Ulla-Britt  <\/strong><\/figcaption><\/figure>\n\n\n\n<figure class=\"wp-block-image size-large is-resized\"><img loading=\"lazy\" src=\"https:\/\/vasaorden.com\/skovde\/wp-content\/uploads\/sites\/11\/2023\/12\/DSC_0996-1024x683.jpg\" alt=\"\" class=\"wp-image-1303\" width=\"483\" height=\"322\" srcset=\"https:\/\/vasaorden.com\/skovde\/wp-content\/uploads\/sites\/11\/2023\/12\/DSC_0996-1024x683.jpg 1024w, https:\/\/vasaorden.com\/skovde\/wp-content\/uploads\/sites\/11\/2023\/12\/DSC_0996-300x200.jpg 300w, https:\/\/vasaorden.com\/skovde\/wp-content\/uploads\/sites\/11\/2023\/12\/DSC_0996-768x512.jpg 768w, https:\/\/vasaorden.com\/skovde\/wp-content\/uploads\/sites\/11\/2023\/12\/DSC_0996-1536x1024.jpg 1536w, https:\/\/vasaorden.com\/skovde\/wp-content\/uploads\/sites\/11\/2023\/12\/DSC_0996-2048x1365.jpg 2048w\" sizes=\"(max-width: 483px) 100vw, 483px\" \/><figcaption><strong>Lucia fr\u00e5n Musikskolan<\/strong><\/figcaption><\/figure>\n\n\n\n<p>D\u00e4refter bj\u00f6ds in till ett fint uppdukat julbord med det mesta som ett s\u00e5dant kan erbjuda. K\u00f6ket hade p\u00e5 eget initiativ bytt ut \u00e5rets jultallrik till ett lite mindre julbord, vilket var mycket uppskattat. D\u00e4r fanns b\u00e5de kallt och varmt samt avslutande ost, kex och frukt. <\/p>\n\n\n\n<figure class=\"wp-block-image size-large is-resized\"><img loading=\"lazy\" src=\"https:\/\/vasaorden.com\/skovde\/wp-content\/uploads\/sites\/11\/2023\/12\/DSC_0999-1024x683.jpg\" alt=\"\" class=\"wp-image-1308\" width=\"483\" height=\"322\" srcset=\"https:\/\/vasaorden.com\/skovde\/wp-content\/uploads\/sites\/11\/2023\/12\/DSC_0999-1024x683.jpg 1024w, https:\/\/vasaorden.com\/skovde\/wp-content\/uploads\/sites\/11\/2023\/12\/DSC_0999-300x200.jpg 300w, https:\/\/vasaorden.com\/skovde\/wp-content\/uploads\/sites\/11\/2023\/12\/DSC_0999-768x512.jpg 768w, https:\/\/vasaorden.com\/skovde\/wp-content\/uploads\/sites\/11\/2023\/12\/DSC_0999-1536x1024.jpg 1536w, https:\/\/vasaorden.com\/skovde\/wp-content\/uploads\/sites\/11\/2023\/12\/DSC_0999-2048x1365.jpg 2048w\" sizes=\"(max-width: 483px) 100vw, 483px\" \/><figcaption><strong>Br ordf. Nils-Erik, br Jan-Olof, sy Solveig och sy Ingeborg<\/strong><\/figcaption><\/figure>\n\n\n\n<figure class=\"wp-block-image size-large is-resized\"><img loading=\"lazy\" src=\"https:\/\/vasaorden.com\/skovde\/wp-content\/uploads\/sites\/11\/2023\/12\/DSC_0998-1024x683.jpg\" alt=\"\" class=\"wp-image-1307\" width=\"483\" height=\"322\" srcset=\"https:\/\/vasaorden.com\/skovde\/wp-content\/uploads\/sites\/11\/2023\/12\/DSC_0998-1024x683.jpg 1024w, https:\/\/vasaorden.com\/skovde\/wp-content\/uploads\/sites\/11\/2023\/12\/DSC_0998-300x200.jpg 300w, https:\/\/vasaorden.com\/skovde\/wp-content\/uploads\/sites\/11\/2023\/12\/DSC_0998-768x512.jpg 768w, https:\/\/vasaorden.com\/skovde\/wp-content\/uploads\/sites\/11\/2023\/12\/DSC_0998-1536x1024.jpg 1536w, https:\/\/vasaorden.com\/skovde\/wp-content\/uploads\/sites\/11\/2023\/12\/DSC_0998-2048x1365.jpg 2048w\" sizes=\"(max-width: 483px) 100vw, 483px\" \/><figcaption><strong>Br ordf. Nils-Eriks medbjudna g\u00e4ster<\/strong> <\/figcaption><\/figure>\n\n\n\n<figure class=\"wp-block-image size-large is-resized\"><img loading=\"lazy\" src=\"https:\/\/vasaorden.com\/skovde\/wp-content\/uploads\/sites\/11\/2023\/12\/DSC_1006-1024x683.jpg\" alt=\"\" class=\"wp-image-1311\" width=\"486\" height=\"324\" srcset=\"https:\/\/vasaorden.com\/skovde\/wp-content\/uploads\/sites\/11\/2023\/12\/DSC_1006-1024x683.jpg 1024w, https:\/\/vasaorden.com\/skovde\/wp-content\/uploads\/sites\/11\/2023\/12\/DSC_1006-300x200.jpg 300w, https:\/\/vasaorden.com\/skovde\/wp-content\/uploads\/sites\/11\/2023\/12\/DSC_1006-768x512.jpg 768w, https:\/\/vasaorden.com\/skovde\/wp-content\/uploads\/sites\/11\/2023\/12\/DSC_1006-1536x1024.jpg 1536w, https:\/\/vasaorden.com\/skovde\/wp-content\/uploads\/sites\/11\/2023\/12\/DSC_1006-2048x1365.jpg 2048w\" sizes=\"(max-width: 486px) 100vw, 486px\" \/><figcaption><strong>Sy Monika som julklappsutdelare<\/strong><\/figcaption><\/figure>\n\n\n\n<p>&nbsp;<\/p>\n\n\n\n<p>Kv\u00e4llens senare program inneh\u00f6ll kaffe med hembakad kaka, lotteri och julklappsutdelning samt en gemensam jul- och ny\u00e5rsh\u00e4lsning d\u00e4r bland annat en h\u00f6gl\u00e4sning av Viktor Rydbergs dikt \u201dTomten\u201d ingick. En mycket trivsam kv\u00e4ll d\u00e4r man gick hem med en god k\u00e4nsla f\u00f6r de kommande jul- och ny\u00e5rshelgerna.<\/p>\n\n\n\n<p>I sanning och enighet<\/p>\n\n\n\n<p><strong>Kulturafton med \u00e5rsdagsfirande den 11 november <\/strong><\/p>\n\n\n\n<p>Logen Sk\u00f6vde firade l\u00f6rdagen den 11 november i Odd Fellowhuset sin 73:e h\u00f6gtidsdag efter logens bildande den 12 november 1950. Kv\u00e4llen inleddes med logem\u00f6te d\u00e4r bland annat en del ekonomifr\u00e5gor diskuterades och en f\u00f6redragning av en f\u00f6rsta nominering av tj\u00e4nstem\u00e4n f\u00f6r \u00e5ren 2024-2025 samt en kortfattad information om kommande tj\u00e4nstemannautbildningar under v\u00e5ren 2024. <\/p>\n\n\n\n<figure class=\"wp-block-image size-large is-resized\"><img loading=\"lazy\" src=\"https:\/\/vasaorden.com\/skovde\/wp-content\/uploads\/sites\/11\/2023\/11\/DSC_0985-1024x683.jpg\" alt=\"\" class=\"wp-image-1286\" width=\"360\" height=\"240\" srcset=\"https:\/\/vasaorden.com\/skovde\/wp-content\/uploads\/sites\/11\/2023\/11\/DSC_0985-1024x683.jpg 1024w, https:\/\/vasaorden.com\/skovde\/wp-content\/uploads\/sites\/11\/2023\/11\/DSC_0985-300x200.jpg 300w, https:\/\/vasaorden.com\/skovde\/wp-content\/uploads\/sites\/11\/2023\/11\/DSC_0985-768x512.jpg 768w, https:\/\/vasaorden.com\/skovde\/wp-content\/uploads\/sites\/11\/2023\/11\/DSC_0985-1536x1024.jpg 1536w, https:\/\/vasaorden.com\/skovde\/wp-content\/uploads\/sites\/11\/2023\/11\/DSC_0985-2048x1365.jpg 2048w\" sizes=\"(max-width: 360px) 100vw, 360px\" \/><\/figure>\n\n\n\n<figure class=\"wp-block-image size-large is-resized\"><img loading=\"lazy\" src=\"https:\/\/vasaorden.com\/skovde\/wp-content\/uploads\/sites\/11\/2023\/11\/DSC_0983-1024x683.jpg\" alt=\"\" class=\"wp-image-1287\" width=\"362\" height=\"241\" srcset=\"https:\/\/vasaorden.com\/skovde\/wp-content\/uploads\/sites\/11\/2023\/11\/DSC_0983-1024x683.jpg 1024w, https:\/\/vasaorden.com\/skovde\/wp-content\/uploads\/sites\/11\/2023\/11\/DSC_0983-300x200.jpg 300w, https:\/\/vasaorden.com\/skovde\/wp-content\/uploads\/sites\/11\/2023\/11\/DSC_0983-768x512.jpg 768w, https:\/\/vasaorden.com\/skovde\/wp-content\/uploads\/sites\/11\/2023\/11\/DSC_0983-1536x1024.jpg 1536w, https:\/\/vasaorden.com\/skovde\/wp-content\/uploads\/sites\/11\/2023\/11\/DSC_0983-2048x1365.jpg 2048w\" sizes=\"(max-width: 362px) 100vw, 362px\" \/><\/figure>\n\n\n\n<figure class=\"wp-block-image size-large is-resized\"><img loading=\"lazy\" src=\"https:\/\/vasaorden.com\/skovde\/wp-content\/uploads\/sites\/11\/2023\/11\/DSC_0971-1024x683.jpg\" alt=\"\" class=\"wp-image-1288\" width=\"363\" height=\"242\" srcset=\"https:\/\/vasaorden.com\/skovde\/wp-content\/uploads\/sites\/11\/2023\/11\/DSC_0971-1024x683.jpg 1024w, https:\/\/vasaorden.com\/skovde\/wp-content\/uploads\/sites\/11\/2023\/11\/DSC_0971-300x200.jpg 300w, https:\/\/vasaorden.com\/skovde\/wp-content\/uploads\/sites\/11\/2023\/11\/DSC_0971-768x512.jpg 768w, https:\/\/vasaorden.com\/skovde\/wp-content\/uploads\/sites\/11\/2023\/11\/DSC_0971-1536x1024.jpg 1536w, https:\/\/vasaorden.com\/skovde\/wp-content\/uploads\/sites\/11\/2023\/11\/DSC_0971-2048x1365.jpg 2048w\" sizes=\"(max-width: 363px) 100vw, 363px\" \/><\/figure>\n\n\n\n<figure class=\"wp-block-image size-large is-resized\"><img loading=\"lazy\" src=\"https:\/\/vasaorden.com\/skovde\/wp-content\/uploads\/sites\/11\/2023\/11\/DSC_0984-1024x683.jpg\" alt=\"\" class=\"wp-image-1289\" width=\"365\" height=\"243\" srcset=\"https:\/\/vasaorden.com\/skovde\/wp-content\/uploads\/sites\/11\/2023\/11\/DSC_0984-1024x683.jpg 1024w, https:\/\/vasaorden.com\/skovde\/wp-content\/uploads\/sites\/11\/2023\/11\/DSC_0984-300x200.jpg 300w, https:\/\/vasaorden.com\/skovde\/wp-content\/uploads\/sites\/11\/2023\/11\/DSC_0984-768x512.jpg 768w, https:\/\/vasaorden.com\/skovde\/wp-content\/uploads\/sites\/11\/2023\/11\/DSC_0984-1536x1024.jpg 1536w, https:\/\/vasaorden.com\/skovde\/wp-content\/uploads\/sites\/11\/2023\/11\/DSC_0984-2048x1365.jpg 2048w\" sizes=\"(max-width: 365px) 100vw, 365px\" \/><\/figure>\n\n\n\n<p>Efter logem\u00f6tet \u00e5tersamlades alla i klubblokalen f\u00f6r en trer\u00e4tters middag best\u00e5ende av en toast med \u00e4delost och p\u00e4ron till f\u00f6rr\u00e4tt, fl\u00e4skfil\u00e9 till varmr\u00e4tt och en pannacotta till dessert. Efter maten var det upptr\u00e4dande av den popul\u00e4ra duo, far och son Lars-Eric och Johan Frendberg fr\u00e5n Trollh\u00e4ttan, som spelade och sj\u00f6ng under n\u00e4stan en timma allt fr\u00e5n Evert Taube, Paul Simon, Springsteen, Beatles, Elvis och en hel del till. Med musiken klingande kvar i \u00f6ronen efter upptr\u00e4dandet serverades kaffe med en smakrik kaka till, f\u00f6ljt av den avslutande f\u00f6r kv\u00e4llen sedvanliga lottdragningen.&nbsp;<\/p>\n\n\n\n<p>I sanning och enighet<\/p>\n\n\n\n<p><strong>Kulturutflykt den 31 oktober till Hotell Billingehus<\/strong><\/p>\n\n\n\n<p>Ett flertal vasamedlemmar tillsammans med medbjudna g\u00e4ster bes\u00f6kte Billingehus i Sk\u00f6vde f\u00f6r en rundvandring och visning av det renoverade konferenshotellet. En rundvandring som visade p\u00e5 ett fint renoveringsarbete och som avslutades med lunch i den nyrenoverade matsalen med utsikt \u00f6ver Sk\u00f6vde. Ordf\u00f6randen br Nils-Erik Johansson hade f\u00f6r dagen ocks\u00e5 iordningst\u00e4llt ett lotteri som var mycket uppskattat. &nbsp;<\/p>\n\n\n\n<figure class=\"wp-block-image size-full is-resized\"><img loading=\"lazy\" src=\"https:\/\/vasaorden.com\/skovde\/wp-content\/uploads\/sites\/11\/2023\/11\/image.png\" alt=\"\" class=\"wp-image-1262\" width=\"841\" height=\"414\" srcset=\"https:\/\/vasaorden.com\/skovde\/wp-content\/uploads\/sites\/11\/2023\/11\/image.png 688w, https:\/\/vasaorden.com\/skovde\/wp-content\/uploads\/sites\/11\/2023\/11\/image-300x148.png 300w\" sizes=\"(max-width: 841px) 100vw, 841px\" \/><figcaption><strong>F\u00e4rdigguidade vasasyskon och medbjudna g\u00e4ster<\/strong><\/figcaption><\/figure>\n\n\n\n<figure class=\"wp-block-image size-full is-resized\"><img loading=\"lazy\" src=\"https:\/\/vasaorden.com\/skovde\/wp-content\/uploads\/sites\/11\/2023\/11\/image-1.png\" alt=\"\" class=\"wp-image-1265\" width=\"334\" height=\"150\" srcset=\"https:\/\/vasaorden.com\/skovde\/wp-content\/uploads\/sites\/11\/2023\/11\/image-1.png 441w, https:\/\/vasaorden.com\/skovde\/wp-content\/uploads\/sites\/11\/2023\/11\/image-1-300x135.png 300w\" sizes=\"(max-width: 334px) 100vw, 334px\" \/><\/figure>\n\n\n\n<figure class=\"wp-block-image size-full is-resized\"><img loading=\"lazy\" src=\"https:\/\/vasaorden.com\/skovde\/wp-content\/uploads\/sites\/11\/2023\/11\/image-2.png\" alt=\"\" class=\"wp-image-1266\" width=\"337\" height=\"179\" srcset=\"https:\/\/vasaorden.com\/skovde\/wp-content\/uploads\/sites\/11\/2023\/11\/image-2.png 441w, https:\/\/vasaorden.com\/skovde\/wp-content\/uploads\/sites\/11\/2023\/11\/image-2-300x159.png 300w\" sizes=\"(max-width: 337px) 100vw, 337px\" \/><\/figure>\n\n\n\n<figure class=\"wp-block-image size-full is-resized\"><img loading=\"lazy\" src=\"https:\/\/vasaorden.com\/skovde\/wp-content\/uploads\/sites\/11\/2023\/11\/image-3.png\" alt=\"\" class=\"wp-image-1268\" width=\"338\" height=\"152\" srcset=\"https:\/\/vasaorden.com\/skovde\/wp-content\/uploads\/sites\/11\/2023\/11\/image-3.png 450w, https:\/\/vasaorden.com\/skovde\/wp-content\/uploads\/sites\/11\/2023\/11\/image-3-300x135.png 300w\" sizes=\"(max-width: 338px) 100vw, 338px\" \/><\/figure>\n\n\n\n<figure class=\"wp-block-image size-full is-resized\"><img loading=\"lazy\" src=\"https:\/\/vasaorden.com\/skovde\/wp-content\/uploads\/sites\/11\/2023\/11\/image-4.png\" alt=\"\" class=\"wp-image-1270\" width=\"341\" height=\"154\" srcset=\"https:\/\/vasaorden.com\/skovde\/wp-content\/uploads\/sites\/11\/2023\/11\/image-4.png 450w, https:\/\/vasaorden.com\/skovde\/wp-content\/uploads\/sites\/11\/2023\/11\/image-4-300x135.png 300w\" sizes=\"(max-width: 341px) 100vw, 341px\" \/><\/figure>\n\n\n\n<p>I sanning och enighet<\/p>\n\n\n\n<p><strong>Kulturafton Logem\u00f6te den 13 oktober<\/strong><\/p>\n\n\n\n<p>Denna fredag kv\u00e4ll tr\u00e4ffades medlemmar fr\u00e5n logen Sk\u00f6vde och g\u00e4ster fr\u00e5n logen Lidk\u00f6ping i Odd Fellowhuset i Sk\u00f6vde till logem\u00f6te med efterf\u00f6ljande god m\u00e5ltid och f\u00f6redrag. Logem\u00f6tet leddes f\u00f6r f\u00f6rsta g\u00e5ngen av v\u00e5r vice ordf\u00f6rande Inga-Lill Mikkelsen d\u00e5 v\u00e5r ordinarie ordf\u00f6rande hade meddelat f\u00f6rhinder. Under m\u00f6tet informerades bland annat om bes\u00f6ken hos logerna i H\u00e4rn\u00f6sand och Enk\u00f6ping samt om en inbjudan till ett gemensamt firande av Thanksgiving den 23 november med logen Knallen i Bor\u00e5s och om Distriktslogens Tj\u00e4nstemannautbildningen i mars 2024 i Lidk\u00f6ping. Efter logem\u00f6tet \u00e5tersamlades alla till m\u00e5ltid i matsalen. <\/p>\n\n\n\n<figure class=\"wp-block-image size-large is-resized\"><img loading=\"lazy\" src=\"https:\/\/vasaorden.com\/skovde\/wp-content\/uploads\/sites\/11\/2023\/11\/DSC_0955-1024x683.jpg\" alt=\"\" class=\"wp-image-1273\" width=\"599\" height=\"399\" srcset=\"https:\/\/vasaorden.com\/skovde\/wp-content\/uploads\/sites\/11\/2023\/11\/DSC_0955-1024x683.jpg 1024w, https:\/\/vasaorden.com\/skovde\/wp-content\/uploads\/sites\/11\/2023\/11\/DSC_0955-300x200.jpg 300w, https:\/\/vasaorden.com\/skovde\/wp-content\/uploads\/sites\/11\/2023\/11\/DSC_0955-768x512.jpg 768w, https:\/\/vasaorden.com\/skovde\/wp-content\/uploads\/sites\/11\/2023\/11\/DSC_0955-1536x1024.jpg 1536w, https:\/\/vasaorden.com\/skovde\/wp-content\/uploads\/sites\/11\/2023\/11\/DSC_0955-2048x1365.jpg 2048w\" sizes=\"(max-width: 599px) 100vw, 599px\" \/><figcaption><strong>F\u00f6rel\u00e4saren Chatarina Gillsj\u00f6 tillsammans med sy Ulla-Britt sy Myra<\/strong><\/figcaption><\/figure>\n\n\n\n<p>K\u00f6ket bj\u00f6d p\u00e5 en \u201dMustig k\u00f6ttf\u00e4rsgryta med potatis\u201d. N\u00e4r denna goda och v\u00e4lsmakande r\u00e4tt inmundigats tog kv\u00e4llens f\u00f6redragsh\u00e5llare Catharina Gillsj\u00f6 vid. Hon presenterade med ord och bild Skaraborgs H\u00e4lsoteknikcentrum vid H\u00f6gskolan i Sk\u00f6vde, kring framtidens v\u00e5rd och omsorg med st\u00f6d av digital teknik. Ett projekt som p\u00e5g\u00e5tt sedan 2016. D\u00e4r bedrivs en omfattande och bred verksamhet med utveckling av digitala hj\u00e4lpmedel f\u00f6r b\u00e5de hemmet och v\u00e5rden. Bland annat med robotar och f\u00f6r digital \u00f6vervakning p\u00e5 olika s\u00e4tt. En experimentl\u00e4genhet finns uppbyggd p\u00e5 H\u00e4lsoteknikcentrum som \u00e4r inredd med hj\u00e4lpmedel b\u00e5de av praktiskt och digitalt slag. L\u00e4genheten g\u00e5r ocks\u00e5 att bes\u00f6ka efter avtalad tid. Alla studenter som l\u00e4ser p\u00e5 v\u00e5rdlinjen bereds en g\u00e5ng under utbildningen att bes\u00f6ka l\u00e4genheten och ta del av och prova p\u00e5 olika slag av simulering i s.k. \u201d\u00c4ldredr\u00e4kt\u201d. Det \u00e4r olika slag av utrustning som tas p\u00e5 eller f\u00e4stes p\u00e5 kroppen och som ger simulerad effekt p\u00e5 olika slag av h\u00e4lsoproblem och sjukdomar med funktionsneds\u00e4ttning. En mycket intressant f\u00f6rel\u00e4sning. Kv\u00e4llen avrundades med kaffe, kaka och sedvanlig lottdragning.<\/p>\n\n\n\n<figure class=\"wp-block-image size-large is-resized\"><img loading=\"lazy\" src=\"https:\/\/vasaorden.com\/skovde\/wp-content\/uploads\/sites\/11\/2023\/11\/DSC_0949-1024x683.jpg\" alt=\"\" class=\"wp-image-1277\" width=\"462\" height=\"308\" srcset=\"https:\/\/vasaorden.com\/skovde\/wp-content\/uploads\/sites\/11\/2023\/11\/DSC_0949-1024x683.jpg 1024w, https:\/\/vasaorden.com\/skovde\/wp-content\/uploads\/sites\/11\/2023\/11\/DSC_0949-300x200.jpg 300w, https:\/\/vasaorden.com\/skovde\/wp-content\/uploads\/sites\/11\/2023\/11\/DSC_0949-768x512.jpg 768w, https:\/\/vasaorden.com\/skovde\/wp-content\/uploads\/sites\/11\/2023\/11\/DSC_0949-1536x1024.jpg 1536w, https:\/\/vasaorden.com\/skovde\/wp-content\/uploads\/sites\/11\/2023\/11\/DSC_0949-2048x1365.jpg 2048w\" sizes=\"(max-width: 462px) 100vw, 462px\" \/><\/figure>\n\n\n\n<figure class=\"wp-block-image size-large is-resized\"><img loading=\"lazy\" src=\"https:\/\/vasaorden.com\/skovde\/wp-content\/uploads\/sites\/11\/2023\/11\/DSC_0945-1024x683.jpg\" alt=\"\" class=\"wp-image-1279\" width=\"469\" height=\"313\" srcset=\"https:\/\/vasaorden.com\/skovde\/wp-content\/uploads\/sites\/11\/2023\/11\/DSC_0945-1024x683.jpg 1024w, https:\/\/vasaorden.com\/skovde\/wp-content\/uploads\/sites\/11\/2023\/11\/DSC_0945-300x200.jpg 300w, https:\/\/vasaorden.com\/skovde\/wp-content\/uploads\/sites\/11\/2023\/11\/DSC_0945-768x512.jpg 768w, https:\/\/vasaorden.com\/skovde\/wp-content\/uploads\/sites\/11\/2023\/11\/DSC_0945-1536x1024.jpg 1536w, https:\/\/vasaorden.com\/skovde\/wp-content\/uploads\/sites\/11\/2023\/11\/DSC_0945-2048x1365.jpg 2048w\" sizes=\"(max-width: 469px) 100vw, 469px\" \/><\/figure>\n\n\n\n<figure class=\"wp-block-image size-large is-resized\"><img loading=\"lazy\" src=\"https:\/\/vasaorden.com\/skovde\/wp-content\/uploads\/sites\/11\/2023\/11\/DSC_0946-1024x683.jpg\" alt=\"\" class=\"wp-image-1278\" width=\"471\" height=\"314\" srcset=\"https:\/\/vasaorden.com\/skovde\/wp-content\/uploads\/sites\/11\/2023\/11\/DSC_0946-1024x683.jpg 1024w, https:\/\/vasaorden.com\/skovde\/wp-content\/uploads\/sites\/11\/2023\/11\/DSC_0946-300x200.jpg 300w, https:\/\/vasaorden.com\/skovde\/wp-content\/uploads\/sites\/11\/2023\/11\/DSC_0946-768x512.jpg 768w, https:\/\/vasaorden.com\/skovde\/wp-content\/uploads\/sites\/11\/2023\/11\/DSC_0946-1536x1024.jpg 1536w, https:\/\/vasaorden.com\/skovde\/wp-content\/uploads\/sites\/11\/2023\/11\/DSC_0946-2048x1365.jpg 2048w\" sizes=\"(max-width: 471px) 100vw, 471px\" \/><\/figure>\n\n\n\n<figure class=\"wp-block-image size-large is-resized\"><img loading=\"lazy\" src=\"https:\/\/vasaorden.com\/skovde\/wp-content\/uploads\/sites\/11\/2023\/11\/DSC_0948-1024x683.jpg\" alt=\"\" class=\"wp-image-1276\" width=\"470\" height=\"314\" srcset=\"https:\/\/vasaorden.com\/skovde\/wp-content\/uploads\/sites\/11\/2023\/11\/DSC_0948-1024x683.jpg 1024w, https:\/\/vasaorden.com\/skovde\/wp-content\/uploads\/sites\/11\/2023\/11\/DSC_0948-300x200.jpg 300w, https:\/\/vasaorden.com\/skovde\/wp-content\/uploads\/sites\/11\/2023\/11\/DSC_0948-768x512.jpg 768w, https:\/\/vasaorden.com\/skovde\/wp-content\/uploads\/sites\/11\/2023\/11\/DSC_0948-1536x1024.jpg 1536w, https:\/\/vasaorden.com\/skovde\/wp-content\/uploads\/sites\/11\/2023\/11\/DSC_0948-2048x1365.jpg 2048w\" sizes=\"(max-width: 470px) 100vw, 470px\" \/><\/figure>\n\n\n\n<p>I sanning och enighet<\/p>\n\n\n\n<p><strong>Kulturafton den 8 september<\/strong><\/p>\n\n\n\n<p>Denna kv\u00e4ll h\u00f6ll lokallogen i Sk\u00f6vde sitt f\u00f6rsta logem\u00f6te f\u00f6r h\u00f6sten. Fr\u00e5n m\u00f6tet rapporterades bland annat om Distriktsm\u00f6tet i maj och om sommarens aktiviteter. I \u00f6vrigt om kommande bidrag fr\u00e5n Storlogen och jubilerande loger under h\u00f6sten samt lite om den beslutade sammanslagning av Distriktslogerna i norra och s\u00f6dra Sverige 2025.<br>Till efterkapitlet ansl\u00f6t tre g\u00e4ster som medlemmar bjudit med och tv\u00e5 f\u00f6rel\u00e4sare fr\u00e5n polisens volont\u00e4rgrupp.&nbsp; Efter m\u00e5ltiden som bestod i en mycket v\u00e4lsmakande fiskgrat\u00e4ng tog f\u00f6rel\u00e4sarna vid med sin information om \u201dBedr\u00e4gerier mot \u00e4ldre\u201d. En mycket intressant och l\u00e4rorik stund d\u00e4r b\u00e5de k\u00e4nda och ok\u00e4nda s\u00e4tt att genomf\u00f6ra bedr\u00e4gerier ber\u00e4ttades om. De visade parallellt med sin muntliga information ocks\u00e5 ett bildspel med inslag av kortare filmsnuttar med polisi\u00e4r information. Det blev samtidigt mycket fr\u00e5gor och utbyte av erfarenhet under hela informationsstunden.<br>Efter detta serverades kv\u00e4llskaffe tillsammans med en av k\u00f6ket nygr\u00e4ddad mycket v\u00e4lsmakande \u00e4pplepaj med vaniljs\u00e5s. Kv\u00e4llen avslutades med sedvanliga lottdragning varefter kv\u00e4llen rundades av. Det var en mycket trivsam och informativ kv\u00e4ll i trevlig gemenskap.&nbsp;&nbsp;<\/p>\n\n\n\n<p>I sanning och enighet<br><br><\/p>\n\n\n\n<p><strong>Kulturutflykt till Braxtorps g\u00e5rd onsdag den 30 augusti<\/strong><\/p>\n\n\n\n<p>Fr\u00e5n lokallogen i Sk\u00f6vde bes\u00f6kte ett flertal medlemmar och g\u00e4ster under onsdag eftermiddag den 30 augusti Braxtorps G\u00e5rd mellan Fr\u00f6sve och Binneberg. Det var 23 vuxna \u2013 3 fr\u00e5n g\u00e5rden, 12 Vasasyskon, 8 g\u00e4ster och 1 barn. Vi fick d\u00e4r en fin guidning runt omr\u00e5det och god inblick och information om byggnaderna och verksamheterna. Det \u00e4r en modern g\u00e5rd med huvudsaklig k\u00f6ttproduktion men ocks\u00e5 odling och d\u00e5 bland annat av majs och solrosor. Den gamla ladan som byggdes p\u00e5 1860-talet anv\u00e4ndes f\u00f6r allt m\u00f6jligt \u2013 inhysning av diverse djur, verktyg, maskiner och f\u00f6rr\u00e5d. Ladan bl\u00e5ste olyckligtvis senare ner i en storm, men ersattes d\u00e5 av en ny p\u00e5 samma grund. Denna Inneh\u00e5ller idag en maskinhall och f\u00f6rr\u00e5d. D\u00e4r finns ocks\u00e5 en nybyggd spannm\u00e5lssilo. Det \u00e4r sj\u00e4tte generationen som idag \u00e4ger och driver verksamheten p\u00e5 g\u00e5rden. Delvis har g\u00e5rden egen elf\u00f6rs\u00f6rjning d\u00e5 solpaneler har monterats p\u00e5 n\u00e5gra av byggnaderna. P\u00e5 g\u00e5rden g\u00e5r boskapen fritt och utfordring sker automatiserat.<br>Inkomsten fr\u00e5n sj\u00e4lvplockningen av solrosorna som odlas g\u00e5r direkt till R\u00f6da Korset f\u00f6r hj\u00e4lp till Ukraina. En medlem fr\u00e5n logen har ocks\u00e5 tillg\u00e5ng till en odlingslott p\u00e5 g\u00e5rden d\u00e4r denne odlar pumpor och gr\u00f6nsaker. En intressant dag med nya intryck att ta till sig fr\u00e5n ett modernt jordbruk.&nbsp;<\/p>\n\n\n\n<p>I sanning och enighet<\/p>\n\n\n\n<p><strong>Kr\u00e4ftskiva tillsammans med Lidk\u00f6pingslogen i Ljungstorps bygdeg\u00e5rd 12 augusti<\/strong><\/p>\n\n\n\n<p>Logen Sk\u00f6vde arrangerade \u00e5rets traditionella kr\u00e4ftskiva i Ljungstorps bygdeg\u00e5rd i Varnhem. En augustisammankomst som h\u00e5lls gemensamt med Logen Lidk\u00f6ping. Respektive loge arranger det vartannat \u00e5r.&nbsp;<br>Ett drygt trettiotal medlemmar fr\u00e5n de b\u00e5da logerna inklusive medbjudna g\u00e4ster hade anm\u00e4lt sig till denna. Efter att alla anslutit till bygdeg\u00e5rden inleddes festligheterna med en tipspromenad med tema om Sverige. Efter tipspromenaden bj\u00f6ds till bords d\u00e4r alla f\u00f6rst h\u00e4lsades v\u00e4lkomna av logens ordf\u00f6rande Nils-Erik Johansson. D\u00e4refter kv\u00e4llens h\u00f6jdpunkt \u2013 kr\u00e4ftor. De hade f\u00e5ngats i sj\u00f6n V\u00e4ttern och de var b\u00e5de stora och v\u00e4lsmakande. Direkt efter kr\u00e4ftorna serverades till \u201ddessert\u201d en liten bit hemlagad v\u00e4sterbottenostpaj som sy Marianne Andersson tillagat hemma.<\/p>\n\n\n<div class=\"wp-block-image\">\n<figure class=\"alignleft size-large is-resized\"><img loading=\"lazy\" src=\"https:\/\/vasaorden.com\/skovde\/wp-content\/uploads\/sites\/11\/2023\/09\/IMG_20230812_174230-1024x461.jpg\" alt=\"\" class=\"wp-image-1245\" width=\"431\" height=\"193\" srcset=\"https:\/\/vasaorden.com\/skovde\/wp-content\/uploads\/sites\/11\/2023\/09\/IMG_20230812_174230-1024x461.jpg 1024w, https:\/\/vasaorden.com\/skovde\/wp-content\/uploads\/sites\/11\/2023\/09\/IMG_20230812_174230-300x135.jpg 300w, https:\/\/vasaorden.com\/skovde\/wp-content\/uploads\/sites\/11\/2023\/09\/IMG_20230812_174230-768x346.jpg 768w, https:\/\/vasaorden.com\/skovde\/wp-content\/uploads\/sites\/11\/2023\/09\/IMG_20230812_174230-1536x691.jpg 1536w, https:\/\/vasaorden.com\/skovde\/wp-content\/uploads\/sites\/11\/2023\/09\/IMG_20230812_174230-2048x922.jpg 2048w\" sizes=\"(max-width: 431px) 100vw, 431px\" \/><\/figure><\/div>\n\n\n<p>F\u00f6r underh\u00e5llningen hade logen Sk\u00f6vde arrangerat Peder Sveder fr\u00e5n Tidaholm. En mycket duktig underh\u00e5llare och musikant som logen anlitat vid m\u00e5nga andra tillf\u00e4llen. Peder spelade ocks\u00e5 under de visor som sj\u00f6ngs under m\u00e5ltiden samt k\u00e5serade och sj\u00f6ng om musik som betytt mycket under hans artistliv. N\u00e4r kr\u00e4ftor och paj inmundigats flyttades borden undan f\u00f6r att ge plats f\u00f6r de som ville dansa till den levande och medryckande musiken fr\u00e5n Peder.<br><\/p>\n\n\n<div class=\"wp-block-image\">\n<figure class=\"alignleft size-large is-resized\"><img loading=\"lazy\" src=\"https:\/\/vasaorden.com\/skovde\/wp-content\/uploads\/sites\/11\/2023\/09\/IMG_20230812_222255-1024x461.jpg\" alt=\"\" class=\"wp-image-1247\" width=\"384\" height=\"173\" srcset=\"https:\/\/vasaorden.com\/skovde\/wp-content\/uploads\/sites\/11\/2023\/09\/IMG_20230812_222255-1024x461.jpg 1024w, https:\/\/vasaorden.com\/skovde\/wp-content\/uploads\/sites\/11\/2023\/09\/IMG_20230812_222255-300x135.jpg 300w, https:\/\/vasaorden.com\/skovde\/wp-content\/uploads\/sites\/11\/2023\/09\/IMG_20230812_222255-768x346.jpg 768w, https:\/\/vasaorden.com\/skovde\/wp-content\/uploads\/sites\/11\/2023\/09\/IMG_20230812_222255-1536x691.jpg 1536w, https:\/\/vasaorden.com\/skovde\/wp-content\/uploads\/sites\/11\/2023\/09\/IMG_20230812_222255-2048x922.jpg 2048w\" sizes=\"(max-width: 384px) 100vw, 384px\" \/><\/figure><\/div>\n\n<div class=\"wp-block-image\">\n<figure class=\"alignright size-large is-resized\"><img loading=\"lazy\" src=\"https:\/\/vasaorden.com\/skovde\/wp-content\/uploads\/sites\/11\/2023\/09\/IMG_20230812_192312-1024x461.jpg\" alt=\"\" class=\"wp-image-1248\" width=\"391\" height=\"175\" srcset=\"https:\/\/vasaorden.com\/skovde\/wp-content\/uploads\/sites\/11\/2023\/09\/IMG_20230812_192312-1024x461.jpg 1024w, https:\/\/vasaorden.com\/skovde\/wp-content\/uploads\/sites\/11\/2023\/09\/IMG_20230812_192312-300x135.jpg 300w, https:\/\/vasaorden.com\/skovde\/wp-content\/uploads\/sites\/11\/2023\/09\/IMG_20230812_192312-768x346.jpg 768w, https:\/\/vasaorden.com\/skovde\/wp-content\/uploads\/sites\/11\/2023\/09\/IMG_20230812_192312-1536x691.jpg 1536w, https:\/\/vasaorden.com\/skovde\/wp-content\/uploads\/sites\/11\/2023\/09\/IMG_20230812_192312-2048x922.jpg 2048w\" sizes=\"(max-width: 391px) 100vw, 391px\" \/><\/figure><\/div>\n\n\n<figure class=\"wp-block-image size-large is-resized\"><img loading=\"lazy\" src=\"https:\/\/vasaorden.com\/skovde\/wp-content\/uploads\/sites\/11\/2023\/09\/IMG_20230812_222253-1024x461.jpg\" alt=\"\" class=\"wp-image-1246\" width=\"384\" height=\"173\" srcset=\"https:\/\/vasaorden.com\/skovde\/wp-content\/uploads\/sites\/11\/2023\/09\/IMG_20230812_222253-1024x461.jpg 1024w, https:\/\/vasaorden.com\/skovde\/wp-content\/uploads\/sites\/11\/2023\/09\/IMG_20230812_222253-300x135.jpg 300w, https:\/\/vasaorden.com\/skovde\/wp-content\/uploads\/sites\/11\/2023\/09\/IMG_20230812_222253-768x346.jpg 768w, https:\/\/vasaorden.com\/skovde\/wp-content\/uploads\/sites\/11\/2023\/09\/IMG_20230812_222253-1536x691.jpg 1536w, https:\/\/vasaorden.com\/skovde\/wp-content\/uploads\/sites\/11\/2023\/09\/IMG_20230812_222253-2048x922.jpg 2048w\" sizes=\"(max-width: 384px) 100vw, 384px\" \/><figcaption>Bilder fr\u00e5n dansen samt information av br Jan-Ove Ahlgren fr\u00e5n LL Lidk\u00f6ping 636.<\/figcaption><\/figure>\n\n\n<div class=\"wp-block-image\">\n<figure class=\"alignleft size-large is-resized\"><img loading=\"lazy\" src=\"https:\/\/vasaorden.com\/skovde\/wp-content\/uploads\/sites\/11\/2023\/09\/IMG_20230812_225722-1024x461.jpg\" alt=\"\" class=\"wp-image-1250\" width=\"381\" height=\"171\" srcset=\"https:\/\/vasaorden.com\/skovde\/wp-content\/uploads\/sites\/11\/2023\/09\/IMG_20230812_225722-1024x461.jpg 1024w, https:\/\/vasaorden.com\/skovde\/wp-content\/uploads\/sites\/11\/2023\/09\/IMG_20230812_225722-300x135.jpg 300w, https:\/\/vasaorden.com\/skovde\/wp-content\/uploads\/sites\/11\/2023\/09\/IMG_20230812_225722-768x346.jpg 768w, https:\/\/vasaorden.com\/skovde\/wp-content\/uploads\/sites\/11\/2023\/09\/IMG_20230812_225722-1536x691.jpg 1536w, https:\/\/vasaorden.com\/skovde\/wp-content\/uploads\/sites\/11\/2023\/09\/IMG_20230812_225722-2048x922.jpg 2048w\" sizes=\"(max-width: 381px) 100vw, 381px\" \/><figcaption>Br Ordf\u00f6randen med medlemmar och underh\u00e5llare <\/figcaption><\/figure><\/div>\n\n<div class=\"wp-block-image\">\n<figure class=\"alignright size-large is-resized\"><img loading=\"lazy\" src=\"https:\/\/vasaorden.com\/skovde\/wp-content\/uploads\/sites\/11\/2023\/09\/IMG_20230812_223901-1024x461.jpg\" alt=\"\" class=\"wp-image-1249\" width=\"386\" height=\"173\" srcset=\"https:\/\/vasaorden.com\/skovde\/wp-content\/uploads\/sites\/11\/2023\/09\/IMG_20230812_223901-1024x461.jpg 1024w, https:\/\/vasaorden.com\/skovde\/wp-content\/uploads\/sites\/11\/2023\/09\/IMG_20230812_223901-300x135.jpg 300w, https:\/\/vasaorden.com\/skovde\/wp-content\/uploads\/sites\/11\/2023\/09\/IMG_20230812_223901-768x346.jpg 768w, https:\/\/vasaorden.com\/skovde\/wp-content\/uploads\/sites\/11\/2023\/09\/IMG_20230812_223901-1536x691.jpg 1536w, https:\/\/vasaorden.com\/skovde\/wp-content\/uploads\/sites\/11\/2023\/09\/IMG_20230812_223901-2048x922.jpg 2048w\" sizes=\"(max-width: 386px) 100vw, 386px\" \/><figcaption>Br Seppo, br Louis, sy M\u00e4rta och sy Marianne samt sy Birgitta fr. LL636. <\/figcaption><\/figure><\/div>\n\n\n<p>      <\/p>\n\n\n\n<p><br><br><br><br>                                           <\/p>\n\n\n\n<p>                  Under en paus i dansmusiken delades priser ut till vinnarna i tipspromenaden och det f\u00f6rr\u00e4ttades dragning i lotteriet fr\u00e5n de lotter som tidigare under kv\u00e4llen hade s\u00e5lts. I anslutning till detta serverades ocks\u00e5 kaffe med en kaka som sy Inga-Lill Mikkelsen bakat.<br>Efter detta fortsatte Peder att spela dansmusik och ber\u00e4tta historier fram till det att kv\u00e4llen avrundades med lite \u201dnattamat\u201d best\u00e5ende av kokt korv med br\u00f6d. I sammanfattning och i uttryckt samst\u00e4mmighet en mycket trevlig och uppskattad kv\u00e4ll.<\/p>\n\n\n\n<p>I sanning och enighet<\/p>\n\n\n\n<p>&#8230;&#8230;&#8230;&#8230;&#8230;&#8230;&#8230;&#8230;&#8230;&#8230;&#8230;&#8230;&#8230;&#8230;&#8230;&#8230;&#8230;&#8230;&#8230;&#8230;&#8230;&#8230;&#8230;&#8230;&#8230;&#8230;&#8230;&#8230;&#8230;&#8230;&#8230;&#8230;&#8230;&#8230;&#8230;&#8230;&#8230;&#8230;&#8230;&#8230;&#8230;&#8230;&#8230;&#8230;&#8230;&#8230;&#8230;&#8230;&#8230;&#8230;&#8230;&#8230;&#8230;&#8230;&#8230;&#8230;&#8230;&#8230;&#8230;&#8230;&#8230;&#8230;&#8230;&#8230;&#8230;&#8230;&#8230;&#8230;&#8230;&#8230;&#8230;&#8230;&#8230;&#8230;&#8230;&#8230;&#8230;&#8230;<\/p>\n\n\n\n<p><strong>Kulturutflykt till \u00c5sle kyrka och \u00c5sle T\u00e5 den 2 augusti<\/strong><\/p>\n\n\n\n<p>Onsdagen den 2 augusti bes\u00f6kte logens medlemmar \u00c5sle kyrka och \u00c5sle T\u00e5. Bes\u00f6ket inleddes med ett bes\u00f6k i kyrkan f\u00f6ljt av lunch. Efter lunchen gick vi en guidad tur runt backstugorna av en b\u00e5de kunnig och underh\u00e5llande guide. Till utflykten hade tv\u00e5 medlemmar fr\u00e5n logen Br\u00e5viken i Norrk\u00f6ping samt n\u00e5gra medbjudna icke medlemmar anslutit sig.<\/p>\n\n\n\n<figure class=\"wp-block-image size-large is-resized\"><img loading=\"lazy\" src=\"https:\/\/vasaorden.com\/skovde\/wp-content\/uploads\/sites\/11\/2023\/08\/DSC_0823-1024x683.jpg\" alt=\"\" class=\"wp-image-1215\" width=\"406\" height=\"270\" srcset=\"https:\/\/vasaorden.com\/skovde\/wp-content\/uploads\/sites\/11\/2023\/08\/DSC_0823-1024x683.jpg 1024w, https:\/\/vasaorden.com\/skovde\/wp-content\/uploads\/sites\/11\/2023\/08\/DSC_0823-300x200.jpg 300w, https:\/\/vasaorden.com\/skovde\/wp-content\/uploads\/sites\/11\/2023\/08\/DSC_0823-768x512.jpg 768w, https:\/\/vasaorden.com\/skovde\/wp-content\/uploads\/sites\/11\/2023\/08\/DSC_0823-1536x1024.jpg 1536w, https:\/\/vasaorden.com\/skovde\/wp-content\/uploads\/sites\/11\/2023\/08\/DSC_0823-2048x1365.jpg 2048w\" sizes=\"(max-width: 406px) 100vw, 406px\" \/><figcaption>\u00c5sle kyrka <\/figcaption><\/figure>\n\n\n\n<figure class=\"wp-block-image size-large is-resized\"><img loading=\"lazy\" src=\"https:\/\/vasaorden.com\/skovde\/wp-content\/uploads\/sites\/11\/2023\/08\/DSC_0824-1024x683.jpg\" alt=\"\" class=\"wp-image-1214\" width=\"406\" height=\"271\" srcset=\"https:\/\/vasaorden.com\/skovde\/wp-content\/uploads\/sites\/11\/2023\/08\/DSC_0824-1024x683.jpg 1024w, https:\/\/vasaorden.com\/skovde\/wp-content\/uploads\/sites\/11\/2023\/08\/DSC_0824-300x200.jpg 300w, https:\/\/vasaorden.com\/skovde\/wp-content\/uploads\/sites\/11\/2023\/08\/DSC_0824-768x512.jpg 768w, https:\/\/vasaorden.com\/skovde\/wp-content\/uploads\/sites\/11\/2023\/08\/DSC_0824-1536x1024.jpg 1536w, https:\/\/vasaorden.com\/skovde\/wp-content\/uploads\/sites\/11\/2023\/08\/DSC_0824-2048x1365.jpg 2048w\" sizes=\"(max-width: 406px) 100vw, 406px\" \/><figcaption>Ordf\u00f6randen informerar <\/figcaption><\/figure>\n\n\n\n<p><br>I kyrkan ber\u00e4ttade logens ordf\u00f6rande Nils-Erik Johansson, som var v\u00e4l f\u00f6rtrogen med kyrkans historia, bland annat om att kyrkan \u00e4r en av flera medeltidskyrkor i Falk\u00f6ping. Den \u00e4r korsformad och att den \u00e4ldsta \u00f6stra delen \u00e4r fr\u00e5n 1100-talet. Under 1500- och 1600-talet byggdes de \u00f6vriga korsarmarna till p\u00e5 kyrkan. Den s\u00f6dra tillbyggda korsarmen fick namnet \u201dMularpskyrkan\u201d d\u00e5 endast mularpsbor satt i denna del av kyrkan. Den f\u00f6rsta uppf\u00f6rda klockstapeln fr\u00e5n 1706 revs redan 1770. I den senare nuvarande klockstapeln finns tre klockor varav en kommer fr\u00e5n den under 1600-talet av danskarna nedbr\u00e4nda kyrkan i Flittorp. Det \u00e4r en liten och vacker kyrka med m\u00e5nga historiska minnen bakom sig.&nbsp; &nbsp;<br>Efter lunchbuff\u00e9n p\u00e5 restaurangen var det tid f\u00f6r den f\u00f6rbest\u00e4llda guidade turen runt backstugorna i T\u00e5n. <\/p>\n\n\n\n<figure class=\"wp-block-image size-large is-resized\"><img loading=\"lazy\" src=\"https:\/\/vasaorden.com\/skovde\/wp-content\/uploads\/sites\/11\/2023\/08\/DSC_0833-1024x683.jpg\" alt=\"\" class=\"wp-image-1218\" width=\"406\" height=\"271\" srcset=\"https:\/\/vasaorden.com\/skovde\/wp-content\/uploads\/sites\/11\/2023\/08\/DSC_0833-1024x683.jpg 1024w, https:\/\/vasaorden.com\/skovde\/wp-content\/uploads\/sites\/11\/2023\/08\/DSC_0833-300x200.jpg 300w, https:\/\/vasaorden.com\/skovde\/wp-content\/uploads\/sites\/11\/2023\/08\/DSC_0833-768x512.jpg 768w, https:\/\/vasaorden.com\/skovde\/wp-content\/uploads\/sites\/11\/2023\/08\/DSC_0833-1536x1024.jpg 1536w, https:\/\/vasaorden.com\/skovde\/wp-content\/uploads\/sites\/11\/2023\/08\/DSC_0833-2048x1365.jpg 2048w\" sizes=\"(max-width: 406px) 100vw, 406px\" \/><figcaption>Information av guiden <\/figcaption><\/figure>\n\n\n\n<figure class=\"wp-block-image size-large is-resized\"><img loading=\"lazy\" src=\"https:\/\/vasaorden.com\/skovde\/wp-content\/uploads\/sites\/11\/2023\/08\/DSC_0838-1024x683.jpg\" alt=\"\" class=\"wp-image-1219\" width=\"406\" height=\"271\" srcset=\"https:\/\/vasaorden.com\/skovde\/wp-content\/uploads\/sites\/11\/2023\/08\/DSC_0838-1024x683.jpg 1024w, https:\/\/vasaorden.com\/skovde\/wp-content\/uploads\/sites\/11\/2023\/08\/DSC_0838-300x200.jpg 300w, https:\/\/vasaorden.com\/skovde\/wp-content\/uploads\/sites\/11\/2023\/08\/DSC_0838-768x512.jpg 768w, https:\/\/vasaorden.com\/skovde\/wp-content\/uploads\/sites\/11\/2023\/08\/DSC_0838-1536x1024.jpg 1536w, https:\/\/vasaorden.com\/skovde\/wp-content\/uploads\/sites\/11\/2023\/08\/DSC_0838-2048x1365.jpg 2048w\" sizes=\"(max-width: 406px) 100vw, 406px\" \/><figcaption>Fr\u00e5n T\u00e5gatan <\/figcaption><\/figure>\n\n\n\n<figure class=\"wp-block-image size-large is-resized\"><img loading=\"lazy\" src=\"https:\/\/vasaorden.com\/skovde\/wp-content\/uploads\/sites\/11\/2023\/08\/DSC_0836-1024x683.jpg\" alt=\"\" class=\"wp-image-1220\" width=\"407\" height=\"271\" srcset=\"https:\/\/vasaorden.com\/skovde\/wp-content\/uploads\/sites\/11\/2023\/08\/DSC_0836-1024x683.jpg 1024w, https:\/\/vasaorden.com\/skovde\/wp-content\/uploads\/sites\/11\/2023\/08\/DSC_0836-300x200.jpg 300w, https:\/\/vasaorden.com\/skovde\/wp-content\/uploads\/sites\/11\/2023\/08\/DSC_0836-768x512.jpg 768w, https:\/\/vasaorden.com\/skovde\/wp-content\/uploads\/sites\/11\/2023\/08\/DSC_0836-1536x1024.jpg 1536w, https:\/\/vasaorden.com\/skovde\/wp-content\/uploads\/sites\/11\/2023\/08\/DSC_0836-2048x1365.jpg 2048w\" sizes=\"(max-width: 407px) 100vw, 407px\" \/><figcaption>V\u00e5rdare av \u00e5sle T\u00e5 <\/figcaption><\/figure>\n\n\n\n<figure class=\"wp-block-image size-large is-resized\"><img loading=\"lazy\" src=\"https:\/\/vasaorden.com\/skovde\/wp-content\/uploads\/sites\/11\/2023\/08\/DSC_0837-1024x683.jpg\" alt=\"\" class=\"wp-image-1221\" width=\"408\" height=\"272\" srcset=\"https:\/\/vasaorden.com\/skovde\/wp-content\/uploads\/sites\/11\/2023\/08\/DSC_0837-1024x683.jpg 1024w, https:\/\/vasaorden.com\/skovde\/wp-content\/uploads\/sites\/11\/2023\/08\/DSC_0837-300x200.jpg 300w, https:\/\/vasaorden.com\/skovde\/wp-content\/uploads\/sites\/11\/2023\/08\/DSC_0837-768x512.jpg 768w, https:\/\/vasaorden.com\/skovde\/wp-content\/uploads\/sites\/11\/2023\/08\/DSC_0837-1536x1024.jpg 1536w, https:\/\/vasaorden.com\/skovde\/wp-content\/uploads\/sites\/11\/2023\/08\/DSC_0837-2048x1365.jpg 2048w\" sizes=\"(max-width: 408px) 100vw, 408px\" \/><figcaption>Ladug\u00e5rd efter T\u00e5gatan<\/figcaption><\/figure>\n\n\n\n<p>T\u00e5 betyder i detta sammanhang \u201dallm\u00e4nning\u201d informerades vi inledningsvis av guiden om. Det \u00e4r Sverige st\u00f6rsta samling backstugor och de ligger p\u00e5 sina ursprungliga platser utmed T\u00e5gatan och Kolaforsen. &nbsp;Backstugorna uppf\u00f6rdes efter hand under 1700-och 1800-talet. Det finns idag ett 20-tal byggnader kvar i T\u00e5n. Det \u00e4r backstugor, ladug\u00e5rd, svinstior, smedja, uthus och kvarn. Flera av backstugorna var bebodda l\u00e5ngt in p\u00e5 1900-talet. 1954 avled den sista boende p\u00e5 T\u00e5n. \u00c5sle T\u00e5 \u00e4r en unik museimilj\u00f6 som levandeg\u00f6r arvet fr\u00e5n ett svunnet fattigsverige och ett historiskt upplevelsemuseum f\u00f6r framtida generationer. Det v\u00e5rdas sedan 1923 av \u00c5sle, Mularp och Tiarps Hembygdf\u00f6rening.<\/p>\n\n\n\n<figure class=\"wp-block-image size-large is-resized\"><img loading=\"lazy\" src=\"https:\/\/vasaorden.com\/skovde\/wp-content\/uploads\/sites\/11\/2023\/08\/DSC_0841-1024x683.jpg\" alt=\"\" class=\"wp-image-1222\" width=\"407\" height=\"271\" srcset=\"https:\/\/vasaorden.com\/skovde\/wp-content\/uploads\/sites\/11\/2023\/08\/DSC_0841-1024x683.jpg 1024w, https:\/\/vasaorden.com\/skovde\/wp-content\/uploads\/sites\/11\/2023\/08\/DSC_0841-300x200.jpg 300w, https:\/\/vasaorden.com\/skovde\/wp-content\/uploads\/sites\/11\/2023\/08\/DSC_0841-768x512.jpg 768w, https:\/\/vasaorden.com\/skovde\/wp-content\/uploads\/sites\/11\/2023\/08\/DSC_0841-1536x1024.jpg 1536w, https:\/\/vasaorden.com\/skovde\/wp-content\/uploads\/sites\/11\/2023\/08\/DSC_0841-2048x1365.jpg 2048w\" sizes=\"(max-width: 407px) 100vw, 407px\" \/><figcaption>Fr\u00e5n vagnskjulet<\/figcaption><\/figure>\n\n\n\n<p>Dagen avslutades i T\u00e5ns vagnsskjul med ett litet lotteri som v\u00e5r ordf\u00f6rande hade iordningst\u00e4llt.<\/p>\n\n\n\n<p>I sanning och enighet<\/p>\n\n\n\n<p>&#8230;&#8230;&#8230;&#8230;&#8230;&#8230;&#8230;&#8230;&#8230;&#8230;&#8230;&#8230;&#8230;&#8230;&#8230;&#8230;&#8230;&#8230;&#8230;&#8230;&#8230;&#8230;&#8230;&#8230;&#8230;&#8230;&#8230;&#8230;&#8230;&#8230;&#8230;&#8230;&#8230;&#8230;&#8230;&#8230;&#8230;&#8230;&#8230;&#8230;&#8230;&#8230;&#8230;&#8230;&#8230;&#8230;&#8230;&#8230;&#8230;&#8230;&#8230;&#8230;&#8230;&#8230;&#8230;&#8230;&#8230;&#8230;&#8230;&#8230;&#8230;&#8230;&#8230;&#8230;&#8230;&#8230;&#8230;&#8230;&#8230;&#8230;&#8230;&#8230;.<\/p>\n\n\n\n<p><strong>Nationaldagsfirande 6 juni 2023<\/strong><\/p>\n\n\n\n<p>Ett nationaldagsfirande i ett soligt och varmt Sk\u00f6vde med inledande gemensam lunch i s\u00e4llskap av vasav\u00e4nner inf\u00f6r sommarens ledighet. <\/p>\n\n\n\n<figure class=\"wp-block-image size-large is-resized\"><img loading=\"lazy\" src=\"https:\/\/vasaorden.com\/skovde\/wp-content\/uploads\/sites\/11\/2023\/06\/20230606_121332-1024x768.jpg\" alt=\"\" class=\"wp-image-1202\" width=\"410\" height=\"308\" srcset=\"https:\/\/vasaorden.com\/skovde\/wp-content\/uploads\/sites\/11\/2023\/06\/20230606_121332-1024x768.jpg 1024w, https:\/\/vasaorden.com\/skovde\/wp-content\/uploads\/sites\/11\/2023\/06\/20230606_121332-300x225.jpg 300w, https:\/\/vasaorden.com\/skovde\/wp-content\/uploads\/sites\/11\/2023\/06\/20230606_121332-768x576.jpg 768w, https:\/\/vasaorden.com\/skovde\/wp-content\/uploads\/sites\/11\/2023\/06\/20230606_121332-1536x1152.jpg 1536w, https:\/\/vasaorden.com\/skovde\/wp-content\/uploads\/sites\/11\/2023\/06\/20230606_121332-2048x1536.jpg 2048w\" sizes=\"(max-width: 410px) 100vw, 410px\" \/><figcaption>Lunch p\u00e5 Helensg\u00e5rden med 19 vasasyskon samlade<\/figcaption><\/figure>\n\n\n\n<p>Vasaorden i Sk\u00f6vde h\u00f6gtidligh\u00f6ll Nationaldagen i Sk\u00f6vde. V\u00e5rt traditionella firande i Tiveden fick st\u00e4llas in detta \u00e5r och ist\u00e4llet samlades ett tjugotal medlemmar p\u00e5 Helensg\u00e5rden f\u00f6r en gemensam mycket god lunch. Till det efterf\u00f6ljande kaffet bj\u00f6ds p\u00e5 hembakad jordgubbst\u00e5rta. Avslutningsvis hade ordf\u00f6randen ordnat med ett lotteri som rundade av vistelsen p\u00e5 Helensg\u00e5rden.&nbsp;<\/p>\n\n\n\n<p>Efter lunchen samlades de flesta p\u00e5 Hertig Johans Torg f\u00f6r att titta och lyssna p\u00e5 musikparaden som passerade f\u00f6r att sedan ansluta till planen utanf\u00f6r stadsteatern f\u00f6r att lyssna till en stunds h\u00f6gtidstal och underh\u00e5llning. N\u00e4r denna senare del av firandet avslutades skiljdes vi alla \u00e5t och \u00f6nskade en trevlig och sk\u00f6n sommar med \u00e5terseende i augusti f\u00f6r en utflykt.<\/p>\n\n\n\n<p> I sanning och enighet<\/p>\n\n\n\n<p>&#8230;&#8230;&#8230;&#8230;&#8230;&#8230;&#8230;&#8230;&#8230;&#8230;&#8230;&#8230;&#8230;&#8230;&#8230;&#8230;&#8230;&#8230;&#8230;&#8230;&#8230;&#8230;&#8230;&#8230;&#8230;&#8230;&#8230;&#8230;&#8230;&#8230;&#8230;&#8230;&#8230;&#8230;&#8230;&#8230;&#8230;&#8230;&#8230;&#8230;&#8230;&#8230;&#8230;&#8230;&#8230;&#8230;&#8230;&#8230;&#8230;&#8230;&#8230;&#8230;&#8230;&#8230;&#8230;&#8230;&#8230;&#8230;&#8230;&#8230;&#8230;&#8230;&#8230;&#8230;&#8230;&#8230;&#8230;&#8230;&#8230;&#8230;&#8230;&#8230;&#8230;&#8230;..<\/p>\n\n\n\n<p><strong>Sommarutflykt den 16 maj 2023 till S\u00f6rbylunds kraftstation<\/strong><\/p>\n\n\n\n<p>Lokallogen i Sk\u00f6vde hade en lyckad utflykt med ett 20-tal deltagare till S\u00f6rbylunds Kraftstation i \u00e5n \u00d6san. Gruppen fick en fin visning av Per Beckman som \u00e4ger och driver kraftstationen som levererar El idag till sju anslutna hush\u00e5ll och utg\u00f6r landets minsta eln\u00e4t med egen koncession.<\/p>\n\n\n\n<p>Kraftstationen etablerades 1894 d\u00e5 Pers farfars bror hade varit i Schweiz och sett en generator som imponerade. Kontakt med tekniska h\u00f6gskolan i Z\u00fcrich och en vilja att \u00f6verf\u00f6ra kunskapen till Sverige resulterade att han kom hem och konstruerade ett system f\u00f6r generering och \u00f6verf\u00f6ring av elkraft. Den f\u00f6rsta generatorn tillverkades p\u00e5 Sk\u00f6fde Mekaniska Verkstaden som sedermera k\u00e4nner vi som Volvo Sk\u00f6vde.<\/p>\n\n\n\n<p>\u00c5r 1913 i takt med nyteknik inom el, ersattes den gamla 1-fasgenerator med en modernare 3-fasgenerator som gjorde att utbyggnaden av eln\u00e4tet tog fart. Ett 5-kvadratkilometer omr\u00e5de f\u00f6rs\u00f6rjdes med el och uppemot 500 abonnenter var anslutna. \u00c5r 1935 installerades en modern propeller turbin av m\u00e4rket Nohab som fortfarande \u00e4r i drift idag.<\/p>\n\n\n\n<p>Efter visningen fortsatte vi till n\u00e4rmsta grannen till kraftstationen tillika vasasyskonen Jan-Olof och Ingeborg Sv\u00e4rd, d\u00e4r vi fick smaka p\u00e5 hemma grillat f\u00f6ljt av rabarberkaka och kaffe. Regn h\u00e4ngde i luften men vi fick njuta av lite sol samt utm\u00e4rkt s\u00e4llskap.<\/p>\n\n\n\n<p>I sanning och enighet<\/p>\n\n\n\n<p><strong>Den 27- 28 maj &#8211; Distriktsm\u00f6te &#8211; Distriktslogen S\u00f6dra Sverige nr 20<\/strong><\/p>\n\n\n\n<p>Information kommer inom kort<\/p>\n\n\n\n<p>&#8230;&#8230;&#8230;&#8230;&#8230;&#8230;&#8230;&#8230;&#8230;&#8230;&#8230;&#8230;&#8230;&#8230;&#8230;&#8230;&#8230;&#8230;&#8230;&#8230;&#8230;&#8230;&#8230;&#8230;&#8230;&#8230;&#8230;&#8230;&#8230;&#8230;&#8230;&#8230;&#8230;&#8230;&#8230;&#8230;&#8230;&#8230;&#8230;&#8230;&#8230;&#8230;&#8230;&#8230;&#8230;&#8230;&#8230;&#8230;&#8230;&#8230;&#8230;&#8230;&#8230;&#8230;&#8230;&#8230;&#8230;&#8230;&#8230;&#8230;&#8230;&#8230;&#8230;&#8230;&#8230;&#8230;&#8230;&#8230;&#8230;&#8230;&#8230;&#8230;&#8230;&#8230;&#8230;&#8230;&#8230;&#8230;..<\/p>\n\n\n\n<p><strong>(18)- 19-20 maj &#8211; Distriktsm\u00f6te &#8211; Distriktslogen Norra Sverige Nr 19<\/strong><\/p>\n\n\n\n<p>Vasaorden av Amerika h\u00f6ll 2023 \u00e5rs Distriktsm\u00f6te i Norrk\u00f6ping under Kristi Himmelf\u00e4rdshelgen den 18-20 maj. F\u00f6r logen Sk\u00f6vde hade br OF Nils-Erik utsetts till delegat och sy VO Ingalill som ers\u00e4ttare. Br VDM Roger var tillsammans med sy Solveig p\u00e5 plats redan under onsdagen den 17 maj f\u00f6r f\u00f6rberedande m\u00f6te och iordningst\u00e4llande inf\u00f6r de kommande distriktsm\u00f6tesdagarna.&nbsp;<br>Under distriktsm\u00f6tesdagana i Norrk\u00f6ping representerades logen Sk\u00f6vde av br VDM Roger, sy MDER Marianne genom Exekutiva r\u00e5det (ER), br OF Nils-Erik som delegat samt sy Solveig, sy Monica, sy Gun och br Seppo som g\u00e4ster\/\u00e5h\u00f6rare.<br>En av de kanske viktigaste motionerna som skulle tas beslut om var om en framtida sammaslagning av Distriktslogerna 19 och 20. Motionen godk\u00e4ndes. Nu var bara fr\u00e5gan om hur Distriktsloge S\u00f6dra Sverige nr 20, som skulle h\u00e5lla sitt distriktsm\u00f6te kommande helg i Ljungby, beslutande i samma fr\u00e5ga.&nbsp;<br>Ett historiskt beslut som kan vara mycket avg\u00f6rande f\u00f6r v\u00e5r Ordens framtid i Sverige&nbsp;<br>Valet av medlemmar till ER utf\u00f6ll enligt Valberedningens f\u00f6rslag som var omval av samtliga nu sittande medlemmar, f\u00f6rutom MDER-funktionen som vid f\u00f6reg\u00e5ende Distriktsm\u00f6te 2021 beslutades om att tas bort till detta Distriktsm\u00f6te av ekonomiska sk\u00e4l. Under tidig l\u00f6rdag eftermiddag avslutades Distriktsm\u00f6tet med ett stort tack till alla n\u00e4rvarande fr\u00e5n omvalde Distriktsm\u00e4staren Maggie Ahlin Thelin.&nbsp; ER h\u00f6ll sedan avslutningsvis ett konstituerande m\u00f6te f\u00f6re uppbrott och hemresa.<\/p>\n\n\n\n<p>I sanning och enighet<\/p>\n\n\n\n<p>&#8230;&#8230;&#8230;&#8230;&#8230;&#8230;&#8230;&#8230;&#8230;&#8230;&#8230;&#8230;&#8230;&#8230;&#8230;&#8230;&#8230;&#8230;&#8230;&#8230;&#8230;&#8230;&#8230;&#8230;&#8230;&#8230;&#8230;&#8230;&#8230;&#8230;&#8230;&#8230;&#8230;&#8230;&#8230;&#8230;&#8230;&#8230;&#8230;&#8230;&#8230;&#8230;&#8230;&#8230;&#8230;&#8230;&#8230;&#8230;&#8230;&#8230;&#8230;&#8230;&#8230;&#8230;&#8230;&#8230;&#8230;&#8230;&#8230;&#8230;&#8230;&#8230;&#8230;&#8230;&#8230;&#8230;&#8230;&#8230;&#8230;&#8230;&#8230;&#8230;&#8230;&#8230;&#8230;&#8230;&#8230;.<\/p>\n\n\n\n<p><strong>Genomg\u00e5ng av motioner 24 april 2023<\/strong><\/p>\n\n\n\n<p>Det extram\u00f6te som p\u00e5annonserades vid senaste logem\u00f6tet f\u00f6r genomg\u00e5ng av motioner och rekommendationer inf\u00f6r Vasaorden av Amerikas Distriktsm\u00f6te i Norrk\u00f6ping den 19-20 maj h\u00f6lls i Vuxenskolans lokaler denna eftermiddag. Fysiskt n\u00e4rvarande var \u00e5tta vasasyskon och digitalt genom Zoom fyra vasasyskon. Bland de senare v\u00e5r ordf\u00f6rande br Nils-Erik. Antalet motioner och rekommendationer var genomg\u00e5ngna efter n\u00e5gon<br>dryg timma varefter lite andra fr\u00e5gor diskutades. Bland annat lite om sommarens vasaaktiviteter. <\/p>\n\n\n\n<p>I sanning och enighet<\/p>\n\n\n\n<p>&#8230;&#8230;&#8230;&#8230;&#8230;&#8230;&#8230;&#8230;&#8230;&#8230;&#8230;&#8230;&#8230;&#8230;&#8230;&#8230;&#8230;&#8230;&#8230;&#8230;&#8230;&#8230;&#8230;&#8230;&#8230;&#8230;&#8230;&#8230;&#8230;&#8230;&#8230;&#8230;&#8230;&#8230;&#8230;&#8230;&#8230;&#8230;&#8230;&#8230;&#8230;&#8230;&#8230;&#8230;&#8230;&#8230;&#8230;&#8230;&#8230;&#8230;&#8230;&#8230;&#8230;&#8230;&#8230;&#8230;&#8230;&#8230;&#8230;&#8230;&#8230;&#8230;&#8230;&#8230;&#8230;&#8230;&#8230;&#8230;&#8230;&#8230;&#8230;&#8230;&#8230;&#8230;&#8230;&#8230;..<\/p>\n\n\n\n<p><strong>Kulturafton 14 april 2023<\/strong><\/p>\n\n\n\n<p>Tiden rusar tycker man och pl\u00f6tsligt var det tid f\u00f6r lokallogen i Sk\u00f6vde att h\u00e5lla sitt f\u00f6r v\u00e5ren sista logem\u00f6te i Odd Fellowhuset denna fredagskv\u00e4ll.  Det inleddes med logem\u00f6te f\u00f6ljt av efterkapitel med kv\u00e4llsm\u00e5ltid och bildvisning fr\u00e5n en kryssningsresa. Logem\u00f6tet genomf\u00f6rdes i sedvanlig ordning. Bland annat genomf\u00f6rdes tv\u00e5 fyllnadsval och ett beslut om ett senare m\u00f6te enbart f\u00f6r genomg\u00e5ng av motioner till distriktsm\u00f6tet i maj, men ocks\u00e5 ett antal h\u00e4lsningar fr\u00e5n flera medlemmar. Flera av dem som tyv\u00e4rr inte kunde delta vid detta logem\u00f6te av olika sk\u00e4l. Logem\u00f6tet avslutades med en avslappnande CD-uppspelning av artisten Chayanne, en s\u00e5ngare fr\u00e5n Puerto Rico. <\/p>\n\n\n\n<p>Till efterkapitlet serverades av Odd Fellow-k\u00f6ket v\u00e4lsmakande r\u00e4k- och k\u00f6ttf\u00e4rspajer.&nbsp; F\u00f6r bildvisningen stod vasasyskonen Myra och Louis Lehmann. De visade bilder fr\u00e5n en kryssning som de gjorde 2014 i Svarta havet under tolv dagar. Flera l\u00e4nder och hamnar bes\u00f6ktes runt kuststr\u00e4ckan. Men den t\u00e4nkta turen till Odessa st\u00e4lldes dock in med anledning av Rysslands d\u00e5 annektering av Krimhalv\u00f6n samma \u00e5r. Ett av de andra alternativa resm\u00e5len blev d\u00e5 ist\u00e4llet staden Sinop i norra Turkiet. En ort som Louis k\u00e4nde v\u00e4l till och hade en speciell k\u00e4nsla f\u00f6r d\u00e5 han hade vistats d\u00e4r under en period p\u00e5 50-talet. <\/p>\n\n\n\n<p>Det var en mycket intressant reseskildring som presenterades och som kanske lockade n\u00e5gon i s\u00e4llskapet att g\u00f6ra en likartad tur vid n\u00e5got l\u00e4mpligt tillf\u00e4lle. Efter detta serverades kaffe med en bakelse till varefter kv\u00e4llen rundades av med den traditionella lottdragningen. <\/p>\n\n\n\n<p>I sanning och enighet<\/p>\n\n\n\n<p>&#8230;&#8230;&#8230;&#8230;&#8230;&#8230;&#8230;&#8230;&#8230;&#8230;&#8230;&#8230;&#8230;&#8230;&#8230;&#8230;&#8230;&#8230;&#8230;&#8230;&#8230;&#8230;&#8230;&#8230;&#8230;&#8230;&#8230;&#8230;&#8230;&#8230;&#8230;&#8230;&#8230;&#8230;&#8230;&#8230;&#8230;&#8230;&#8230;&#8230;&#8230;&#8230;&#8230;&#8230;&#8230;&#8230;&#8230;&#8230;&#8230;&#8230;&#8230;&#8230;&#8230;&#8230;&#8230;&#8230;&#8230;&#8230;&#8230;&#8230;&#8230;&#8230;&#8230;&#8230;&#8230;&#8230;&#8230;&#8230;&#8230;&#8230;&#8230;&#8230;&#8230;&#8230;&#8230;&#8230;&#8230;.<\/p>\n\n\n\n<p><strong>Br\u00f6derna afton 11 mars 2023<\/strong><\/p>\n\n\n\n<p>Denna sn\u00f6rika och vintriga marsdag bj\u00f6d br\u00f6derna i logen in till logem\u00f6te och \u201dBr\u00f6dernas afton\u201d. Tjugotv\u00e5 vasassyskon och tv\u00e5 g\u00e4star som senare ocks\u00e5 underh\u00f6ll med lite musik och s\u00e5ng hade samlats till kv\u00e4llens gemenskap. Logem\u00f6tet inleddes traditionsenligt med en stilfull ljust\u00e4ndning f\u00f6ljt av m\u00f6tesf\u00f6rhandlingar. Efter rapporter fr\u00e5n de olika tj\u00e4nstem\u00e4nnen redovisades en skrivelse fr\u00e5n Exekutiva R\u00e5det (ER) Distriktsloge nr 19. Den inneh\u00f6ll information om ett p\u00e5g\u00e5ende arbete avseende en rekommendation till sammanslagning av Distriktslogerna nr 19 och nr 20 och f\u00f6rslag fr\u00e5n ER om att lokallogerna godk\u00e4nner f\u00f6rslaget om ett gemensamt Distrikt och de f\u00f6reslagna gemensamma stadgarna. &nbsp;&nbsp;<\/p>\n\n\n\n<p>Br Roger f\u00f6redrog f\u00f6ruts\u00e4ttningarna f\u00f6r en s\u00e5dan sammanslagning och hur de nya utarbetade stadgarna tagits fram. Logen beslutade enligt de framlagda f\u00f6rslagen. Ett beslut som ligger till grund f\u00f6r logens delegat att r\u00f6sta p\u00e5 vid det kommande Distriktsm\u00f6tet i maj.&nbsp; Skulle beslutet fr\u00e5n Distriktsm\u00f6tet bli positivt l\u00e4ggs f\u00f6rslaget fram till Storlogen f\u00f6r slutligt beslut. &nbsp;<\/p>\n\n\n\n<p>Logem\u00f6tet avslutades med en inspelning fr\u00e5n 1947 med Harmony Sisters, 1930-talets karismatiska finl\u00e4ndska kvinnliga s\u00e5nggrupp, som fr\u00e5n 1946 var verksamma i Sverige fram till sitt uppbrott 1956.&nbsp;<\/p>\n\n\n\n<p>En v\u00e4lkomstdrink serverades inledningsvis vid efterkapitlets b\u00f6rjan. Till kv\u00e4llssup\u00e9n serverades till f\u00f6rr\u00e4tt br Leif Sv\u00e4rds alltid v\u00e4lsmakande Crem\u00e9 Ninon f\u00f6ljt av en lika v\u00e4lsmakande fiskgrat\u00e4ng tillagad av k\u00f6ket p\u00e5 Odd Fellow. Sup\u00e9n avslutades med en kopp kaffe med en liten chokladbit till.<\/p>\n\n\n\n<p>Kv\u00e4llens underh\u00e5llning stod Gillis Hellberg och Britt-Marie Stridh f\u00f6r. De hade ett program med en r\u00f6d tr\u00e5d med Fritiof och Carmencita i centrum. De avslutade med en visa om Falk\u00f6ping.<br>Sedan blev det kaffe igen, fast nu med en hemlagad kaka spritsad gr\u00e4dde p\u00e5 som sy Marianne bakat och gjort iordning. Lottdragningen blev kv\u00e4llens sista programpunkt f\u00f6re hemg\u00e5ng. En varierande och underh\u00e5llande kv\u00e4ll i sann vasaanda.<\/p>\n\n\n\n<p>I sanning och enighet<\/p>\n\n\n\n<p>&#8230;&#8230;&#8230;&#8230;&#8230;&#8230;&#8230;&#8230;&#8230;&#8230;&#8230;&#8230;&#8230;&#8230;&#8230;&#8230;&#8230;&#8230;&#8230;&#8230;&#8230;&#8230;&#8230;&#8230;&#8230;&#8230;&#8230;&#8230;&#8230;&#8230;&#8230;&#8230;&#8230;&#8230;&#8230;&#8230;&#8230;&#8230;&#8230;&#8230;&#8230;&#8230;&#8230;&#8230;&#8230;&#8230;&#8230;&#8230;&#8230;&#8230;&#8230;&#8230;&#8230;&#8230;&#8230;&#8230;&#8230;&#8230;&#8230;&#8230;&#8230;&#8230;&#8230;&#8230;&#8230;&#8230;&#8230;&#8230;&#8230;&#8230;&#8230;&#8230;&#8230;&#8230;&#8230;&#8230;&#8230;&#8230;..<\/p>\n\n\n\n<p><strong>\u00c5rsm\u00f6te den 4 februari 2023<\/strong><\/p>\n\n\n\n<p>Logen Sk\u00f6vde h\u00f6ll sitt f\u00f6rsta m\u00f6te f\u00f6r \u00e5ret och tillika \u00e5rsm\u00f6te i Odd Fellowhuset den 4 februari. Fr\u00e5n logen i Lidk\u00f6ping hade ett flertal g\u00e4ster anm\u00e4lt sig och som h\u00e4lsades s\u00e4rskilt v\u00e4lkomna. Det var sedvanliga \u00e5rsm\u00f6tesf\u00f6rhandlingar med \u00e5rsredovisning fr\u00e5n de olika kommitt\u00e9erna, mm. M\u00f6tet avslutades med ett stillamt musikstycke.<\/p>\n\n\n\n<p>Vid efterkapitlets samlades f\u00f6rst alla logemedlemmar och g\u00e4ster i Gillesv\u00e5ningen tv\u00e5 trappor ner f\u00f6r vinprovning. Br Jan-Ove Ahlgren fr\u00e5n logen Lidk\u00f6ping var det som h\u00f6ll i denna. Han ber\u00e4ttade ocks\u00e5 om kommande vinresor till Tyskland till v\u00e5ren och sommaren som han arrangerade. Efter vinprovningen var det \u00e5tersamling en trappa upp i matsalen till en god kv\u00e4llsm\u00e5ltid med senare kaffet och t\u00e5rta. Kv\u00e4llens avrundades med lottdragning.<\/p>\n\n\n\n<p>I sanning och enighet<\/p>\n\n\n\n<p>&#8230;&#8230;&#8230;&#8230;&#8230;&#8230;&#8230;&#8230;&#8230;&#8230;&#8230;&#8230;&#8230;&#8230;&#8230;&#8230;&#8230;&#8230;&#8230;&#8230;&#8230;&#8230;&#8230;&#8230;&#8230;&#8230;&#8230;&#8230;&#8230;&#8230;&#8230;&#8230;&#8230;&#8230;&#8230;&#8230;&#8230;&#8230;&#8230;&#8230;&#8230;&#8230;&#8230;&#8230;&#8230;&#8230;&#8230;&#8230;&#8230;&#8230;&#8230;&#8230;&#8230;&#8230;&#8230;&#8230;&#8230;&#8230;&#8230;&#8230;&#8230;&#8230;&#8230;&#8230;&#8230;&#8230;&#8230;&#8230;&#8230;&#8230;&#8230;&#8230;&#8230;&#8230;&#8230;&#8230;&#8230;&#8230;&#8230;<br>&#8230;&#8230;&#8230;&#8230;&#8230;&#8230;&#8230;&#8230;&#8230;&#8230;&#8230;&#8230;&#8230;&#8230;&#8230;&#8230;&#8230;&#8230;&#8230;&#8230;&#8230;&#8230;&#8230;&#8230;&#8230;&#8230;&#8230;&#8230;&#8230;&#8230;&#8230;&#8230;&#8230;&#8230;&#8230;&#8230;..  O  &#8230;&#8230;&#8230;&#8230;&#8230;&#8230;&#8230;&#8230;&#8230;&#8230;&#8230;&#8230;&#8230;&#8230;&#8230;&#8230;&#8230;&#8230;&#8230;&#8230;&#8230;&#8230;&#8230;&#8230;&#8230;&#8230;&#8230;&#8230;&#8230;&#8230;&#8230;&#8230;&#8230;&#8230;&#8230;&#8230;&#8230;&#8230;&#8230;&#8230;.<\/p>\n\n\n\n<p><strong>December \u2013 \u201dSystrarnas afton\u201d den 10 december<\/strong><\/p>\n\n\n\n<p>Denna l\u00f6rdagskv\u00e4ll h\u00f6ll logen Sk\u00f6vde sitt sista logem\u00f6te f\u00f6r \u00e5ret. Efter logens \u00f6ppnande f\u00f6redrogs \u00e4rendena i god och rask ordning. Den prelimin\u00e4ra budgeten som skulle tas i logen under m\u00f6tet fick skjutas fram till \u00e5rsm\u00f6tet d\u00e5 de femton n\u00e4rvarande vasasyskon inte ans\u00e5gs vara tillr\u00e4ckligt m\u00e5nga f\u00f6r beslut. Br Nils-Erik ber\u00e4ttade att insamlingen av kl\u00e4der till Ukraina som Bengt-\u00c5ke \u00d6gren fr\u00e5n m\u00f6tet i november p\u00e5annonserade gav ett mycket bra resultat. Logem\u00f6tet avslutades stillsamt under logelokalens stj\u00e4rnhimmel av sk\u00f6nsjungande Sissel Kyrkeb\u00f6 och Odd Nordstuga som framf\u00f6rde \u201dUpp och gl\u00e4d er alla\u201d.&nbsp;&nbsp; <\/p>\n\n\n\n<p>Julbordet som serverades efter logem\u00f6tet en trappa ner i matsalen var lagom stort och mycket v\u00e4lsmakande. Det inleddes med en aptitretande sillatallrik. Efter denna v\u00e4lsmakande inledning f\u00f6ljde ett rikligt julbord med det mesta som ett julbord kan erbjuda. Slutligen frukt och julgodis. Allt tillagat och fint upplagt av klubbkommitt\u00e9n p\u00e5 Odd Fellow. Efter maten \u00e5tersamlades alla i de intilliggande klubblokalerna f\u00f6r kaffe och trevlig samvaro. Pl\u00f6tslig stod det tv\u00e5 tomtar i r\u00f6d toppluva och fr\u00e5gade om det fanns vasasyskon som v\u00e4ntat p\u00e5 dem. Svaret blev ett samf\u00e4llt JA. Var och en fick sedan en liten julklapp som de burit med sig i sina jutes\u00e4ckar. Ett mycket uppskattad inslag. Senare p\u00e5 kv\u00e4llen l\u00e4ste sy Monika, Viktor Rydbergs k\u00e4nda dikt \u201dTomten\u201d. Slutligen ett stort och uppriktigt tack fr\u00e5n oss alla br\u00f6der till er systrar som ordnat allt detta till den minnesv\u00e4rda kv\u00e4ll det blev.<\/p>\n\n\n\n<p><em>I sanning och enighet<\/em><\/p>\n\n\n\n<p><strong>\u201dG\u00e5samiddag\u201d fredag den 11 november<\/strong><\/p>\n\n\n\n<p>V\u00e5r ordf\u00f6rande br Nils-Erik inledde med att h\u00e4lsa kv\u00e4llens g\u00e4ster Distriktsdebuterad (DD) br Bo Jansson, sy Carina Adolfsson, sy Birgitta Lundell och sy Birgitta Andr\u00e9n, fr\u00e5n logen Lidk\u00f6ping v\u00e4lkomna. \u00d6ppnade sedan ritualenligt kv\u00e4llens logem\u00f6te. D\u00e4refter h\u00f6lls reception f\u00f6r Barbro Strand som v\u00e4lkomnades till logen Sk\u00f6vde. Sy Barbro var en av de g\u00e4ster som tidigare bjudits in efter intresseanm\u00e4lan i samband med v\u00e5r n\u00e4rvaro p\u00e5 Sl\u00e4ktforskardagarna i september.&nbsp;Under m\u00f6tesf\u00f6rhandlingarna beslutades att l\u00e4mna en g\u00e5va till jubilerande logen Br\u00e5viken i Norrk\u00f6ping samt att utse br Nils-Erik till delegat till Distriktsm\u00f6tet 2023 och sy Inga-Lill till ers\u00e4ttare. Logem\u00f6tet avslutades under en vacker stj\u00e4rnhimmel till \u201dKopp\u00e5ngen\u201d med Dana Dragomir p\u00e5 panfl\u00f6jt. Efter v\u00e4lkomstdrink i baren var det tid f\u00f6r kv\u00e4llens m\u00e5ltid som bestod av en \u201dfalsk\u201d G\u00e5samiddag. &nbsp;<\/p>\n\n\n\n<p>Till f\u00f6rr\u00e4tt serverades svartsoppa eller champinjonsoppa som alternativ. Till huvudr\u00e4tt en specialgrillad kyckling med g\u00e5samiddagtillbeh\u00f6r. Till dessert en \u00e4pplekaka med vaniljs\u00e5s. En mycket smakrik och god m\u00e5ltid trots den uteblivna genuina g\u00e5sen. Till kaffet hade sy Monika bakat en dr\u00f6mt\u00e5rta. F\u00f6r underh\u00e5llningen svarade S\u00f6ren Frid. Han spelade och sj\u00f6ng mer eller mindre fr\u00e5n det vi kom ner till klubblokalerna fr\u00e5n logem\u00f6tet fram till kv\u00e4llens avslutning med lottdragningen. Det var en mycket trevlig och uppskattad kv\u00e4ll med god mat och underh\u00e5llning i sann vasaanda.<\/p>\n\n\n\n<p><em>I sanning och enighet<\/em><\/p>\n\n\n\n<p><strong>Kulturafton 14 oktober<\/strong><\/p>\n\n\n\n<p>Denna fredagskv\u00e4ll samlades medlemmar av logen Sk\u00f6vde till h\u00f6stens andra logem\u00f6te och efterkapitel i Odd-Fellowhuset i Sk\u00f6vde. Till efterkapitlet hade ett flertal g\u00e4ster bjudits in.&nbsp;<br>Logem\u00f6tet inleddes ritualenligt f\u00f6ljt av ballotering f\u00f6r en ny medlem. Denna utf\u00f6ll gynnsamt med m\u00e5ls\u00e4ttning f\u00f6r reception vid logem\u00f6tet i november. Ett stort antal inbjudningar till logem\u00f6ten fr\u00e5n andra loger hade inkommit. Ett antal h\u00e4lsningar framf\u00f6rdes ocks\u00e5 bl.a. fr\u00e5n medlemmar som inte kunde n\u00e4rvara p\u00e5 grund av oh\u00e4lsa. M\u00f6tet avslutades under stj\u00e4rnhimlen med musikstycket \u201dOne of us\u201d av ABBA.<\/p>\n\n\n\n<p>Vid efterkapitlet serverades en fiskgryta med pasta. Som f\u00f6rel\u00e4sare hade pr\u00e4sten Bengt-\u00c5ke \u00d6gren bjudits in f\u00f6r att visa sina bilder fr\u00e5n sina resor till Svalbard. Det var ett stort antal fina bilder som han visade p\u00e5 b\u00e5de natur och djur. Samtidigt ber\u00e4ttade han om bilderna p\u00e5 ett mycket inlevelserikt om dem. Han ber\u00e4ttade ocks\u00e5 om sitt engagemang f\u00f6r Ukraina och \u00f6nskade att vi kunde l\u00e4mna kl\u00e4der och skor som han kunde ta med dit vid n\u00e4sta resa till Polen i december. G\u00e4rna vinterkl\u00e4der inf\u00f6r den stundande vintern. En kv\u00e4ll som avslutades med kaffe och lottdragning i sann vasaanda.<\/p>\n\n\n\n<p><em>I sanning och enighet<\/em><\/p>\n\n\n\n<p><strong>Kulturafton 9 september<\/strong><\/p>\n\n\n\n<p>Den 9 september blev uppstarten f\u00f6r h\u00f6stens logem\u00f6ten och efterkapitel i logen Sk\u00f6vde. Av olika sk\u00e4l kunde tyv\u00e4rr n\u00e5got f\u00e4rre medlemmar \u00e4n vanligt delta i kv\u00e4llens samvaro. Det uppv\u00e4gdes dock lite av ett par g\u00e4ster som bjudits in. G\u00e4ster som logens medlemmar fick kontakt med under Sl\u00e4ktforskardagarna p\u00e5 Arena Sk\u00f6vde d\u00e4r vi deltog.<\/p>\n\n\n\n<p>Det var ett logem\u00f6te med i huvudsak information fr\u00e5n den g\u00e5ngna sommaren av inkomna brev och meddelanden. \u00d6vriga \u00e4renden gicks igenom utan n\u00e5gra djupare diskussioner varefter det avslutades med ett avkopplande musikstycke i skenet av sanningens ljus.&nbsp;<\/p>\n\n\n\n<p>Till efterkapitlet m\u00f6tte de inbjudna g\u00e4sterna upp som sedan deltog i v\u00e5r gemensamma samvaro med m\u00e5ltid och i \u00f6vriga aktiviteter under kv\u00e4llen.<br>F\u00f6r kv\u00e4llens underh\u00e5llning stod br Nils-Erik och br Jan-Olof. De l\u00e4ste bland annat n\u00e5gra stycken och spelade lite musik. I anslutning till kaffet med god kaka f\u00f6rr\u00e4ttades lottdragningen. Kv\u00e4llen avrundades d\u00e4refter i god vasaanda.<\/p>\n\n\n\n<p><em>I sanning och enighet<\/em><\/p>\n\n\n\n<p><strong>Sl\u00e4ktforskardagar i Sk\u00f6vde 20-21 augusti<\/strong><\/p>\n\n\n\n<p>Under tv\u00e5 dagar, l\u00f6rdag och s\u00f6ndag den 20 och 21 augusti, deltog Vasaorden av Amerika med Logerna Sk\u00f6vde nr 626 och Lidk\u00f6ping nr 636 i en gemensam monter p\u00e5 \u00e5rets Sl\u00e4ktforskardagar inne p\u00e5 Sk\u00f6vde Arena tillsammans med ett stort antal ytterligare utst\u00e4llare. Fr\u00e4mst sl\u00e4ktforskarf\u00f6reningar. F\u00f6rberedelserna hade p\u00e5g\u00e5tt i samverkan under en l\u00e5ng tid fram till fredag den 19 augusti d\u00e5 utst\u00e4llningsmontern skulle iordningst\u00e4llas f\u00f6r de kommande dagarna.<\/p>\n\n\n\n<p>Klockan nio l\u00f6rdag morgon \u00f6ppnades d\u00f6rrarna till m\u00e4ssan f\u00f6r allm\u00e4nheten och klockan tio invigdes densamma med garnisonsmusikerna fr\u00e5n Sk\u00f6vde och den k\u00e4nde k\u00e5s\u00f6ren och pr\u00e4sten Mats L\u00f6ving fr\u00e5n Tidaholm. Under de tv\u00e5 dagarna stod br Nils-Erik, sy Gun och br Roger i montern fr\u00e5n logen Sk\u00f6vde. . Det var en hektisk helg med m\u00e5nga bes\u00f6kare och d\u00e4r ett stort antal visade intresse f\u00f6r v\u00e5r monter och om Vasaorden av Amerika. &nbsp;<\/p>\n\n\n\n<p><em>I sanning och enighet&nbsp;&nbsp;<\/em><\/p>\n\n\n\n<p><strong>Nationaldagsfirande den 6 juni<\/strong><\/p>\n\n\n\n<p>Sy Marianne och br Seppo bj\u00f6d ocks\u00e5 i \u00e5r till nationaldagsfirande i stugan i Tiveden. Det var en fin dag med sol och v\u00e4rme och m\u00e5nga vasasyskon som m\u00f6tte upp. Det hade f\u00f6rberetts v\u00e4l med uppsp\u00e4nt soltak som vi kunde sitta under f\u00f6r att \u00e4ta. Efter att alla samlats v\u00e4lkomnade v\u00e4rdparet med en v\u00e4lkomstdrink.&nbsp; Innan vi satte oss till bords hade en tipspromenad med 12 fr\u00e5gor satts upp med start fr\u00e5n stugan ner mot sj\u00f6n och tillbaka igen. Nere vid sj\u00f6n var det trots det fina badv\u00e4dret ingen som tog tillf\u00e4llet i akt att ta sig ett dopp.&nbsp; Vid \u00e5tersamling vid stugan var det dags f\u00f6r lite mat.<\/p>\n\n\n\n<p><em>I sanning och enighet<\/em><\/p>\n\n\n\n<p><strong>Kulturafton 15 april<\/strong> <\/p>\n\n\n\n<p>Ett tjugotal vasasyskon samlades denna kv\u00e4ll f\u00f6r gemensam samvaro under n\u00e5gra timmar. Den inleddes med logem\u00f6te d\u00e4r de sedvanliga \u00e4rendena gicks igenom utan n\u00e5gra djupare diskussioner eller avg\u00f6rande beslut. Till efterkapitlet samlades alla till en god m\u00e5ltid komponerad av k\u00f6ket p\u00e5 Odd Fellow. Efter\u00e5t \u00e4gnades kv\u00e4llen \u00e5t att l\u00f6sa fr\u00e5gor och g\u00e5tor som sammanst\u00e4llts av sy Ulla-Britt. Det var v\u00e4l sammansatta l\u00e4tta, kluriga och sv\u00e5ra fr\u00e5gor som ocks\u00e5 gav en del nya kunskaper. Till kaffet serverades en god kaka varefter lottdragning genomf\u00f6rdes som sista programpunkt denna kv\u00e4ll. En trevlig dag i sann Vasaanda hos sy Marianne och br Seppo i stugan i Tiveden<\/p>\n\n\n\n<p><em>I sanning och enighet<\/em><\/p>\n\n\n\n<p><strong>\u00c5rsm\u00f6te 12 mars <\/strong> <\/p>\n\n\n\n<p>Covid-19-restriktioner f\u00f6r st\u00f6rre s\u00e4llskap h\u00e4vdes den 9 februari vilket medf\u00f6rde att logens \u00e5rsm\u00f6te kunde genomf\u00f6ras som planerat med bland annat med installation av tj\u00e4nstem\u00e4n. Till logens ordf\u00f6rande valdes br Nils-Erik Johansson och till vice ordf\u00f6rande sy Inga-Lill Mikkelsen. Till protokollssekreterare valdes sy Myra Lehmann och till vice protokollssekreterare valdes sy Gun M S\u00e4rndahl. Omval p\u00e5 \u00f6vriga tj\u00e4nstem\u00e4n.<br>Vid efterkapitlet en smaklig m\u00e5ltid f\u00f6ljt f\u00f6redrag och bildvisning av br Roger fr\u00e5n en rundresa tillsammans med sy Solveig i Turkiet f\u00f6r ett antal \u00e5r tillbaka. Kv\u00e4llen avslutades med kaffe och lotteridragning. <br><br><em>I sanning och enighet<\/em><\/p>\n\n\n\n<p><strong>2022<\/strong> &#8211; <strong>\u00c5rsm\u00f6te 5 februari 2022<\/strong><\/p>\n\n\n\n<p>Covid-19-pandemin. P\u00e5 grund av g\u00e4llande begr\u00e4nsningar i de allm\u00e4nna r\u00e5d och restriktioner som regeringen och folkh\u00e4lsomyndigheten har meddelat inneb\u00e4r det att v\u00e5rt \u00e5rsm\u00f6te den 5 februari st\u00e4lls in.&nbsp;<br>I nul\u00e4get \u00e4r planerat att h\u00e5lla \u00e5rsm\u00f6tet l\u00f6rdagen den 12 mars. S\u00e4rskild kallelse om detta meddelas via mail.&nbsp;<\/p>\n\n\n\n<p><em>I sanning och enighet<\/em><\/p>\n\n\n\n<p>&#8230;&#8230;&#8230;&#8230;&#8230;&#8230;&#8230;&#8230;&#8230;&#8230;&#8230;&#8230;&#8230;&#8230;&#8230;&#8230;&#8230;&#8230;&#8230;&#8230;&#8230;&#8230;&#8230;&#8230;&#8230;&#8230;&#8230;&#8230;&#8230;&#8230;&#8230;&#8230;&#8230;&#8230;&#8230;&#8230;&#8230;&#8230;&#8230;&#8230;&#8230;&#8230;&#8230;&#8230;&#8230;&#8230;&#8230;&#8230;&#8230;&#8230;&#8230;&#8230;&#8230;&#8230;&#8230;&#8230;&#8230;&#8230;<\/p>\n\n\n\n<p><strong>Systrarnas afton 11 december&nbsp;&nbsp;<\/strong><\/p>\n\n\n\n<p>Denna sista vasakv\u00e4ll f\u00f6r \u00e5ret blev lite annorlunda \u00e4n tidigare \u00e5r med endast 15 vasasyskon n\u00e4rvarande. Det blev s\u00e5ledes ett antal vasassyskon f\u00e4rre som hade anm\u00e4lt sig \u00e4n tidigare \u00e5r och heller inga g\u00e4ster fr\u00e5n andra loger. Klubbkommitt\u00e9n fr\u00e5n Odd Fellow meddelade d\u00e5 samtidigt att de inte hade m\u00f6jlighet att laga mat till s\u00e5 f\u00e5 anm\u00e4lda till kv\u00e4llens kulturkv\u00e4ll, systrarna afton. Det fick d\u00e4rf\u00f6r bli en kv\u00e4ll med catering fr\u00e5n Kvantum i Sk\u00f6vde och samling i Gillesv\u00e5ningen i Odd Fellowhuset. D\u00e5 beslut om att inte genomf\u00f6ra n\u00e5got logem\u00f6te i logesalen med uppst\u00e4lld loge h\u00f6lls ist\u00e4llet ett arbetsm\u00f6te i Gillesv\u00e5ngen f\u00f6re maten.&nbsp; En f\u00f6rsta nominering av tj\u00e4nstem\u00e4n gjordes men inga budgetfr\u00e5gor behandlades. Cateringmaten var b\u00e5de riklig och god och mycket uppskattad av alla. Kv\u00e4llens g\u00e4st var en gr\u00e5kl\u00e4dd tomte med en lyckta i handen och som deklamerade Viktor Rydbergs v\u00e4lk\u00e4nda dikt \u201dTomten\u201d p\u00e5 ett inlevelserikt s\u00e4tt. Den utkl\u00e4dda tomten var densamma som tidigare f\u00f6rgyllt systrarnas afton i m\u00e5nga \u00e5r, Per-Erik Pont\u00e9n fr\u00e5n Odd Fellowlogen. Kaffe och lotteridragning rundade av kv\u00e4llen, som i sammanfattning blev en mycket trevlig och gemytlig vasakv\u00e4ll i sann vasaanda.<\/p>\n\n\n\n<p><em>I sanning och enighet <\/em><\/p>\n\n\n\n<p>N\u00e4sta logem\u00f6te den 5 februari 2022 \u00e4r \u00c5rsm\u00f6te med en andra nominering av tj\u00e4nstem\u00e4n, val av tj\u00e4nstem\u00e4n och tj\u00e4nstemannainstallation. Alla logesyskon h\u00e4lsas v\u00e4lkomna.<\/p>\n\n\n\n<p><strong>&#8230;&#8230;&#8230;&#8230;&#8230;&#8230;&#8230;&#8230;&#8230;&#8230;&#8230;&#8230;&#8230;&#8230;&#8230;&#8230;&#8230;&#8230;&#8230;&#8230;&#8230;&#8230;&#8230;&#8230;&#8230;&#8230;&#8230;&#8230;&#8230;&#8230;&#8230;&#8230;&#8230;&#8230;&#8230;&#8230;&#8230;&#8230;&#8230;&#8230;&#8230;&#8230;&#8230;&#8230;&#8230;&#8230;&#8230;&#8230;&#8230;&#8230;..<br>G\u00e5samiddag och Jubileumsfest 13 november&nbsp;<\/strong><\/p>\n\n\n\n<p>Denna l\u00f6rdag kunde s\u00e5 \u00e4ntligen Logen Sk\u00f6vde fira sitt 70-\u00e5rsjubileum i Odd Fellowhuset tillsammans med 53 vasav\u00e4nner. Ett jubileum som mycket annat i samh\u00e4llet fick skjutas p\u00e5 framtiden med anledning av Covid-19 pandemin och g\u00e4llande restriktioner f\u00f6reg\u00e5ende \u00e5r.<\/p>\n\n\n\n<p>Den 12 november 1950 invigdes och startade logen sitt arbete p\u00e5 d\u00e5varande J\u00e4rnv\u00e4gshotellet. D\u00e4r hade logen sedan sin verksamhet de n\u00e4rmaste kommande \u00e5ren. Senare flyttade logen till Hantverkshuset d\u00e4r den blev kvar fram till 2004. D\u00e5 skulle huset renoveras inomhus f\u00f6r annan verksamhet och logen tvingades s\u00f6ka efter nya \u00e4ndam\u00e5lsenliga lokaler. Efter f\u00f6rhandlingar samma \u00e5r med Odd Fellow i Sk\u00f6vde kunde logen skriva kontrakt med dem och f\u00e5 tillg\u00e5ng till deras logehus mm f\u00f6r sin logeverksamhet. Logen har sedan dess haft sin samlingspunkt d\u00e4r.<\/p>\n\n\n\n<p> &nbsp;<\/p>\n\n\n\n<figure class=\"wp-container-2 wp-block-gallery-1 wp-block-gallery has-nested-images columns-default is-cropped\">\n<figure class=\"wp-block-image size-large\"><img loading=\"lazy\" width=\"2560\" height=\"1707\" data-id=\"1119\"  src=\"https:\/\/vasaorden.com\/skovde\/wp-content\/uploads\/sites\/11\/2021\/12\/DSC_0064-scaled-1.jpg\" alt=\"\" class=\"wp-image-1119\" srcset=\"https:\/\/vasaorden.com\/skovde\/wp-content\/uploads\/sites\/11\/2021\/12\/DSC_0064-scaled-1.jpg 2560w, https:\/\/vasaorden.com\/skovde\/wp-content\/uploads\/sites\/11\/2021\/12\/DSC_0064-scaled-1-300x200.jpg 300w, https:\/\/vasaorden.com\/skovde\/wp-content\/uploads\/sites\/11\/2021\/12\/DSC_0064-scaled-1-1024x683.jpg 1024w, https:\/\/vasaorden.com\/skovde\/wp-content\/uploads\/sites\/11\/2021\/12\/DSC_0064-scaled-1-768x512.jpg 768w, https:\/\/vasaorden.com\/skovde\/wp-content\/uploads\/sites\/11\/2021\/12\/DSC_0064-scaled-1-1536x1024.jpg 1536w, https:\/\/vasaorden.com\/skovde\/wp-content\/uploads\/sites\/11\/2021\/12\/DSC_0064-scaled-1-2048x1366.jpg 2048w\" sizes=\"(max-width: 2560px) 100vw, 2560px\" \/><\/figure>\n\n\n\n<figure class=\"wp-block-image size-large\"><img loading=\"lazy\" width=\"2560\" height=\"1707\" data-id=\"1120\"  src=\"https:\/\/vasaorden.com\/skovde\/wp-content\/uploads\/sites\/11\/2021\/12\/DSC_0067-scaled-1.jpg\" alt=\"\" class=\"wp-image-1120\" srcset=\"https:\/\/vasaorden.com\/skovde\/wp-content\/uploads\/sites\/11\/2021\/12\/DSC_0067-scaled-1.jpg 2560w, https:\/\/vasaorden.com\/skovde\/wp-content\/uploads\/sites\/11\/2021\/12\/DSC_0067-scaled-1-300x200.jpg 300w, https:\/\/vasaorden.com\/skovde\/wp-content\/uploads\/sites\/11\/2021\/12\/DSC_0067-scaled-1-1024x683.jpg 1024w, https:\/\/vasaorden.com\/skovde\/wp-content\/uploads\/sites\/11\/2021\/12\/DSC_0067-scaled-1-768x512.jpg 768w, https:\/\/vasaorden.com\/skovde\/wp-content\/uploads\/sites\/11\/2021\/12\/DSC_0067-scaled-1-1536x1024.jpg 1536w, https:\/\/vasaorden.com\/skovde\/wp-content\/uploads\/sites\/11\/2021\/12\/DSC_0067-scaled-1-2048x1366.jpg 2048w\" sizes=\"(max-width: 2560px) 100vw, 2560px\" \/><\/figure>\n\n\n\n<figure class=\"wp-block-image size-large\"><img loading=\"lazy\" width=\"2560\" height=\"1707\" data-id=\"1122\"  src=\"https:\/\/vasaorden.com\/skovde\/wp-content\/uploads\/sites\/11\/2021\/12\/DSC_0070-scaled-1.jpg\" alt=\"\" class=\"wp-image-1122\" srcset=\"https:\/\/vasaorden.com\/skovde\/wp-content\/uploads\/sites\/11\/2021\/12\/DSC_0070-scaled-1.jpg 2560w, https:\/\/vasaorden.com\/skovde\/wp-content\/uploads\/sites\/11\/2021\/12\/DSC_0070-scaled-1-300x200.jpg 300w, https:\/\/vasaorden.com\/skovde\/wp-content\/uploads\/sites\/11\/2021\/12\/DSC_0070-scaled-1-1024x683.jpg 1024w, https:\/\/vasaorden.com\/skovde\/wp-content\/uploads\/sites\/11\/2021\/12\/DSC_0070-scaled-1-768x512.jpg 768w, https:\/\/vasaorden.com\/skovde\/wp-content\/uploads\/sites\/11\/2021\/12\/DSC_0070-scaled-1-1536x1024.jpg 1536w, https:\/\/vasaorden.com\/skovde\/wp-content\/uploads\/sites\/11\/2021\/12\/DSC_0070-scaled-1-2048x1366.jpg 2048w\" sizes=\"(max-width: 2560px) 100vw, 2560px\" \/><\/figure>\n\n\n\n<figure class=\"wp-block-image size-large\"><img loading=\"lazy\" width=\"2560\" height=\"1707\" data-id=\"1121\"  src=\"https:\/\/vasaorden.com\/skovde\/wp-content\/uploads\/sites\/11\/2021\/12\/DSC_0069-scaled-1.jpg\" alt=\"\" class=\"wp-image-1121\" srcset=\"https:\/\/vasaorden.com\/skovde\/wp-content\/uploads\/sites\/11\/2021\/12\/DSC_0069-scaled-1.jpg 2560w, https:\/\/vasaorden.com\/skovde\/wp-content\/uploads\/sites\/11\/2021\/12\/DSC_0069-scaled-1-300x200.jpg 300w, https:\/\/vasaorden.com\/skovde\/wp-content\/uploads\/sites\/11\/2021\/12\/DSC_0069-scaled-1-1024x683.jpg 1024w, https:\/\/vasaorden.com\/skovde\/wp-content\/uploads\/sites\/11\/2021\/12\/DSC_0069-scaled-1-768x512.jpg 768w, https:\/\/vasaorden.com\/skovde\/wp-content\/uploads\/sites\/11\/2021\/12\/DSC_0069-scaled-1-1536x1024.jpg 1536w, https:\/\/vasaorden.com\/skovde\/wp-content\/uploads\/sites\/11\/2021\/12\/DSC_0069-scaled-1-2048x1366.jpg 2048w\" sizes=\"(max-width: 2560px) 100vw, 2560px\" \/><\/figure>\n\n\n\n<figure class=\"wp-block-image size-large\"><img loading=\"lazy\" width=\"2560\" height=\"1707\" data-id=\"1124\"  src=\"https:\/\/vasaorden.com\/skovde\/wp-content\/uploads\/sites\/11\/2021\/12\/DSC_0074-scaled-1.jpg\" alt=\"\" class=\"wp-image-1124\" srcset=\"https:\/\/vasaorden.com\/skovde\/wp-content\/uploads\/sites\/11\/2021\/12\/DSC_0074-scaled-1.jpg 2560w, https:\/\/vasaorden.com\/skovde\/wp-content\/uploads\/sites\/11\/2021\/12\/DSC_0074-scaled-1-300x200.jpg 300w, https:\/\/vasaorden.com\/skovde\/wp-content\/uploads\/sites\/11\/2021\/12\/DSC_0074-scaled-1-1024x683.jpg 1024w, https:\/\/vasaorden.com\/skovde\/wp-content\/uploads\/sites\/11\/2021\/12\/DSC_0074-scaled-1-768x512.jpg 768w, https:\/\/vasaorden.com\/skovde\/wp-content\/uploads\/sites\/11\/2021\/12\/DSC_0074-scaled-1-1536x1024.jpg 1536w, https:\/\/vasaorden.com\/skovde\/wp-content\/uploads\/sites\/11\/2021\/12\/DSC_0074-scaled-1-2048x1366.jpg 2048w\" sizes=\"(max-width: 2560px) 100vw, 2560px\" \/><\/figure>\n\n\n\n<figure class=\"wp-block-image size-large\"><img loading=\"lazy\" width=\"2560\" height=\"1707\" data-id=\"1123\"  src=\"https:\/\/vasaorden.com\/skovde\/wp-content\/uploads\/sites\/11\/2021\/12\/DSC_0073-scaled-1.jpg\" alt=\"\" class=\"wp-image-1123\" srcset=\"https:\/\/vasaorden.com\/skovde\/wp-content\/uploads\/sites\/11\/2021\/12\/DSC_0073-scaled-1.jpg 2560w, https:\/\/vasaorden.com\/skovde\/wp-content\/uploads\/sites\/11\/2021\/12\/DSC_0073-scaled-1-300x200.jpg 300w, https:\/\/vasaorden.com\/skovde\/wp-content\/uploads\/sites\/11\/2021\/12\/DSC_0073-scaled-1-1024x683.jpg 1024w, https:\/\/vasaorden.com\/skovde\/wp-content\/uploads\/sites\/11\/2021\/12\/DSC_0073-scaled-1-768x512.jpg 768w, https:\/\/vasaorden.com\/skovde\/wp-content\/uploads\/sites\/11\/2021\/12\/DSC_0073-scaled-1-1536x1024.jpg 1536w, https:\/\/vasaorden.com\/skovde\/wp-content\/uploads\/sites\/11\/2021\/12\/DSC_0073-scaled-1-2048x1366.jpg 2048w\" sizes=\"(max-width: 2560px) 100vw, 2560px\" \/><\/figure>\n<\/figure>\n\n\n\n<p><\/p>\n\n\n\n<p>Klockan 16.00 \u00f6ppnade ordf\u00f6randen br Seppo Jubileumslogem\u00f6tet. Det f\u00f6ljdes av inf\u00f6rande av g\u00e4ster och ljust\u00e4ndning. Ut\u00f6ver logens egna medlemmar hade g\u00e4ster anm\u00e4lt sig fr\u00e5n Stockholm, Norrk\u00f6ping, V\u00e4ster\u00e5s, Lidk\u00f6ping, Karlstad, Kung\u00e4lv och G\u00f6teborg. Bland dessa ocks\u00e5 DL19:s Distriktsm\u00e4stare Maggie Ahlin Tehlin tillsammans med flertalet medlemmar ur Exekutiva R\u00e5det. Med alla p\u00e5 plats i logesalen f\u00f6ljde en finst\u00e4md och v\u00e4l genomf\u00f6rd fanparad tillsammans med nationalhymner och tal. Efter denna ett jubileumslogem\u00f6te med utdelning av f\u00f6rtj\u00e4nsttecken, gratulationer och tal. Sy Anne-Marie D och sy Gunnel erh\u00f6ll b\u00e5da Distriktets F\u00f6rtj\u00e4nsttecken, som \u00f6verr\u00e4cktes av Distriktsm\u00e4stare Maggie. Inkomna telegram fr\u00e5n loger i Sverige och Storlogen l\u00e4stes upp av Sy Gunnel f\u00f6ljt av gratulationer av n\u00e4rvarande g\u00e4ster. Logem\u00f6tet avslutades med att ungdomarna i Sk\u00f6vdek\u00f6ren \u201dFyrtorn\u201d kom in i logesalen och sj\u00f6ng \u201dV\u00e4stg\u00f6tahymnen\u201d.<\/p>\n\n\n\n<p><\/p>\n\n\n\n<figure class=\"wp-container-4 wp-block-gallery-3 wp-block-gallery has-nested-images columns-default is-cropped\">\n<figure class=\"wp-block-image size-large\"><img loading=\"lazy\" width=\"2560\" height=\"1707\" data-id=\"1127\"  src=\"https:\/\/vasaorden.com\/skovde\/wp-content\/uploads\/sites\/11\/2021\/12\/DSC_0079-scaled-1.jpg\" alt=\"\" class=\"wp-image-1127\" srcset=\"https:\/\/vasaorden.com\/skovde\/wp-content\/uploads\/sites\/11\/2021\/12\/DSC_0079-scaled-1.jpg 2560w, https:\/\/vasaorden.com\/skovde\/wp-content\/uploads\/sites\/11\/2021\/12\/DSC_0079-scaled-1-300x200.jpg 300w, https:\/\/vasaorden.com\/skovde\/wp-content\/uploads\/sites\/11\/2021\/12\/DSC_0079-scaled-1-1024x683.jpg 1024w, https:\/\/vasaorden.com\/skovde\/wp-content\/uploads\/sites\/11\/2021\/12\/DSC_0079-scaled-1-768x512.jpg 768w, https:\/\/vasaorden.com\/skovde\/wp-content\/uploads\/sites\/11\/2021\/12\/DSC_0079-scaled-1-1536x1024.jpg 1536w, https:\/\/vasaorden.com\/skovde\/wp-content\/uploads\/sites\/11\/2021\/12\/DSC_0079-scaled-1-2048x1366.jpg 2048w\" sizes=\"(max-width: 2560px) 100vw, 2560px\" \/><\/figure>\n\n\n\n<figure class=\"wp-block-image size-large\"><img loading=\"lazy\" width=\"2560\" height=\"1707\" data-id=\"1128\"  src=\"https:\/\/vasaorden.com\/skovde\/wp-content\/uploads\/sites\/11\/2021\/12\/DSC_0081-scaled-1.jpg\" alt=\"\" class=\"wp-image-1128\" srcset=\"https:\/\/vasaorden.com\/skovde\/wp-content\/uploads\/sites\/11\/2021\/12\/DSC_0081-scaled-1.jpg 2560w, https:\/\/vasaorden.com\/skovde\/wp-content\/uploads\/sites\/11\/2021\/12\/DSC_0081-scaled-1-300x200.jpg 300w, https:\/\/vasaorden.com\/skovde\/wp-content\/uploads\/sites\/11\/2021\/12\/DSC_0081-scaled-1-1024x683.jpg 1024w, https:\/\/vasaorden.com\/skovde\/wp-content\/uploads\/sites\/11\/2021\/12\/DSC_0081-scaled-1-768x512.jpg 768w, https:\/\/vasaorden.com\/skovde\/wp-content\/uploads\/sites\/11\/2021\/12\/DSC_0081-scaled-1-1536x1024.jpg 1536w, https:\/\/vasaorden.com\/skovde\/wp-content\/uploads\/sites\/11\/2021\/12\/DSC_0081-scaled-1-2048x1366.jpg 2048w\" sizes=\"(max-width: 2560px) 100vw, 2560px\" \/><\/figure>\n\n\n\n<figure class=\"wp-block-image size-large\"><img loading=\"lazy\" width=\"2560\" height=\"1707\" data-id=\"1129\"  src=\"https:\/\/vasaorden.com\/skovde\/wp-content\/uploads\/sites\/11\/2021\/12\/DSC_0082-scaled-1.jpg\" alt=\"\" class=\"wp-image-1129\" srcset=\"https:\/\/vasaorden.com\/skovde\/wp-content\/uploads\/sites\/11\/2021\/12\/DSC_0082-scaled-1.jpg 2560w, https:\/\/vasaorden.com\/skovde\/wp-content\/uploads\/sites\/11\/2021\/12\/DSC_0082-scaled-1-300x200.jpg 300w, https:\/\/vasaorden.com\/skovde\/wp-content\/uploads\/sites\/11\/2021\/12\/DSC_0082-scaled-1-1024x683.jpg 1024w, https:\/\/vasaorden.com\/skovde\/wp-content\/uploads\/sites\/11\/2021\/12\/DSC_0082-scaled-1-768x512.jpg 768w, https:\/\/vasaorden.com\/skovde\/wp-content\/uploads\/sites\/11\/2021\/12\/DSC_0082-scaled-1-1536x1024.jpg 1536w, https:\/\/vasaorden.com\/skovde\/wp-content\/uploads\/sites\/11\/2021\/12\/DSC_0082-scaled-1-2048x1366.jpg 2048w\" sizes=\"(max-width: 2560px) 100vw, 2560px\" \/><\/figure>\n<\/figure>\n\n\n\n<p><\/p>\n\n\n\n<p>Vid logem\u00f6tets slut \u00e5tersamlades alla i samkv\u00e4msrummen p\u00e5 f\u00f6rsta v\u00e5ningen f\u00f6r en v\u00e4lkomstdrink. Efter en stunds mingel och n\u00e4r alla satt sig till bords underh\u00f6ll de fem ungdomarna i k\u00f6ren \u201dFyrtorn\u201d \u00e5terigen en stund. S\u00e5 var det d\u00e5 tid f\u00f6r servering av kv\u00e4llen m\u00e5ltid &#8211; G\u00e5samiddag.&nbsp; Tyv\u00e4rr inte en traditionell g\u00e5samiddag d\u00e5 det var brist p\u00e5 g\u00e4ss. Resultatet var \u00e4nd\u00e5 gott, men inte j\u00e4mf\u00f6rbart. Till f\u00f6rr\u00e4tt serverades sedvanlig svartsoppa alternativt champinjonsoppa f\u00f6ljt av huvudr\u00e4tten best\u00e5ende av g\u00e5sbr\u00f6st med tillbeh\u00f6ren brysselk\u00e5l, r\u00f6dk\u00e5l, potatis och s\u00e5s. Till dessert sk\u00e5nsk \u00e4pplekaka med vaniljs\u00e5s. &nbsp;G\u00e4sterna fick ocks\u00e5 ta del av en kortare historisk information om dels G\u00e5samiddagens uppkomst och dels om Odd Fellowhuset d\u00e4r vi nu firade logens 70-\u00e5rsjubileum. &nbsp;<\/p>\n\n\n\n<p><\/p>\n\n\n\n<figure class=\"wp-container-6 wp-block-gallery-5 wp-block-gallery has-nested-images columns-default is-cropped\">\n<figure class=\"wp-block-image size-large\"><img loading=\"lazy\" width=\"2560\" height=\"1707\" data-id=\"1132\"  src=\"https:\/\/vasaorden.com\/skovde\/wp-content\/uploads\/sites\/11\/2021\/12\/DSC_0087-scaled-1.jpg\" alt=\"\" class=\"wp-image-1132\" srcset=\"https:\/\/vasaorden.com\/skovde\/wp-content\/uploads\/sites\/11\/2021\/12\/DSC_0087-scaled-1.jpg 2560w, https:\/\/vasaorden.com\/skovde\/wp-content\/uploads\/sites\/11\/2021\/12\/DSC_0087-scaled-1-300x200.jpg 300w, https:\/\/vasaorden.com\/skovde\/wp-content\/uploads\/sites\/11\/2021\/12\/DSC_0087-scaled-1-1024x683.jpg 1024w, https:\/\/vasaorden.com\/skovde\/wp-content\/uploads\/sites\/11\/2021\/12\/DSC_0087-scaled-1-768x512.jpg 768w, https:\/\/vasaorden.com\/skovde\/wp-content\/uploads\/sites\/11\/2021\/12\/DSC_0087-scaled-1-1536x1024.jpg 1536w, https:\/\/vasaorden.com\/skovde\/wp-content\/uploads\/sites\/11\/2021\/12\/DSC_0087-scaled-1-2048x1366.jpg 2048w\" sizes=\"(max-width: 2560px) 100vw, 2560px\" \/><\/figure>\n\n\n\n<figure class=\"wp-block-image size-large\"><img loading=\"lazy\" width=\"2560\" height=\"1707\" data-id=\"1131\"  src=\"https:\/\/vasaorden.com\/skovde\/wp-content\/uploads\/sites\/11\/2021\/12\/DSC_0083-scaled-1.jpg\" alt=\"\" class=\"wp-image-1131\" srcset=\"https:\/\/vasaorden.com\/skovde\/wp-content\/uploads\/sites\/11\/2021\/12\/DSC_0083-scaled-1.jpg 2560w, https:\/\/vasaorden.com\/skovde\/wp-content\/uploads\/sites\/11\/2021\/12\/DSC_0083-scaled-1-300x200.jpg 300w, https:\/\/vasaorden.com\/skovde\/wp-content\/uploads\/sites\/11\/2021\/12\/DSC_0083-scaled-1-1024x683.jpg 1024w, https:\/\/vasaorden.com\/skovde\/wp-content\/uploads\/sites\/11\/2021\/12\/DSC_0083-scaled-1-768x512.jpg 768w, https:\/\/vasaorden.com\/skovde\/wp-content\/uploads\/sites\/11\/2021\/12\/DSC_0083-scaled-1-1536x1024.jpg 1536w, https:\/\/vasaorden.com\/skovde\/wp-content\/uploads\/sites\/11\/2021\/12\/DSC_0083-scaled-1-2048x1366.jpg 2048w\" sizes=\"(max-width: 2560px) 100vw, 2560px\" \/><\/figure>\n\n\n\n<figure class=\"wp-block-image size-large\"><img loading=\"lazy\" width=\"2560\" height=\"1707\" data-id=\"1133\"  src=\"https:\/\/vasaorden.com\/skovde\/wp-content\/uploads\/sites\/11\/2021\/12\/DSC_0090-scaled-1.jpg\" alt=\"\" class=\"wp-image-1133\" srcset=\"https:\/\/vasaorden.com\/skovde\/wp-content\/uploads\/sites\/11\/2021\/12\/DSC_0090-scaled-1.jpg 2560w, https:\/\/vasaorden.com\/skovde\/wp-content\/uploads\/sites\/11\/2021\/12\/DSC_0090-scaled-1-300x200.jpg 300w, https:\/\/vasaorden.com\/skovde\/wp-content\/uploads\/sites\/11\/2021\/12\/DSC_0090-scaled-1-1024x683.jpg 1024w, https:\/\/vasaorden.com\/skovde\/wp-content\/uploads\/sites\/11\/2021\/12\/DSC_0090-scaled-1-768x512.jpg 768w, https:\/\/vasaorden.com\/skovde\/wp-content\/uploads\/sites\/11\/2021\/12\/DSC_0090-scaled-1-1536x1024.jpg 1536w, https:\/\/vasaorden.com\/skovde\/wp-content\/uploads\/sites\/11\/2021\/12\/DSC_0090-scaled-1-2048x1366.jpg 2048w\" sizes=\"(max-width: 2560px) 100vw, 2560px\" \/><\/figure>\n\n\n\n<figure class=\"wp-block-image size-large\"><img loading=\"lazy\" width=\"2560\" height=\"1707\" data-id=\"1135\"  src=\"https:\/\/vasaorden.com\/skovde\/wp-content\/uploads\/sites\/11\/2021\/12\/DSC_0092-scaled-1.jpg\" alt=\"\" class=\"wp-image-1135\" srcset=\"https:\/\/vasaorden.com\/skovde\/wp-content\/uploads\/sites\/11\/2021\/12\/DSC_0092-scaled-1.jpg 2560w, https:\/\/vasaorden.com\/skovde\/wp-content\/uploads\/sites\/11\/2021\/12\/DSC_0092-scaled-1-300x200.jpg 300w, https:\/\/vasaorden.com\/skovde\/wp-content\/uploads\/sites\/11\/2021\/12\/DSC_0092-scaled-1-1024x683.jpg 1024w, https:\/\/vasaorden.com\/skovde\/wp-content\/uploads\/sites\/11\/2021\/12\/DSC_0092-scaled-1-768x512.jpg 768w, https:\/\/vasaorden.com\/skovde\/wp-content\/uploads\/sites\/11\/2021\/12\/DSC_0092-scaled-1-1536x1024.jpg 1536w, https:\/\/vasaorden.com\/skovde\/wp-content\/uploads\/sites\/11\/2021\/12\/DSC_0092-scaled-1-2048x1366.jpg 2048w\" sizes=\"(max-width: 2560px) 100vw, 2560px\" \/><\/figure>\n\n\n\n<figure class=\"wp-block-image size-large\"><img loading=\"lazy\" width=\"2560\" height=\"1707\" data-id=\"1134\"  src=\"https:\/\/vasaorden.com\/skovde\/wp-content\/uploads\/sites\/11\/2021\/12\/DSC_0091-scaled-1.jpg\" alt=\"\" class=\"wp-image-1134\" srcset=\"https:\/\/vasaorden.com\/skovde\/wp-content\/uploads\/sites\/11\/2021\/12\/DSC_0091-scaled-1.jpg 2560w, https:\/\/vasaorden.com\/skovde\/wp-content\/uploads\/sites\/11\/2021\/12\/DSC_0091-scaled-1-300x200.jpg 300w, https:\/\/vasaorden.com\/skovde\/wp-content\/uploads\/sites\/11\/2021\/12\/DSC_0091-scaled-1-1024x683.jpg 1024w, https:\/\/vasaorden.com\/skovde\/wp-content\/uploads\/sites\/11\/2021\/12\/DSC_0091-scaled-1-768x512.jpg 768w, https:\/\/vasaorden.com\/skovde\/wp-content\/uploads\/sites\/11\/2021\/12\/DSC_0091-scaled-1-1536x1024.jpg 1536w, https:\/\/vasaorden.com\/skovde\/wp-content\/uploads\/sites\/11\/2021\/12\/DSC_0091-scaled-1-2048x1366.jpg 2048w\" sizes=\"(max-width: 2560px) 100vw, 2560px\" \/><\/figure>\n\n\n\n<figure class=\"wp-block-image size-large\"><img loading=\"lazy\" width=\"2560\" height=\"1707\" data-id=\"1136\"  src=\"https:\/\/vasaorden.com\/skovde\/wp-content\/uploads\/sites\/11\/2021\/12\/DSC_0094-scaled-1.jpg\" alt=\"\" class=\"wp-image-1136\" srcset=\"https:\/\/vasaorden.com\/skovde\/wp-content\/uploads\/sites\/11\/2021\/12\/DSC_0094-scaled-1.jpg 2560w, https:\/\/vasaorden.com\/skovde\/wp-content\/uploads\/sites\/11\/2021\/12\/DSC_0094-scaled-1-300x200.jpg 300w, https:\/\/vasaorden.com\/skovde\/wp-content\/uploads\/sites\/11\/2021\/12\/DSC_0094-scaled-1-1024x683.jpg 1024w, https:\/\/vasaorden.com\/skovde\/wp-content\/uploads\/sites\/11\/2021\/12\/DSC_0094-scaled-1-768x512.jpg 768w, https:\/\/vasaorden.com\/skovde\/wp-content\/uploads\/sites\/11\/2021\/12\/DSC_0094-scaled-1-1536x1024.jpg 1536w, https:\/\/vasaorden.com\/skovde\/wp-content\/uploads\/sites\/11\/2021\/12\/DSC_0094-scaled-1-2048x1366.jpg 2048w\" sizes=\"(max-width: 2560px) 100vw, 2560px\" \/><\/figure>\n<\/figure>\n\n\n\n<h5>&nbsp; &nbsp; &nbsp; &nbsp; &nbsp; &nbsp; &nbsp;&nbsp; &nbsp; &nbsp; &nbsp; &nbsp; &nbsp; &nbsp; &nbsp; &nbsp; &nbsp; &nbsp; &nbsp; &nbsp; &nbsp; &nbsp; &nbsp; &nbsp; &nbsp; &nbsp; &nbsp; &nbsp; &nbsp; &nbsp; &nbsp; &nbsp; &nbsp; &nbsp; &nbsp; &nbsp; &nbsp; &nbsp; &nbsp; &nbsp; &nbsp; &nbsp; &nbsp; &nbsp; &nbsp; &nbsp; &nbsp; &nbsp; &nbsp; &nbsp; &nbsp; &nbsp; &nbsp; &nbsp; &nbsp; &nbsp; &nbsp; &nbsp; &nbsp; &nbsp; &nbsp; &nbsp; &nbsp; &nbsp; &nbsp; &nbsp; &nbsp; &nbsp; &nbsp; &nbsp; &nbsp; &nbsp; &nbsp; &nbsp;&nbsp; &nbsp; &nbsp; &nbsp; &nbsp; &nbsp; &nbsp; &nbsp; &nbsp; <\/h5>\n\n\n\n<p>Kaffe och chokladbiskvi serverades en stund senare i gemensamhetsrummen med lottdragning p\u00e5 vinlotteriet. Tv\u00e5 av vinsterna, en tavla och ett par \u00f6rh\u00e4ngen, sk\u00e4nkta av familjen Arkman lottades ut s\u00e4rskilt. Kv\u00e4llen avrundades fram emot midnatt d\u00e5 de flesta av g\u00e4sterna b\u00f6rjade dra sig hem\u00e5t. Flera l\u00e5ngv\u00e4ga g\u00e4ster hade bokat in sig p\u00e5 n\u00e5got av de n\u00e4rbel\u00e4gna hotellen och reste hem f\u00f6rst n\u00e4sta dag. I sammanfattning en mycket trevlig kv\u00e4ll tillsammans logesyskon och ett stort antal l\u00e5ngv\u00e4ga vasav\u00e4nner som man inte tr\u00e4ffat p\u00e5 l\u00e4nge och som enbart tagit sig till Sk\u00f6vde f\u00f6r att delta i v\u00e5rt jubileumsfirande.&nbsp; &nbsp;&nbsp;&nbsp; &nbsp;<\/p>\n\n\n\n<p><em>I sanning och enighet<\/em><\/p>\n\n\n\n<p>N\u00e4sta logem\u00f6te den 11 december&nbsp;&nbsp;<\/p>\n\n\n\n<h5>&#8230;&#8230;&#8230;&#8230;&#8230;&#8230;&#8230;&#8230;&#8230;&#8230;&#8230;&#8230;&#8230;&#8230;&#8230;&#8230;&#8230;&#8230;&#8230;&#8230;&#8230;&#8230;&#8230;&#8230;&#8230;&#8230;&#8230;&#8230;&#8230;&#8230;&#8230;&#8230;&#8230;&#8230;&#8230;&#8230;&#8230;&#8230;&#8230;&#8230;&#8230;&#8230;&#8230;&#8230;&#8230;&#8230;&#8230;&#8230;&#8230;&#8230;&#8230;&#8230;&#8230;&#8230;&#8230;&#8230;&#8230;&#8230;&#8230;&#8230;&#8230;&#8230;&#8230;&#8230;&#8230;&#8230;&#8230;&#8230;&#8230;&#8230;.&nbsp; &nbsp; &nbsp;&nbsp;<\/h5>\n\n\n\n<p><strong>Kulturafton den 1 oktober<\/strong><\/p>\n\n\n\n<p>S\u00e5 var vi ig\u00e5ng p\u00e5 \u201driktigt\u201d igen. Vi kunde och fick sitta bredvid varandra p\u00e5 ett mer komfortabelt s\u00e4tt \u00e4n vid f\u00f6rra kulturaftonen i september. Kv\u00e4llen inleddes med logem\u00f6te med uppst\u00e4lld loge i Odd Fellowhuset. Vid efterkapitlet samlades vi f\u00f6rst i matsalen f\u00f6r en god kv\u00e4llsm\u00e5ltid och senare i s\u00e4llskapsrummen f\u00f6r filmf\u00f6revisning.<\/p>\n\n\n\n<p>Efter logem\u00f6tets sedvanliga h\u00f6gtidliga \u00f6ppnade genomf\u00f6rdes en parentation. D\u00e5 pandemin medf\u00f6rt att inga logem\u00f6ten kunnat h\u00e5llas under drygt ett och halvt \u00e5rs tid blev det tidigast nu m\u00f6jlighet att h\u00e5lla denna till minne f\u00f6r vasasyskonen br Alf-Inge Nilsson, medlem i logen sedan 1981 och br Arne Lindberg, medlem i logen sedan 1974, som g\u00e5tt bort under denna tid. &nbsp;Under det f\u00f6ljande logem\u00f6tet informerades dels om att ordinarie ledamot till Distriktm\u00f6tet kommande helg inte kan delta varf\u00f6r valde ers\u00e4ttaren ist\u00e4llet tar dennes plats och dels att planeringen inf\u00f6r kommande logem\u00f6te den 13 november, tillika jubileumslogem\u00f6te, p\u00e5g\u00e5r f\u00f6r fullt. De resterande punkterna p\u00e5 dagordningen genomf\u00f6rdes i lugn och stillsam takt inom den ber\u00e4knade tiden inf\u00f6r efterkapitlet. &nbsp;&nbsp; &nbsp; &nbsp; &nbsp; &nbsp;<\/p>\n\n\n\n<p>Vid efterkapitlet bj\u00f6ds inledningsvis p\u00e5 en god l\u00e4cker m\u00e5ltid med inspiration av oktoberfest med korv, surk\u00e5l, potatissallad och potatismos till valfri dryck. &nbsp;Ett stort tack framf\u00f6rdes av ordf\u00f6randen br Seppo till de b\u00e5da fr\u00e5n Odd Fellows klubbkommitt\u00e9 som lagat maten. Kaffe med apfelstrudel serverades d\u00e4refter i s\u00e4llskapsrummen vid sidan av matsalen.<\/p>\n\n\n\n<p>D\u00e4r hade f\u00f6rel\u00e4saren Leif Crona st\u00e4llt iordning f\u00f6r filmvisning. Han visade tio olika filmer p\u00e5 mellan tv\u00e5 och femton minuter. Det var ett brett utbud med filmer om galgbackar, V\u00e5mbdalens utveckling med cementa i centrum, bilb\u00e5ten med vatten-jet, mm. Den \u00e4ldsta filmen var fr\u00e5n en inspelning 1974 med tidigare vasamedlemmen V\u00e4stg\u00f6ta-Bengtsson, som guide i kulturbygden med v\u00e4rnpliktiga fr\u00e5n ett regemente i Sk\u00f6vde.<\/p>\n\n\n\n<p>Den andra, men f\u00f6rsta gemensamma vasakv\u00e4llen efter att allm\u00e4nna r\u00e5d och restriktioner tagits bort, avslutades med lottdragning. &nbsp;&nbsp;&nbsp;<\/p>\n\n\n\n<p>I sanning och enighet<\/p>\n\n\n\n<p><em>N\u00e4sta logem\u00f6te den 13 november, med 70(+1) \u00e5rs-jubileum och G\u00e5samiddag.&nbsp;&nbsp;&nbsp;&nbsp;&nbsp;&nbsp;&nbsp;&nbsp;&nbsp;&nbsp;<br>&#8230;&#8230;&#8230;&#8230;&#8230;&#8230;&#8230;&#8230;&#8230;&#8230;&#8230;&#8230;&#8230;&#8230;&#8230;&#8230;&#8230;&#8230;&#8230;&#8230;&#8230;&#8230;&#8230;&#8230;&#8230;&#8230;&#8230;&#8230;&#8230;&#8230;&#8230;&#8230;&#8230;&#8230;&#8230;&#8230;&#8230;&#8230;&#8230;&#8230;&#8230;&#8230;&#8230;&#8230;&#8230;&#8230;&#8230;&#8230;&#8230;&#8230;&#8230;&#8230;&#8230;&#8230;&#8230;&#8230;&#8230;&#8230;&#8230;&#8230;&#8230;&#8230;&#8230;&#8230;&#8230;&#8230;&#8230;&#8230;&#8230;&#8230;&#8230;&#8230;.&nbsp; &nbsp; &nbsp;&nbsp;<\/em><\/p>\n\n\n\n<p><strong>Kulturafton den 10 september<\/strong><\/p>\n\n\n\n<p>Efter 1 och \u00bd \u00e5r med en pandemi, covid-19, som pr\u00e4glat allas v\u00e5ra liv, kunde vi vasasyskon \u00e5terigen ses fysiskt inomhus p\u00e5 en kulturkv\u00e4ll i Odd Fellowhuset i Sk\u00f6vde. Pandemin som pr\u00e4glat v\u00e5r tillvaro har ju trots allt \u00e4nnu inte klingat av helt s\u00e5 viss os\u00e4kerhet r\u00e5der ju fortsatt om den n\u00e4rmaste framtiden. &nbsp;Det var sjutton vasasyskon som sl\u00f6t upp till kv\u00e4llens logem\u00f6te och efterkapitel. Ett antal f\u00f6rre \u00e4n ber\u00e4knat.<br>Logem\u00f6tet genomf\u00f6rdes till v\u00e4sentliga delar som ett \u00e5rsm\u00f6te med rapporter fr\u00e5n de av logen utsedda tj\u00e4nstem\u00e4n inom respektive ansvarsomr\u00e5den. &nbsp;Bland annat fr\u00e5n kass\u00f6ren rapporterades att vi g\u00e5tt minus ekonomiskt fr\u00e4mst beroende p\u00e5 per capitaavgift och hyreskostander till Odd Fellow. Medlemsantalet har ocks\u00e5 minskat sedan pandemins utbrott. <br>En tyst minut h\u00f6lls f\u00f6r v\u00e5ra avlidna medlemmar vid logens avslutning. Parentation kommer att h\u00e5llas vid kommande logem\u00f6te. Efter avslutat logem\u00f6te fick vasasyskonen lyssna till stillsam musik av Mozart under takets stj\u00e4rnhimmel. <br>Till efterkapitlet samlades vi till bords i matsalen d\u00e4r arbetsgruppen vackert dukat upp. Klubbkommitt\u00e9n fr\u00e5n Odd Fellow serverade en mycket smakfull och god k\u00f6ttf\u00e4rspaj med sallad och br\u00f6d till. Till kaffet lite senare serverades en kladdkaka med hallon och gr\u00e4dde. Lotteriet avslutade kv\u00e4llen d\u00e4r prisbordet var v\u00e4lfyllt av sk\u00e4nkta vinster. &nbsp;<br>En uppstart som visade p\u00e5 att det funnits en saknad av denna form av gemenskap. Det fanns mycket s\u00e5 mycket att prata om i trivseln av sann vasaanda.&nbsp; &nbsp;&nbsp;<\/p>\n\n\n\n<p>I sanning och enighet<\/p>\n\n\n\n<p><em>N\u00e4sta logem\u00f6te planerat till den 1 oktober&nbsp;<\/em><\/p>\n\n\n\n<p><strong>Ett Sista farv\u00e4l av br Arne Lindberg den 18 juni<\/strong><\/p>\n\n\n\n<p>F\u00f6rmiddagen inleddes med samling utanf\u00f6r Sankta Birgittas kapell i Sk\u00f6vde f\u00f6r att ta farv\u00e4l av br Arne Lindberg som l\u00e4mnat oss. P\u00e5 grund av restriktioner var det begr\u00e4nsade m\u00f6jligheten ut\u00f6ver n\u00e4rmaste familjemedlemmar att n\u00e4rvara under sj\u00e4lva begravningsakten. <br>Ist\u00e4llet hade ordnats att \u00f6vriga som ville ta ett sista farv\u00e4l av Arne kunde komma in till kistan i kapellet under en halvtimma innan i grupper om h\u00f6gst \u00e5tta personer. Fjorton vasasyskon fr\u00e5n logen Sk\u00f6vde tog vara p\u00e5 denna m\u00f6jlighet. &nbsp;<\/p>\n\n\n<div class=\"wp-block-image\">\n<figure class=\"aligncenter size-large is-resized\"><img loading=\"lazy\" src=\"https:\/\/vasaorden.com\/skovde\/wp-content\/uploads\/sites\/11\/2021\/06\/DSC_3829-scaled-1-1024x477.jpg\" alt=\"\" class=\"wp-image-1101\" width=\"512\" height=\"239\" srcset=\"https:\/\/vasaorden.com\/skovde\/wp-content\/uploads\/sites\/11\/2021\/06\/DSC_3829-scaled-1-1024x477.jpg 1024w, https:\/\/vasaorden.com\/skovde\/wp-content\/uploads\/sites\/11\/2021\/06\/DSC_3829-scaled-1-300x140.jpg 300w, https:\/\/vasaorden.com\/skovde\/wp-content\/uploads\/sites\/11\/2021\/06\/DSC_3829-scaled-1-768x358.jpg 768w, https:\/\/vasaorden.com\/skovde\/wp-content\/uploads\/sites\/11\/2021\/06\/DSC_3829-scaled-1-1536x716.jpg 1536w, https:\/\/vasaorden.com\/skovde\/wp-content\/uploads\/sites\/11\/2021\/06\/DSC_3829-scaled-1-2048x954.jpg 2048w\" sizes=\"(max-width: 512px) 100vw, 512px\" \/><\/figure><\/div>\n\n\n<p>Efter ceremonien samlades tolv av vasasyskonen vid Kyrkans hus i Sk\u00f6vde f\u00f6r en minnestund med fika. I v\u00e5ra tankar fanns d\u00e5 ocks\u00e5 br Alf-Inge Nilsson som gick bort tidigare under pandemin och utan m\u00f6jlighet f\u00f6r oss vasasyskon att kunna n\u00e4rvara alls. Det var ett de f\u00e5 tillf\u00e4llen sedan pandemin tog oss alla i ett j\u00e4rngrepp som vi kunde tr\u00e4ffas fysiskt p\u00e5 detta s\u00e4tt.&nbsp;&nbsp;<\/p>\n\n\n\n<p>I sanning och enighet&nbsp;<\/p>\n\n\n\n<p><strong>Nationaldagsfirande 6 juni 2021<\/strong><\/p>\n\n\n\n<p>Vi \u00e4r nu inne p\u00e5 drygt det andra \u00e5ret med Covid 19 och smittan forts\u00e4tter spridas men nu i huvudsak i n\u00e5got yngre \u00e5ldersgrupper \u00e4n tidigare.&nbsp; Inte minst kanske beroende p\u00e5 att n\u00e4stan alla pension\u00e4rer f\u00e5tt minst en vaccinationsspruta. S\u00e5 vi sk\u00f6njer v\u00e4l alla \u00e4nd\u00e5 nu ett visst ljus i den ber\u00f6mda tunneln d\u00e5 vaccinationerna ju tagit rej\u00e4l fart och genomf\u00f6rs i stor omfattning. Det enda som kan bromsa upp det hela \u00e4r v\u00e4l om tillg\u00e5ngen p\u00e5 vaccin skulle minska p\u00e5 grund av leveranssv\u00e5righeter, vilket har sagts i offentliga sammanhang lite d\u00e5 och d\u00e5. Under samma tid som Covid 19-pandemin har haft stark p\u00e5verkan p\u00e5 vardagslivet har vi Vasav\u00e4nner inte heller kunnat tr\u00e4ffas med n\u00e5gra fysiska tr\u00e4ffar inomhus. Men ocks\u00e5 tr\u00e4ffar utomhus har varit begr\u00e4nsade i viss omfattning. Oaktat p\u00e5 vilket s\u00e4tt s\u00e5 har vi v\u00e4l alla saknat detta lite till mans. Det \u00e4r ju de r\u00e5d och restriktioner som funnits och finns fortfarande i viss grad som satt gr\u00e4nser f\u00f6r vad vi har kunnat och inte kunnat g\u00f6ra.<\/p>\n\n\n\n<figure class=\"wp-container-8 wp-block-gallery-7 wp-block-gallery has-nested-images columns-3 is-cropped\">\n<figure class=\"wp-block-image size-large\"><img loading=\"lazy\" width=\"2560\" height=\"1707\" data-id=\"1069\"  src=\"https:\/\/vasaorden.com\/skovde\/wp-content\/uploads\/sites\/11\/2021\/06\/DSC_3772-scaled-1.jpg\" alt=\"\" class=\"wp-image-1069\" srcset=\"https:\/\/vasaorden.com\/skovde\/wp-content\/uploads\/sites\/11\/2021\/06\/DSC_3772-scaled-1.jpg 2560w, https:\/\/vasaorden.com\/skovde\/wp-content\/uploads\/sites\/11\/2021\/06\/DSC_3772-scaled-1-300x200.jpg 300w, https:\/\/vasaorden.com\/skovde\/wp-content\/uploads\/sites\/11\/2021\/06\/DSC_3772-scaled-1-1024x683.jpg 1024w, https:\/\/vasaorden.com\/skovde\/wp-content\/uploads\/sites\/11\/2021\/06\/DSC_3772-scaled-1-768x512.jpg 768w, https:\/\/vasaorden.com\/skovde\/wp-content\/uploads\/sites\/11\/2021\/06\/DSC_3772-scaled-1-1536x1024.jpg 1536w, https:\/\/vasaorden.com\/skovde\/wp-content\/uploads\/sites\/11\/2021\/06\/DSC_3772-scaled-1-2048x1366.jpg 2048w\" sizes=\"(max-width: 2560px) 100vw, 2560px\" \/><figcaption>Br Seppo vid grillen<\/figcaption><\/figure>\n\n\n\n<figure class=\"wp-block-image size-large\"><img loading=\"lazy\" width=\"2560\" height=\"1707\" data-id=\"1070\"  src=\"https:\/\/vasaorden.com\/skovde\/wp-content\/uploads\/sites\/11\/2021\/06\/DSC_3773-scaled-1.jpg\" alt=\"\" class=\"wp-image-1070\" srcset=\"https:\/\/vasaorden.com\/skovde\/wp-content\/uploads\/sites\/11\/2021\/06\/DSC_3773-scaled-1.jpg 2560w, https:\/\/vasaorden.com\/skovde\/wp-content\/uploads\/sites\/11\/2021\/06\/DSC_3773-scaled-1-300x200.jpg 300w, https:\/\/vasaorden.com\/skovde\/wp-content\/uploads\/sites\/11\/2021\/06\/DSC_3773-scaled-1-1024x683.jpg 1024w, https:\/\/vasaorden.com\/skovde\/wp-content\/uploads\/sites\/11\/2021\/06\/DSC_3773-scaled-1-768x512.jpg 768w, https:\/\/vasaorden.com\/skovde\/wp-content\/uploads\/sites\/11\/2021\/06\/DSC_3773-scaled-1-1536x1024.jpg 1536w, https:\/\/vasaorden.com\/skovde\/wp-content\/uploads\/sites\/11\/2021\/06\/DSC_3773-scaled-1-2048x1366.jpg 2048w\" sizes=\"(max-width: 2560px) 100vw, 2560px\" \/><figcaption>V\u00e4ntan p\u00e5 grillm\u00e4staren<\/figcaption><\/figure>\n\n\n\n<figure class=\"wp-block-image size-large\"><img loading=\"lazy\" width=\"2560\" height=\"1707\" data-id=\"1071\"  src=\"https:\/\/vasaorden.com\/skovde\/wp-content\/uploads\/sites\/11\/2021\/06\/DSC_3780-scaled-1.jpg\" alt=\"\" class=\"wp-image-1071\" srcset=\"https:\/\/vasaorden.com\/skovde\/wp-content\/uploads\/sites\/11\/2021\/06\/DSC_3780-scaled-1.jpg 2560w, https:\/\/vasaorden.com\/skovde\/wp-content\/uploads\/sites\/11\/2021\/06\/DSC_3780-scaled-1-300x200.jpg 300w, https:\/\/vasaorden.com\/skovde\/wp-content\/uploads\/sites\/11\/2021\/06\/DSC_3780-scaled-1-1024x683.jpg 1024w, https:\/\/vasaorden.com\/skovde\/wp-content\/uploads\/sites\/11\/2021\/06\/DSC_3780-scaled-1-768x512.jpg 768w, https:\/\/vasaorden.com\/skovde\/wp-content\/uploads\/sites\/11\/2021\/06\/DSC_3780-scaled-1-1536x1024.jpg 1536w, https:\/\/vasaorden.com\/skovde\/wp-content\/uploads\/sites\/11\/2021\/06\/DSC_3780-scaled-1-2048x1366.jpg 2048w\" sizes=\"(max-width: 2560px) 100vw, 2560px\" \/><figcaption>V\u00e4ntar p\u00e5 grillm\u00e4staren<\/figcaption><\/figure>\n<\/figure>\n\n\n\n<p><\/p>\n\n\n\n<p>Den 1 juni l\u00e4ttades det n\u00e5got p\u00e5 dessa r\u00e5d och restriktioner och det gav v\u00e5r ordf\u00f6rande br Seppo Bladbacke och sy Marianne Andersson tillf\u00e4lle att bjuda in till nationaldagsfirande utomhus vid deras stuga uppe i det vackra Tiveden. F\u00f6r att undvika tr\u00e4ngsel vid grillen och i \u00f6vrigt ville v\u00e4rdparet bjuda p\u00e5 all mat. Dryck till maten fick dock var och en ta med sj\u00e4lv. Det fanns ett stort intresse att tr\u00e4ffas fysiskt d\u00e5 hela tjugofyra vasasyskon anm\u00e4lde sig till firandet denna eftermiddag. Det var uteslutande egna medlemmar f\u00f6rutom tv\u00e5 sent anm\u00e4lda g\u00e4ster och v\u00e4nner fr\u00e5n grannlogen i Lidk\u00f6ping, sy Connie Gr\u00f6n och br Einar Savolainen Gr\u00f6n tillsammans med hunden Molly.&nbsp; Det var en h\u00e4rlig dag som bj\u00f6d p\u00e5 st\u00e5lande sol fr\u00e5n en n\u00e4stan molnfri himmel och en utetemperatur p\u00e5 runt 25 grader.<\/p>\n\n\n\n<figure class=\"wp-container-10 wp-block-gallery-9 wp-block-gallery has-nested-images columns-3 is-cropped\">\n<figure class=\"wp-block-image size-large\"><img loading=\"lazy\" width=\"2560\" height=\"1707\" data-id=\"1072\"  src=\"https:\/\/vasaorden.com\/skovde\/wp-content\/uploads\/sites\/11\/2021\/06\/DSC_3791-scaled-1.jpg\" alt=\"\" class=\"wp-image-1072\" srcset=\"https:\/\/vasaorden.com\/skovde\/wp-content\/uploads\/sites\/11\/2021\/06\/DSC_3791-scaled-1.jpg 2560w, https:\/\/vasaorden.com\/skovde\/wp-content\/uploads\/sites\/11\/2021\/06\/DSC_3791-scaled-1-300x200.jpg 300w, https:\/\/vasaorden.com\/skovde\/wp-content\/uploads\/sites\/11\/2021\/06\/DSC_3791-scaled-1-1024x683.jpg 1024w, https:\/\/vasaorden.com\/skovde\/wp-content\/uploads\/sites\/11\/2021\/06\/DSC_3791-scaled-1-768x512.jpg 768w, https:\/\/vasaorden.com\/skovde\/wp-content\/uploads\/sites\/11\/2021\/06\/DSC_3791-scaled-1-1536x1024.jpg 1536w, https:\/\/vasaorden.com\/skovde\/wp-content\/uploads\/sites\/11\/2021\/06\/DSC_3791-scaled-1-2048x1366.jpg 2048w\" sizes=\"(max-width: 2560px) 100vw, 2560px\" \/><figcaption>G\u00e4ster p\u00e5 verandan<\/figcaption><\/figure>\n\n\n\n<figure class=\"wp-block-image size-large\"><img loading=\"lazy\" width=\"2560\" height=\"1707\" data-id=\"1073\"  src=\"https:\/\/vasaorden.com\/skovde\/wp-content\/uploads\/sites\/11\/2021\/06\/DSC_3787-scaled-1.jpg\" alt=\"\" class=\"wp-image-1073\" srcset=\"https:\/\/vasaorden.com\/skovde\/wp-content\/uploads\/sites\/11\/2021\/06\/DSC_3787-scaled-1.jpg 2560w, https:\/\/vasaorden.com\/skovde\/wp-content\/uploads\/sites\/11\/2021\/06\/DSC_3787-scaled-1-300x200.jpg 300w, https:\/\/vasaorden.com\/skovde\/wp-content\/uploads\/sites\/11\/2021\/06\/DSC_3787-scaled-1-1024x683.jpg 1024w, https:\/\/vasaorden.com\/skovde\/wp-content\/uploads\/sites\/11\/2021\/06\/DSC_3787-scaled-1-768x512.jpg 768w, https:\/\/vasaorden.com\/skovde\/wp-content\/uploads\/sites\/11\/2021\/06\/DSC_3787-scaled-1-1536x1024.jpg 1536w, https:\/\/vasaorden.com\/skovde\/wp-content\/uploads\/sites\/11\/2021\/06\/DSC_3787-scaled-1-2048x1366.jpg 2048w\" sizes=\"(max-width: 2560px) 100vw, 2560px\" \/><figcaption>G\u00e4ster under tak<\/figcaption><\/figure>\n\n\n\n<figure class=\"wp-block-image size-large\"><img loading=\"lazy\" width=\"2560\" height=\"1707\" data-id=\"1074\"  src=\"https:\/\/vasaorden.com\/skovde\/wp-content\/uploads\/sites\/11\/2021\/06\/DSC_3800-scaled-1.jpg\" alt=\"\" class=\"wp-image-1074\" srcset=\"https:\/\/vasaorden.com\/skovde\/wp-content\/uploads\/sites\/11\/2021\/06\/DSC_3800-scaled-1.jpg 2560w, https:\/\/vasaorden.com\/skovde\/wp-content\/uploads\/sites\/11\/2021\/06\/DSC_3800-scaled-1-300x200.jpg 300w, https:\/\/vasaorden.com\/skovde\/wp-content\/uploads\/sites\/11\/2021\/06\/DSC_3800-scaled-1-1024x683.jpg 1024w, https:\/\/vasaorden.com\/skovde\/wp-content\/uploads\/sites\/11\/2021\/06\/DSC_3800-scaled-1-768x512.jpg 768w, https:\/\/vasaorden.com\/skovde\/wp-content\/uploads\/sites\/11\/2021\/06\/DSC_3800-scaled-1-1536x1024.jpg 1536w, https:\/\/vasaorden.com\/skovde\/wp-content\/uploads\/sites\/11\/2021\/06\/DSC_3800-scaled-1-2048x1366.jpg 2048w\" sizes=\"(max-width: 2560px) 100vw, 2560px\" \/><figcaption>Tipspromenaden<\/figcaption><\/figure>\n<\/figure>\n\n\n\n<p><\/p>\n\n\n\n<p>V\u00e4lkomstdrinken serverades ute p\u00e5 gr\u00e4smattan n\u00e4r alla hade kommit. Det m\u00e4rktes verkligen d\u00e5 att det var l\u00e4nge sedan f\u00f6reg\u00e5ende fysiska tr\u00e4ff d\u00e5 alla fr\u00e5gade om hur det varit och vad som h\u00e4nt under denna tid. N\u00e4r grillning av k\u00f6tt och f\u00f6rberedelserna i k\u00f6ket var klara bj\u00f6ds alla till bord med rekommenderat avst\u00e5nd. Vi avnj\u00f6t den goda maten vid dels ett vackert dukat l\u00e5ngbord under ett t\u00e4lttak p\u00e5 gr\u00e4smattan och dels tv\u00e5 sm\u00e5 vackert dukade bord under ett verandatak. Till f\u00f6rr\u00e4tt en liten r\u00f6dbeta med fetaost och till huvudr\u00e4tt en grillad ytterfil\u00e9, rotsaker, svamps\u00e5s och f\u00e4rskpotatis. F\u00f6r att r\u00f6ra sig lite efter maten hade br Roger och sy Solveig gjort iordning en tipspromenad med tretton fr\u00e5gor och en utslagsfr\u00e5ga. Promenaden gick runt de n\u00e4rmaste stugorna, ner mot sj\u00f6n och tillbaka. Inte s\u00e5 l\u00e5ng str\u00e4cka men beh\u00f6vlig. Vid \u00e5tersamlingen hade v\u00e4rdparet st\u00e4llt iordning f\u00f6r kaffe med hembakad mar\u00e4ngt\u00e5rta av sy Marianne. &nbsp;Under denna stund redovisades ocks\u00e5 resultatet av tipspromenaden och utdelning av fyra \u201dkryddiga\u201d vinster. Eftermiddagen som n\u00e4rmade sig tidig kv\u00e4ll avslutades med att vi sj\u00f6ng nationals\u00e5ngen och tackade v\u00e4rdparet f\u00f6r inbjudan, god mat och trevlig samvaro i sann vasaanda.<\/p>\n\n\n\n<figure class=\"wp-container-12 wp-block-gallery-11 wp-block-gallery has-nested-images columns-3 is-cropped\">\n<figure class=\"wp-block-image size-large\"><img loading=\"lazy\" width=\"2560\" height=\"1707\" data-id=\"1081\"  src=\"https:\/\/vasaorden.com\/skovde\/wp-content\/uploads\/sites\/11\/2021\/06\/DSC_3781-scaled-1.jpg\" alt=\"\" class=\"wp-image-1081\" srcset=\"https:\/\/vasaorden.com\/skovde\/wp-content\/uploads\/sites\/11\/2021\/06\/DSC_3781-scaled-1.jpg 2560w, https:\/\/vasaorden.com\/skovde\/wp-content\/uploads\/sites\/11\/2021\/06\/DSC_3781-scaled-1-300x200.jpg 300w, https:\/\/vasaorden.com\/skovde\/wp-content\/uploads\/sites\/11\/2021\/06\/DSC_3781-scaled-1-1024x683.jpg 1024w, https:\/\/vasaorden.com\/skovde\/wp-content\/uploads\/sites\/11\/2021\/06\/DSC_3781-scaled-1-768x512.jpg 768w, https:\/\/vasaorden.com\/skovde\/wp-content\/uploads\/sites\/11\/2021\/06\/DSC_3781-scaled-1-1536x1024.jpg 1536w, https:\/\/vasaorden.com\/skovde\/wp-content\/uploads\/sites\/11\/2021\/06\/DSC_3781-scaled-1-2048x1366.jpg 2048w\" sizes=\"(max-width: 2560px) 100vw, 2560px\" \/><figcaption>V\u00e4rdinnan f\u00f6r dagen<\/figcaption><\/figure>\n\n\n\n<figure class=\"wp-block-image size-large\"><img loading=\"lazy\" width=\"2560\" height=\"1707\" data-id=\"1077\"  src=\"https:\/\/vasaorden.com\/skovde\/wp-content\/uploads\/sites\/11\/2021\/06\/DSC_3782-scaled-1.jpg\" alt=\"\" class=\"wp-image-1077\" srcset=\"https:\/\/vasaorden.com\/skovde\/wp-content\/uploads\/sites\/11\/2021\/06\/DSC_3782-scaled-1.jpg 2560w, https:\/\/vasaorden.com\/skovde\/wp-content\/uploads\/sites\/11\/2021\/06\/DSC_3782-scaled-1-300x200.jpg 300w, https:\/\/vasaorden.com\/skovde\/wp-content\/uploads\/sites\/11\/2021\/06\/DSC_3782-scaled-1-1024x683.jpg 1024w, https:\/\/vasaorden.com\/skovde\/wp-content\/uploads\/sites\/11\/2021\/06\/DSC_3782-scaled-1-768x512.jpg 768w, https:\/\/vasaorden.com\/skovde\/wp-content\/uploads\/sites\/11\/2021\/06\/DSC_3782-scaled-1-1536x1024.jpg 1536w, https:\/\/vasaorden.com\/skovde\/wp-content\/uploads\/sites\/11\/2021\/06\/DSC_3782-scaled-1-2048x1366.jpg 2048w\" sizes=\"(max-width: 2560px) 100vw, 2560px\" \/><figcaption>Sy Connie fr\u00e5n Lidk\u00f6ping<\/figcaption><\/figure>\n\n\n\n<figure class=\"wp-block-image size-large\"><img loading=\"lazy\" width=\"2560\" height=\"1707\" data-id=\"1083\"  src=\"https:\/\/vasaorden.com\/skovde\/wp-content\/uploads\/sites\/11\/2021\/06\/DSC_3777-scaled-1.jpg\" alt=\"\" class=\"wp-image-1083\" srcset=\"https:\/\/vasaorden.com\/skovde\/wp-content\/uploads\/sites\/11\/2021\/06\/DSC_3777-scaled-1.jpg 2560w, https:\/\/vasaorden.com\/skovde\/wp-content\/uploads\/sites\/11\/2021\/06\/DSC_3777-scaled-1-300x200.jpg 300w, https:\/\/vasaorden.com\/skovde\/wp-content\/uploads\/sites\/11\/2021\/06\/DSC_3777-scaled-1-1024x683.jpg 1024w, https:\/\/vasaorden.com\/skovde\/wp-content\/uploads\/sites\/11\/2021\/06\/DSC_3777-scaled-1-768x512.jpg 768w, https:\/\/vasaorden.com\/skovde\/wp-content\/uploads\/sites\/11\/2021\/06\/DSC_3777-scaled-1-1536x1024.jpg 1536w, https:\/\/vasaorden.com\/skovde\/wp-content\/uploads\/sites\/11\/2021\/06\/DSC_3777-scaled-1-2048x1366.jpg 2048w\" sizes=\"(max-width: 2560px) 100vw, 2560px\" \/><figcaption>Tak till skydd f\u00f6r solen<\/figcaption><\/figure>\n<\/figure>\n\n\n\n<p><\/p>\n\n\n\n<p>Denna gemensamma tr\u00e4ff gav inspiration till att tr\u00e4ffas fysiskt fler g\u00e5nger under sommaren. Kanske en utflykt med egen fika eller n\u00e5got annat trevligt gemensamt? Inte minst inspirerade det till att \u00e5teruppta v\u00e5ra gemensamma logem\u00f6ten i traditionell ordning. D\u00e5 logens 70-\u00e5rsjubilem 2020 fick st\u00e4llas in f\u00e5r vi ist\u00e4llet hoppas p\u00e5 att det kanske kan f\u00f6ljas upp med n\u00e5got slags 70+1 \u00e5rsfirande nu i november ist\u00e4llet. Sommaren n\u00e4rmar sig och vi f\u00e5r d\u00e5 alla f\u00f6rs\u00f6ka ta tillvara denna p\u00e5 b\u00e4sta s\u00e4tt. M\u00f6jlighet finns ju nu att ocks\u00e5 i h\u00f6gre grad tr\u00e4ffa barn, barnbarn och \u00f6vrig sl\u00e4kt p\u00e5 ett annat s\u00e4tt \u00e4n tidigare. Sammantaget \u00e4r det \u00e4nd\u00e5 viktigt att vi alla \u00e4nnu en tid hj\u00e4lps \u00e5t att f\u00f6rhindra spridningen av Covid 19 s\u00e5 att pandemin s\u00e5 sakteligen kan klinga av. G\u00f6r vi alla det s\u00e5 b\u00f6r ju f\u00f6ruts\u00e4ttningarna vara stora att vi alla kan m\u00f6tas fysiskt i logem\u00f6ten och annan verksamhet fram emot h\u00f6sten i en helt annan utstr\u00e4ckning \u00e4n idag. Slutligen \u00f6nskas alla en sk\u00f6n och trevlig sommar.<\/p>\n\n\n\n<p>I Sanning och enighet<\/p>\n\n\n\n<p><strong>Styrelsem\u00f6te 17 maj&nbsp;<\/strong><\/p>\n\n\n\n<p>Logen h\u00f6ll sitt f\u00f6rsta f\u00f6r \u00e5ret styrelsem\u00f6te i Odd Fellows lokaler i Sk\u00f6vde. N\u00e4rvarande var br ordf\u00f6rande Seppo, sy Solveig, sy Marianne, sy Gunnel, sy Anne-Marie, br Arne och sy Gun. S\u00e4rskilt inbjuden var br Roger.<br>Fr\u00e5gorna r\u00f6rde mycket om framtiden och fr\u00e4mst h\u00f6stens aktiviteter och logem\u00f6ten, samt om 70-\u00e5rsjubileumet som inte kunde genomf\u00f6ras 2020 och m\u00f6jligheten att genomf\u00f6ra det 2021 ist\u00e4llet.<br>Logem\u00f6tesdagar \u00e4r anm\u00e4lda till Odd Fellows klubbkommitt\u00e9 om utifall uppstart kan ske till h\u00f6sten.<br>Br Seppo och sy Marianne skulle bjuda in till Nationaldagsfirande den 6 juni i stugan i Tiveden. Br roger f\u00f6reslog en utflykt under sommaren till n\u00e5got utvalt resm\u00e5l. Skulle \u00e5terkomma om detta. Planering inf\u00f6r det eventuellt senarlagda jubilemsfirandet i november diskuterades. Sy Gun, br Arne och br Roger ska tr\u00e4ffas och diskutera vidare om denna.<\/p>\n\n\n\n<p>I sanning och enighet<\/p>\n\n\n\n<h4><strong>2021<\/strong><\/h4>\n\n\n\n<p><strong>Januari 2021<\/strong><\/p>\n\n\n\n<p>\u00c5ret har fortsatt i pandemins sp\u00e5r. Inga logem\u00f6ten eller andra aktiviteter har planerats \u00e4nnu. Ett \u00e5rsm\u00f6te kunde inte h\u00e5llas varf\u00f6r en mailkontakt uppeh\u00f6lls f\u00f6r genomf\u00f6rande av de v\u00e4sentligaste fr\u00e5gorna. N\u00e5gra tj\u00e4nstemannainstallationer beh\u00f6vde man inte t\u00e4nka p\u00e5 d\u00e5 alla satt p\u00e5 mandat p\u00e5 tv\u00e5 \u00e5r fr\u00e5n 2020 till 2022.<\/p>\n\n\n\n<p>&#8230;&#8230;&#8230;&#8230;&#8230;&#8230;&#8230;&#8230;&#8230;&#8230;&#8230;&#8230;&#8230;&#8230;&#8230;&#8230;&#8230;&#8230;&#8230;&#8230;&#8230;&#8230;&#8230;&#8230;&#8230;&#8230;&#8230;&#8230;&#8230;&#8230;&#8230;&#8230;&#8230;&#8230;&#8230;&#8230;&#8230;&#8230;&#8230;&#8230;&#8230;&#8230;&#8230;&#8230;&#8230;&#8230;&#8230;..<\/p>\n\n\n\n<p><strong>Kort \u00e5rssammanfattning 2020<\/strong><\/p>\n\n\n\n<p>Det har p\u00e5 m\u00e5nga h\u00e5ll skrivits och pratats \u00e5tskilligt om vilket m\u00e4rkligt \u00e5r vi har bakom oss. Ett \u00e5r med Coronapandemin, Covid 19, som pr\u00e4glat v\u00e5r vardag p\u00e5 flera s\u00e4tt. Uppoffringar inte minst med de begr\u00e4nsade m\u00f6jligheter vi alla haft att tr\u00e4ffa sl\u00e4kt och v\u00e4nner liksom begr\u00e4nsade m\u00f6jlighet till resor mm.<\/p>\n\n\n\n<p>Logens verksamhets\u00e5r har inte heller varit som tidigare \u00e5r. V\u00e5rt \u00e5rsm\u00f6te i februari kunde vi genomf\u00f6ra men sedan blev det inget mer. Planeringen och f\u00f6rberedelserna inf\u00f6r v\u00e5rt 70-\u00e5rsjubileum i november fortskred dock en tid men ocks\u00e5 det lades efter en tid p\u00e5 is. Det har varit en pr\u00f6votid f\u00f6r oss alla. Efter v\u00e5rens och f\u00f6rsommarens h\u00f6ga sjuktal och avlidna i Covid 19 sj\u00f6nk ju dessa v\u00e4sentligt l\u00e4ngre fram p\u00e5 sommaren. Det bokades resor och den inhemska turismen tog fart. Utlandsresorna var dock begr\u00e4nsade bl.a. d\u00e5 m\u00e5nga l\u00e4nder hade inf\u00f6rt inresef\u00f6rbud eller andra restriktioner f\u00f6r inresa till dessa. Sommaren n\u00e4rmade sig sitt slut och h\u00f6sten stod f\u00f6r d\u00f6rren. D\u00e5 var vi pl\u00f6tsligt \u00e5teringen i samma situation som under v\u00e5ren. Antalet sjuka och avlidna har \u00f6kat stort och restriktioner kring v\u00e5rt jul- och ny\u00e5rsfirande har d\u00e4rf\u00f6r inf\u00f6rts.<\/p>\n\n\n\n<p>Vaccin som vi alla v\u00e4ntat p\u00e5 kommer inom kort att levereras till alla Sveriges Regioner f\u00f6r att de ska kunna p\u00e5b\u00f6rja vaccination av alla personer i en viss riskgruppsturordning redan under januari 2021. F\u00f6rhoppningsvis ser vi nu ljuset i tunneln -ljuset som vi ju s\u00e5 l\u00e4nge s\u00f6kt efter.<\/p>\n\n\n\n<p>Sverige har valt en annorlunda v\u00e4g att m\u00f6ta pandemins virussmitta. Som de flesta l\u00e4nder har Sverige inte valt utg\u00e5ngsf\u00f6rbud och nedst\u00e4ngning av samh\u00e4llet. Ist\u00e4llet har myndigheterna uppmanat till eget ansvarstagande f\u00f6r att inte uts\u00e4tta varken sig sj\u00e4lv eller andra f\u00f6r smitta. Det har varit och \u00e4r s\u00e5ledes ytterst v\u00e5rt eget ansvar att se till att vi f\u00f6ljer de allm\u00e4nna r\u00e5d och rekommendationer som utf\u00e4rdas. G\u00e5 promenader och handla med ansvar \u00e4r m\u00f6jligt men inte tr\u00e4ngas i k\u00f6pcentra eller andra tr\u00e5nga utrymmen eller platser.<\/p>\n\n\n\n<p>F\u00f6r verksamhets\u00e5ret 2021 kan vi bara sia i nul\u00e4get. Avg\u00f6rande kommer med st\u00f6rsta utstr\u00e4ckning utfallet av vaccineringen att vara. Kan det genomf\u00f6ras p\u00e5 ett smidigt och snabbt s\u00e4tt kommer ocks\u00e5 samh\u00e4llsfunktionerna i \u00f6vrigt att f\u00f6lja efter i samma takt vilket f\u00f6rhoppningsvis ocks\u00e5 ska p\u00e5verka verksamheten i logen positivt. Optimistiskt sett fram emot sommaren \u00e4r ett grundtips.<br>D\u00e4rf\u00f6r \u2013 v\u00e4l m\u00f6tt till ett nytt verksamhets\u00e5r 2021.<\/p>\n\n\n\n<p><em>I sanning och enighet&nbsp; &nbsp;&nbsp;<\/em><\/p>\n\n\n\n<p>\u00c5rsprogram f\u00f6r 2021 finns nu anslaget med prelimin\u00e4rt \u00e5rsm\u00f6te 6 februari<\/p>\n\n\n\n<p><strong style=\"font-size: inherit\">&#8230;&#8230;&#8230;&#8230;&#8230;&#8230;&#8230;&#8230;&#8230;&#8230;&#8230;&#8230;&#8230;&#8230;&#8230;&#8230;&#8230;&#8230;&#8230;&#8230;&#8230;&#8230;&#8230;&#8230;&#8230;&#8230;&#8230;&#8230;&#8230;&#8230;&#8230;&#8230;&#8230;&#8230;&#8230;&#8230;&#8230;&#8230;&#8230;&#8230;<br><\/strong><\/p>\n\n\n\n<p><strong>Sommarens och h\u00f6stens tr\u00e4ffar och aktiviteter 2020<\/strong><\/p>\n\n\n\n<p>Smittspridingen av pandemin Covid 19 f\u00f6rhindrade m\u00f6ten och planerad utflykt fram till sommaren. D\u00e5 vi \u00e4r beroende av Klubbkommitt\u00e9n p\u00e5 Odd Fellow f\u00f6r v\u00e5rt efterkapitel framg\u00e5r det nu ganska klart att all Odd Fellows verksamhet inte kommer att starta upp under hela 2020 och detsamma g\u00e4ller d\u00e5 ocks\u00e5 klubbkommitt\u00e9n. S\u00e5ldes ingen verksamhet f\u00f6r v\u00e5rt vidkommande i logen Sk\u00f6vde heller.<br>Det skulle i praktiken kunna finnas m\u00f6jlighet att genomf\u00f6ra logem\u00f6ten och sedan h\u00e5lla till i Gillesv\u00e5ningen f\u00f6r att sj\u00e4lva ordna med mat, mm. Men d\u00e5 s\u00e4tter folkh\u00e4lsomyndighetens rekommendationer upp hinder i viss utstr\u00e4ckning f\u00f6r den m\u00f6jligheten. S\u00e5ledes f\u00e5r tiden med beaktan av smittspridning mm bli v\u00e4gledande f\u00f6r fortsatt verksamhet resten av \u00e5ret. Utomhusaktiviteter i viss utstr\u00e4ckning ska \u00e4nd\u00e5 var en framkomlig v\u00e4g f\u00f6r att kunna tr\u00e4ffas men tiden f\u00e5r ocks\u00e5 d\u00e4r utvisa vad som \u00e4r m\u00f6jligt och framkomligt.<\/p>\n\n\n\n<p>S\u00e5ledes kan vi se verksamheterna som \u00e4r planlagda f\u00f6ljande datum tills vidare vara inst\u00e4llda;<br>Nationaldagen den 6 juni, kulturaftnarna den 11 september och 9 oktober, g\u00e5samiddagen med v\u00e5rt 70-\u00e5rsjubileum den 14 november samt systrarnas afton med julbord den 12 december.<\/p>\n\n\n\n<p><em>I sanning och enighet&nbsp;<\/em><\/p>\n\n\n\n<p>&#8230;&#8230;&#8230;&#8230;&#8230;&#8230;&#8230;&#8230;&#8230;&#8230;&#8230;&#8230;&#8230;&#8230;&#8230;&#8230;&#8230;&#8230;&#8230;&#8230;&#8230;&#8230;&#8230;&#8230;&#8230;&#8230;&#8230;&#8230;&#8230;&#8230;&#8230;&#8230;&#8230;&#8230;&#8230;&#8230;&#8230;&#8230;&#8230;&#8230;&#8230;&#8230;&#8230;&#8230;&#8230;&#8230;&#8230;<\/p>\n\n\n\n<p><strong style=\"font-size: inherit\">Kulturutflykt 7 maj<\/strong><\/p>\n\n\n\n<p>Den planerade utflykten till Korsberga, enligt tidigare p\u00e5annonsering, har i \u00f6verenskommelse med ber\u00f6rda d\u00e4r och undertecknad st\u00e4llts in.<br>Detta d\u00e5 vi anser att f\u00f6ruts\u00e4ttningarna inte har f\u00f6r\u00e4ndrats n\u00e5got v\u00e4sentligt avseende Covid 19, med risk f\u00f6r att bli smittad eller att smitta andra med virus.<br>Skulle f\u00f6ruts\u00e4ttningarna vara mer gynnsamma fram emot augusti\/september kommer kulturutflykten att genomf\u00f6ras d\u00e5 ist\u00e4llet. Datum fastst\u00e4lls l\u00e4ngre fram.<\/p>\n\n\n\n<p>I sanning och enighet<\/p>\n\n\n\n<p>&#8230;&#8230;&#8230;&#8230;&#8230;&#8230;&#8230;&#8230;&#8230;&#8230;&#8230;&#8230;&#8230;&#8230;&#8230;&#8230;&#8230;&#8230;&#8230;&#8230;&#8230;&#8230;&#8230;&#8230;&#8230;&#8230;&#8230;&#8230;&#8230;&#8230;&#8230;&#8230;&#8230;&#8230;&#8230;&#8230;&#8230;&#8230;&#8230;&#8230;&#8230;&#8230;&#8230;&#8230;&#8230;&#8230;&#8230;&#8230;&#8230;&#8230;&#8230;&#8230;&#8230;&#8230;&#8230;&#8230;&#8230;&#8230;&#8230;&#8230;&#8230;&#8230;&#8230;&#8230;&#8230;&#8230;&#8230;&#8230;.<\/p>\n\n\n\n<p><strong>Br\u00f6dernas afton den 14 mars och den 3 april<\/strong><\/p>\n\n\n\n<p>D\u00e5 Coronaviruset, Covid 19, har satt sin pr\u00e4gel p\u00e5 vardagen har det tyv\u00e4rr inneburit att dessa logekv\u00e4llar f\u00e5tt st\u00e4llas in. Detta har f\u00e5tt till f\u00f6ljd att ocks\u00e5 Distriktets kurs f\u00f6r logehistoriker samma dag som vi skulle haft v\u00e5rt logem\u00f6te den 14 mars, i v\u00e5ra logelokaler, st\u00e4lls in. All Odd Fellow verksamhet har liksom \u00f6vriga externa hyresg\u00e4sters logem\u00f6ten st\u00e4llts in till vidare i Logehuset.<br>V\u00e5r egen utflykt till hembygdsmuseet, den gamla tr\u00e4kyrkan och bygdeg\u00e5rden i Korsberga den 7 maj kan komma att st\u00e4llas in. Vidare information kommer senare om denna kan genomf\u00f6ras.<\/p>\n\n\n\n<p>I sanning och enighet<\/p>\n\n\n\n<p>&#8230;&#8230;&#8230;&#8230;&#8230;&#8230;&#8230;&#8230;&#8230;&#8230;&#8230;&#8230;&#8230;&#8230;&#8230;&#8230;&#8230;&#8230;&#8230;&#8230;&#8230;&#8230;&#8230;&#8230;&#8230;&#8230;&#8230;&#8230;&#8230;&#8230;&#8230;&#8230;&#8230;&#8230;&#8230;&#8230;&#8230;&#8230;&#8230;&#8230;&#8230;&#8230;&#8230;&#8230;&#8230;&#8230;&#8230;&#8230;.<\/p>\n\n\n\n<p><strong>Tj\u00e4nstemannautbildning i Karlstad den 7-8 mars&nbsp;<\/strong><\/p>\n\n\n\n<p>L\u00f6rdag och s\u00f6ndag. Dessa dagar genomf\u00f6rde distriktet en tj\u00e4nstemannautbildning f\u00f6r&nbsp; ordf\u00f6rande\/vice ordf\u00f6rande-, protokollsekreterare-, kass\u00f6r\/finans-, ceremonim\u00e4stare-, distriktsdebuterad- och webmaster. Fr\u00e5n logen Sk\u00f6vde var sy Solveig, sy Birgitta och br Roger anm\u00e4lda. Br. Seppo och sy Marianne var ocks\u00e5 d\u00e4r. Sy Marianne p\u00e5 ordf\u00f6randekurs genom logen Kungah\u00e4lla. I \u00f6vrigt var de flesta loger i Distriktsloge 19 representerade p\u00e5 n\u00e5got s\u00e4tt, antingen elever eller l\u00e4rare. Hela Exekutiva R\u00e5det (ER) med v\u00e5r egen logemedlem sy Gun var ocks\u00e5 p\u00e5 plats. De hade haft ett m\u00f6te under fredagen och var i \u00f6vrigt delaktiga p\u00e5 olika s\u00e4tt de tv\u00e5 \u00f6vriga dagarna.<br>L\u00f6rdag kv\u00e4ll logem\u00f6te med logen Karlstad i Residenset, d\u00e4r cirka 80 medlemmar fr\u00e5n Karlstad och kursdeltagande medlemmar fr\u00e5n \u00f6vriga loger deltog. En trevlig kv\u00e4ll med avslutande lottdragning med fina vinster p\u00e5 prisbordet. Orkestern M\u00d6R underh\u00f6ll med omv\u00e4xlande reportoar.<\/p>\n\n\n\n<p><br><em>Karlstad med Klar\u00e4lven&nbsp;<\/em><\/p>\n\n\n\n<p>Distriktsm\u00e4staren Maggi Ahlin Thelin informerade under utbildningsdagarna bland annat om att Distriktsm\u00f6tet 2021 kommer att h\u00e5llas i Norrk\u00f6ping p\u00e5 Grand Elit Hotell. Mer information om detta l\u00e4ngre fram under \u00e5ret.<\/p>\n\n\n\n<p><em>I sanning och enighet<\/em><\/p>\n\n\n\n<p>&#8230;&#8230;&#8230;&#8230;&#8230;&#8230;&#8230;&#8230;&#8230;&#8230;&#8230;&#8230;&#8230;&#8230;&#8230;&#8230;&#8230;&#8230;&#8230;&#8230;&#8230;&#8230;&#8230;&#8230;&#8230;&#8230;&#8230;&#8230;&#8230;&#8230;&#8230;&#8230;&#8230;&#8230;&#8230;&#8230;&#8230;&#8230;&#8230;&#8230;&#8230;&#8230;&#8230;&#8230;&#8230;&#8230;&#8230;&#8230;&#8230;&#8230;&#8230;&#8230;&#8230;&#8230;&#8230;&#8230;&#8230;&#8230;&#8230;&#8230;&#8230;&#8230;&#8230;&#8230;&#8230;&#8230;&#8230;&#8230;&#8230;&#8230;&#8230;.<\/p>\n\n\n\n<p><strong>\u00c5rsm\u00f6te l\u00f6rdag den 1 februari 2020 med tj\u00e4nstemannainstallation<\/strong><\/p>\n\n\n\n<p>En kv\u00e4ll f\u00f6r \u00e5rsm\u00f6te med reception och installation av tj\u00e4nstem\u00e4n. S\u00e5 var \u00e4nnu ett vasa\u00e5r till \u00e4nda. En dag som v\u00e4derm\u00e4ssigt skiljde sig v\u00e4sentligt \u00e5t fr\u00e5n de senaste tv\u00e5 \u00e5ren. Ingen sn\u00f6 och ingen k\u00e4nsla f\u00f6r vinter.&nbsp; Logem\u00f6tet var relativt v\u00e4lbes\u00f6kt d\u00e5 det var p\u00e5annonserat inte bara f\u00f6r tj\u00e4nstemannainstallation utan ocks\u00e5 reception f\u00f6r tv\u00e5 nya medlemmar.<br>Logem\u00f6tet som \u00f6ppnades ritualenligt f\u00f6ljdes direkt d\u00e4rp\u00e5 av receptionen f\u00f6r br Lars och sy Mona Hultmark. De har vid ett par tidigare tillf\u00e4llen ocks\u00e5 bes\u00f6kt oss som g\u00e4ster, d\u00e5 medbjudna av sy Marianne Ekholm Gunve, som numera har sin hemvist i Simrishamn.&nbsp; D\u00e4refter \u00e5rsm\u00f6te med f\u00f6redragning av bland annat verksamhetsber\u00e4ttelse, ekonomirapport, logehistorik, revisionsrapport, mm.<\/p>\n\n\n\n<p>N\u00e4r denna del av logem\u00f6tet avhandlats tog installationstalen fr\u00e5n logen i Lidk\u00f6ping, med v\u00e5r DD br. Bo Jansson, Sy Connie Gr\u00f6n, br Einar Savolainen Gr\u00f6n och sy Carina Adolfsson, \u00f6ver f\u00f6r installation av v\u00e5ra tj\u00e4nstem\u00e4n. Det var flest omval men ocks\u00e5 n\u00e5gra nyval. Br Seppo \u00e5tervaldes till ordf\u00f6rande f\u00f6r de kommande tv\u00e5 \u00e5ren. De \u00f6vriga n\u00e4rvarande som \u00e5tervaldes var br Lars-Erik, sy Gunnel, sy Solveig, sy Anne-Marie, br Arne och br Bo. Nyval av BPS sy Inga-Lill. Inte n\u00e4rvarande tj\u00e4nstem\u00e4n f\u00f6r installation var Sy Katarina, br G\u00f6ran, sy Birgitta och sy Myra. Installeras vid kommande logem\u00f6te.<\/p>\n\n\n\n<p>Vi efterkapitlet serverades en smakrik m\u00e5ltid best\u00e5ende av ugnsbakad fl\u00e4skfil\u00e9 med klyftpotatis och svamps\u00e5s till. Senare p\u00e5 kv\u00e4llen ocks\u00e5 lite kaffe och kaka. Logens sedvanliga lottdragning rundade av kv\u00e4llen. En trivsam kv\u00e4ll i sann vasaanda.<\/p>\n\n\n\n<p>I sanning och enighet.<\/p>\n\n\n\n<p><a href=\"https:\/\/vasaorden.com\/skovde\/information\/kultur\/\"><em>N\u00e4sta logem\u00f6te \u2013 <strong>Br\u00f6dernas<\/strong> \u2013 den 14 mars. V\u00e4lkomna. <\/em><\/a><\/p>\n\n\n\n<p><em>Det kommer ocks\u00e5 att h\u00e5llas Vasakurser, i Distrikt 19:s regi, i logehuset p\u00e5 dagtid samma dag. De flesta deltagare hoppas vi ocks\u00e5 deltar i v\u00e5rt logem\u00f6te med efterkapitel under kv\u00e4llen.&nbsp; &nbsp;<\/em><\/p>\n\n\n\n<p><strong>Systrarnas afton 14 december&nbsp;<\/strong><\/p>\n\n\n\n<p>Medlemmar fr\u00e5n Logen Sk\u00f6vde, tillsammans med g\u00e4ster fr\u00e5n G\u00f6teborg och Vadstena, samlades denna l\u00f6rdag kv\u00e4ll f\u00f6r logem\u00f6te och julbord i Odd Fellow huset i Sk\u00f6vde. Kv\u00e4llens g\u00e4ster, sy Charlotte B\u00f6rjesson fr\u00e5n logen G\u00f6teborg samt Kulturledare f\u00f6r DL 19 och br Ola Hansson fr\u00e5n logen Vadstena. Kv\u00e4llen inleddes med luciat\u00e5g av medlemmar ur gruppen \u201dFyrton\u201d fr\u00e5n Sk\u00f6vde. De tr\u00e4dde in i logesalen och sj\u00f6ng f\u00f6r oss innan logem\u00f6tet \u00f6ppnades. Direkt d\u00e4refter \u00f6ppnade ordf\u00f6randen br Seppo&nbsp; logem\u00f6tet traditionsenligt. I stort ett sedvanligt logem\u00f6te, som dock inleddes med ballotering f\u00f6r tv\u00e5 nya medlemmar, med beslut om reception till \u00e5rsm\u00f6tet den 1 februari 2020.&nbsp;Vidare ocks\u00e5 en andra nominering och val av tj\u00e4nstem\u00e4n f\u00f6r 2020 och 2021.&nbsp; Ett stort antal julh\u00e4lsningar hade inkommit fr\u00e5n loger och v\u00e4nner runt om i Sverige som l\u00e4stes upp i logesalen. Efter ljussl\u00e4ckning spelades avslutningsmusik av Agnetha F\u00e4ltskog d\u00e4r hon sj\u00f6ng \u201dNu st\u00e5r jul vid sn\u00f6ig port\u201d. En vacker och stillsam avslutning p\u00e5 verksamhets\u00e5ret.<\/p>\n\n\n\n<h6><img loading=\"lazy\" class=\"alignnone size-thumbnail wp-image-954\" src=\"https:\/\/vasaorden.com\/skovde\/wp-content\/uploads\/sites\/11\/2019\/12\/DSC_2796-150x150.jpg\" alt=\"\" width=\"150\" height=\"150\" srcset=\"https:\/\/vasaorden.com\/skovde\/wp-content\/uploads\/sites\/11\/2019\/12\/DSC_2796-150x150.jpg 150w, https:\/\/vasaorden.com\/skovde\/wp-content\/uploads\/sites\/11\/2019\/12\/DSC_2796-600x600.jpg 600w\" sizes=\"(max-width: 150px) 100vw, 150px\" \/>&nbsp; &nbsp; &nbsp; &nbsp; &nbsp; &nbsp; &nbsp; &nbsp; &nbsp; &nbsp; &nbsp; &nbsp; &nbsp; &nbsp; &nbsp; &nbsp;<img loading=\"lazy\" class=\"alignnone size-thumbnail wp-image-956\" src=\"http:\/\/bu2022.vasaorden.com\/skovde\/files\/2019\/12\/DSC_2800-150x150.jpg\" alt=\"\" width=\"150\" height=\"150\">&nbsp; &nbsp; &nbsp; &nbsp; &nbsp; &nbsp; &nbsp; &nbsp; &nbsp; &nbsp; &nbsp; &nbsp; &nbsp; &nbsp; &nbsp; &nbsp; &nbsp;<img loading=\"lazy\" class=\"alignnone size-thumbnail wp-image-957\" src=\"http:\/\/bu2022.vasaorden.com\/skovde\/files\/2019\/12\/DSC_2805-150x150.jpg\" alt=\"\" width=\"150\" height=\"150\"><br>V\u00e4lkomstgl\u00f6gg&nbsp; &nbsp; &nbsp; &nbsp; &nbsp; &nbsp; &nbsp; &nbsp; &nbsp; &nbsp; &nbsp; &nbsp; &nbsp; &nbsp; &nbsp; &nbsp; &nbsp; &nbsp; &nbsp; &nbsp; &nbsp; &nbsp; &nbsp; &nbsp; &nbsp; &nbsp; &nbsp; &nbsp; &nbsp; &nbsp; &nbsp; <strong>Dukat med sill-och laxtallrikar&nbsp; &nbsp; &nbsp; &nbsp; &nbsp; &nbsp; &nbsp; &nbsp; &nbsp; &nbsp; &nbsp; &nbsp; &nbsp; &nbsp; &nbsp; &nbsp; &nbsp; &nbsp;Sill-och laxtallriken&nbsp;&nbsp;<\/strong><\/h6>\n\n\n\n<h6><img loading=\"lazy\" class=\"alignnone size-thumbnail wp-image-958\" src=\"http:\/\/bu2022.vasaorden.com\/skovde\/files\/2019\/12\/DSC_2790-150x150.jpg\" alt=\"\" width=\"150\" height=\"150\">&nbsp; &nbsp; &nbsp; &nbsp; &nbsp; &nbsp; &nbsp; &nbsp; &nbsp; &nbsp; &nbsp; &nbsp; &nbsp; &nbsp; &nbsp; &nbsp;<img loading=\"lazy\" class=\"alignnone size-thumbnail wp-image-959\" src=\"http:\/\/bu2022.vasaorden.com\/skovde\/files\/2019\/12\/DSC_2804-150x150.jpg\" alt=\"\" width=\"150\" height=\"150\">&nbsp; &nbsp; &nbsp; &nbsp; &nbsp; &nbsp; &nbsp; &nbsp; &nbsp; &nbsp; &nbsp; &nbsp; &nbsp; &nbsp; &nbsp; &nbsp;&nbsp;<img loading=\"lazy\" class=\"alignnone size-thumbnail wp-image-955\" src=\"http:\/\/bu2022.vasaorden.com\/skovde\/files\/2019\/12\/DSC_2791-150x150.jpg\" alt=\"\" width=\"150\" height=\"150\"><br>Alf-Inge och Lars-Erik&nbsp; &nbsp; &nbsp; &nbsp; &nbsp; &nbsp; &nbsp; &nbsp; &nbsp; &nbsp; &nbsp; &nbsp; &nbsp; &nbsp; &nbsp; &nbsp; &nbsp; &nbsp; &nbsp; &nbsp; &nbsp; &nbsp; &nbsp; &nbsp; &nbsp; &nbsp; &nbsp; &nbsp;Jan-Olof, Solveig och Jan&nbsp; &nbsp; &nbsp; &nbsp; &nbsp; &nbsp; &nbsp; &nbsp; &nbsp; &nbsp; &nbsp; &nbsp; &nbsp; &nbsp; &nbsp; &nbsp; &nbsp; &nbsp; &nbsp; Charlotte B\u00f6rjesson<\/h6>\n\n\n\n<p>Vid logem\u00f6tets slut samlades vi denna kv\u00e4ll inte i klubblokalerna p\u00e5 f\u00f6rsta v\u00e5ning utan i Gillesv\u00e5ningen tv\u00e5 trappor ner. D\u00e4r m\u00f6ttes vi av ett festligt och vackert juldekorerat bord som systrarna st\u00e4llt i ordning under dagen. D\u00e4r bj\u00f6ds vi inledningsvis p\u00e5 en v\u00e4lkomstgl\u00f6gg. Till bords serverades vi f\u00f6rst en riklig sill- och laxtallrik med lite br\u00f6d och potatis vid sidan om. Efter denna v\u00e4lsmakande inledning f\u00f6ljde d\u00e4refter en lika riklig jultallrik med det mesta som ett normalt julbord kan erbjuda. Slutligen frukt och julgodis. Allt tillagat och fint upplagt av klubbkommitt\u00e9n p\u00e5 Odd Fellow.<\/p>\n\n\n\n<h6><img loading=\"lazy\" class=\"alignnone size-thumbnail wp-image-967\" src=\"http:\/\/bu2022.vasaorden.com\/skovde\/files\/2019\/12\/DSC_2814-150x150.jpg\" alt=\"\" width=\"150\" height=\"150\">&nbsp; &nbsp; &nbsp; &nbsp; &nbsp; &nbsp; &nbsp; &nbsp; &nbsp; &nbsp; &nbsp; &nbsp; &nbsp; &nbsp; &nbsp;<img loading=\"lazy\" class=\"alignnone size-thumbnail wp-image-968\" src=\"http:\/\/bu2022.vasaorden.com\/skovde\/files\/2019\/12\/DSC_2821-150x150.jpg\" alt=\"\" width=\"150\" height=\"150\">&nbsp; &nbsp; &nbsp; &nbsp; &nbsp; &nbsp; &nbsp; &nbsp; &nbsp; &nbsp; &nbsp; &nbsp; &nbsp; &nbsp; &nbsp; &nbsp; &nbsp;<img loading=\"lazy\" class=\"alignnone size-thumbnail wp-image-971\" src=\"http:\/\/bu2022.vasaorden.com\/skovde\/files\/2019\/12\/DSC_2820-150x150.jpg\" alt=\"\" width=\"150\" height=\"150\"><br>Hembakad t\u00e5rta till kaffet&nbsp; &nbsp; &nbsp; &nbsp; &nbsp; &nbsp; &nbsp; &nbsp; &nbsp; &nbsp; &nbsp; &nbsp; &nbsp; &nbsp; &nbsp; &nbsp; &nbsp; &nbsp; &nbsp; &nbsp; Charlotte och Seppo&nbsp; &nbsp; &nbsp; &nbsp; &nbsp; &nbsp; &nbsp; &nbsp; &nbsp; &nbsp; &nbsp; &nbsp; &nbsp; &nbsp; &nbsp; &nbsp; &nbsp; &nbsp; &nbsp; &nbsp; &nbsp; &nbsp; &nbsp; &nbsp; &nbsp;Alf-Inge, Leif och Ola<\/h6>\n\n\n\n<h6><img loading=\"lazy\" class=\"alignnone size-thumbnail wp-image-969\" src=\"http:\/\/bu2022.vasaorden.com\/skovde\/files\/2019\/12\/DSC_2830-150x150.jpg\" alt=\"\" width=\"150\" height=\"150\">&nbsp; &nbsp; &nbsp; &nbsp; &nbsp; &nbsp; &nbsp; &nbsp; &nbsp; &nbsp; &nbsp; &nbsp; &nbsp; &nbsp; &nbsp;<img loading=\"lazy\" class=\"alignnone size-thumbnail wp-image-972\" src=\"http:\/\/bu2022.vasaorden.com\/skovde\/files\/2019\/12\/DSC_2819-150x150.jpg\" alt=\"\" width=\"150\" height=\"150\">&nbsp; &nbsp; &nbsp; &nbsp; &nbsp; &nbsp; &nbsp; &nbsp; &nbsp; &nbsp; &nbsp; &nbsp; &nbsp; &nbsp; &nbsp; &nbsp; &nbsp;<img loading=\"lazy\" class=\"alignnone size-thumbnail wp-image-970\" src=\"http:\/\/bu2022.vasaorden.com\/skovde\/files\/2019\/12\/DSC_2833-150x150.jpg\" alt=\"\" width=\"150\" height=\"150\"><br>Kv\u00e4llens deklamerande tomte&nbsp; &nbsp; &nbsp; &nbsp; &nbsp; &nbsp; &nbsp; &nbsp; &nbsp; &nbsp; &nbsp; &nbsp; &nbsp; &nbsp; &nbsp; &nbsp; Bordskonferens&nbsp; &nbsp; &nbsp; &nbsp; &nbsp; &nbsp; &nbsp; &nbsp; &nbsp; &nbsp; &nbsp; &nbsp; &nbsp; &nbsp; &nbsp; &nbsp; &nbsp; &nbsp; &nbsp; &nbsp; &nbsp; &nbsp; &nbsp; &nbsp; &nbsp; &nbsp;Tomten &#8221;Per-Erik&#8221; och Charlotte<\/h6>\n\n\n\n<p>Senare p\u00e5 kv\u00e4llen kom en liten gr\u00e5 tomte insmygande och deklamerade Viktor Rydbergs dikt \u201dTomten\u201d. Tomten tog sig efter detta ocks\u00e5 tid att dela ut en liten julklapp till var och en, varefter han sm\u00f6g ut lika obem\u00e4rkt som han kom.<br>Kv\u00e4llen avslutades med kaffe och hembakad t\u00e5rta i anslutning till den sedvanliga lottdragningen. En mycket trivsam kv\u00e4ll med god k\u00e4nsla f\u00f6r den annalkande julhelgen.&nbsp; Slutligen ett stort och uppriktigt tack fr\u00e5n oss alla br\u00f6der till er systrarna som ordnat allt detta till den minnesv\u00e4rda kv\u00e4ll det blev.<\/p>\n\n\n\n<p>I sanning och enighet<\/p>\n\n\n\n<p><em>N\u00e4sta medlemstr\u00e4ff \u00e4r \u00c5rsm\u00f6te den<strong> 1 februari 2020<\/strong> med Installation av tj\u00e4nstem\u00e4n och Reception f\u00f6r tv\u00e5 nya medlemmar.<\/em><br><em>Boka denna l\u00f6rdagskv\u00e4ll och v\u00e4lkomna v\u00e5ra nyinstallerade tj\u00e4nstem\u00e4n och nya medlemmar.&nbsp;<\/em><\/p>\n\n\n\n<p>&#8230;&#8230;&#8230;&#8230;&#8230;&#8230;&#8230;&#8230;&#8230;&#8230;&#8230;&#8230;&#8230;&#8230;&#8230;&#8230;&#8230;&#8230;&#8230;&#8230;&#8230;&#8230;&#8230;&#8230;&#8230;&#8230;&#8230;&#8230;&#8230;&#8230;&#8230;&#8230;&#8230;&#8230;&#8230;&#8230;&#8230;&#8230;&#8230;&#8230;&#8230;&#8230;&#8230;&#8230;&#8230;&#8230;&#8230;&#8230;&#8230;&#8230;&#8230;&#8230;&#8230;&#8230;&#8230;&#8230;&#8230;&#8230;&#8230;&#8230;&#8230;&#8230;.<\/p>\n\n\n\n<p><strong>G\u00e5samiddag 9 november<\/strong><\/p>\n\n\n\n<p>I Odd Fellowhuset i Sk\u00f6vde bj\u00f6d Logen Sk\u00f6vde in till G\u00e5samiddag l\u00f6rdag kv\u00e4ll den 9 november. En tradition som logen haft seden den bildades 1950. Drygt ett fyrtiotal medlemmar och g\u00e4ster hade anm\u00e4lt sig till kv\u00e4llens logem\u00f6te och efterkapitel.<\/p>\n\n\n\n<p>Bland dessa fem g\u00e4ster, var tre medlemmar fr\u00e5n Logen i Lidk\u00f6ping, bl.a. logens ordf\u00f6rande br. \u00d6sten Larsson. Br. Seppo inledde kv\u00e4llens logem\u00f6te och h\u00f6ll i de sedvanliga m\u00f6tesfr\u00e5gor f\u00f6re och efter den f\u00f6rsta nomineringen av tj\u00e4nstem\u00e4n f\u00f6r 2020. Det var f\u00f6rslag p\u00e5 omval p\u00e5 de flesta posterna. M\u00f6tet avslutade med ett musikstycket som br. Roger valt.<\/p>\n\n\n\n<figure class=\"wp-container-14 wp-block-gallery-13 wp-block-gallery has-nested-images columns-default is-cropped\">\n<figure class=\"wp-block-image size-large\"><img loading=\"lazy\" width=\"2560\" height=\"1707\" data-id=\"932\"  src=\"https:\/\/vasaorden.com\/skovde\/wp-content\/uploads\/sites\/11\/2019\/11\/DSC_2772-scaled.jpg\" alt=\"\" class=\"wp-image-932\" srcset=\"https:\/\/vasaorden.com\/skovde\/wp-content\/uploads\/sites\/11\/2019\/11\/DSC_2772-scaled.jpg 2560w, https:\/\/vasaorden.com\/skovde\/wp-content\/uploads\/sites\/11\/2019\/11\/DSC_2772-300x200.jpg 300w, https:\/\/vasaorden.com\/skovde\/wp-content\/uploads\/sites\/11\/2019\/11\/DSC_2772-1024x683.jpg 1024w, https:\/\/vasaorden.com\/skovde\/wp-content\/uploads\/sites\/11\/2019\/11\/DSC_2772-768x512.jpg 768w, https:\/\/vasaorden.com\/skovde\/wp-content\/uploads\/sites\/11\/2019\/11\/DSC_2772-1536x1024.jpg 1536w, https:\/\/vasaorden.com\/skovde\/wp-content\/uploads\/sites\/11\/2019\/11\/DSC_2772-2048x1365.jpg 2048w\" sizes=\"(max-width: 2560px) 100vw, 2560px\" \/><\/figure>\n\n\n\n<figure class=\"wp-block-image size-large\"><img loading=\"lazy\" width=\"2560\" height=\"1707\" data-id=\"935\"  src=\"https:\/\/vasaorden.com\/skovde\/wp-content\/uploads\/sites\/11\/2019\/11\/DSC_2776-scaled.jpg\" alt=\"\" class=\"wp-image-935\" srcset=\"https:\/\/vasaorden.com\/skovde\/wp-content\/uploads\/sites\/11\/2019\/11\/DSC_2776-scaled.jpg 2560w, https:\/\/vasaorden.com\/skovde\/wp-content\/uploads\/sites\/11\/2019\/11\/DSC_2776-300x200.jpg 300w, https:\/\/vasaorden.com\/skovde\/wp-content\/uploads\/sites\/11\/2019\/11\/DSC_2776-1024x683.jpg 1024w, https:\/\/vasaorden.com\/skovde\/wp-content\/uploads\/sites\/11\/2019\/11\/DSC_2776-768x512.jpg 768w, https:\/\/vasaorden.com\/skovde\/wp-content\/uploads\/sites\/11\/2019\/11\/DSC_2776-1536x1024.jpg 1536w, https:\/\/vasaorden.com\/skovde\/wp-content\/uploads\/sites\/11\/2019\/11\/DSC_2776-2048x1365.jpg 2048w\" sizes=\"(max-width: 2560px) 100vw, 2560px\" \/><\/figure>\n\n\n\n<figure class=\"wp-block-image size-large\"><img loading=\"lazy\" width=\"2560\" height=\"1707\" data-id=\"933\"  src=\"https:\/\/vasaorden.com\/skovde\/wp-content\/uploads\/sites\/11\/2019\/11\/DSC_2775-scaled.jpg\" alt=\"\" class=\"wp-image-933\" srcset=\"https:\/\/vasaorden.com\/skovde\/wp-content\/uploads\/sites\/11\/2019\/11\/DSC_2775-scaled.jpg 2560w, https:\/\/vasaorden.com\/skovde\/wp-content\/uploads\/sites\/11\/2019\/11\/DSC_2775-300x200.jpg 300w, https:\/\/vasaorden.com\/skovde\/wp-content\/uploads\/sites\/11\/2019\/11\/DSC_2775-1024x683.jpg 1024w, https:\/\/vasaorden.com\/skovde\/wp-content\/uploads\/sites\/11\/2019\/11\/DSC_2775-768x512.jpg 768w, https:\/\/vasaorden.com\/skovde\/wp-content\/uploads\/sites\/11\/2019\/11\/DSC_2775-1536x1024.jpg 1536w, https:\/\/vasaorden.com\/skovde\/wp-content\/uploads\/sites\/11\/2019\/11\/DSC_2775-2048x1365.jpg 2048w\" sizes=\"(max-width: 2560px) 100vw, 2560px\" \/><\/figure>\n\n\n\n<figure class=\"wp-block-image size-large\"><img loading=\"lazy\" width=\"2560\" height=\"1707\" data-id=\"940\"  src=\"https:\/\/vasaorden.com\/skovde\/wp-content\/uploads\/sites\/11\/2019\/11\/DSC_2781-scaled.jpg\" alt=\"\" class=\"wp-image-940\" srcset=\"https:\/\/vasaorden.com\/skovde\/wp-content\/uploads\/sites\/11\/2019\/11\/DSC_2781-scaled.jpg 2560w, https:\/\/vasaorden.com\/skovde\/wp-content\/uploads\/sites\/11\/2019\/11\/DSC_2781-300x200.jpg 300w, https:\/\/vasaorden.com\/skovde\/wp-content\/uploads\/sites\/11\/2019\/11\/DSC_2781-1024x683.jpg 1024w, https:\/\/vasaorden.com\/skovde\/wp-content\/uploads\/sites\/11\/2019\/11\/DSC_2781-768x512.jpg 768w, https:\/\/vasaorden.com\/skovde\/wp-content\/uploads\/sites\/11\/2019\/11\/DSC_2781-1536x1024.jpg 1536w, https:\/\/vasaorden.com\/skovde\/wp-content\/uploads\/sites\/11\/2019\/11\/DSC_2781-2048x1365.jpg 2048w\" sizes=\"(max-width: 2560px) 100vw, 2560px\" \/><\/figure>\n\n\n\n<figure class=\"wp-block-image size-large\"><img loading=\"lazy\" width=\"2560\" height=\"1707\" data-id=\"939\"  src=\"https:\/\/vasaorden.com\/skovde\/wp-content\/uploads\/sites\/11\/2019\/11\/DSC_2766-scaled.jpg\" alt=\"\" class=\"wp-image-939\" srcset=\"https:\/\/vasaorden.com\/skovde\/wp-content\/uploads\/sites\/11\/2019\/11\/DSC_2766-scaled.jpg 2560w, https:\/\/vasaorden.com\/skovde\/wp-content\/uploads\/sites\/11\/2019\/11\/DSC_2766-300x200.jpg 300w, https:\/\/vasaorden.com\/skovde\/wp-content\/uploads\/sites\/11\/2019\/11\/DSC_2766-1024x683.jpg 1024w, https:\/\/vasaorden.com\/skovde\/wp-content\/uploads\/sites\/11\/2019\/11\/DSC_2766-768x512.jpg 768w, https:\/\/vasaorden.com\/skovde\/wp-content\/uploads\/sites\/11\/2019\/11\/DSC_2766-1536x1024.jpg 1536w, https:\/\/vasaorden.com\/skovde\/wp-content\/uploads\/sites\/11\/2019\/11\/DSC_2766-2048x1365.jpg 2048w\" sizes=\"(max-width: 2560px) 100vw, 2560px\" \/><\/figure>\n\n\n\n<figure class=\"wp-block-image size-large\"><img loading=\"lazy\" width=\"2560\" height=\"1707\" data-id=\"938\"  src=\"https:\/\/vasaorden.com\/skovde\/wp-content\/uploads\/sites\/11\/2019\/11\/DSC_2769-scaled.jpg\" alt=\"\" class=\"wp-image-938\" srcset=\"https:\/\/vasaorden.com\/skovde\/wp-content\/uploads\/sites\/11\/2019\/11\/DSC_2769-scaled.jpg 2560w, https:\/\/vasaorden.com\/skovde\/wp-content\/uploads\/sites\/11\/2019\/11\/DSC_2769-300x200.jpg 300w, https:\/\/vasaorden.com\/skovde\/wp-content\/uploads\/sites\/11\/2019\/11\/DSC_2769-1024x683.jpg 1024w, https:\/\/vasaorden.com\/skovde\/wp-content\/uploads\/sites\/11\/2019\/11\/DSC_2769-768x512.jpg 768w, https:\/\/vasaorden.com\/skovde\/wp-content\/uploads\/sites\/11\/2019\/11\/DSC_2769-1536x1024.jpg 1536w, https:\/\/vasaorden.com\/skovde\/wp-content\/uploads\/sites\/11\/2019\/11\/DSC_2769-2048x1365.jpg 2048w\" sizes=\"(max-width: 2560px) 100vw, 2560px\" \/><\/figure>\n\n\n\n<figure class=\"wp-block-image size-large\"><img loading=\"lazy\" width=\"2560\" height=\"1707\" data-id=\"936\"  src=\"https:\/\/vasaorden.com\/skovde\/wp-content\/uploads\/sites\/11\/2019\/11\/DSC_2767-scaled.jpg\" alt=\"\" class=\"wp-image-936\" srcset=\"https:\/\/vasaorden.com\/skovde\/wp-content\/uploads\/sites\/11\/2019\/11\/DSC_2767-scaled.jpg 2560w, https:\/\/vasaorden.com\/skovde\/wp-content\/uploads\/sites\/11\/2019\/11\/DSC_2767-300x200.jpg 300w, https:\/\/vasaorden.com\/skovde\/wp-content\/uploads\/sites\/11\/2019\/11\/DSC_2767-1024x683.jpg 1024w, https:\/\/vasaorden.com\/skovde\/wp-content\/uploads\/sites\/11\/2019\/11\/DSC_2767-768x512.jpg 768w, https:\/\/vasaorden.com\/skovde\/wp-content\/uploads\/sites\/11\/2019\/11\/DSC_2767-1536x1024.jpg 1536w, https:\/\/vasaorden.com\/skovde\/wp-content\/uploads\/sites\/11\/2019\/11\/DSC_2767-2048x1365.jpg 2048w\" sizes=\"(max-width: 2560px) 100vw, 2560px\" \/><\/figure>\n\n\n\n<figure class=\"wp-block-image size-large\"><img loading=\"lazy\" width=\"2560\" height=\"1707\" data-id=\"934\"  src=\"https:\/\/vasaorden.com\/skovde\/wp-content\/uploads\/sites\/11\/2019\/11\/DSC_2782-scaled.jpg\" alt=\"\" class=\"wp-image-934\" srcset=\"https:\/\/vasaorden.com\/skovde\/wp-content\/uploads\/sites\/11\/2019\/11\/DSC_2782-scaled.jpg 2560w, https:\/\/vasaorden.com\/skovde\/wp-content\/uploads\/sites\/11\/2019\/11\/DSC_2782-300x200.jpg 300w, https:\/\/vasaorden.com\/skovde\/wp-content\/uploads\/sites\/11\/2019\/11\/DSC_2782-1024x683.jpg 1024w, https:\/\/vasaorden.com\/skovde\/wp-content\/uploads\/sites\/11\/2019\/11\/DSC_2782-768x512.jpg 768w, https:\/\/vasaorden.com\/skovde\/wp-content\/uploads\/sites\/11\/2019\/11\/DSC_2782-1536x1024.jpg 1536w, https:\/\/vasaorden.com\/skovde\/wp-content\/uploads\/sites\/11\/2019\/11\/DSC_2782-2048x1365.jpg 2048w\" sizes=\"(max-width: 2560px) 100vw, 2560px\" \/><\/figure>\n\n\n\n<figure class=\"wp-block-image size-large\"><img loading=\"lazy\" width=\"2560\" height=\"1707\" data-id=\"765\"  src=\"https:\/\/vasaorden.com\/skovde\/wp-content\/uploads\/sites\/11\/2018\/04\/DSC_0141-scaled.jpg\" alt=\"\" class=\"wp-image-765\" srcset=\"https:\/\/vasaorden.com\/skovde\/wp-content\/uploads\/sites\/11\/2018\/04\/DSC_0141-scaled.jpg 2560w, https:\/\/vasaorden.com\/skovde\/wp-content\/uploads\/sites\/11\/2018\/04\/DSC_0141-300x200.jpg 300w, https:\/\/vasaorden.com\/skovde\/wp-content\/uploads\/sites\/11\/2018\/04\/DSC_0141-1024x683.jpg 1024w, https:\/\/vasaorden.com\/skovde\/wp-content\/uploads\/sites\/11\/2018\/04\/DSC_0141-768x512.jpg 768w, https:\/\/vasaorden.com\/skovde\/wp-content\/uploads\/sites\/11\/2018\/04\/DSC_0141-1536x1024.jpg 1536w, https:\/\/vasaorden.com\/skovde\/wp-content\/uploads\/sites\/11\/2018\/04\/DSC_0141-2048x1365.jpg 2048w\" sizes=\"(max-width: 2560px) 100vw, 2560px\" \/><figcaption>Marianne och Seppo<\/figcaption><\/figure>\n<\/figure>\n\n\n\n<p>I klubblokalerna en trappa ner h\u00e4lsades alla v\u00e4lkomna med en alkoholfri v\u00e4lkomstdryck. Middagen inleddes med svartsoppa och kr\u00e5s. N\u00e5gra medlemmar valde ist\u00e4llet champinjonsoppa som alternativ till svartsoppan. Sedan var det tid f\u00f6r kv\u00e4llens huvudr\u00e4tt g\u00e5s, som l\u00e5g fint upplagd p\u00e5 serveringsfat med r\u00f6dk\u00e5l och brysselk\u00e5l. Till dessert en variant av sk\u00e5nsk \u00e4pplekaka. Den serverades portionsvis i ett glas, med vaniljkr\u00e4m i botten, sedan fylld med \u00e4pplebitar och bitar av smulpaj, kryddad med kanel och kardemumma. Slutligen toppad med lite spritsad vaniljkr\u00e4m.<\/p>\n\n\n\n<p>Efter maten var det tid f\u00f6r kv\u00e4llens musikunderh\u00e5llning. Musiken stod underh\u00e5llaren Peder Sveder f\u00f6r. Den medryckande musiken&nbsp; lockade ocks\u00e5 till spontandans under den dryga timma som han underh\u00f6ll oss.&nbsp; Vid underh\u00e5llningens slut serverades kaffe och dr\u00f6mt\u00e5rta. I anslutning till detta v\u00e5r h\u00e4vdvunna lotteridragning med vinster fr\u00e5n ett rikt prisbord.<\/p>\n\n\n\n<p>Kv\u00e4llen avrundades inte s\u00e5 l\u00e5ngt senare. En mycket trevlig och trivsam kv\u00e4ll med god mat, till vilket kockar, klubbkommitt\u00e9, arbetsgrupp, medlemmar och g\u00e4ster bidrog stort till.<\/p>\n\n\n\n<p>I sanning och enighet<\/p>\n\n\n\n<p><em>N\u00e4sta medlemstr\u00e4ff&nbsp; med julbord den 14 december &#8211; <strong>&#8221;Systrarnas afton&#8221;.<\/strong>&nbsp;<\/em><br><em>Boka denna l\u00f6rdagskv\u00e4ll redan nu.&nbsp;<\/em><\/p>\n\n\n\n<p>&#8230;&#8230;&#8230;&#8230;&#8230;&#8230;&#8230;&#8230;&#8230;&#8230;&#8230;&#8230;&#8230;&#8230;&#8230;&#8230;&#8230;&#8230;&#8230;&#8230;&#8230;&#8230;&#8230;&#8230;&#8230;&#8230;&#8230;&#8230;&#8230;&#8230;&#8230;&#8230;&#8230;&#8230;&#8230;&#8230;&#8230;&#8230;&#8230;&#8230;&#8230;&#8230;&#8230;&#8230;&#8230;&#8230;&#8230;&#8230;&#8230;&#8230;&#8230;&#8230;&#8230;&#8230;&#8230;&#8230;&#8230;&#8230;&#8230;&#8230;&#8230;&#8230;&#8230;<\/p>\n\n\n\n<p><strong>Kulturafton 11 oktober<\/strong><\/p>\n\n\n\n<p>Logen i Sk\u00f6vde h\u00f6ll sitt andra logem\u00f6te f\u00f6r h\u00f6sten den 11 oktober i Odd Fellowhuset. Det var ett v\u00e4lfyllt program f\u00f6r kv\u00e4llen b\u00e5de avseende logem\u00f6te och efterkapitel.<br>Logen \u00f6ppnades sedvanligt, varefter parentation f\u00f6r tv\u00e5 under \u00e5ret avlidna vasasyskon inledde kv\u00e4llens program. De avlidna sy Margaretha Andeberg och br Tell Andreasson erh\u00f6ll en finst\u00e4md och vacker parentation.<br>D\u00e4refter f\u00f6ljde en installation av logens nya Distriktsdebuterade (DD) br Bo Jansson fr\u00e5n logen i Lidk\u00f6ping. Installerades av br Roger fr\u00e5n Logen Sk\u00f6vde och DD i Logen Stockholm.<\/p>\n\n\n\n<p><img loading=\"lazy\" class=\"alignnone wp-image-919\" src=\"https:\/\/vasaorden.com\/skovde\/wp-content\/uploads\/sites\/11\/2019\/10\/DSC_2687-150x150.jpg\" alt=\"\" width=\"150\" height=\"150\" srcset=\"https:\/\/vasaorden.com\/skovde\/wp-content\/uploads\/sites\/11\/2019\/10\/DSC_2687-150x150.jpg 150w, https:\/\/vasaorden.com\/skovde\/wp-content\/uploads\/sites\/11\/2019\/10\/DSC_2687-600x600.jpg 600w\" sizes=\"(max-width: 150px) 100vw, 150px\" \/>&nbsp; &nbsp; &nbsp; &nbsp; &nbsp; &nbsp; &nbsp;<img loading=\"lazy\" class=\"alignnone wp-image-918\" src=\"https:\/\/vasaorden.com\/skovde\/wp-content\/uploads\/sites\/11\/2019\/10\/DSC_2684-150x150.jpg\" alt=\"\" width=\"150\" height=\"150\" srcset=\"https:\/\/vasaorden.com\/skovde\/wp-content\/uploads\/sites\/11\/2019\/10\/DSC_2684-150x150.jpg 150w, https:\/\/vasaorden.com\/skovde\/wp-content\/uploads\/sites\/11\/2019\/10\/DSC_2684-600x600.jpg 600w\" sizes=\"(max-width: 150px) 100vw, 150px\" \/>&nbsp; &nbsp; &nbsp; &nbsp; &nbsp; &nbsp; &nbsp;<img loading=\"lazy\" class=\"alignnone wp-image-917\" src=\"https:\/\/vasaorden.com\/skovde\/wp-content\/uploads\/sites\/11\/2019\/10\/DSC_2689-150x150.jpg\" alt=\"\" width=\"151\" height=\"151\" srcset=\"https:\/\/vasaorden.com\/skovde\/wp-content\/uploads\/sites\/11\/2019\/10\/DSC_2689-150x150.jpg 150w, https:\/\/vasaorden.com\/skovde\/wp-content\/uploads\/sites\/11\/2019\/10\/DSC_2689-600x600.jpg 600w\" sizes=\"(max-width: 151px) 100vw, 151px\" \/><br>Marianne och Birgitta&nbsp; &nbsp; &nbsp; &nbsp; &nbsp; &nbsp;Bl.a. v\u00e5ra recipienter&nbsp; &nbsp; &nbsp; &nbsp; &nbsp; &nbsp; &nbsp; &nbsp; &nbsp; Fr\u00e5n matsalen<\/p>\n\n\n\n<p>Efter denna inledning var det s\u00e5 tid f\u00f6r kv\u00e4llens h\u00f6gtidliga reception med intagning av tv\u00e5 nya medlemmar, Sheila Ingemarsson<br>och Ann-Christine Andersson. De hade varit g\u00e4ster vid v\u00e5rt efterkapitel n\u00e5gra g\u00e5nger tidigare s\u00e5 det var inte ett helt ok\u00e4nd kv\u00e4llsprogram de kom till och hade framf\u00f6r sig. Installationen genomf\u00f6rdes mycket v\u00e4rdigt och stilfullt.<br>D\u00e4refter f\u00f6ljde sedvanliga m\u00f6tesf\u00f6rhandlingar med bland annat beslut om g\u00e5samiddag till novemberm\u00f6tet. Fr\u00e5gan om kostnad hade varit grundl\u00e4ggande f\u00f6r diskussionen.<\/p>\n\n\n\n<p><img loading=\"lazy\" class=\"alignnone wp-image-924\" src=\"https:\/\/vasaorden.com\/skovde\/wp-content\/uploads\/sites\/11\/2019\/10\/DSC_2698-150x150.jpg\" alt=\"\" width=\"155\" height=\"155\" srcset=\"https:\/\/vasaorden.com\/skovde\/wp-content\/uploads\/sites\/11\/2019\/10\/DSC_2698-150x150.jpg 150w, https:\/\/vasaorden.com\/skovde\/wp-content\/uploads\/sites\/11\/2019\/10\/DSC_2698-600x600.jpg 600w\" sizes=\"(max-width: 155px) 100vw, 155px\" \/>&nbsp; &nbsp; &nbsp; &nbsp; &nbsp; &nbsp; &nbsp;&nbsp;<img loading=\"lazy\" class=\"alignnone wp-image-923\" src=\"https:\/\/vasaorden.com\/skovde\/wp-content\/uploads\/sites\/11\/2019\/10\/DSC_2694-150x150.jpg\" alt=\"\" width=\"158\" height=\"158\" srcset=\"https:\/\/vasaorden.com\/skovde\/wp-content\/uploads\/sites\/11\/2019\/10\/DSC_2694-150x150.jpg 150w, https:\/\/vasaorden.com\/skovde\/wp-content\/uploads\/sites\/11\/2019\/10\/DSC_2694-600x600.jpg 600w\" sizes=\"(max-width: 158px) 100vw, 158px\" \/>&nbsp; &nbsp; &nbsp; &nbsp; &nbsp; &nbsp; &nbsp;&nbsp; <img loading=\"lazy\" class=\"alignnone wp-image-922\" src=\"https:\/\/vasaorden.com\/skovde\/wp-content\/uploads\/sites\/11\/2019\/10\/DSC_2714-150x150.jpg\" alt=\"\" width=\"156\" height=\"156\" srcset=\"https:\/\/vasaorden.com\/skovde\/wp-content\/uploads\/sites\/11\/2019\/10\/DSC_2714-150x150.jpg 150w, https:\/\/vasaorden.com\/skovde\/wp-content\/uploads\/sites\/11\/2019\/10\/DSC_2714-600x600.jpg 600w\" sizes=\"(max-width: 156px) 100vw, 156px\" \/><br>Gunilla Olsson ber\u00e4ttar&nbsp; &nbsp; &nbsp; &nbsp; &nbsp; &nbsp; &nbsp;Katarina och G\u00f6ran&nbsp; &nbsp; &nbsp; &nbsp; &nbsp; &nbsp; &nbsp; &nbsp; &nbsp; &nbsp; Myra och Marianne<\/p>\n\n\n\n<p>I matsalen efter m\u00f6tet serverades en smaklig fiskr\u00e4tt med sallad. Kaffe med en l\u00e4cker hembakad toscakaka serverades en stund senare i den intilliggande klubblokalen. Samtidigt f\u00f6rberedde kv\u00e4llens f\u00f6rel\u00e4sare Gunilla Olsson och Toivo Stark fr\u00e5n Karlsborg sitt bildspel. De visade bilder fr\u00e5n en seglats de gjorde 2007 till Shetlands\u00f6arna och F\u00e4r\u00f6arna med sin b\u00e5t \u201dKvasthilda\u201d. Gunilla ber\u00e4ttade med stark inlevelse om b\u00e5de seglatsen och bes\u00f6ken i land. Kv\u00e4llen avslutades med sedvanlig lottdragning.<\/p>\n\n\n\n<p>I Sanning och enighet<\/p>\n\n\n\n<p><em>N\u00e4sta Logem\u00f6te &#8211;<strong> G\u00e5samiddag<\/strong> den 9 november&nbsp; &nbsp;<\/em><\/p>\n\n\n\n<p>&#8230;&#8230;&#8230;&#8230;&#8230;&#8230;&#8230;&#8230;&#8230;&#8230;&#8230;&#8230;&#8230;&#8230;&#8230;&#8230;&#8230;&#8230;&#8230;&#8230;&#8230;&#8230;&#8230;&#8230;&#8230;&#8230;&#8230;&#8230;&#8230;&#8230;&#8230;&#8230;&#8230;&#8230;&#8230;&#8230;&#8230;&#8230;&#8230;&#8230;&#8230;&#8230;&#8230;&#8230;&#8230;&#8230;&#8230;&#8230;&#8230;&#8230;&#8230;&#8230;&#8230;&#8230;&#8230;&#8230;&#8230;&#8230;&#8230;&#8230;&#8230;&#8230;&#8230;&#8230;&#8230;<\/p>\n\n\n\n<p><strong>Kulturafton den 13 september<\/strong><\/p>\n\n\n\n<p>H\u00f6stens f\u00f6rsta logem\u00f6te. Efter logem\u00f6tet samlades alla till m\u00e5ltid i klubblokalerna. Maten var uts\u00f6kt god som vanligt. Vid samlingen efter maten k\u00e5serade pr\u00e4sten Mats L\u00f6ving om bland annat sin uppv\u00e4xt och intressanta personer han tr\u00e4ffat. Han ber\u00e4ttade ocks\u00e5 en del \u201dV\u00e4stg\u00f6tahistorier\u201d som lockade till m\u00e5nga skratt. En kv\u00e4ll i sann vasaanda.<\/p>\n\n\n\n<p>I Sanning och enighet<\/p>\n\n\n\n<p><em>N\u00e4sta Logem\u00f6te den 11 oktober &#8211; <strong>Kulturafton<\/strong><\/em><\/p>\n\n\n\n<p>&#8230;&#8230;&#8230;&#8230;&#8230;&#8230;&#8230;&#8230;&#8230;&#8230;&#8230;&#8230;&#8230;&#8230;&#8230;&#8230;&#8230;&#8230;&#8230;&#8230;&#8230;&#8230;&#8230;&#8230;&#8230;&#8230;&#8230;&#8230;&#8230;&#8230;&#8230;&#8230;&#8230;&#8230;&#8230;&#8230;&#8230;&#8230;&#8230;&#8230;&#8230;&#8230;&#8230;&#8230;&#8230;&#8230;&#8230;&#8230;&#8230;&#8230;&#8230;&#8230;&#8230;&#8230;&#8230;&#8230;&#8230;&#8230;&#8230;&#8230;&#8230;&#8230;&#8230;&#8230;&#8230;&#8230;&#8230;&#8230;<\/p>\n\n\n\n<p><strong>Kr\u00e4ftskiva den 17 augusti<\/strong><\/p>\n\n\n\n<p>I \u00e5r var det logen i Sk\u00f6vde som bj\u00f6d in till kr\u00e4ftskiva, som brukligt under m\u00e5nga \u00e5r tillbaka i Ljungtorps bygdeg\u00e5rd. &nbsp;Vasasyskon fr\u00e5n Sk\u00f6vde, Lidk\u00f6ping och Mellerud f\u00f6rgyllde kv\u00e4llen och fick smaka p\u00e5 goda och smakrika kr\u00e4ftor fr\u00e5n V\u00e4ttern. Kv\u00e4llen inleddes med en tipspromenad, som fick genomf\u00f6ras inomhus p\u00e5 grund av det usla v\u00e4dret utomhus. Efter kr\u00e4ftorna musikunderh\u00e5llning, d\u00e4r det gavs m\u00f6jlighet till dans f\u00f6r de som k\u00e4nde sig hugade. Avslutande nattamat i form av korv och br\u00f6d senare p\u00e5 kv\u00e4llen. En trevlig och minnesv\u00e4rd augustikv\u00e4ll.<\/p>\n\n\n\n<p>I sanning och enighet<\/p>\n\n\n\n<p><em>N\u00e4sta Logem\u00f6te den 13 september &#8211;<strong> Kulturafton<\/strong><\/em><\/p>\n\n\n\n<p>&#8230;&#8230;&#8230;&#8230;&#8230;&#8230;&#8230;&#8230;&#8230;&#8230;&#8230;&#8230;&#8230;&#8230;&#8230;&#8230;&#8230;&#8230;&#8230;&#8230;&#8230;&#8230;&#8230;&#8230;&#8230;&#8230;&#8230;&#8230;&#8230;&#8230;&#8230;&#8230;&#8230;&#8230;&#8230;&#8230;&#8230;&#8230;&#8230;&#8230;&#8230;&#8230;&#8230;&#8230;&#8230;&#8230;&#8230;&#8230;&#8230;&#8230;&#8230;&#8230;&#8230;&#8230;&#8230;&#8230;&#8230;&#8230;&#8230;&#8230;&#8230;&#8230;&#8230;&#8230;&#8230;&#8230;&#8230;&#8230;.<\/p>\n\n\n\n<p><strong>Surstr\u00f6mmingsfest l\u00f6rdag den 29 juni<\/strong><\/p>\n\n\n\n<p>En h\u00e4rlig och fin l\u00f6rdagseftermiddag och kv\u00e4ll tr\u00e4ffades ett 40 vasasyskon hos br Kjell i hans stuga vid Simsj\u00f6n, d\u00e4r han bj\u00f6d p\u00e5 surstr\u00f6mmingsfest. &nbsp;Ett flertal av g\u00e4sterna var fr\u00e5n logen i Lidk\u00f6ping, vilket var mycket gl\u00e4djande. Kv\u00e4llen inleddes med mingel och en tipspromenad. &nbsp;Flera sm\u00e5bord var uppst\u00e4llda p\u00e5 tomten d\u00e4r g\u00e4sterna efter mingel och tipspromenad tog plats.<br>Det bj\u00f6ds f\u00f6rst p\u00e5 en mycket v\u00e4lsmakande pirog. Efter denna tid f\u00f6r kv\u00e4llens delikatess, surstr\u00f6mming med tillbeh\u00f6r. F\u00f6r de som s\u00e5 \u00f6nskade fanns det sill som alternativ. Hembakad t\u00e5rta med kaffe avslutade m\u00e5ltiden. Sammanfattningsvis en trevlig och gemytlig kv\u00e4ll i sann vasaanda.<\/p>\n\n\n\n<p>I sanning och enighet<\/p>\n\n\n\n<p><em>N\u00e4sta tr\u00e4ff den 17 augusti &#8211; <strong>Kr\u00e4ftskiva<\/strong> i Ljungstorps Bygdeg\u00e5rd<\/em><\/p>\n\n\n\n<p>&#8230;&#8230;&#8230;&#8230;&#8230;&#8230;&#8230;&#8230;&#8230;&#8230;&#8230;&#8230;&#8230;&#8230;&#8230;&#8230;&#8230;&#8230;&#8230;&#8230;&#8230;&#8230;&#8230;&#8230;&#8230;&#8230;&#8230;&#8230;&#8230;&#8230;&#8230;&#8230;&#8230;&#8230;&#8230;&#8230;&#8230;&#8230;&#8230;&#8230;&#8230;&#8230;&#8230;&#8230;&#8230;&#8230;&#8230;&#8230;&#8230;&#8230;&#8230;&#8230;&#8230;&#8230;&#8230;&#8230;&#8230;&#8230;&#8230;&#8230;&#8230;&#8230;&#8230;&#8230;&#8230;&#8230;<\/p>\n\n\n\n<p><strong>Nationaldagsfirande den 6 juni &nbsp;<\/strong><\/p>\n\n\n\n<p>Ett flertal vasasyskon hade samlats till nationaldagsfirande p\u00e5 Karlsborgs f\u00e4stning i Karlsborg f\u00f6r att ta del av firandet och nationaldagstal. Senare p\u00e5 eftermiddagen f\u00e4rdades alla till Tiveden och br Seppo och sy Marianne f\u00f6r gemensam samvaro och<br>f\u00f6r att grilla lite k\u00f6tt och korv. En l\u00e5ng och h\u00e4rlig dag med v\u00e4xlade och inneh\u00e5llsrikt program.<\/p>\n\n\n\n<p>&#8230;&#8230;&#8230;&#8230;&#8230;&#8230;&#8230;&#8230;&#8230;&#8230;&#8230;&#8230;&#8230;&#8230;&#8230;&#8230;&#8230;&#8230;&#8230;&#8230;&#8230;&#8230;&#8230;&#8230;&#8230;&#8230;&#8230;&#8230;&#8230;&#8230;&#8230;&#8230;&#8230;&#8230;&#8230;&#8230;&#8230;&#8230;&#8230;&#8230;&#8230;&#8230;&#8230;&#8230;&#8230;&#8230;&#8230;&#8230;&#8230;&#8230;&#8230;&#8230;&#8230;&#8230;&#8230;&#8230;&#8230;&#8230;&#8230;&#8230;&#8230;&#8230;&#8230;&#8230;&#8230;&#8230;<\/p>\n\n\n\n<p><strong>Kulturafton fredag den 12 april<\/strong><\/p>\n\n\n\n<p>Fredag den 12 april h\u00f6ll Logen Sk\u00f6vde sitt sista logem\u00f6te f\u00f6r v\u00e5ren i Odd Fellowhuset i Sk\u00f6vde. Konkurrensen med v\u00e5rv\u00e4dret inf\u00f6r helgen var h\u00e5rt d\u00e5 m\u00e5nga hade annat f\u00f6r sig denna kv\u00e4ll. Under logem\u00f6tet redovisades bland annat n\u00e5gra av de nu fastst\u00e4llda programpunkterna f\u00f6r sommaren. Bland annat nationaldagsfirande i Karlsborg med efterf\u00f6ljande medlemstr\u00e4ff i Tiveden och kr\u00e4ftskivan i Ljungstorp i augusti. Kanske ocks\u00e5 till h\u00f6sten en utflykt. Ett kort stycke opera, \u201dPorgi amor\u201d, ur Figaros br\u00f6llop avslutade logem\u00f6tet.<\/p>\n\n\n\n<p>Till bords serverades senare i matsalen en k\u00f6ttgryta med ris och sallad. En mycket uppskattat och utomordentligt god middag denna kv\u00e4ll. Efter m\u00e5ltiden samlades alla i s\u00e4llskapsrummen. D\u00e4r bj\u00f6ds p\u00e5 kaffe och en smakfull bit bakelse. Under kaffet fick vi lyssna till riksspelmannen Jon Sir\u00e9n, hemmah\u00f6rande Karlsborgstrakten. Han spelade folkmusik dels p\u00e5 sin fiol och dels p\u00e5 sitt tv\u00e5radiga durspel. Han underh\u00f6ll med b\u00e5de musik, s\u00e4gner och historier av olika slag. Ett mycket, mycket uppskattat upptr\u00e4dande, som blev avsev\u00e4rt l\u00e4ngre \u00e4n planerat. Kv\u00e4llen avslutades med sedvanlig lottdragning till ett v\u00e4lfyllt vinstbord.<\/p>\n\n\n\n<p>I sanning och enighet<\/p>\n\n\n\n<p><em>N\u00e4sta tr\u00e4ff &#8211;&nbsp;<strong> Nationaldagsfirande den 6 juni<\/strong> i Karlsborg med efterf\u00f6ljande grillkv\u00e4ll i Tiveden<\/em><\/p>\n\n\n\n<p>&#8230;&#8230;&#8230;&#8230;&#8230;&#8230;&#8230;&#8230;&#8230;&#8230;&#8230;&#8230;&#8230;&#8230;&#8230;&#8230;&#8230;&#8230;&#8230;&#8230;&#8230;&#8230;&#8230;&#8230;&#8230;&#8230;&#8230;&#8230;&#8230;&#8230;&#8230;&#8230;&#8230;&#8230;&#8230;&#8230;&#8230;&#8230;&#8230;&#8230;&#8230;&#8230;&#8230;&#8230;&#8230;&#8230;&#8230;&#8230;&#8230;&#8230;&#8230;&#8230;&#8230;&#8230;&#8230;&#8230;&#8230;&#8230;&#8230;&#8230;&#8230;&#8230;&#8230;&#8230;&#8230;&#8230;&#8230;&#8230;&#8230;.<\/p>\n\n\n\n<p><strong>Br\u00f6dernas afton l\u00f6rdag den 9 mars<\/strong><\/p>\n\n\n\n<p>Trettio medlemmar och g\u00e4ster hade samlats till denna kv\u00e4lls logem\u00f6te till vilket br\u00f6derna bjudit in. Kv\u00e4llen inleddes med sedvanligt logem\u00f6te d\u00e4r ordf\u00f6randen br. Seppo \u00f6ppnade m\u00f6tet traditionsenligt med stilfull ljust\u00e4ndning till stillsam musik. Protokoll och ekonomirapporter godk\u00e4ndes och \u00f6vriga rapporter redovisades.<\/p>\n\n\n\n<p>Under ordens v\u00e4l bad br. Seppo ceremonim\u00e4stare sy Marianne att leda fram br. Roger och br. Leif till altaret. D\u00e5 f\u00f6r att tilldelas 25-\u00e5rsm\u00e4rke ur br. Seppos hand. Br\u00f6derna tackade f\u00f6r utm\u00e4rkelsen och \u00e5tertog sedan sina platser. D\u00e4refter leddes br. Arne Marthinsson fram till altaret f\u00f6r att motta logens f\u00f6rtj\u00e4nsttecken av br. Seppo. Detta f\u00f6r sitt uppskattade arbete som kulturledare, varefter han \u00e5tertog sin plats. Vid logens avslut spelade br. Roger ABBA-l\u00e5ten \u201dDancing Queen\u201d, med koppling till kv\u00e4llens tema.<\/p>\n\n\n\n<p><img loading=\"lazy\" class=\"alignnone size-thumbnail wp-image-883\" src=\"https:\/\/vasaorden.com\/skovde\/wp-content\/uploads\/sites\/11\/2019\/03\/DSC_1788-150x150.jpg\" alt=\"\" width=\"150\" height=\"150\" srcset=\"https:\/\/vasaorden.com\/skovde\/wp-content\/uploads\/sites\/11\/2019\/03\/DSC_1788-150x150.jpg 150w, https:\/\/vasaorden.com\/skovde\/wp-content\/uploads\/sites\/11\/2019\/03\/DSC_1788-600x600.jpg 600w\" sizes=\"(max-width: 150px) 100vw, 150px\" \/>&nbsp; &nbsp; &nbsp; &nbsp; &nbsp; &nbsp; &nbsp; &nbsp; &nbsp; &nbsp; &nbsp; &nbsp; &nbsp; &nbsp;<img loading=\"lazy\" class=\"alignnone size-thumbnail wp-image-882\" src=\"https:\/\/vasaorden.com\/skovde\/wp-content\/uploads\/sites\/11\/2019\/03\/DSC_1789-150x150.jpg\" alt=\"\" width=\"150\" height=\"150\" srcset=\"https:\/\/vasaorden.com\/skovde\/wp-content\/uploads\/sites\/11\/2019\/03\/DSC_1789-150x150.jpg 150w, https:\/\/vasaorden.com\/skovde\/wp-content\/uploads\/sites\/11\/2019\/03\/DSC_1789-600x600.jpg 600w\" sizes=\"(max-width: 150px) 100vw, 150px\" \/>&nbsp; &nbsp; &nbsp; &nbsp; &nbsp; &nbsp; &nbsp; &nbsp; &nbsp; &nbsp; &nbsp; &nbsp; &nbsp;<img loading=\"lazy\" class=\"alignnone size-thumbnail wp-image-884\" src=\"https:\/\/vasaorden.com\/skovde\/wp-content\/uploads\/sites\/11\/2019\/03\/DSC_1801-150x150.jpg\" alt=\"\" width=\"150\" height=\"150\" srcset=\"https:\/\/vasaorden.com\/skovde\/wp-content\/uploads\/sites\/11\/2019\/03\/DSC_1801-150x150.jpg 150w, https:\/\/vasaorden.com\/skovde\/wp-content\/uploads\/sites\/11\/2019\/03\/DSC_1801-600x600.jpg 600w\" sizes=\"(max-width: 150px) 100vw, 150px\" \/><br>25-\u00e5rs jubilarer&nbsp; &nbsp; &nbsp; &nbsp; &nbsp; &nbsp; &nbsp; &nbsp; &nbsp; &nbsp; &nbsp; &nbsp; &nbsp; &nbsp; &nbsp; &nbsp; &nbsp; &nbsp; &nbsp; &nbsp; &nbsp; Samling i klubblokalen&nbsp; &nbsp; &nbsp; &nbsp; &nbsp; &nbsp; &nbsp; &nbsp; &nbsp; &nbsp; &nbsp; &nbsp; &nbsp; &nbsp; Samling till Bords<\/p>\n\n\n\n<p>Vid \u00e5tersamlingen i klubblokalerna p\u00e5 f\u00f6rsta v\u00e5ning bj\u00f6d inledningsvis br\u00f6derna p\u00e5 en v\u00e4lkomstdrink, d\u00e4r tillkommande g\u00e4ster och kv\u00e4llens f\u00f6rel\u00e4sare samtidigt h\u00e4lsades s\u00e4rskilt v\u00e4lkomna. D\u00e4refter till bj\u00f6ds medlemmar och g\u00e4ster bords. Till f\u00f6rr\u00e4tt serverades en Cr\u00e9me Ninon soppa och till huvudr\u00e4tt varmr\u00f6kt lax med hjortrons\u00e5s, potatis och avokadosallad. B\u00e5da r\u00e4tterna mycket v\u00e4lsmakande. &nbsp;Mellan f\u00f6r- och huvudr\u00e4tt tog br. Roger tillf\u00e4llet i akt att h\u00e5lla ett tal till kvinnan. Sy Gun och sy M\u00e4rta tackade gemensamt f\u00f6r maten och f\u00f6r allt annat som kv\u00e4llen s\u00e5 l\u00e5ngt bjudit p\u00e5 och de s\u00e5g fram mot en fortsatt trevlig kv\u00e4ll tillsammans.<\/p>\n\n\n\n<p><img loading=\"lazy\" class=\"alignnone size-thumbnail wp-image-889\" src=\"https:\/\/vasaorden.com\/skovde\/wp-content\/uploads\/sites\/11\/2019\/03\/DSC_1803-150x150.jpg\" alt=\"\" width=\"150\" height=\"150\" srcset=\"https:\/\/vasaorden.com\/skovde\/wp-content\/uploads\/sites\/11\/2019\/03\/DSC_1803-150x150.jpg 150w, https:\/\/vasaorden.com\/skovde\/wp-content\/uploads\/sites\/11\/2019\/03\/DSC_1803-600x600.jpg 600w\" sizes=\"(max-width: 150px) 100vw, 150px\" \/>&nbsp; &nbsp; &nbsp; &nbsp; &nbsp; &nbsp; &nbsp; &nbsp; &nbsp; &nbsp; &nbsp; &nbsp; &nbsp; &nbsp;<img loading=\"lazy\" class=\"alignnone size-thumbnail wp-image-890\" src=\"https:\/\/vasaorden.com\/skovde\/wp-content\/uploads\/sites\/11\/2019\/03\/DSC_1805-150x150.jpg\" alt=\"\" width=\"150\" height=\"150\" srcset=\"https:\/\/vasaorden.com\/skovde\/wp-content\/uploads\/sites\/11\/2019\/03\/DSC_1805-150x150.jpg 150w, https:\/\/vasaorden.com\/skovde\/wp-content\/uploads\/sites\/11\/2019\/03\/DSC_1805-600x600.jpg 600w\" sizes=\"(max-width: 150px) 100vw, 150px\" \/>&nbsp; &nbsp; &nbsp; &nbsp; &nbsp; &nbsp; &nbsp; &nbsp; &nbsp; &nbsp; &nbsp; &nbsp; &nbsp; &nbsp;<img loading=\"lazy\" class=\"alignnone size-thumbnail wp-image-888\" src=\"https:\/\/vasaorden.com\/skovde\/wp-content\/uploads\/sites\/11\/2019\/03\/DSC_1794-150x150.jpg\" alt=\"\" width=\"150\" height=\"150\" srcset=\"https:\/\/vasaorden.com\/skovde\/wp-content\/uploads\/sites\/11\/2019\/03\/DSC_1794-150x150.jpg 150w, https:\/\/vasaorden.com\/skovde\/wp-content\/uploads\/sites\/11\/2019\/03\/DSC_1794-600x600.jpg 600w\" sizes=\"(max-width: 150px) 100vw, 150px\" \/><br>Under f\u00f6rel\u00e4sningen&nbsp; &nbsp; &nbsp; &nbsp; &nbsp; &nbsp; &nbsp; &nbsp; &nbsp; &nbsp; &nbsp; &nbsp; &nbsp; &nbsp; &nbsp; &nbsp; &nbsp; &nbsp;F\u00f6rel\u00e4saren tackas&nbsp; &nbsp; &nbsp; &nbsp; &nbsp; &nbsp; &nbsp; &nbsp; &nbsp; &nbsp; &nbsp; &nbsp; &nbsp; &nbsp; &nbsp; &nbsp; &nbsp; &nbsp;I v\u00e4ntan p\u00e5 Kaffet<\/p>\n\n\n\n<p>N\u00e4r borden dukats av h\u00e4lsades f\u00f6rel\u00e4sare Kurt B\u00e4ckstr\u00f6m v\u00e4lkommen. Han hade varit l\u00e4rare i tyska, svenska och historia p\u00e5 H\u00f6gstadium och H\u00f6gskola. Han ber\u00e4ttade om sin uppv\u00e4xt i Ume\u00e5, sina studier i Uppsala och som l\u00e4rare i Sk\u00f6vde. Men ocks\u00e5 om sin under m\u00e5nga \u00e5r projektanst\u00e4llning vid \u00d6sterikes utbildnings- och kulturministerium i Wien. Han presenterad ocks\u00e5 sin bok \u201dFr\u00e5n Holm\u00f6n till Wien\u201d i vilken man kunde ta del av det han ber\u00e4ttade och mycket mer. En personligt inspirerande f\u00f6rel\u00e4sning.<\/p>\n\n\n\n<p>Till kaffet, som serverades efter f\u00f6rel\u00e4sningen, hade sy Marianne bakat ett par hembakade mar\u00e4ngt\u00e5rtor som smakade alldeles f\u00f6rtr\u00e4ffligt. Lottdragningen som, generade ett stort antal vinster, avslutade d\u00e4refter kv\u00e4llen. En trevlig kv\u00e4ll med varierande program och fin gemensam samvaro.<\/p>\n\n\n\n<p>I sanning och enighet<\/p>\n\n\n\n<p><em>N\u00e4sta logem\u00f6te den 12 april &#8211; <strong>Kulturafton<\/strong><\/em><\/p>\n\n\n\n<p>&#8230;&#8230;&#8230;&#8230;&#8230;&#8230;&#8230;&#8230;&#8230;&#8230;&#8230;&#8230;&#8230;&#8230;&#8230;&#8230;&#8230;&#8230;&#8230;&#8230;&#8230;&#8230;&#8230;&#8230;&#8230;&#8230;&#8230;&#8230;&#8230;&#8230;&#8230;&#8230;&#8230;&#8230;&#8230;&#8230;&#8230;&#8230;&#8230;&#8230;&#8230;&#8230;&#8230;&#8230;&#8230;&#8230;&#8230;&#8230;&#8230;&#8230;&#8230;&#8230;&#8230;&#8230;&#8230;&#8230;&#8230;&#8230;&#8230;&#8230;&#8230;&#8230;&#8230;&#8230;&#8230;&#8230;&#8230;..<\/p>\n\n\n\n<p><strong>\u00c5rsm\u00f6te med Tj\u00e4nstemannainstallation<br>l\u00f6rdag den 2 februari 2019<\/strong><\/p>\n\n\n\n<p>Denna sn\u00f6iga l\u00f6rdagskv\u00e4ll var det \u00e5ter igen tid f\u00f6r \u00e5rsm\u00f6te och tj\u00e4nstemannainstallation. Drygt trettio medlemmar hade samlats f\u00f6r&nbsp; att delta i detta. F\u00f6reg\u00e5ende \u00e5rs \u00e5rsm\u00f6te k\u00e4nns inte allt f\u00f6r l\u00e5ngt borta och som alla minns var det ocks\u00e5 d\u00e5 ett sn\u00f6rikt februari vid just denna tid. Efter \u00f6ppningsceremonin inledde ordf\u00f6randen br Seppo m\u00f6tet med en tyst minut f\u00f6r sy Margaretha Anderberg som nyligen avlidit. Ett kort musikstycke till hennes minne spelades upp efter denna. D\u00e4refter sedvanlig m\u00f6tesordning med bl.a. redovisning av \u00e5rsrapporter fr\u00e5n ber\u00f6rda tj\u00e4nstem\u00e4n. Dels kass\u00f6ren som redovisade ett underskott f\u00f6r 2018 och dels kulturledaren om de utflykter logen anordnat och de f\u00f6rel\u00e4sare som logen engagerat, mm. Ett aktivt och h\u00e4ndelserikt \u00e5r i sammanfattning. N\u00e4r redovisningarna lagts till handlingarna och revisorernas rapport godk\u00e4nts var det tid f\u00f6r tj\u00e4nstemannainstallation.<\/p>\n\n\n\n<figure class=\"wp-block-image\"><img loading=\"lazy\" width=\"150\" height=\"150\" src=\"https:\/\/vasaorden.com\/skovde\/wp-content\/uploads\/sites\/11\/2019\/02\/DSC_1738-1-150x150.jpg\" alt=\"\" class=\"wp-image-859\" srcset=\"https:\/\/vasaorden.com\/skovde\/wp-content\/uploads\/sites\/11\/2019\/02\/DSC_1738-1-150x150.jpg 150w, https:\/\/vasaorden.com\/skovde\/wp-content\/uploads\/sites\/11\/2019\/02\/DSC_1738-1-600x600.jpg 600w\" sizes=\"(max-width: 150px) 100vw, 150px\" \/><\/figure>\n\n\n\n<figure class=\"wp-block-image\"><img loading=\"lazy\" width=\"150\" height=\"150\" src=\"https:\/\/vasaorden.com\/skovde\/wp-content\/uploads\/sites\/11\/2019\/02\/DSC_1741-150x150.jpg\" alt=\"\" class=\"wp-image-860\" srcset=\"https:\/\/vasaorden.com\/skovde\/wp-content\/uploads\/sites\/11\/2019\/02\/DSC_1741-150x150.jpg 150w, https:\/\/vasaorden.com\/skovde\/wp-content\/uploads\/sites\/11\/2019\/02\/DSC_1741-600x600.jpg 600w\" sizes=\"(max-width: 150px) 100vw, 150px\" \/><\/figure>\n\n\n\n<figure class=\"wp-block-image\"><img loading=\"lazy\" width=\"150\" height=\"150\" src=\"https:\/\/vasaorden.com\/skovde\/wp-content\/uploads\/sites\/11\/2019\/02\/DSC_1744-1-150x150.jpg\" alt=\"\" class=\"wp-image-861\" srcset=\"https:\/\/vasaorden.com\/skovde\/wp-content\/uploads\/sites\/11\/2019\/02\/DSC_1744-1-150x150.jpg 150w, https:\/\/vasaorden.com\/skovde\/wp-content\/uploads\/sites\/11\/2019\/02\/DSC_1744-1-600x600.jpg 600w\" sizes=\"(max-width: 150px) 100vw, 150px\" \/><\/figure>\n\n\n\n<p>En stab p\u00e5 fyra personer fr\u00e5n logen i Lidk\u00f6ping var p\u00e5 plats f\u00f6r installation. Det var sy Connie Gr\u00f6n, br Einar Savolainen Gr\u00f6n, Helena Hult\u00e9n och B\u00f6rje Hult\u00e9n. V\u00e5r egen Distriktsdebuterade sy Elsa Axelsson var nyopererad och \u00f6verl\u00e5tit till Connie Gr\u00f6n att ers\u00e4tta henne vid detta tillf\u00e4lle. Det var omval p\u00e5 samtliga tj\u00e4nstem\u00e4n utom p\u00e5 en post, bitr\u00e4dande protokollsekreteraren. Till denna post installerades sy Marianne Gunve. Installationen genomf\u00f6rdes p\u00e5 ett v\u00e4rdigt och f\u00f6rtj\u00e4nstfullt s\u00e4tt. Br Seppo meddelade de kommande fyra \u00e5rens l\u00f6sen och meddelade vidare om styrelsens f\u00f6rslag p\u00e5 hur m\u00e5nga personer som logen skulle s\u00e4nda till Distriktsm\u00f6tet i Nyk\u00f6ping till Kristi himmelsf\u00e4rds helgen. Logen beslutade efter bra och saklig diskussion att utse en delegat och en ers\u00e4ttare till denna. Sy Gunnel valdes till delegat och br Seppo som ers\u00e4ttare. Logem\u00f6tet avslutades kort d\u00e4refter med ett stillsamt Mozartstycke, som ljud- och ljusteknikern valt.<\/p>\n\n\n\n<figure class=\"wp-block-image\"><img loading=\"lazy\" width=\"150\" height=\"150\" src=\"https:\/\/vasaorden.com\/skovde\/wp-content\/uploads\/sites\/11\/2019\/02\/DSC_1748-150x150.jpg\" alt=\"\" class=\"wp-image-865\" srcset=\"https:\/\/vasaorden.com\/skovde\/wp-content\/uploads\/sites\/11\/2019\/02\/DSC_1748-150x150.jpg 150w, https:\/\/vasaorden.com\/skovde\/wp-content\/uploads\/sites\/11\/2019\/02\/DSC_1748-600x600.jpg 600w\" sizes=\"(max-width: 150px) 100vw, 150px\" \/><\/figure>\n\n\n\n<figure class=\"wp-block-image\"><img loading=\"lazy\" width=\"150\" height=\"150\" src=\"https:\/\/vasaorden.com\/skovde\/wp-content\/uploads\/sites\/11\/2019\/02\/DSC_1745-150x150.jpg\" alt=\"\" class=\"wp-image-867\" srcset=\"https:\/\/vasaorden.com\/skovde\/wp-content\/uploads\/sites\/11\/2019\/02\/DSC_1745-150x150.jpg 150w, https:\/\/vasaorden.com\/skovde\/wp-content\/uploads\/sites\/11\/2019\/02\/DSC_1745-600x600.jpg 600w\" sizes=\"(max-width: 150px) 100vw, 150px\" \/><\/figure>\n\n\n\n<figure class=\"wp-block-image\"><img loading=\"lazy\" width=\"150\" height=\"150\" src=\"https:\/\/vasaorden.com\/skovde\/wp-content\/uploads\/sites\/11\/2019\/02\/DSC_1760-1-150x150.jpg\" alt=\"\" class=\"wp-image-866\" srcset=\"https:\/\/vasaorden.com\/skovde\/wp-content\/uploads\/sites\/11\/2019\/02\/DSC_1760-1-150x150.jpg 150w, https:\/\/vasaorden.com\/skovde\/wp-content\/uploads\/sites\/11\/2019\/02\/DSC_1760-1-600x600.jpg 600w\" sizes=\"(max-width: 150px) 100vw, 150px\" \/><\/figure>\n\n\n\n<p>Efter logem\u00f6tet vid \u00e5tersamlingen en trappa ner ansl\u00f6t ytterligare tv\u00e5 personer, som sy Marianne Gunve bjudit med. Till bords serverades en synnerlig god kycklingfil\u00e9 med klyftpotatis, varma gr\u00f6nsaker och en god paprikas\u00e5s. Kv\u00e4llens installator Connie Gr\u00f6n tackade klubbkommitt\u00e9n f\u00f6r den goda maten och logens arbetsgrupp f\u00f6r deras insatser innan vi \u00e5tersamlades i klubblokalen intill f\u00f6r kv\u00e4llens kaffe. Till kaffet serverades en smakfull kladdkaka med gr\u00e4dde och en ananasskiva till. Det var h\u00f6g st\u00e4mning och alla syntes trivas i vimlet. Kv\u00e4llen avslutades med logens sedvanliga lottdragning.<\/p>\n\n\n\n<p>I sanning och enighet<\/p>\n\n\n\n<p><em>N\u00e4sta logem\u00f6te l\u00f6rdag den 9 mars&nbsp; \u2013 <strong>Br\u00f6dernas afton<\/strong>.<br>Vi hoppas alla p\u00e5 en lika v\u00e4lbes\u00f6kt kv\u00e4ll d\u00e5 ocks\u00e5. Boka upp kv\u00e4llen redan nu.<\/em><\/p>\n\n\n\n<p>&#8230;&#8230;&#8230;&#8230;&#8230;&#8230;&#8230;&#8230;&#8230;&#8230;&#8230;&#8230;&#8230;&#8230;&#8230;&#8230;&#8230;&#8230;&#8230;&#8230;&#8230;&#8230;&#8230;&#8230;&#8230;&#8230;&#8230;&#8230;&#8230;&#8230;&#8230;&#8230;&#8230;&#8230;&#8230;&#8230;&#8230;&#8230;&#8230;&#8230;&#8230;&#8230;&#8230;&#8230;&#8230;&#8230;&#8230;&#8230;&#8230;&#8230;&#8230;&#8230;&#8230;&#8230;&#8230;&#8230;&#8230;&#8230;&#8230;&#8230;&#8230;&#8230;&#8230;&#8230;&#8230;&#8230;&#8230;&#8230;<\/p>\n\n\n\n<p><strong>M\u00e5ndag den 31 December 2018<\/strong><\/p>\n\n\n\n<p><em><strong>Ny\u00e5rsh\u00e4lsning till Vasaordens medlemmar i Logen 626 Sk\u00f6vde<br>fr\u00e5n Logens Webmaster.<\/strong><\/em><\/p>\n\n\n\n<p>Logens verksamhet f\u00f6r 2018 \u00e4r nu avslutad. Det har varit ett h\u00e4ndelserikt verksamhets\u00e5r, d\u00e4r logen har haft sju relativt v\u00e4lbes\u00f6kta logem\u00f6ten och efterkapitel, d\u00e4r musikunderh\u00e5llning, bildvisning och f\u00f6redrag av varierande slag har varit uppskattade inslag. Ett studiebes\u00f6k har ocks\u00e5 genomf\u00f6rts. Samtliga dessa inslag har gjorts i samverkan med Vuxenskolan i Sk\u00f6vde. Vi har ocks\u00e5 serverats god och omv\u00e4xlande mat till v\u00e5ra efterkapitel genom klubbkommitt\u00e9n vid Odd Fellow.<\/p>\n\n\n\n<p>Jag har under de tv\u00e5 senaste \u00e5ren f\u00f6rs\u00f6kt bredda information p\u00e5 hemsidan. Men bes\u00f6k i andra loger och andra vasaaktiviteter, d\u00e4r jag sj\u00e4lv inte har deltagit, har inte alltid redovisats. D\u00e5 har det inte heller kunnat publiceras i den omfattning som ambitionen varit.<\/p>\n\n\n\n<p>Ser nu \u00e4nd\u00e5 fram emot ett aktivt och bra verksamhets\u00e5r 2019. D\u00e5 ocks\u00e5 med ambitionen att f\u00e5 de vasasyskon som deltar i n\u00e5gon aktivitet i vasaordens anda utanf\u00f6r den lokala verksamheten skriver till mig om detta och om m\u00f6jligt ocks\u00e5 skickar en bild.<\/p>\n\n\n\n<p>2019 genomf\u00f6rs ocks\u00e5 ett Distriktsm\u00f6te. Det \u00e4r f\u00f6rlagt till Nyk\u00f6ping i m\u00e5nadsskiftet maj och juni.&nbsp; Vi har utsett en delegat fr\u00e5n logen. F\u00f6r logens vidkommande \u00e4r logens m\u00f6tesdagarna f\u00f6r 2019 nu fastst\u00e4llda. Se flik under program. F\u00f6rsta logem\u00f6te, tillika \u00e5rsm\u00f6te, \u00e4r den 2 februari 2019 med tj\u00e4nstemannainstallation.<\/p>\n\n\n\n<p><em>I sanning och enighet och ett Gott Nytt 2019.<\/em><\/p>\n\n\n\n<p>&#8230;&#8230;&#8230;&#8230;&#8230;&#8230;&#8230;&#8230;&#8230;&#8230;&#8230;&#8230;&#8230;&#8230;&#8230;&#8230;&#8230;&#8230;&#8230;&#8230;&#8230;&#8230;&#8230;&#8230;&#8230;&#8230;&#8230;&#8230;&#8230;&#8230;&#8230;&#8230;&#8230;&#8230;&#8230;&#8230;&#8230;&#8230;&#8230;&#8230;&#8230;&#8230;&#8230;&#8230;&#8230;&#8230;&#8230;&#8230;&#8230;&#8230;&#8230;&#8230;&#8230;&#8230;&#8230;&#8230;&#8230;&#8230;&#8230;&#8230;&#8230;&#8230;&#8230;&#8230;&#8230;&#8230;&#8230;&#8230;&#8230;.<\/p>\n\n\n\n<p><strong>L\u00f6rdag den 8 december&nbsp;<\/strong><\/p>\n\n\n\n<p>Denna l\u00f6rdagskv\u00e4ll h\u00f6ll Sk\u00f6vdelogen sitt sista m\u00f6te f\u00f6r \u00e5ret i Odd Fellowhuset med efterf\u00f6ljande julbord. Kv\u00e4llen inleddes i s\u00e4llskapsrummen p\u00e5 f\u00f6rsta v\u00e5ning med luciat\u00e5g av tre flickor fr\u00e5n musikskolan i Sk\u00f6vde, f\u00f6ljt av en deklamation av Viktor Rydbergs dikt \u201dTomten\u201d, genom en broder i Odd Fellowlogen.<\/p>\n\n\n\n<p>D\u00e4refter samlades alla i logesalen en trappa upp d\u00e4r ordf\u00f6randen Seppo Bladbacke \u00f6ppnade logem\u00f6tet. V\u00e5r Distriktsdebuterade sy Elsa Axelsson med maken br Bele fr\u00e5n logen Lidk\u00f6ping h\u00e4lsades s\u00e4rskilt v\u00e4lkomna. Under m\u00f6tet l\u00e4stes bl.a. inkomna inbjudningar fr\u00e5n andra loger upp. Ekonomin redovisades med bl.a. en kassarapport f\u00f6r 2018 och en prelimin\u00e4r budget f\u00f6r 2019. En andra nominering och val av tj\u00e4nstem\u00e4n genomf\u00f6rdes ocks\u00e5. Omval p\u00e5 flera centrala poster, bl.a. ordf\u00f6randen br Seppo. D\u00e4refter l\u00f6pte logem\u00f6tet raskt mot sitt slut och br Seppo kunde \u00e5ter bjuda ner alla till f\u00f6rsta v\u00e5ningen, nu p\u00e5 en v\u00e4lsmakande julgl\u00f6gg. D\u00e4r ansl\u00f6t ytterligare fem g\u00e4ster som s\u00e4rskilt bjudits in till vasakv\u00e4llens julbord.<\/p>\n\n\n\n<figure class=\"wp-block-image\"><img loading=\"lazy\" width=\"150\" height=\"150\" src=\"https:\/\/vasaorden.com\/skovde\/wp-content\/uploads\/sites\/11\/2018\/12\/DSC_1495-150x150.jpg\" alt=\"\" class=\"wp-image-829\" srcset=\"https:\/\/vasaorden.com\/skovde\/wp-content\/uploads\/sites\/11\/2018\/12\/DSC_1495-150x150.jpg 150w, https:\/\/vasaorden.com\/skovde\/wp-content\/uploads\/sites\/11\/2018\/12\/DSC_1495-600x600.jpg 600w\" sizes=\"(max-width: 150px) 100vw, 150px\" \/><\/figure>\n\n\n\n<figure class=\"wp-block-image\"><img loading=\"lazy\" width=\"150\" height=\"150\" src=\"https:\/\/vasaorden.com\/skovde\/wp-content\/uploads\/sites\/11\/2018\/12\/DSC_1486-150x150.jpg\" alt=\"\" class=\"wp-image-830\" srcset=\"https:\/\/vasaorden.com\/skovde\/wp-content\/uploads\/sites\/11\/2018\/12\/DSC_1486-150x150.jpg 150w, https:\/\/vasaorden.com\/skovde\/wp-content\/uploads\/sites\/11\/2018\/12\/DSC_1486-600x600.jpg 600w\" sizes=\"(max-width: 150px) 100vw, 150px\" \/><\/figure>\n\n\n\n<figure class=\"wp-block-image\"><img loading=\"lazy\" width=\"150\" height=\"150\" src=\"https:\/\/vasaorden.com\/skovde\/wp-content\/uploads\/sites\/11\/2018\/12\/DSC_1498-150x150.jpg\" alt=\"\" class=\"wp-image-831\" srcset=\"https:\/\/vasaorden.com\/skovde\/wp-content\/uploads\/sites\/11\/2018\/12\/DSC_1498-150x150.jpg 150w, https:\/\/vasaorden.com\/skovde\/wp-content\/uploads\/sites\/11\/2018\/12\/DSC_1498-600x600.jpg 600w\" sizes=\"(max-width: 150px) 100vw, 150px\" \/><\/figure>\n\n\n\n<p>Julbordet var lagom stort och mycket v\u00e4lsmakande. Efter julmaten serverades kaffet, samtidigt som v\u00e5r egen vasamedlem och numera ocks\u00e5 debutromanf\u00f6rfattare, sy Marianne Gunve, ber\u00e4ttade om sin sedan n\u00e5gra veckor tillbaka nyutkomna roman \u201dFina flickor\u201d. Hon ber\u00e4ttade om och hur romanen kommit till och v\u00e4gen fram till utgivning, varefter hon l\u00e4ste ett litet kort stycke ur densamma. Efter detta f\u00f6rr\u00e4ttades lottdragning f\u00f6ljt av kv\u00e4llens h\u00f6gtidsstund med tv\u00e5 tomtar, som med var sin jutes\u00e4ck p\u00e5 ryggen, kom in till oss och delade ut en liten julklapp till var och en. Kv\u00e4llen avlutades d\u00e4refter stillsamt med en Gud Julh\u00e4lsning till alla.<\/p>\n\n\n\n<p>I sanning och enighet<\/p>\n\n\n\n<p><em>N\u00e4sta m\u00f6te \u00e4r den <strong>2 februari 2019<\/strong> med \u00e5rsm\u00f6te och tj\u00e4nstemannainstallation. <\/em><br><em>Alla medlemmar i Logen 626 Sk\u00f6vde h\u00e4lsas v\u00e4lkomna. Inbjudan kommer.&nbsp;<\/em><\/p>\n\n\n\n<p>&#8230;&#8230;&#8230;&#8230;&#8230;&#8230;&#8230;&#8230;&#8230;&#8230;&#8230;&#8230;&#8230;&#8230;&#8230;&#8230;&#8230;&#8230;&#8230;&#8230;&#8230;&#8230;&#8230;&#8230;&#8230;&#8230;&#8230;&#8230;&#8230;&#8230;&#8230;&#8230;&#8230;&#8230;&#8230;&#8230;&#8230;&#8230;&#8230;&#8230;&#8230;&#8230;&#8230;&#8230;&#8230;&#8230;&#8230;&#8230;&#8230;&#8230;&#8230;&#8230;&#8230;&#8230;&#8230;&#8230;&#8230;&#8230;&#8230;&#8230;&#8230;&#8230;&#8230;&#8230;&#8230;&#8230;&#8230;&#8230;&#8230;&#8230;<\/p>\n\n\n\n<p><strong>G\u00e5samiddag l\u00f6rdag den 10 november<\/strong><\/p>\n\n\n\n<p>Denna l\u00f6rdagskv\u00e4ll hade logen Sk\u00f6vde bjudit in till logem\u00f6te med g\u00e5samiddag. Totalt hade fyrtio vasasyskon anm\u00e4lt sig till kv\u00e4llens program. Bland de anm\u00e4lda var det ocks\u00e5 fyra medlemmar, sy Birgitta Bylander, br \u00d6sten Larsson, Sy Birgitta Eriksson och br Gunnar Eriksson fr\u00e5n logen Lidk\u00f6ping och tv\u00e5 medlemmar, br Hans Hellberg och Ingrid Hellberg fr\u00e5n Kongah\u00e4lla i Kung\u00e4lv.<br>Logem\u00f6tet \u00f6ppnades ritualenligt av ordf\u00f6randen Seppo Bladbacke. D\u00e4refter inf\u00f6rdes g\u00e4ster och ljust\u00e4ndning genomf\u00f6rdes.&nbsp; Den sedvanliga dagordningen gicks sedan igenom utan att n\u00e5gra s\u00e4rskilda fr\u00e5gor kom upp eller annat som diskuterades. En f\u00f6rsta nominering av tj\u00e4nstem\u00e4n f\u00f6r 2019 f\u00f6redrogs av sy Gun. Logens f\u00f6rtj\u00e4nstmedalj delades ut av ordf\u00f6randen br Seppo till vice ordf\u00f6rande br Nils-Erik, ceremonim\u00e4stare sy Marianne och standarb\u00e4rare sy Ingeborg. Logem\u00f6tet avslutades med stillsam musik vald av br Tiit.<\/p>\n\n\n\n<p>Vid logem\u00f6tets slut iordningst\u00e4lldes i logesalen f\u00f6r f\u00f6redrag av Margaretha Hellgren, l\u00e4kare vid V\u00e5rdscentralen i Ryd. Hennes f\u00f6redrag handlade om sitt arbete p\u00e5 ett sjukhus i Mutomo i Kenya f\u00f6r ett antal \u00e5r sedan. D\u00e4r arbetade hon d\u00e5 under tv\u00e5 skilda perioder genom Rotary L\u00e4karbank. Ett f\u00f6redrag som f\u00e4ngslade och visade p\u00e5 levnadsvillkor som inte var j\u00e4mf\u00f6rbara med v\u00e5ra. Margaretha pekade p\u00e5 flera sv\u00e5righeter med arbetet d\u00e4r, bland annat tillg\u00e5ngen till friskt vatten, begr\u00e4nsat medicinutbud och spr\u00e5ket. Engelska i grunden, men ocks\u00e5 swahili och olika stamspr\u00e5k.<\/p>\n\n\n\n<p>Efter logem\u00f6tet samlades alla i s\u00e4llskapsrummen p\u00e5 f\u00f6rsta v\u00e5ning. D\u00e4r ansl\u00f6t ocks\u00e5 tv\u00e5 medlemmar som inte varit med p\u00e5 logem\u00f6tet. Med en v\u00e4lkomstdrink h\u00e4lsade s\u00e5 br Seppo oss v\u00e4lkomna till denna g\u00e5samiddag. V\u00e5r tidigare \u00e5rs g\u00e5sleverant\u00f6r stod ocks\u00e5 f\u00f6r kv\u00e4llens meny. Fyra br\u00f6der, br Tiit, br Bo, br Kjell och br Roger serverade alla \u00f6vriga fyrtio g\u00e4ster vid borden denna kv\u00e4ll. F\u00f6rst serverades svartsoppa alternativt svampsoppa. Majoriteten f\u00f6redrog dock svartsoppan. D\u00e4refter huvudr\u00e4tten G\u00e5s med r\u00f6dk\u00e5l, stekt brysselk\u00e5l, r\u00e5stekta potatis och gr\u00e4dds\u00e5s. Slutligen efterr\u00e4tten best\u00e5ende av \u00e4pplekaka med vaniljs\u00e5s.<\/p>\n\n\n\n<p>Kv\u00e4llens sista inslag var kaffe med en liten kaka till. Detta i anslutning till lotteridragningen. En i sammafattning bra kv\u00e4ll med mycket god mat och trevlig gemenskap<\/p>\n\n\n\n<p><em>I sanning och enighet&nbsp;&nbsp;&nbsp;&nbsp; <\/em><\/p>\n\n\n\n<p>N\u00e4sta logem\u00f6te, Julloge, den 8 december, kl. 17.00, \u201dSystrarnas afton\u201d.<br>Boka denna kv\u00e4ll f\u00f6r Vasa.<\/p>\n\n\n\n<p>&#8230;&#8230;&#8230;&#8230;&#8230;&#8230;&#8230;&#8230;&#8230;&#8230;&#8230;&#8230;&#8230;&#8230;&#8230;&#8230;&#8230;&#8230;&#8230;&#8230;&#8230;&#8230;&#8230;&#8230;&#8230;&#8230;&#8230;&#8230;&#8230;&#8230;&#8230;&#8230;&#8230;&#8230;&#8230;&#8230;&#8230;&#8230;&#8230;&#8230;&#8230;&#8230;&#8230;&#8230;&#8230;&#8230;&#8230;&#8230;&#8230;&#8230;&#8230;&#8230;&#8230;&#8230;&#8230;&#8230;&#8230;&#8230;&#8230;&#8230;&#8230;&#8230;&#8230;&#8230;&#8230;&#8230;&#8230;&#8230;&#8230;&#8230;&#8230;..<\/p>\n\n\n\n<p><strong>Kulturkv\u00e4ll med Studiebes\u00f6k den 7 november<\/strong><\/p>\n\n\n\n<p>Denna onsdagskv\u00e4ll bes\u00f6kte drygt 20 medlemmar i logen Sk\u00f6vde Christer Rapps kontor under ett par timmar f\u00f6r att se p\u00e5 hans privata konstsamling d\u00e4r. Konstsamlingen hade Christer Rapp, som ocks\u00e5 \u00e4r medlem i logen Sk\u00f6vde, satt och st\u00e4llt upp p\u00e5 kontoret, i korridorer och kontorsrum, men ocks\u00e5 i trapphuset upptill kontoret. Konstverken bestod av skulpturer, tavlor och annan konst i stor omfattning.<\/p>\n\n\n\n<p>Christer Rapp m\u00f6tte upp p\u00e5 kontoret, d\u00e4r han inledningsvis bj\u00f6d p\u00e5 en v\u00e4lkomstdrink. N\u00e4r alla hade samlats inledde han med att ber\u00e4tta dels om Rapp fastighets historia och dels om konstsamlingen som vi kommit f\u00f6r att titta p\u00e5. D\u00e4refter gick vi gemensamt eller enskilt runt p\u00e5 kontoret och tittade p\u00e5 konstsamlingen, som var mycket sev\u00e4rd med konst av b\u00e5de k\u00e4nda och mindre k\u00e4nda konstn\u00e4rer. Efter det vi g\u00e5tt runt och tittat p\u00e5 konstverken samlades vi slutligen i kontorets lunchrum. D\u00e4r avslutades kv\u00e4llen med att Christer Rapp ocks\u00e5 bj\u00f6d p\u00e5 snittar samtidigt som han ber\u00e4ttade lite mer om sin konstsamling och svarade p\u00e5 v\u00e5ra fr\u00e5gor.<\/p>\n\n\n\n<p>Ett stort tack till br Christer Rapp f\u00f6r en mycket intressant kv\u00e4ll med sin mycket sev\u00e4rda konstsamling och som gener\u00f6s och g\u00e4stv\u00e4nlig v\u00e4rd. Ett tack ocks\u00e5 till br Arne M, som arrangerat utflykten.<\/p>\n\n\n\n<p>I sanning och enighet<\/p>\n\n\n\n<p><em>N\u00e4sta gemensamma tr\u00e4ff \u00e4r G\u00e5samiddagen den 10 november.&nbsp;<\/em><\/p>\n\n\n\n<p>&#8230;&#8230;&#8230;&#8230;&#8230;&#8230;&#8230;&#8230;&#8230;&#8230;&#8230;&#8230;&#8230;&#8230;&#8230;&#8230;&#8230;&#8230;&#8230;&#8230;&#8230;&#8230;&#8230;&#8230;&#8230;&#8230;&#8230;&#8230;&#8230;&#8230;&#8230;&#8230;&#8230;&#8230;&#8230;&#8230;&#8230;&#8230;&#8230;&#8230;&#8230;&#8230;&#8230;&#8230;&#8230;&#8230;&#8230;&#8230;&#8230;&#8230;&#8230;&#8230;&#8230;&#8230;&#8230;&#8230;&#8230;&#8230;&#8230;&#8230;&#8230;&#8230;&#8230;&#8230;&#8230;&#8230;&#8230;&#8230;&#8230;..<\/p>\n\n\n\n<p><strong>Kulturafton den 12 oktober<\/strong><\/p>\n\n\n\n<p>Logen Sk\u00f6vde h\u00f6ll sitt andra logem\u00f6te f\u00f6r h\u00f6sten denna fredag. Kv\u00e4llens logem\u00f6te leddes av vice ordf\u00f6randen br Nils-Erik d\u00e5 ordinarie ordf\u00f6rande inte var n\u00e4rvarande. Br Nils-Erik \u00f6ppnade logem\u00f6tet traditionsenligt varefter sedvanliga m\u00f6tesf\u00f6rhandlingar genomf\u00f6rdes. Bland annat fastst\u00e4lldes 2019 \u00e5rs m\u00f6tesdagar, vilka sedan redovisas till klubbkommitt\u00e9n i Odd Fellow, f\u00f6r senare schemal\u00e4ggning med \u00f6vriga hyresg\u00e4ster. I \u00f6vrigt s\u00e5 informerade PS sy Gunnel om inbjudningar till logem\u00f6ten, med i vissa fall jubileum, fr\u00e5n loger i norra distriktet och FDO sy Gun om att Exekutiv R\u00e5det f\u00f6rhandlat fram och beslutat om att Vasaordens Distriktsm\u00f6te f\u00f6r DL 19, ska h\u00e5llas i m\u00e5nadsskiftet maj och juni 2019 i Nyk\u00f6ping. Logem\u00f6tet avslutades av br Tiit som spela en kort&nbsp; och vacker stillsam musik.<\/p>\n\n\n\n<p>Efter logem\u00f6tets avslut samlades alla en v\u00e5ning ner till en v\u00e4lkomstdrink och middag. En middag som klubbkommitt\u00e9n i Odd Fellow tillagat. En mycket v\u00e4lsmakande kycklinggryta med ris och sallad till.<\/p>\n\n\n\n<p>N\u00e4r v\u00e4l maten hade inmundigats var det tid f\u00f6r kv\u00e4llens f\u00f6redragsh\u00e5llare Gunilla Olsson och Toivo Stark fr\u00e5n Karlsborg. De b\u00e5da har gjort ett flertal l\u00e5ngseglingar med sin 13 meter l\u00e5nga segelb\u00e5t vid namn \u201dKvasthilda\u201d. De ber\u00e4ttade inledningsvis om ett n\u00e5gra resor de genomf\u00f6rt under \u00e5ren, ut\u00f6ver den som de hade bildspel med sig p\u00e5. Bland annat har de seglat runt i Medelhavet, p\u00e5 floder genom Centraleuropa och in till Ryssland. Efter denna korta inledningspresentation kom de fram till kv\u00e4llens program, d\u00e4r de skulle visa bilder och ber\u00e4tta om en seglats de gjorde under juni och juli 2006 till Orkney\u00f6arna norr om skotska fastlandet.<\/p>\n\n\n\n<figure class=\"wp-container-16 wp-block-gallery-15 wp-block-gallery has-nested-images columns-3 is-cropped\">\n<figure class=\"wp-block-image\"><img loading=\"lazy\" width=\"2560\" height=\"1707\" data-id=\"818\"  src=\"https:\/\/vasaorden.com\/skovde\/wp-content\/uploads\/sites\/11\/2018\/10\/DSC_1399-scaled.jpg\" alt=\"\" class=\"wp-image-818\" srcset=\"https:\/\/vasaorden.com\/skovde\/wp-content\/uploads\/sites\/11\/2018\/10\/DSC_1399-scaled.jpg 2560w, https:\/\/vasaorden.com\/skovde\/wp-content\/uploads\/sites\/11\/2018\/10\/DSC_1399-300x200.jpg 300w, https:\/\/vasaorden.com\/skovde\/wp-content\/uploads\/sites\/11\/2018\/10\/DSC_1399-1024x683.jpg 1024w, https:\/\/vasaorden.com\/skovde\/wp-content\/uploads\/sites\/11\/2018\/10\/DSC_1399-768x512.jpg 768w, https:\/\/vasaorden.com\/skovde\/wp-content\/uploads\/sites\/11\/2018\/10\/DSC_1399-1536x1024.jpg 1536w, https:\/\/vasaorden.com\/skovde\/wp-content\/uploads\/sites\/11\/2018\/10\/DSC_1399-2048x1365.jpg 2048w\" sizes=\"(max-width: 2560px) 100vw, 2560px\" \/><\/figure>\n\n\n\n<figure class=\"wp-block-image\"><img loading=\"lazy\" width=\"2560\" height=\"1707\" data-id=\"820\"  src=\"https:\/\/vasaorden.com\/skovde\/wp-content\/uploads\/sites\/11\/2018\/10\/DSC_1398-scaled.jpg\" alt=\"\" class=\"wp-image-820\" srcset=\"https:\/\/vasaorden.com\/skovde\/wp-content\/uploads\/sites\/11\/2018\/10\/DSC_1398-scaled.jpg 2560w, https:\/\/vasaorden.com\/skovde\/wp-content\/uploads\/sites\/11\/2018\/10\/DSC_1398-300x200.jpg 300w, https:\/\/vasaorden.com\/skovde\/wp-content\/uploads\/sites\/11\/2018\/10\/DSC_1398-1024x683.jpg 1024w, https:\/\/vasaorden.com\/skovde\/wp-content\/uploads\/sites\/11\/2018\/10\/DSC_1398-768x512.jpg 768w, https:\/\/vasaorden.com\/skovde\/wp-content\/uploads\/sites\/11\/2018\/10\/DSC_1398-1536x1024.jpg 1536w, https:\/\/vasaorden.com\/skovde\/wp-content\/uploads\/sites\/11\/2018\/10\/DSC_1398-2048x1365.jpg 2048w\" sizes=\"(max-width: 2560px) 100vw, 2560px\" \/><\/figure>\n\n\n\n<figure class=\"wp-block-image\"><img loading=\"lazy\" width=\"2560\" height=\"1707\" data-id=\"816\"  src=\"https:\/\/vasaorden.com\/skovde\/wp-content\/uploads\/sites\/11\/2018\/10\/DSC_1404-scaled.jpg\" alt=\"\" class=\"wp-image-816\" srcset=\"https:\/\/vasaorden.com\/skovde\/wp-content\/uploads\/sites\/11\/2018\/10\/DSC_1404-scaled.jpg 2560w, https:\/\/vasaorden.com\/skovde\/wp-content\/uploads\/sites\/11\/2018\/10\/DSC_1404-300x200.jpg 300w, https:\/\/vasaorden.com\/skovde\/wp-content\/uploads\/sites\/11\/2018\/10\/DSC_1404-1024x683.jpg 1024w, https:\/\/vasaorden.com\/skovde\/wp-content\/uploads\/sites\/11\/2018\/10\/DSC_1404-768x512.jpg 768w, https:\/\/vasaorden.com\/skovde\/wp-content\/uploads\/sites\/11\/2018\/10\/DSC_1404-1536x1024.jpg 1536w, https:\/\/vasaorden.com\/skovde\/wp-content\/uploads\/sites\/11\/2018\/10\/DSC_1404-2048x1365.jpg 2048w\" sizes=\"(max-width: 2560px) 100vw, 2560px\" \/><\/figure>\n\n\n\n<figure class=\"wp-block-image\"><img loading=\"lazy\" width=\"2560\" height=\"1707\" data-id=\"817\"  src=\"https:\/\/vasaorden.com\/skovde\/wp-content\/uploads\/sites\/11\/2018\/10\/DSC_1405-scaled.jpg\" alt=\"\" class=\"wp-image-817\" srcset=\"https:\/\/vasaorden.com\/skovde\/wp-content\/uploads\/sites\/11\/2018\/10\/DSC_1405-scaled.jpg 2560w, https:\/\/vasaorden.com\/skovde\/wp-content\/uploads\/sites\/11\/2018\/10\/DSC_1405-300x200.jpg 300w, https:\/\/vasaorden.com\/skovde\/wp-content\/uploads\/sites\/11\/2018\/10\/DSC_1405-1024x683.jpg 1024w, https:\/\/vasaorden.com\/skovde\/wp-content\/uploads\/sites\/11\/2018\/10\/DSC_1405-768x512.jpg 768w, https:\/\/vasaorden.com\/skovde\/wp-content\/uploads\/sites\/11\/2018\/10\/DSC_1405-1536x1024.jpg 1536w, https:\/\/vasaorden.com\/skovde\/wp-content\/uploads\/sites\/11\/2018\/10\/DSC_1405-2048x1365.jpg 2048w\" sizes=\"(max-width: 2560px) 100vw, 2560px\" \/><\/figure>\n\n\n\n<figure class=\"wp-block-image\"><img loading=\"lazy\" width=\"2560\" height=\"1707\" data-id=\"819\"  src=\"https:\/\/vasaorden.com\/skovde\/wp-content\/uploads\/sites\/11\/2018\/10\/DSC_1406-scaled.jpg\" alt=\"\" class=\"wp-image-819\" srcset=\"https:\/\/vasaorden.com\/skovde\/wp-content\/uploads\/sites\/11\/2018\/10\/DSC_1406-scaled.jpg 2560w, https:\/\/vasaorden.com\/skovde\/wp-content\/uploads\/sites\/11\/2018\/10\/DSC_1406-300x200.jpg 300w, https:\/\/vasaorden.com\/skovde\/wp-content\/uploads\/sites\/11\/2018\/10\/DSC_1406-1024x683.jpg 1024w, https:\/\/vasaorden.com\/skovde\/wp-content\/uploads\/sites\/11\/2018\/10\/DSC_1406-768x512.jpg 768w, https:\/\/vasaorden.com\/skovde\/wp-content\/uploads\/sites\/11\/2018\/10\/DSC_1406-1536x1024.jpg 1536w, https:\/\/vasaorden.com\/skovde\/wp-content\/uploads\/sites\/11\/2018\/10\/DSC_1406-2048x1365.jpg 2048w\" sizes=\"(max-width: 2560px) 100vw, 2560px\" \/><\/figure>\n\n\n\n<figure class=\"wp-block-image\"><img loading=\"lazy\" width=\"2560\" height=\"1707\" data-id=\"821\"  src=\"https:\/\/vasaorden.com\/skovde\/wp-content\/uploads\/sites\/11\/2018\/10\/DSC_1395-scaled.jpg\" alt=\"\" class=\"wp-image-821\" srcset=\"https:\/\/vasaorden.com\/skovde\/wp-content\/uploads\/sites\/11\/2018\/10\/DSC_1395-scaled.jpg 2560w, https:\/\/vasaorden.com\/skovde\/wp-content\/uploads\/sites\/11\/2018\/10\/DSC_1395-300x200.jpg 300w, https:\/\/vasaorden.com\/skovde\/wp-content\/uploads\/sites\/11\/2018\/10\/DSC_1395-1024x683.jpg 1024w, https:\/\/vasaorden.com\/skovde\/wp-content\/uploads\/sites\/11\/2018\/10\/DSC_1395-768x512.jpg 768w, https:\/\/vasaorden.com\/skovde\/wp-content\/uploads\/sites\/11\/2018\/10\/DSC_1395-1536x1024.jpg 1536w, https:\/\/vasaorden.com\/skovde\/wp-content\/uploads\/sites\/11\/2018\/10\/DSC_1395-2048x1365.jpg 2048w\" sizes=\"(max-width: 2560px) 100vw, 2560px\" \/><\/figure>\n<\/figure>\n\n\n\n<p>De inledde seglatsen med att ta sig fr\u00e5n hemmahamnen i Karlsborg till G\u00f6teborg. Fr\u00e5n G\u00f6teborg fortsatte de sedan vidare till orterna Mandal och Tananger p\u00e5 norska sydkusten. Fr\u00e5n Tananger korsade de sedan Nordsj\u00f6n \u00f6ver till \u00f6arna Shetland, Fair Isla och Orkney. Ett flertal landstigningar och turer runt p\u00e5 \u00f6arna blev det ocks\u00e5. Sedan seglade de hem\u00e5t i samma k\u00f6lvatten som de kommit dit.&nbsp; Resan varade i 5 veckor. Deras reseber\u00e4ttelse med kompletterande bildspel var mycket uppskattat.<br>Logekv\u00e4llen avslutades med kaffe, kaka och lottdragning. I sammanfattning en mycket trevlig kv\u00e4ll.<\/p>\n\n\n\n<p>I sanning och enighet<\/p>\n\n\n\n<p><em>N\u00e4sta logem\u00f6te den 10 november 2018 med G\u00e5samiddag. Boka denna kv\u00e4ll redan nu. Inbjudan kommer.<br>Skyndsam anm\u00e4lan. &nbsp;Detta, enligt uppgift, minst 35 middagsg\u00e4ster kr\u00e4vs f\u00f6r att maten ska kunna tillagas och levereras till oss. &nbsp;<\/em><\/p>\n\n\n\n<p>&#8230;&#8230;&#8230;&#8230;&#8230;&#8230;&#8230;&#8230;&#8230;&#8230;&#8230;&#8230;&#8230;&#8230;&#8230;&#8230;&#8230;&#8230;&#8230;&#8230;&#8230;&#8230;&#8230;&#8230;&#8230;&#8230;&#8230;&#8230;&#8230;&#8230;&#8230;&#8230;&#8230;&#8230;&#8230;&#8230;&#8230;&#8230;&#8230;&#8230;&#8230;&#8230;&#8230;&#8230;&#8230;&#8230;&#8230;&#8230;&#8230;&#8230;&#8230;&#8230;&#8230;&#8230;&#8230;&#8230;&#8230;&#8230;&#8230;&#8230;&#8230;&#8230;&#8230;&#8230;&#8230;&#8230;&#8230;&#8230;&#8230;&#8230;..<\/p>\n\n\n\n<p><strong>Kulturafton&nbsp; fredag den 14 september 2018<\/strong><\/p>\n\n\n\n<p>Fredag kv\u00e4ll och h\u00f6stuppstart f\u00f6r logen Sk\u00f6vde.&nbsp; En kv\u00e4ll med ett stort antal vasasyskon som kunde n\u00e4rvara. Det inleddes med logem\u00f6te, d\u00e4r ordinarie ordf\u00f6randen br Seppo inte kunde n\u00e4rvara, utan fick ledas av vice ordf\u00f6randen br Nils-Erik. Under logem\u00f6tet fanns inga stora fr\u00e5gor att ta upp, diskutera eller besluta om. M\u00f6tet avslutades med ett litet musikstycke av Elton John.<\/p>\n\n\n\n<p>Vid efterkapitlet serverades till middagen tv\u00e5 olika slags grat\u00e4nger. En icke vegetarisk och en vegetarisk, som b\u00e5da smakade utomordentligt gott. Efter maten ber\u00e4ttade br Roger om en resa han och sy Solveig gjorde 2008 till Nya Zeeland, varefter han visade ett bildspel fr\u00e5n densamma.<\/p>\n\n\n\n<p>Kv\u00e4llen avslutades med kaffe och lottdragning. En trevlig och uppsluppen h\u00f6stuppstart p\u00e5 logens h\u00f6stprogram.<\/p>\n\n\n\n<p>I sanning och enighet<\/p>\n\n\n\n<p><em>N\u00e4sta logem\u00f6te fredag den 12 oktober 2018. V\u00e4lkomna. &nbsp;&nbsp;<\/em><\/p>\n\n\n\n<p>&#8230;&#8230;&#8230;&#8230;&#8230;&#8230;&#8230;&#8230;&#8230;&#8230;&#8230;&#8230;&#8230;&#8230;&#8230;&#8230;&#8230;&#8230;&#8230;&#8230;&#8230;&#8230;&#8230;&#8230;&#8230;&#8230;&#8230;&#8230;&#8230;&#8230;&#8230;&#8230;&#8230;&#8230;&#8230;&#8230;&#8230;&#8230;&#8230;&#8230;&#8230;&#8230;&#8230;&#8230;&#8230;&#8230;&#8230;&#8230;&#8230;&#8230;&#8230;&#8230;&#8230;&#8230;&#8230;&#8230;&#8230;&#8230;&#8230;&#8230;&#8230;&#8230;&#8230;&#8230;&#8230;&#8230;&#8230;&#8230;&#8230;&#8230;.<\/p>\n\n\n\n<p><strong>Kr\u00e4ftskiva vid Resville kvarn i Lidk\u00f6ping den 18 augusti.<\/strong><\/p>\n\n\n\n<p>\u00c5rets gemensamma kr\u00e4ftskiva med Lidk\u00f6ping genomf\u00f6rdes vid Resville Kvarn utanf\u00f6r Lidk\u00f6ping. Arrang\u00f6r f\u00f6r denna var logen Lidk\u00f6ping. Ut\u00f6ver vasasyskon fr\u00e5n v\u00e4rdlogen var ett flertal vasasyskon fr\u00e5n logen Sk\u00f6vde ocks\u00e5 d\u00e4r f\u00f6r att delta. Ett par vasasyskon fr\u00e5n logen Stockholm deltog ocks\u00e5. Ett stort antal kr\u00e4ftor inmundigades med l\u00e4mplig dryck fr\u00e5n var och en. En orkester spelade sedan upp till dans d\u00e4r de flesta passade p\u00e5 att sv\u00e4nga runt n\u00e5gra varv. Kaffe serverades ocks\u00e5 under kv\u00e4llen. Mot slutet kunde h\u00e5gade ocks\u00e5 stoppa i sig korv och br\u00f6d. Av samst\u00e4mmiga uppgifter en trevlig och gemytlig kv\u00e4ll.<\/p>\n\n\n\n<p>I sanning och enighet.<\/p>\n\n\n\n<p>&#8230;&#8230;&#8230;&#8230;&#8230;&#8230;&#8230;&#8230;&#8230;&#8230;&#8230;&#8230;&#8230;&#8230;&#8230;&#8230;&#8230;&#8230;&#8230;&#8230;&#8230;&#8230;&#8230;&#8230;&#8230;&#8230;&#8230;&#8230;&#8230;&#8230;&#8230;&#8230;&#8230;&#8230;&#8230;&#8230;&#8230;&#8230;&#8230;&#8230;&#8230;&#8230;&#8230;&#8230;&#8230;&#8230;&#8230;&#8230;&#8230;&#8230;&#8230;&#8230;&#8230;&#8230;&#8230;&#8230;&#8230;&#8230;&#8230;&#8230;&#8230;&#8230;&#8230;&#8230;&#8230;&#8230;&#8230;&#8230;&#8230;&#8230;..<\/p>\n\n\n\n<p><strong>Surstr\u00f6mmingsfest den 13 augusti <\/strong><\/p>\n\n\n\n<p>\u00c5rets Surstr\u00f6mmingsfest var detta \u00e5r f\u00f6rlagt till augusti mot tidigare \u00e5r i slutet p\u00e5 maj. Platsen f\u00f6r festligheten var hemma hos br. Kjell i hans stuga Bialitt i Simsj\u00f6n. Ett drygt tjugotal vasasyskon var samlade varav tre fr\u00e5n G\u00f6teborg. Ut\u00f6ver surstr\u00f6mming och det som denna h\u00f6r till, serverades ocks\u00e5 en alternativ r\u00e4tt, som n\u00e5gra uppskattade mer. Det bl\u00f6ta underlaget till trots efter ih\u00e4rdiga regnskurar gick alla runt p\u00e5 tomten, n\u00e5gra barfota, f\u00f6r att klura ut svaren p\u00e5 den uppsatta tipspromenaden. Det var i sammanfattning en mycket trevlig och gemytlig kv\u00e4ll. Ett tack till br. Kjell f\u00f6r uppl\u00e5tandet av sin tid och sin stuga.<\/p>\n\n\n\n<p>I sanning och enighet<\/p>\n\n\n\n<p><em>N\u00e4sta tr\u00e4ff &#8211; Kr\u00e4ftskiva vid Resville Kvarn i Lidk\u00f6ping den 18 augusti.&nbsp;<\/em><br><em>Gl\u00f6m inte heller boka upp h\u00f6stens f\u00f6rsta Logem\u00f6te den 14 september. Se kommande inbjudan.<\/em><\/p>\n\n\n\n<p>&#8230;&#8230;&#8230;&#8230;&#8230;&#8230;&#8230;&#8230;&#8230;&#8230;&#8230;&#8230;&#8230;&#8230;&#8230;&#8230;&#8230;&#8230;&#8230;&#8230;&#8230;&#8230;&#8230;&#8230;&#8230;&#8230;&#8230;&#8230;&#8230;&#8230;&#8230;&#8230;&#8230;&#8230;&#8230;&#8230;&#8230;&#8230;&#8230;&#8230;&#8230;&#8230;&#8230;&#8230;&#8230;&#8230;&#8230;&#8230;&#8230;&#8230;&#8230;&#8230;&#8230;&#8230;&#8230;&#8230;&#8230;&#8230;&#8230;&#8230;&#8230;&#8230;&#8230;&#8230;&#8230;&#8230;&#8230;&#8230;&#8230;&#8230;&#8230;<\/p>\n\n\n\n<p><strong>4 juli<\/strong><\/p>\n\n\n\n<p>Ingen aktivitet detta \u00e5r.&nbsp;<em>&nbsp;&nbsp;<\/em><\/p>\n\n\n\n<p>&#8230;&#8230;&#8230;&#8230;&#8230;&#8230;&#8230;&#8230;&#8230;&#8230;&#8230;&#8230;&#8230;&#8230;&#8230;&#8230;&#8230;&#8230;&#8230;&#8230;&#8230;&#8230;&#8230;&#8230;&#8230;&#8230;&#8230;&#8230;&#8230;&#8230;&#8230;&#8230;&#8230;&#8230;&#8230;&#8230;&#8230;&#8230;&#8230;&#8230;&#8230;&#8230;&#8230;&#8230;&#8230;&#8230;&#8230;&#8230;&#8230;&#8230;&#8230;&#8230;&#8230;&#8230;&#8230;&#8230;&#8230;&#8230;&#8230;&#8230;&#8230;&#8230;&#8230;&#8230;&#8230;&#8230;&#8230;&#8230;&#8230;&#8230;&#8230;&#8230;<\/p>\n\n\n\n<p><strong>Nationaldagen den 6 juni<\/strong><\/p>\n\n\n\n<p>Femton vasasyskon samlades denna dag f\u00f6r att umg\u00e5s. Dagen inleddes med att vi med egna fordon tog oss till Karlsborgs f\u00e4stning d\u00e4r vi samlades vid 12-tiden. Programmet d\u00e4r var omfattande och b\u00f6rjade redan kl. 10.00 p\u00e5 f\u00f6rmiddagen. Vi lyssnade p\u00e5 framf\u00f6rande av olika slag fr\u00e5n scenen med bl.a. dansuppvisning, hundparad, utdelning av guldtacka (detta fr\u00e5n f\u00f6reg\u00e5ende \u00e5rs \u201dLilla guldjakten\u201d), Grebbans \u201dP\u00e5 turn\u00e9 show\u201d, och Hemv\u00e4rnets musikk\u00e5r. Nationaldagsceremonin b\u00f6rjade kl. 13.00 med en v\u00e4lkomsth\u00e4lsning. D\u00e4refter spelade Hemv\u00e4rnets musikk\u00e5r f\u00f6ljt av ett mycket trevligt och bra h\u00f6gtidstal av g\u00e4sttalaren Carl-Jan Granqvist. Ceremonin avslutades med att alla stod upp och sj\u00f6ng Nationals\u00e5ngen.<br>Det fanns ett stort antal f\u00f6rs\u00e4ljningsst\u00e5nd och matst\u00e4llen runt om p\u00e5 torget och n\u00e4romr\u00e5det samt utst\u00e4llningar och f\u00f6revisningar av f\u00f6rsvarsmaktens utrustning mm. Det var mycket intressant att g\u00e5 omkring att ta del av detta ocks\u00e5.<\/p>\n\n\n\n<figure class=\"wp-container-18 wp-block-gallery-17 wp-block-gallery has-nested-images columns-3 is-cropped\">\n<figure class=\"wp-block-image\"><img loading=\"lazy\" width=\"2560\" height=\"1707\" data-id=\"791\"  src=\"https:\/\/vasaorden.com\/skovde\/wp-content\/uploads\/sites\/11\/2018\/06\/DSC_0473-scaled.jpg\" alt=\"\" class=\"wp-image-791\" srcset=\"https:\/\/vasaorden.com\/skovde\/wp-content\/uploads\/sites\/11\/2018\/06\/DSC_0473-scaled.jpg 2560w, https:\/\/vasaorden.com\/skovde\/wp-content\/uploads\/sites\/11\/2018\/06\/DSC_0473-300x200.jpg 300w, https:\/\/vasaorden.com\/skovde\/wp-content\/uploads\/sites\/11\/2018\/06\/DSC_0473-1024x683.jpg 1024w, https:\/\/vasaorden.com\/skovde\/wp-content\/uploads\/sites\/11\/2018\/06\/DSC_0473-768x512.jpg 768w, https:\/\/vasaorden.com\/skovde\/wp-content\/uploads\/sites\/11\/2018\/06\/DSC_0473-1536x1024.jpg 1536w, https:\/\/vasaorden.com\/skovde\/wp-content\/uploads\/sites\/11\/2018\/06\/DSC_0473-2048x1365.jpg 2048w\" sizes=\"(max-width: 2560px) 100vw, 2560px\" \/><\/figure>\n\n\n\n<figure class=\"wp-block-image\"><img loading=\"lazy\" width=\"2560\" height=\"1707\" data-id=\"793\"  src=\"https:\/\/vasaorden.com\/skovde\/wp-content\/uploads\/sites\/11\/2018\/06\/DSC_0497-scaled.jpg\" alt=\"\" class=\"wp-image-793\" srcset=\"https:\/\/vasaorden.com\/skovde\/wp-content\/uploads\/sites\/11\/2018\/06\/DSC_0497-scaled.jpg 2560w, https:\/\/vasaorden.com\/skovde\/wp-content\/uploads\/sites\/11\/2018\/06\/DSC_0497-300x200.jpg 300w, https:\/\/vasaorden.com\/skovde\/wp-content\/uploads\/sites\/11\/2018\/06\/DSC_0497-1024x683.jpg 1024w, https:\/\/vasaorden.com\/skovde\/wp-content\/uploads\/sites\/11\/2018\/06\/DSC_0497-768x512.jpg 768w, https:\/\/vasaorden.com\/skovde\/wp-content\/uploads\/sites\/11\/2018\/06\/DSC_0497-1536x1024.jpg 1536w, https:\/\/vasaorden.com\/skovde\/wp-content\/uploads\/sites\/11\/2018\/06\/DSC_0497-2048x1365.jpg 2048w\" sizes=\"(max-width: 2560px) 100vw, 2560px\" \/><\/figure>\n\n\n\n<figure class=\"wp-block-image\"><img loading=\"lazy\" width=\"2560\" height=\"1707\" data-id=\"794\"  src=\"https:\/\/vasaorden.com\/skovde\/wp-content\/uploads\/sites\/11\/2018\/06\/DSC_0514-scaled.jpg\" alt=\"\" class=\"wp-image-794\" srcset=\"https:\/\/vasaorden.com\/skovde\/wp-content\/uploads\/sites\/11\/2018\/06\/DSC_0514-scaled.jpg 2560w, https:\/\/vasaorden.com\/skovde\/wp-content\/uploads\/sites\/11\/2018\/06\/DSC_0514-300x200.jpg 300w, https:\/\/vasaorden.com\/skovde\/wp-content\/uploads\/sites\/11\/2018\/06\/DSC_0514-1024x683.jpg 1024w, https:\/\/vasaorden.com\/skovde\/wp-content\/uploads\/sites\/11\/2018\/06\/DSC_0514-768x512.jpg 768w, https:\/\/vasaorden.com\/skovde\/wp-content\/uploads\/sites\/11\/2018\/06\/DSC_0514-1536x1024.jpg 1536w, https:\/\/vasaorden.com\/skovde\/wp-content\/uploads\/sites\/11\/2018\/06\/DSC_0514-2048x1365.jpg 2048w\" sizes=\"(max-width: 2560px) 100vw, 2560px\" \/><\/figure>\n\n\n\n<figure class=\"wp-block-image\"><img loading=\"lazy\" width=\"2560\" height=\"1707\" data-id=\"797\"  src=\"https:\/\/vasaorden.com\/skovde\/wp-content\/uploads\/sites\/11\/2018\/06\/DSC_0521-scaled.jpg\" alt=\"\" class=\"wp-image-797\" srcset=\"https:\/\/vasaorden.com\/skovde\/wp-content\/uploads\/sites\/11\/2018\/06\/DSC_0521-scaled.jpg 2560w, https:\/\/vasaorden.com\/skovde\/wp-content\/uploads\/sites\/11\/2018\/06\/DSC_0521-300x200.jpg 300w, https:\/\/vasaorden.com\/skovde\/wp-content\/uploads\/sites\/11\/2018\/06\/DSC_0521-1024x683.jpg 1024w, https:\/\/vasaorden.com\/skovde\/wp-content\/uploads\/sites\/11\/2018\/06\/DSC_0521-768x512.jpg 768w, https:\/\/vasaorden.com\/skovde\/wp-content\/uploads\/sites\/11\/2018\/06\/DSC_0521-1536x1024.jpg 1536w, https:\/\/vasaorden.com\/skovde\/wp-content\/uploads\/sites\/11\/2018\/06\/DSC_0521-2048x1365.jpg 2048w\" sizes=\"(max-width: 2560px) 100vw, 2560px\" \/><\/figure>\n\n\n\n<figure class=\"wp-block-image\"><img loading=\"lazy\" width=\"2560\" height=\"1707\" data-id=\"795\"  src=\"https:\/\/vasaorden.com\/skovde\/wp-content\/uploads\/sites\/11\/2018\/06\/DSC_0516-scaled.jpg\" alt=\"\" class=\"wp-image-795\" srcset=\"https:\/\/vasaorden.com\/skovde\/wp-content\/uploads\/sites\/11\/2018\/06\/DSC_0516-scaled.jpg 2560w, https:\/\/vasaorden.com\/skovde\/wp-content\/uploads\/sites\/11\/2018\/06\/DSC_0516-300x200.jpg 300w, https:\/\/vasaorden.com\/skovde\/wp-content\/uploads\/sites\/11\/2018\/06\/DSC_0516-1024x683.jpg 1024w, https:\/\/vasaorden.com\/skovde\/wp-content\/uploads\/sites\/11\/2018\/06\/DSC_0516-768x512.jpg 768w, https:\/\/vasaorden.com\/skovde\/wp-content\/uploads\/sites\/11\/2018\/06\/DSC_0516-1536x1024.jpg 1536w, https:\/\/vasaorden.com\/skovde\/wp-content\/uploads\/sites\/11\/2018\/06\/DSC_0516-2048x1365.jpg 2048w\" sizes=\"(max-width: 2560px) 100vw, 2560px\" \/><\/figure>\n\n\n\n<figure class=\"wp-block-image\"><img loading=\"lazy\" width=\"2560\" height=\"1707\" data-id=\"796\"  src=\"https:\/\/vasaorden.com\/skovde\/wp-content\/uploads\/sites\/11\/2018\/06\/DSC_0530-scaled.jpg\" alt=\"\" class=\"wp-image-796\" srcset=\"https:\/\/vasaorden.com\/skovde\/wp-content\/uploads\/sites\/11\/2018\/06\/DSC_0530-scaled.jpg 2560w, https:\/\/vasaorden.com\/skovde\/wp-content\/uploads\/sites\/11\/2018\/06\/DSC_0530-300x200.jpg 300w, https:\/\/vasaorden.com\/skovde\/wp-content\/uploads\/sites\/11\/2018\/06\/DSC_0530-1024x683.jpg 1024w, https:\/\/vasaorden.com\/skovde\/wp-content\/uploads\/sites\/11\/2018\/06\/DSC_0530-768x512.jpg 768w, https:\/\/vasaorden.com\/skovde\/wp-content\/uploads\/sites\/11\/2018\/06\/DSC_0530-1536x1024.jpg 1536w, https:\/\/vasaorden.com\/skovde\/wp-content\/uploads\/sites\/11\/2018\/06\/DSC_0530-2048x1365.jpg 2048w\" sizes=\"(max-width: 2560px) 100vw, 2560px\" \/><\/figure>\n<\/figure>\n\n\n\n<p>Vid 15-tiden l\u00e4mnade vi Karlsborg f\u00f6r att \u00e5ka till Tiveden d\u00e4r br Seppo och sy Marieanne tog emot oss. D\u00e4r ansl\u00f6t ocks\u00e5 br H\u00e5kan, sy Birgitta och hennes syster Gunilla. Vi samlades d\u00e4r p\u00e5 den sena eftermiddagen och kv\u00e4llen f\u00f6r att umg\u00e5s och grilla. Vi var inte fler \u00e4n att vi fick plats p\u00e5 verandan, d\u00e4r vi alla kunde sitta tillsammans utanf\u00f6r huset. Det var en underbart vacker dag i Karlsborg och senare kv\u00e4ll i Tiveden med st\u00e5lande sol och sk\u00f6n sommarv\u00e4rme. N\u00e5got bad blev det dock inte trots det 21-gradiga vattnet nedanf\u00f6r stugan. Runt 22-tiden tackade vi v\u00e4rdparet f\u00f6r deras g\u00e4stfrihet och v\u00e4nde hem\u00e5t.<\/p>\n\n\n\n<p>I sanning och enighet<\/p>\n\n\n\n<p><em>N\u00e4sta tr\u00e4ff &#8211; Surstr\u00f6mmingsfest p\u00e5 Bialitt vid Simsj\u00f6n (inbjudan kommer via PS)<\/em><\/p>\n\n\n\n<p>&#8230;&#8230;&#8230;&#8230;&#8230;&#8230;&#8230;&#8230;&#8230;&#8230;&#8230;&#8230;&#8230;&#8230;&#8230;&#8230;&#8230;&#8230;&#8230;&#8230;&#8230;&#8230;&#8230;&#8230;&#8230;&#8230;&#8230;&#8230;&#8230;&#8230;&#8230;&#8230;&#8230;&#8230;&#8230;&#8230;&#8230;&#8230;&#8230;&#8230;&#8230;&#8230;&#8230;&#8230;&#8230;&#8230;&#8230;&#8230;&#8230;&#8230;&#8230;&#8230;&#8230;&#8230;&#8230;&#8230;&#8230;&#8230;&#8230;&#8230;&#8230;&#8230;&#8230;&#8230;&#8230;&#8230;&#8230;&#8230;&#8230;<\/p>\n\n\n\n<p><strong>Kulturafton fredag den 13 april<\/strong><\/p>\n\n\n\n<p>Vasaorden i Sk\u00f6vde h\u00f6ll sitt sista logem\u00f6te f\u00f6r v\u00e5rterminen i Odd Fellow huset denna fredag kv\u00e4ll. En kulturkv\u00e4ll med inslag av logem\u00f6te, god mat och f\u00f6redrag. Logem\u00f6tet inledde kv\u00e4llen, d\u00e4r s\u00e5 f\u00e5 som 22 vasasyskon var n\u00e4rvarande. &nbsp;Fem ordinarie tj\u00e4nstem\u00e4n var fr\u00e5nvarande. Inledningsvis installerade ordf\u00f6randen br Seppo standarb\u00e4raren sy Ingeborg. Detta d\u00e5 hon inte kunnat n\u00e4rvara vid tidigare logem\u00f6ten under v\u00e5ren.&nbsp; M\u00f6tesf\u00f6rhandlingarna i \u00f6vrigt genomf\u00f6rdes i god ordning. Rapporter fr\u00e5n solskenskommitt\u00e9n, kass\u00f6ren, finsanssekreteren, och kulturledaren f\u00f6ljde utan djupare diskussioner. Kulturledaren br Arne rapporterade bland annat om att h\u00f6stprogrammet h\u00f6ll p\u00e5 att ta form. Br Kjell ber\u00e4ttade om sin senaste m\u00e5nadsresa till USA och Kalifornien. Bland annat ocks\u00e5 om en film som handlade om Arkivet i Bishop Hill.<\/p>\n\n\n\n<p>Maten som serverades bestod av en v\u00e5rbuff\u00e9 med grillat k\u00f6tt. Till detta serverades potatisgrat\u00e4ng och en god sallad med dressing. En mycket sma krik och god buff\u00e9 som uppskattades till fullo av alla. Ett tack framf\u00f6rdes s\u00e4rskilt till k\u00f6kets personal.<\/p>\n\n\n\n<figure class=\"wp-container-20 wp-block-gallery-19 wp-block-gallery has-nested-images columns-3 is-cropped\">\n<figure class=\"wp-block-image size-large\"><img loading=\"lazy\" width=\"2560\" height=\"1707\" data-id=\"766\"  src=\"https:\/\/vasaorden.com\/skovde\/wp-content\/uploads\/sites\/11\/2018\/04\/DSC_0142-scaled.jpg\" alt=\"\" class=\"wp-image-766\" srcset=\"https:\/\/vasaorden.com\/skovde\/wp-content\/uploads\/sites\/11\/2018\/04\/DSC_0142-scaled.jpg 2560w, https:\/\/vasaorden.com\/skovde\/wp-content\/uploads\/sites\/11\/2018\/04\/DSC_0142-300x200.jpg 300w, https:\/\/vasaorden.com\/skovde\/wp-content\/uploads\/sites\/11\/2018\/04\/DSC_0142-1024x683.jpg 1024w, https:\/\/vasaorden.com\/skovde\/wp-content\/uploads\/sites\/11\/2018\/04\/DSC_0142-768x512.jpg 768w, https:\/\/vasaorden.com\/skovde\/wp-content\/uploads\/sites\/11\/2018\/04\/DSC_0142-1536x1024.jpg 1536w, https:\/\/vasaorden.com\/skovde\/wp-content\/uploads\/sites\/11\/2018\/04\/DSC_0142-2048x1365.jpg 2048w\" sizes=\"(max-width: 2560px) 100vw, 2560px\" \/><\/figure>\n\n\n\n<figure class=\"wp-block-image size-large\"><img loading=\"lazy\" width=\"2560\" height=\"1707\" data-id=\"769\"  src=\"https:\/\/vasaorden.com\/skovde\/wp-content\/uploads\/sites\/11\/2018\/04\/DSC_0149-scaled.jpg\" alt=\"\" class=\"wp-image-769\" srcset=\"https:\/\/vasaorden.com\/skovde\/wp-content\/uploads\/sites\/11\/2018\/04\/DSC_0149-scaled.jpg 2560w, https:\/\/vasaorden.com\/skovde\/wp-content\/uploads\/sites\/11\/2018\/04\/DSC_0149-300x200.jpg 300w, https:\/\/vasaorden.com\/skovde\/wp-content\/uploads\/sites\/11\/2018\/04\/DSC_0149-1024x683.jpg 1024w, https:\/\/vasaorden.com\/skovde\/wp-content\/uploads\/sites\/11\/2018\/04\/DSC_0149-768x512.jpg 768w, https:\/\/vasaorden.com\/skovde\/wp-content\/uploads\/sites\/11\/2018\/04\/DSC_0149-1536x1024.jpg 1536w, https:\/\/vasaorden.com\/skovde\/wp-content\/uploads\/sites\/11\/2018\/04\/DSC_0149-2048x1365.jpg 2048w\" sizes=\"(max-width: 2560px) 100vw, 2560px\" \/><\/figure>\n\n\n\n<figure class=\"wp-block-image size-large\"><img loading=\"lazy\" width=\"2560\" height=\"1707\" data-id=\"770\"  src=\"https:\/\/vasaorden.com\/skovde\/wp-content\/uploads\/sites\/11\/2018\/04\/DSC_0151-scaled.jpg\" alt=\"\" class=\"wp-image-770\" srcset=\"https:\/\/vasaorden.com\/skovde\/wp-content\/uploads\/sites\/11\/2018\/04\/DSC_0151-scaled.jpg 2560w, https:\/\/vasaorden.com\/skovde\/wp-content\/uploads\/sites\/11\/2018\/04\/DSC_0151-300x200.jpg 300w, https:\/\/vasaorden.com\/skovde\/wp-content\/uploads\/sites\/11\/2018\/04\/DSC_0151-1024x683.jpg 1024w, https:\/\/vasaorden.com\/skovde\/wp-content\/uploads\/sites\/11\/2018\/04\/DSC_0151-768x512.jpg 768w, https:\/\/vasaorden.com\/skovde\/wp-content\/uploads\/sites\/11\/2018\/04\/DSC_0151-1536x1024.jpg 1536w, https:\/\/vasaorden.com\/skovde\/wp-content\/uploads\/sites\/11\/2018\/04\/DSC_0151-2048x1365.jpg 2048w\" sizes=\"(max-width: 2560px) 100vw, 2560px\" \/><\/figure>\n<\/figure>\n\n\n\n<p><a href=\"https:\/\/vasaorden.com\/skovde\/wp-content\/uploads\/sites\/11\/2018\/04\/DSC_0144.jpg\"><br><\/a>Kaffe serverades en stund efter maten samtidigt som Sk\u00f6vdes tidigare kommunalr\u00e5d Tord Gustavsson som var kv\u00e4llens f\u00f6redragsh\u00e5llare, b\u00f6rjade sin ber\u00e4ttelse om Sk\u00f6vdes historia fr\u00e5n 1100-talet fram till v\u00e5ra dagar.<\/p>\n\n\n\n<figure class=\"wp-container-22 wp-block-gallery-21 wp-block-gallery has-nested-images columns-3 is-cropped\">\n<figure class=\"wp-block-image size-large\"><img loading=\"lazy\" width=\"2560\" height=\"1707\" data-id=\"772\"  src=\"https:\/\/vasaorden.com\/skovde\/wp-content\/uploads\/sites\/11\/2018\/04\/DSC_0153-scaled.jpg\" alt=\"\" class=\"wp-image-772\" srcset=\"https:\/\/vasaorden.com\/skovde\/wp-content\/uploads\/sites\/11\/2018\/04\/DSC_0153-scaled.jpg 2560w, https:\/\/vasaorden.com\/skovde\/wp-content\/uploads\/sites\/11\/2018\/04\/DSC_0153-300x200.jpg 300w, https:\/\/vasaorden.com\/skovde\/wp-content\/uploads\/sites\/11\/2018\/04\/DSC_0153-1024x683.jpg 1024w, https:\/\/vasaorden.com\/skovde\/wp-content\/uploads\/sites\/11\/2018\/04\/DSC_0153-768x512.jpg 768w, https:\/\/vasaorden.com\/skovde\/wp-content\/uploads\/sites\/11\/2018\/04\/DSC_0153-1536x1024.jpg 1536w, https:\/\/vasaorden.com\/skovde\/wp-content\/uploads\/sites\/11\/2018\/04\/DSC_0153-2048x1365.jpg 2048w\" sizes=\"(max-width: 2560px) 100vw, 2560px\" \/><\/figure>\n\n\n\n<figure class=\"wp-block-image size-large\"><img loading=\"lazy\" width=\"2560\" height=\"1707\" data-id=\"767\"  src=\"https:\/\/vasaorden.com\/skovde\/wp-content\/uploads\/sites\/11\/2018\/04\/DSC_0143-scaled.jpg\" alt=\"\" class=\"wp-image-767\" srcset=\"https:\/\/vasaorden.com\/skovde\/wp-content\/uploads\/sites\/11\/2018\/04\/DSC_0143-scaled.jpg 2560w, https:\/\/vasaorden.com\/skovde\/wp-content\/uploads\/sites\/11\/2018\/04\/DSC_0143-300x200.jpg 300w, https:\/\/vasaorden.com\/skovde\/wp-content\/uploads\/sites\/11\/2018\/04\/DSC_0143-1024x683.jpg 1024w, https:\/\/vasaorden.com\/skovde\/wp-content\/uploads\/sites\/11\/2018\/04\/DSC_0143-768x512.jpg 768w, https:\/\/vasaorden.com\/skovde\/wp-content\/uploads\/sites\/11\/2018\/04\/DSC_0143-1536x1024.jpg 1536w, https:\/\/vasaorden.com\/skovde\/wp-content\/uploads\/sites\/11\/2018\/04\/DSC_0143-2048x1365.jpg 2048w\" sizes=\"(max-width: 2560px) 100vw, 2560px\" \/><\/figure>\n\n\n\n<figure class=\"wp-block-image size-large\"><img loading=\"lazy\" width=\"2560\" height=\"1707\" data-id=\"771\"  src=\"https:\/\/vasaorden.com\/skovde\/wp-content\/uploads\/sites\/11\/2018\/04\/DSC_0155-scaled.jpg\" alt=\"\" class=\"wp-image-771\" srcset=\"https:\/\/vasaorden.com\/skovde\/wp-content\/uploads\/sites\/11\/2018\/04\/DSC_0155-scaled.jpg 2560w, https:\/\/vasaorden.com\/skovde\/wp-content\/uploads\/sites\/11\/2018\/04\/DSC_0155-300x200.jpg 300w, https:\/\/vasaorden.com\/skovde\/wp-content\/uploads\/sites\/11\/2018\/04\/DSC_0155-1024x683.jpg 1024w, https:\/\/vasaorden.com\/skovde\/wp-content\/uploads\/sites\/11\/2018\/04\/DSC_0155-768x512.jpg 768w, https:\/\/vasaorden.com\/skovde\/wp-content\/uploads\/sites\/11\/2018\/04\/DSC_0155-1536x1024.jpg 1536w, https:\/\/vasaorden.com\/skovde\/wp-content\/uploads\/sites\/11\/2018\/04\/DSC_0155-2048x1365.jpg 2048w\" sizes=\"(max-width: 2560px) 100vw, 2560px\" \/><\/figure>\n\n\n\n<figure class=\"wp-block-image size-large\"><img loading=\"lazy\" width=\"2560\" height=\"1707\" data-id=\"773\"  src=\"https:\/\/vasaorden.com\/skovde\/wp-content\/uploads\/sites\/11\/2018\/04\/DSC_0145-scaled.jpg\" alt=\"\" class=\"wp-image-773\" srcset=\"https:\/\/vasaorden.com\/skovde\/wp-content\/uploads\/sites\/11\/2018\/04\/DSC_0145-scaled.jpg 2560w, https:\/\/vasaorden.com\/skovde\/wp-content\/uploads\/sites\/11\/2018\/04\/DSC_0145-300x200.jpg 300w, https:\/\/vasaorden.com\/skovde\/wp-content\/uploads\/sites\/11\/2018\/04\/DSC_0145-1024x683.jpg 1024w, https:\/\/vasaorden.com\/skovde\/wp-content\/uploads\/sites\/11\/2018\/04\/DSC_0145-768x512.jpg 768w, https:\/\/vasaorden.com\/skovde\/wp-content\/uploads\/sites\/11\/2018\/04\/DSC_0145-1536x1024.jpg 1536w, https:\/\/vasaorden.com\/skovde\/wp-content\/uploads\/sites\/11\/2018\/04\/DSC_0145-2048x1365.jpg 2048w\" sizes=\"(max-width: 2560px) 100vw, 2560px\" \/><\/figure>\n\n\n\n<figure class=\"wp-block-image size-large\"><img loading=\"lazy\" width=\"2560\" height=\"1707\" data-id=\"765\"  src=\"https:\/\/vasaorden.com\/skovde\/wp-content\/uploads\/sites\/11\/2018\/04\/DSC_0141-scaled.jpg\" alt=\"\" class=\"wp-image-765\" srcset=\"https:\/\/vasaorden.com\/skovde\/wp-content\/uploads\/sites\/11\/2018\/04\/DSC_0141-scaled.jpg 2560w, https:\/\/vasaorden.com\/skovde\/wp-content\/uploads\/sites\/11\/2018\/04\/DSC_0141-300x200.jpg 300w, https:\/\/vasaorden.com\/skovde\/wp-content\/uploads\/sites\/11\/2018\/04\/DSC_0141-1024x683.jpg 1024w, https:\/\/vasaorden.com\/skovde\/wp-content\/uploads\/sites\/11\/2018\/04\/DSC_0141-768x512.jpg 768w, https:\/\/vasaorden.com\/skovde\/wp-content\/uploads\/sites\/11\/2018\/04\/DSC_0141-1536x1024.jpg 1536w, https:\/\/vasaorden.com\/skovde\/wp-content\/uploads\/sites\/11\/2018\/04\/DSC_0141-2048x1365.jpg 2048w\" sizes=\"(max-width: 2560px) 100vw, 2560px\" \/><\/figure>\n\n\n\n<figure class=\"wp-block-image size-large\"><img loading=\"lazy\" width=\"2560\" height=\"1707\" data-id=\"768\"  src=\"https:\/\/vasaorden.com\/skovde\/wp-content\/uploads\/sites\/11\/2018\/04\/DSC_0144-scaled.jpg\" alt=\"\" class=\"wp-image-768\" srcset=\"https:\/\/vasaorden.com\/skovde\/wp-content\/uploads\/sites\/11\/2018\/04\/DSC_0144-scaled.jpg 2560w, https:\/\/vasaorden.com\/skovde\/wp-content\/uploads\/sites\/11\/2018\/04\/DSC_0144-300x200.jpg 300w, https:\/\/vasaorden.com\/skovde\/wp-content\/uploads\/sites\/11\/2018\/04\/DSC_0144-1024x683.jpg 1024w, https:\/\/vasaorden.com\/skovde\/wp-content\/uploads\/sites\/11\/2018\/04\/DSC_0144-768x512.jpg 768w, https:\/\/vasaorden.com\/skovde\/wp-content\/uploads\/sites\/11\/2018\/04\/DSC_0144-1536x1024.jpg 1536w, https:\/\/vasaorden.com\/skovde\/wp-content\/uploads\/sites\/11\/2018\/04\/DSC_0144-2048x1365.jpg 2048w\" sizes=\"(max-width: 2560px) 100vw, 2560px\" \/><\/figure>\n<\/figure>\n\n\n\n<p>Tord f\u00e4ngslade som vanligt sin publik med den inlevelse som han brukar visa n\u00e4r han ber\u00e4ttar om Sk\u00f6vde och dess historia. Vid tillbakablickarna ber\u00e4ttade Tord, bland mycket annat, om att Sk\u00f6vde stad st\u00e5r p\u00e5 den grund den g\u00f6r idag genom tre nej under historiens g\u00e5ng. F\u00f6rsta g\u00e5ngen efter den stora stadsbranden d\u00e5 alla byggnader utom ett brann ner i Sk\u00f6vde. D\u00e5 skrev man till kungen om hj\u00e4lp att bygga upp staden igen, men byr\u00e5kratin satte stopp redan d\u00e5. Landsh\u00f6vdingen eller motsvarande p\u00e5 den tiden sade nej. D\u00e5 skickades f\u00f6rfr\u00e5gan ist\u00e4llet direkt till kungen, som d\u00e5 sa ja. Andra g\u00e5ngen d\u00e5 j\u00e4rnv\u00e4gen mellan Stockholm och G\u00f6teborg skulle byggas. Inledningsvis f\u00f6reslogs denna dras via Mariestad och Skara, men dessa orter sa nej, varf\u00f6r f\u00f6rfr\u00e5gan gick vidare till Sk\u00f6vde som sa ja. Tredje g\u00e5ngen d\u00e5 Volvo skulle b\u00f6rja bygga sina bilar. D\u00e5 tillfr\u00e5gades f\u00f6rst en industri i Kristinehamn om de kunde tillverka motorer till bilarna, men de sa nej. D\u00e5 gick f\u00f6rfr\u00e5gan vidare till gjuteriet i Sk\u00f6vde som d\u00e5 sa ja. Kv\u00e4llen avslutades med lottdragning d\u00e4r ett stort antal vinster fann sina nya \u00e4gare.<\/p>\n\n\n\n<p><em>N\u00e4sta logem\u00f6te den 14 september.<br><\/em><\/p>\n\n\n\n<p>D\u00e4remellan ocks\u00e5 surstr\u00f6mmingsfest, nationaldagsfirande 6 juni, Amerikas nationaldag 4 juli och gemensam kr\u00e4ftfest med logen Lidk\u00f6ping<em>.<br>Se kommande uppdaterat \u00e5rsprogram, men reservera redan nu dessa dagar om m\u00f6jligt. &nbsp;<\/em><\/p>\n\n\n\n<p>I sanning och enighet<\/p>\n\n\n\n<p>&#8230;&#8230;&#8230;&#8230;&#8230;&#8230;&#8230;&#8230;&#8230;&#8230;&#8230;&#8230;&#8230;&#8230;&#8230;&#8230;&#8230;&#8230;&#8230;&#8230;&#8230;&#8230;&#8230;&#8230;&#8230;&#8230;&#8230;&#8230;&#8230;&#8230;&#8230;&#8230;&#8230;&#8230;&#8230;&#8230;&#8230;&#8230;&#8230;&#8230;&#8230;&#8230;&#8230;&#8230;&#8230;&#8230;&#8230;&#8230;&#8230;&#8230;&#8230;&#8230;&#8230;&#8230;&#8230;&#8230;&#8230;&#8230;&#8230;&#8230;&#8230;&#8230;&#8230;&#8230;.<\/p>\n\n\n\n<p><strong>P\u00e5sken 2018<\/strong><\/p>\n\n\n\n<p>En enkel p\u00e5skh\u00e4lsning fr\u00e5n er webmaster som \u00f6nskar er alla vasasyskon en glad p\u00e5sk och p\u00e5 \u00e5terseende den 13 april.<\/p>\n\n\n<div class=\"wp-block-image\">\n<figure class=\"aligncenter\"><a href=\"https:\/\/vasaorden.com\/skovde\/wp-content\/uploads\/sites\/11\/2018\/03\/P3307497.jpg\"><img loading=\"lazy\" width=\"150\" height=\"150\" src=\"https:\/\/vasaorden.com\/skovde\/wp-content\/uploads\/sites\/11\/2018\/03\/P3307497-150x150.jpg\" alt=\"\" class=\"wp-image-759\" srcset=\"https:\/\/vasaorden.com\/skovde\/wp-content\/uploads\/sites\/11\/2018\/03\/P3307497-150x150.jpg 150w, https:\/\/vasaorden.com\/skovde\/wp-content\/uploads\/sites\/11\/2018\/03\/P3307497-600x600.jpg 600w\" sizes=\"(max-width: 150px) 100vw, 150px\" \/><\/a><figcaption>P\u00e5skglada frig\u00e5ende h\u00f6ns<\/figcaption><\/figure><\/div>\n\n\n<p>P\u00e5skhelgen blev roligare efter 1969. Anser nog de flesta tror jag. Alla som \u00e4r uppv\u00e4xta under de f\u00f6rsta 60 \u00e5ren p\u00e5 1900-talet kan ber\u00e4tta om hur fruktansv\u00e4rt tr\u00e5kigt det brukade vara p\u00e5 l\u00e5ngfredagen. Det skulle vara stilla och tyst, f\u00f6r detta var den stora sorgens dag n\u00e4r Jesus dog p\u00e5 korset. Man fick inte utf\u00f6ra on\u00f6diga sysslor, alla barn skulle vara lugna, helst inga lekar, maten var enkel och radio och senare TV skulle helst vara avst\u00e4ngda. Inga aff\u00e4rer var \u00f6ppna och inga restauranger eller klubbar heller.<br>Sv\u00e5rt att f\u00f6rst\u00e5 idag kanske, men det var inte f\u00f6rr\u00e4n 1969 som det kom en st\u00f6rre \u00e4ndring, speciellt n\u00e4r det handlade om &#8221;offentliga n\u00f6jestillst\u00e4llningar.&#8221;<\/p>\n\n\n\n<p>I sanning och enighet<\/p>\n\n\n\n<p>&#8230;&#8230;&#8230;&#8230;&#8230;&#8230;&#8230;&#8230;&#8230;&#8230;&#8230;&#8230;&#8230;&#8230;&#8230;&#8230;&#8230;&#8230;&#8230;&#8230;&#8230;&#8230;&#8230;&#8230;&#8230;&#8230;&#8230;&#8230;&#8230;&#8230;&#8230;&#8230;&#8230;&#8230;&#8230;&#8230;&#8230;&#8230;&#8230;&#8230;&#8230;&#8230;&#8230;&#8230;&#8230;&#8230;&#8230;&#8230;&#8230;&#8230;&#8230;&#8230;&#8230;&#8230;&#8230;&#8230;&#8230;&#8230;&#8230;&#8230;&#8230;&#8230;&#8230;&#8230;&#8230;&#8230;&#8230;&#8230;<\/p>\n\n\n\n<p><strong>Br\u00f6dernas afton den 3 mars <\/strong><\/p>\n\n\n\n<p>Trettio vasasyskon hade anm\u00e4lt sig till kv\u00e4llens Br\u00f6dernas afton, men inga g\u00e4ster. Sn\u00f6n l\u00e5g fortsatt djup utanf\u00f6r huset trots att den f\u00f6rsta v\u00e5rm\u00e5naden hade gl\u00e4ntat p\u00e5 d\u00f6rren. V\u00e5ren verkar dr\u00f6ja \u00e4nnu ett tag. N\u00e4r alla samlats i logesalen genomf\u00f6rdes en stilfull ljust\u00e4ndningsceremoni f\u00f6ljt av ett v\u00e4lkomnande av ordf\u00f6randen br. Seppo. Den f\u00f6rsta punkten att avhandla var att installera logens protokollsekreterare sy. Gunnel, som inte var n\u00e4rvarande vid \u00e5rsm\u00f6tet. Denna f\u00f6ljdes av en ballotering efter en sen ans\u00f6kan om medlemskap fr\u00e5n en person. D\u00e4refter genomf\u00f6rdes en fin och stilfull reception av tre nya medlemmar, S\u00f6ren Andr\u00e9n, Britt-Marie M Brinck och Inga-Lill Mikkelssen. Logem\u00f6tet f\u00f6ljde sedan dagordningen utan att n\u00e5gra djupare fr\u00e5gor diskuterades och avslutades ritualenligt.<\/p>\n\n\n<div class=\"wp-block-image\">\n<figure class=\"alignleft\"><a href=\"https:\/\/vasaorden.com\/skovde\/wp-content\/uploads\/sites\/11\/2018\/03\/20180303_184259.jpg\"><img loading=\"lazy\" width=\"150\" height=\"150\" src=\"https:\/\/vasaorden.com\/skovde\/wp-content\/uploads\/sites\/11\/2018\/03\/20180303_184259-150x150.jpg\" alt=\"\" class=\"wp-image-747\" srcset=\"https:\/\/vasaorden.com\/skovde\/wp-content\/uploads\/sites\/11\/2018\/03\/20180303_184259-150x150.jpg 150w, https:\/\/vasaorden.com\/skovde\/wp-content\/uploads\/sites\/11\/2018\/03\/20180303_184259-600x600.jpg 600w\" sizes=\"(max-width: 150px) 100vw, 150px\" \/><\/a><figcaption>Br\u00f6der i samspr\u00e5k<\/figcaption><\/figure><\/div>\n\n<div class=\"wp-block-image\">\n<figure class=\"alignright\"><a href=\"https:\/\/vasaorden.com\/skovde\/wp-content\/uploads\/sites\/11\/2018\/03\/20180303_184242.jpg\"><img loading=\"lazy\" width=\"150\" height=\"150\" src=\"https:\/\/vasaorden.com\/skovde\/wp-content\/uploads\/sites\/11\/2018\/03\/20180303_184242-150x150.jpg\" alt=\"\" class=\"wp-image-748\" srcset=\"https:\/\/vasaorden.com\/skovde\/wp-content\/uploads\/sites\/11\/2018\/03\/20180303_184242-150x150.jpg 150w, https:\/\/vasaorden.com\/skovde\/wp-content\/uploads\/sites\/11\/2018\/03\/20180303_184242-600x600.jpg 600w\" sizes=\"(max-width: 150px) 100vw, 150px\" \/><\/a><figcaption>Systrar i samspr\u00e5k<\/figcaption><\/figure><\/div>\n\n<div class=\"wp-block-image\">\n<figure class=\"aligncenter\"><a href=\"https:\/\/vasaorden.com\/skovde\/wp-content\/uploads\/sites\/11\/2018\/03\/20180303_203709.jpg\"><img loading=\"lazy\" width=\"150\" height=\"150\" src=\"https:\/\/vasaorden.com\/skovde\/wp-content\/uploads\/sites\/11\/2018\/03\/20180303_203709-150x150.jpg\" alt=\"\" class=\"wp-image-749\" srcset=\"https:\/\/vasaorden.com\/skovde\/wp-content\/uploads\/sites\/11\/2018\/03\/20180303_203709-150x150.jpg 150w, https:\/\/vasaorden.com\/skovde\/wp-content\/uploads\/sites\/11\/2018\/03\/20180303_203709-600x600.jpg 600w\" sizes=\"(max-width: 150px) 100vw, 150px\" \/><\/a><figcaption>Filmf\u00f6rberedelser<\/figcaption><\/figure><\/div>\n\n\n<p>Vid \u00e5tersamling i s\u00e4llskapsrummet en trappa ner bj\u00f6ds inledningsvis p\u00e5 v\u00e4lkomstdrink innan maten. Klubbkommitt\u00e9n p\u00e5 Odd Fellow hade lagat maten, som serverades i matsalen. Till f\u00f6rr\u00e4tt serverades Cr\u00e9me Ninon och till huvudr\u00e4tt varmr\u00f6kt lax med potatis, hjortrons\u00e5s och brytb\u00f6nor. Br. S\u00f6ren h\u00f6ll recipiendernas tacktal och sy Gun l\u00e4mnade informativ historik om vasaorden.<\/p>\n\n\n\n<figure class=\"wp-container-24 wp-block-gallery-23 wp-block-gallery has-nested-images columns-3 is-cropped\">\n<figure class=\"wp-block-image size-large\"><img loading=\"lazy\" width=\"2560\" height=\"1920\" data-id=\"752\"  src=\"https:\/\/vasaorden.com\/skovde\/wp-content\/uploads\/sites\/11\/2018\/03\/20180303_185233-scaled.jpg\" alt=\"\" class=\"wp-image-752\" srcset=\"https:\/\/vasaorden.com\/skovde\/wp-content\/uploads\/sites\/11\/2018\/03\/20180303_185233-scaled.jpg 2560w, https:\/\/vasaorden.com\/skovde\/wp-content\/uploads\/sites\/11\/2018\/03\/20180303_185233-300x225.jpg 300w, https:\/\/vasaorden.com\/skovde\/wp-content\/uploads\/sites\/11\/2018\/03\/20180303_185233-1024x768.jpg 1024w, https:\/\/vasaorden.com\/skovde\/wp-content\/uploads\/sites\/11\/2018\/03\/20180303_185233-768x576.jpg 768w, https:\/\/vasaorden.com\/skovde\/wp-content\/uploads\/sites\/11\/2018\/03\/20180303_185233-1536x1152.jpg 1536w, https:\/\/vasaorden.com\/skovde\/wp-content\/uploads\/sites\/11\/2018\/03\/20180303_185233-2048x1536.jpg 2048w\" sizes=\"(max-width: 2560px) 100vw, 2560px\" \/><\/figure>\n\n\n\n<figure class=\"wp-block-image size-large\"><img loading=\"lazy\" width=\"2560\" height=\"1920\" data-id=\"753\"  src=\"https:\/\/vasaorden.com\/skovde\/wp-content\/uploads\/sites\/11\/2018\/03\/20180303_185324-scaled.jpg\" alt=\"\" class=\"wp-image-753\" srcset=\"https:\/\/vasaorden.com\/skovde\/wp-content\/uploads\/sites\/11\/2018\/03\/20180303_185324-scaled.jpg 2560w, https:\/\/vasaorden.com\/skovde\/wp-content\/uploads\/sites\/11\/2018\/03\/20180303_185324-300x225.jpg 300w, https:\/\/vasaorden.com\/skovde\/wp-content\/uploads\/sites\/11\/2018\/03\/20180303_185324-1024x768.jpg 1024w, https:\/\/vasaorden.com\/skovde\/wp-content\/uploads\/sites\/11\/2018\/03\/20180303_185324-768x576.jpg 768w, https:\/\/vasaorden.com\/skovde\/wp-content\/uploads\/sites\/11\/2018\/03\/20180303_185324-1536x1152.jpg 1536w, https:\/\/vasaorden.com\/skovde\/wp-content\/uploads\/sites\/11\/2018\/03\/20180303_185324-2048x1536.jpg 2048w\" sizes=\"(max-width: 2560px) 100vw, 2560px\" \/><\/figure>\n\n\n\n<figure class=\"wp-block-image size-large\"><img loading=\"lazy\" width=\"2560\" height=\"1920\" data-id=\"754\"  src=\"https:\/\/vasaorden.com\/skovde\/wp-content\/uploads\/sites\/11\/2018\/03\/20180303_185812-scaled.jpg\" alt=\"\" class=\"wp-image-754\" srcset=\"https:\/\/vasaorden.com\/skovde\/wp-content\/uploads\/sites\/11\/2018\/03\/20180303_185812-scaled.jpg 2560w, https:\/\/vasaorden.com\/skovde\/wp-content\/uploads\/sites\/11\/2018\/03\/20180303_185812-300x225.jpg 300w, https:\/\/vasaorden.com\/skovde\/wp-content\/uploads\/sites\/11\/2018\/03\/20180303_185812-1024x768.jpg 1024w, https:\/\/vasaorden.com\/skovde\/wp-content\/uploads\/sites\/11\/2018\/03\/20180303_185812-768x576.jpg 768w, https:\/\/vasaorden.com\/skovde\/wp-content\/uploads\/sites\/11\/2018\/03\/20180303_185812-1536x1152.jpg 1536w, https:\/\/vasaorden.com\/skovde\/wp-content\/uploads\/sites\/11\/2018\/03\/20180303_185812-2048x1536.jpg 2048w\" sizes=\"(max-width: 2560px) 100vw, 2560px\" \/><\/figure>\n<\/figure>\n\n\n\n<p>Senare \u00e5tersamlades alla i s\u00e4llskapsrummet igen d\u00e4r kv\u00e4llens g\u00e4st, fotografen Leif Crona visade filmer. En av de fem filmerna, huvudfilmen, handlade om gamla Sk\u00f6vde p\u00e5 1940- och 1950-talet med de idag sedan l\u00e4nge rivna Pentahusen i f\u00f6rgrunden, men ocks\u00e5 andra delar av det gamla Sk\u00f6vde var med p\u00e5 filmen. Ett par av de andra filmerna handlade om ett motor\/fordonsmuseum och en utomhusminiatyrj\u00e4rnv\u00e4g. Den senare i Borgunda.<\/p>\n\n\n\n<p>Vinstbordet f\u00f6r lotteriet var v\u00e4lfyllt denna kv\u00e4ll och alla lotter kunde s\u00e4ljas. I samband med kaffe och hembakad Budapestbakelse, signerad br. Tiit, f\u00f6rr\u00e4ttades ocks\u00e5 lottdragningen. En i sammafattning trevlig och underh\u00e5llande kv\u00e4ll i sann vasaanda.<\/p>\n\n\n\n<p>I sanning och enighet<\/p>\n\n\n\n<p><em>N\u00e4sta logem\u00f6te &#8211; kulturafton den 13 april 2018.<br>Boka denna kv\u00e4ll f\u00f6r Vasa redan nu. <\/em><\/p>\n\n\n\n<p>&#8230;&#8230;&#8230;&#8230;&#8230;&#8230;&#8230;&#8230;&#8230;&#8230;&#8230;&#8230;&#8230;&#8230;&#8230;&#8230;&#8230;&#8230;&#8230;&#8230;&#8230;&#8230;&#8230;&#8230;&#8230;&#8230;&#8230;&#8230;&#8230;&#8230;&#8230;&#8230;&#8230;&#8230;&#8230;&#8230;&#8230;&#8230;&#8230;&#8230;&#8230;&#8230;&#8230;&#8230;&#8230;&#8230;&#8230;&#8230;&#8230;&#8230;&#8230;&#8230;&#8230;&#8230;&#8230;&#8230;&#8230;&#8230;&#8230;&#8230;&#8230;&#8230;&#8230;&#8230;&#8230;&#8230;&#8230;&#8230;<\/p>\n\n\n\n<p> <\/p>\n\n\n\n<p>&#8230;&#8230;&#8230;&#8230;&#8230;&#8230;&#8230;&#8230;&#8230;&#8230;&#8230;&#8230;&#8230;&#8230;&#8230;&#8230;&#8230;&#8230;&#8230;&#8230;&#8230;&#8230;&#8230;&#8230;&#8230;&#8230;&#8230;&#8230;&#8230;&#8230;&#8230;&#8230;&#8230;&#8230;&#8230;&#8230;&#8230;&#8230;&#8230;&#8230;&#8230;&#8230;&#8230;&#8230;&#8230;&#8230;&#8230;&#8230;&#8230;&#8230;&#8230;&#8230;&#8230;&#8230;&#8230;&#8230;&#8230;&#8230;&#8230;&#8230;&#8230;&#8230;&#8230;&#8230;&#8230;&#8230;&#8230;&#8230;&#8230;&#8230;&#8230;&#8230;&#8230;&#8230;&#8230;&#8230;&#8230;&#8230;&#8230;&#8230;<\/p>\n\n\n\n<p>.<\/p>\n\n\n\n<h4>&nbsp;<\/h4>\n\n\n\n<h3>&nbsp;<\/h3>\n\n\n\n<h3>&nbsp;<\/h3>\n\n\n\n<p>&nbsp;<\/p>\n","protected":false},"excerpt":{"rendered":"<p>L\u00f6rdag den 13 december \u2013 Julloge Denna l\u00f6rdag kv\u00e4ll h\u00f6ll lokallogen Sk\u00f6vde sitt f\u00f6r \u00e5ret sista logem\u00f6te med efterf\u00f6ljande julbord. Under m\u00f6tet behandlades i f\u00f6rsta hand de sedvanliga m\u00f6tesfr\u00e5gorna men ocks\u00e5 slutligt beslut om budget och val av \u00e4mbetsm\u00e4n f\u00f6r i f\u00f6rsta hand de kommande tv\u00e5 \u00e5ren.\u00a0 Logem\u00f6tet avslutades med bes\u00f6k av lucia med elever [&hellip;]<\/p>\n","protected":false},"author":32,"featured_media":0,"parent":0,"menu_order":0,"comment_status":"closed","ping_status":"closed","template":"","meta":{"ngg_post_thumbnail":0,"ocean_post_layout":"","ocean_both_sidebars_style":"","ocean_both_sidebars_content_width":0,"ocean_both_sidebars_sidebars_width":0,"ocean_sidebar":"0","ocean_second_sidebar":"0","ocean_disable_margins":"enable","ocean_add_body_class":"","ocean_shortcode_before_top_bar":"","ocean_shortcode_after_top_bar":"","ocean_shortcode_before_header":"","ocean_shortcode_after_header":"","ocean_has_shortcode":"","ocean_shortcode_after_title":"","ocean_shortcode_before_footer_widgets":"","ocean_shortcode_after_footer_widgets":"","ocean_shortcode_before_footer_bottom":"","ocean_shortcode_after_footer_bottom":"","ocean_display_top_bar":"default","ocean_display_header":"default","ocean_header_style":"","ocean_center_header_left_menu":"0","ocean_custom_header_template":"0","ocean_custom_logo":0,"ocean_custom_retina_logo":0,"ocean_custom_logo_max_width":0,"ocean_custom_logo_tablet_max_width":0,"ocean_custom_logo_mobile_max_width":0,"ocean_custom_logo_max_height":0,"ocean_custom_logo_tablet_max_height":0,"ocean_custom_logo_mobile_max_height":0,"ocean_header_custom_menu":"0","ocean_menu_typo_font_family":"0","ocean_menu_typo_font_subset":"","ocean_menu_typo_font_size":0,"ocean_menu_typo_font_size_tablet":0,"ocean_menu_typo_font_size_mobile":0,"ocean_menu_typo_font_size_unit":"px","ocean_menu_typo_font_weight":"","ocean_menu_typo_font_weight_tablet":"","ocean_menu_typo_font_weight_mobile":"","ocean_menu_typo_transform":"","ocean_menu_typo_transform_tablet":"","ocean_menu_typo_transform_mobile":"","ocean_menu_typo_line_height":0,"ocean_menu_typo_line_height_tablet":0,"ocean_menu_typo_line_height_mobile":0,"ocean_menu_typo_line_height_unit":"","ocean_menu_typo_spacing":0,"ocean_menu_typo_spacing_tablet":0,"ocean_menu_typo_spacing_mobile":0,"ocean_menu_typo_spacing_unit":"","ocean_menu_link_color":"","ocean_menu_link_color_hover":"","ocean_menu_link_color_active":"","ocean_menu_link_background":"","ocean_menu_link_hover_background":"","ocean_menu_link_active_background":"","ocean_menu_social_links_bg":"","ocean_menu_social_hover_links_bg":"","ocean_menu_social_links_color":"","ocean_menu_social_hover_links_color":"","ocean_disable_title":"default","ocean_disable_heading":"default","ocean_post_title":"","ocean_post_subheading":"","ocean_post_title_style":"","ocean_post_title_background_color":"","ocean_post_title_background":0,"ocean_post_title_bg_image_position":"","ocean_post_title_bg_image_attachment":"","ocean_post_title_bg_image_repeat":"","ocean_post_title_bg_image_size":"","ocean_post_title_height":0,"ocean_post_title_bg_overlay":0.5,"ocean_post_title_bg_overlay_color":"","ocean_disable_breadcrumbs":"default","ocean_breadcrumbs_color":"","ocean_breadcrumbs_separator_color":"","ocean_breadcrumbs_links_color":"","ocean_breadcrumbs_links_hover_color":"","ocean_display_footer_widgets":"default","ocean_display_footer_bottom":"default","ocean_custom_footer_template":"0"},"_links":{"self":[{"href":"https:\/\/vasaorden.com\/skovde\/wp-json\/wp\/v2\/pages\/13"}],"collection":[{"href":"https:\/\/vasaorden.com\/skovde\/wp-json\/wp\/v2\/pages"}],"about":[{"href":"https:\/\/vasaorden.com\/skovde\/wp-json\/wp\/v2\/types\/page"}],"author":[{"embeddable":true,"href":"https:\/\/vasaorden.com\/skovde\/wp-json\/wp\/v2\/users\/32"}],"replies":[{"embeddable":true,"href":"https:\/\/vasaorden.com\/skovde\/wp-json\/wp\/v2\/comments?post=13"}],"version-history":[{"count":131,"href":"https:\/\/vasaorden.com\/skovde\/wp-json\/wp\/v2\/pages\/13\/revisions"}],"predecessor-version":[{"id":1621,"href":"https:\/\/vasaorden.com\/skovde\/wp-json\/wp\/v2\/pages\/13\/revisions\/1621"}],"wp:attachment":[{"href":"https:\/\/vasaorden.com\/skovde\/wp-json\/wp\/v2\/media?parent=13"}],"curies":[{"name":"wp","href":"https:\/\/api.w.org\/{rel}","templated":true}]}}